{"id":17634,"date":"2023-05-18T16:27:52","date_gmt":"2023-05-18T16:27:52","guid":{"rendered":"https:\/\/start.conform.it\/communication\/"},"modified":"2025-02-22T18:34:31","modified_gmt":"2025-02-22T18:34:31","slug":"communication","status":"publish","type":"page","link":"https:\/\/start.conform.it\/it\/communication\/","title":{"rendered":"COMUNICAZIONE"},"content":{"rendered":"<div class=\"wpb-content-wrapper\"><p>[vc_row padding_top_multiplier=&#8221;3x&#8221; padding_bottom_multiplier=&#8221;3x&#8221; section_id=&#8221;menu&#8221;][vc_column]<style type=\"text\/css\">.grve-title-gradient.grve-title-69f4817207e4a > span,.grve-title-gradient.grve-title-69f4817207e4a .grve-clipping-content > span {color: #2b4f9d;background-image: -moz-linear-gradient(-45deg, #2b4f9d 0%, #35b9c5 100%);background-image: -webkit-linear-gradient(-45deg, #2b4f9d 0%, #35b9c5 100%);background-image: linear-gradient(135deg, #2b4f9d 0%, #35b9c5 100%);}<\/style><h3 class=\"grve-element grve-title grve-align-center grve-animated-item grve-duration-normal grve-fade-in-up grve-h6 grve-title-gradient grve-title-69f4817207e4a\" style=\"\" data-delay=\"400\"><span><br>\n<h4>Sali a bordo dell&#8217;area comunicazione del Progetto Start<\/h4>\n<\/span><\/h3><div class=\"grve-element grve-divider grve-animated-item grve-fade-in-up grve-duration-normal grve-align-center\" style=\"\" data-delay=\"200\"><span class=\"grve-custom-divider grve-bg-primary-1\" style=\"width: 50px;height: 2px;\"><\/span><\/div><div class=\"grve-empty-space grve-height-1x\" style=\"\"><\/div>[vc_column_text animation=&#8221;grve-fade-in-down&#8221; animation_delay=&#8221;400&#8243;]<\/p>\n<p style=\"text-align: center;\">Questa sezione contiene alcune notizie e rassegna stampa sulle attivit\u00e0 del progetto START &#8211; Sustainable &amp; technological approach to rethink tourism.<\/p>\n<p>[\/vc_column_text]<div class=\"grve-empty-space grve-height-1x\" style=\"\"><\/div>[vc_row_inner][vc_column_inner width=&#8221;1\/6&#8243;]<div class=\"grve-element grve-single-icon grve-align-center grve-medium grve-animated-item grve-fade-in-down grve-duration-normal grve-hover-effect grve-with-shape\" style=\"\" data-delay=\"200\"><a href=\"#news\" title=\"NEWS\">  <div class=\"grve-wrapper-icon grve-outline grve-square grve-text-primary-1\" style=\"\"><i class=\"et-icon-megaphone grve-text-primary-1\"><\/i><\/div><\/a><\/div><div class=\"grve-empty-space\" style=\"height: 20px;\"><\/div>[vc_column_text css=&#8221;&#8221; animation=&#8221;grve-fade-in&#8221;]<\/p>\n<p style=\"text-align: center;\">News<\/p>\n<p>[\/vc_column_text][\/vc_column_inner][vc_column_inner width=&#8221;1\/6&#8243;]<div class=\"grve-element grve-single-icon grve-align-center grve-medium grve-animated-item grve-fade-in-down grve-duration-normal grve-hover-effect grve-with-shape\" style=\"\" data-delay=\"400\"><a href=\"#newsletters\" title=\"NEWSLETTERS\">  <div class=\"grve-wrapper-icon grve-outline grve-square grve-text-primary-1\" style=\"\"><i class=\"et-icon-envelope grve-text-primary-1\"><\/i><\/div><\/a><\/div><div class=\"grve-empty-space\" style=\"height: 20px;\"><\/div>[vc_column_text css=&#8221;&#8221; animation=&#8221;grve-fade-in&#8221; animation_delay=&#8221;400&#8243;]<\/p>\n<p style=\"text-align: center;\">Newsletters<\/p>\n<p>[\/vc_column_text][\/vc_column_inner][vc_column_inner width=&#8221;1\/6&#8243;]<div class=\"grve-element grve-single-icon grve-align-center grve-medium grve-animated-item grve-fade-in-down grve-duration-normal grve-hover-effect grve-with-shape\" style=\"\" data-delay=\"600\"><a href=\"https:\/\/epale.ec.europa.eu\/en\/erasmus\/start-sustainable-and-technological-approach-rethink-tourism\" title=\"EPALE\" target=\"_blank\" rel=\"noopener noreferrer\">  <div class=\"grve-wrapper-icon grve-outline grve-square grve-text-primary-1\" style=\"\"><i class=\"et-icon-compass grve-text-primary-1\"><\/i><\/div><\/a><\/div><div class=\"grve-empty-space\" style=\"height: 20px;\"><\/div>[vc_column_text css=&#8221;&#8221; animation=&#8221;grve-fade-in&#8221; animation_delay=&#8221;600&#8243;]<\/p>\n<p style=\"text-align: center;\">Epale<\/p>\n<p>[\/vc_column_text][\/vc_column_inner][vc_column_inner width=&#8221;1\/6&#8243;]<div class=\"grve-element grve-single-icon grve-align-center grve-medium grve-animated-item grve-fade-in-down grve-duration-normal grve-hover-effect grve-with-shape\" style=\"\" data-delay=\"800\"><a href=\"https:\/\/start.conform.it\/communication\/#digital-book\">  <div class=\"grve-wrapper-icon grve-outline grve-square grve-text-primary-1\" style=\"\"><i class=\"et-icon-video grve-text-primary-1\"><\/i><\/div><\/a><\/div><div class=\"grve-empty-space\" style=\"height: 20px;\"><\/div>[vc_column_text css=&#8221;&#8221; animation=&#8221;grve-fade-in&#8221; animation_delay=&#8221;800&#8243;]<\/p>\n<p style=\"text-align: center;\">Digital book<\/p>\n<p>[\/vc_column_text][\/vc_column_inner][vc_column_inner width=&#8221;1\/6&#8243;]<div class=\"grve-element grve-single-icon grve-align-center grve-medium grve-animated-item grve-fade-in-down grve-duration-normal grve-hover-effect grve-with-shape\" style=\"\" data-delay=\"1000\"><a href=\"https:\/\/start.conform.it\/it\/communication\/events\/\" title=\"EVENTS\">  <div class=\"grve-wrapper-icon grve-outline grve-square grve-text-primary-1\" style=\"\"><i class=\"et-icon-calendar grve-text-primary-1\"><\/i><\/div><\/a><\/div><div class=\"grve-empty-space\" style=\"height: 20px;\"><\/div>[vc_column_text css=&#8221;&#8221; animation=&#8221;grve-fade-in&#8221; animation_delay=&#8221;1000&#8243;]<\/p>\n<p style=\"text-align: center;\">Eventi<\/p>\n<p>[\/vc_column_text][\/vc_column_inner][vc_column_inner width=&#8221;1\/6&#8243;]<div class=\"grve-element grve-single-icon grve-align-center grve-medium grve-animated-item grve-fade-in-down grve-duration-normal grve-hover-effect grve-with-shape\" style=\"\" data-delay=\"1200\"><a href=\"#modal-mou\" class=\"grve-modal-popup\">  <div class=\"grve-wrapper-icon grve-outline grve-square grve-text-primary-1\" style=\"\"><i class=\"et-icon-caution grve-text-primary-1\"><\/i><\/div><\/a><\/div><div class=\"grve-empty-space\" style=\"height: 20px;\"><\/div>[vc_column_text css=&#8221;&#8221; animation=&#8221;grve-fade-in&#8221; animation_delay=&#8221;1200&#8243;]<\/p>\n<p style=\"text-align: center;\">MoU &amp; policy rec<\/p>\n<p>[\/vc_column_text][\/vc_column_inner][\/vc_row_inner][\/vc_column][\/vc_row][vc_row padding_top_multiplier=&#8221;&#8221; padding_bottom_multiplier=&#8221;2x&#8221; section_id=&#8221;#modal-01&#8243;][vc_column css=&#8221;.vc_custom_1674834831502{background-color: #1e73be !important;background-position: center !important;background-repeat: no-repeat !important;background-size: cover !important;}&#8221;]\t\t\t<div class=\"grve-modal-element mfp-hide\" id=\"modal-mou\">\r\n\t\t\t\t<div class=\"grve-section\">\r\n\t\t\t\t\t<div class=\"grve-container\">\r\n\t\t\t\t\t\t<div class=\"grve-row grve-columns-gap-30\">\r\n\t\t\t\t\t\t\t<div class=\"grve-column grve-column-1\">\r\n\t\t\t\t\t\t\t<div class=\"grve-empty-space grve-height-3x\" style=\"\"><\/div>[vc_row_inner css=&#8221;.vc_custom_1740150478485{margin-bottom: 0px !important;border-bottom-width: 0px !important;padding-bottom: 0px !important;}&#8221;][vc_column_inner]<div class=\"grve-element grve-single-icon grve-align-center grve-medium\" style=\"\">  <div class=\"grve-wrapper-icon grve-no-shape\" style=\"\"><i class=\"smp-icon-layers grve-text-primary-2\"><\/i><\/div><\/div><div class=\"grve-empty-space grve-height-1x\" style=\"\"><\/div><h3 class=\"grve-element grve-title grve-align-center grve-h2\" style=\"\"><span>Memorandum d&#8217;Intesa<\/span><\/h3>[vc_column_text css=&#8221;&#8221;]<\/p>\n<p style=\"text-align: justify;\">Il Memorandum d&#8217;intesa START mira a creare una rete europea per migliorare e promuovere lo scambio e la collaborazione per quanto riguarda lo sviluppo delle competenze creative e imprenditoriali, la qualificazione, la formazione e l&#8217;aggiornamento nei settori culturali, creativi ed educativi. I firmatari del memorandum d&#8217;intesa sono associati alla realizzazione degli obiettivi e delle intenzioni dichiarate della rete, che sono: stabilire una piattaforma aperta e un forum per lo scambio regolare e il sostegno delle organizzazioni partner; condividere e diffondere informazioni, notizie e risultati relativi a iniziative di formazione, tendenze politiche e progetti innovativi; facilitare il partenariato e fornire sostegno a nuovi progetti di collaborazione, azioni di formazione e mobilit\u00e0.<\/p>\n<p style=\"text-align: center;\"><strong>Di seguito i MoU interni ed esterni firmati durante il progetto START.<\/strong><\/p>\n<p>[\/vc_column_text]<div class=\"grve-empty-space\" style=\"height: 20px;\"><\/div>[\/vc_column_inner][\/vc_row_inner][vc_row_inner css=&#8221;.vc_custom_1740150433463{margin-top: 0px !important;border-top-width: 0px !important;padding-top: 0px !important;}&#8221;][vc_column_inner width=&#8221;1\/5&#8243;]<div class=\"grve-empty-space grve-height-1x\" style=\"\"><\/div><h3 class=\"grve-element grve-title grve-align-center grve-h3\" style=\"\"><span>Internal MoU<span class=\"grve-title-line grve-bg-primary-1\" style=\"width: 50px;height: 2px;\"><\/span><\/span><\/h3><div class=\"grve-element grve-single-icon grve-align-center grve-medium grve-hover-effect grve-with-shape\" style=\"margin-bottom: 18px;\"><a href=\"https:\/\/start.conform.it\/wp-content\/uploads\/2025\/02\/START-Internal-MOU.pdf\" target=\"_blank\" rel=\"noopener noreferrer\">  <div class=\"grve-wrapper-icon grve-outline grve-square grve-text-primary-1\" style=\"\"><i class=\"far fa-file-pdf grve-text-primary-1\"><\/i><\/div><\/a><\/div>[vc_column_text css=&#8221;&#8221;]<\/p>\n<p style=\"text-align: center;\">Download<\/p>\n<p>[\/vc_column_text]<div class=\"grve-empty-space grve-height-2x\" style=\"\"><\/div>[\/vc_column_inner][vc_column_inner width=&#8221;1\/5&#8243;]<div class=\"grve-empty-space grve-height-1x\" style=\"\"><\/div><h3 class=\"grve-element grve-title grve-align-center grve-h3\" style=\"\"><span>External MoU 1<span class=\"grve-title-line grve-bg-primary-1\" style=\"width: 50px;height: 2px;\"><\/span><\/span><\/h3><div class=\"grve-element grve-single-icon grve-align-center grve-medium grve-hover-effect grve-with-shape\" style=\"margin-bottom: 18px;\"><a href=\"https:\/\/start.conform.it\/wp-content\/uploads\/2025\/02\/START-External-MOU-1-bten-signed.pdf\" target=\"_blank\" rel=\"noopener noreferrer\">  <div class=\"grve-wrapper-icon grve-outline grve-square grve-text-primary-1\" style=\"\"><i class=\"far fa-file-pdf grve-text-primary-1\"><\/i><\/div><\/a><\/div>[vc_column_text css=&#8221;&#8221;]<\/p>\n<p style=\"text-align: center;\">Download<\/p>\n<p>[\/vc_column_text]<div class=\"grve-empty-space grve-height-2x\" style=\"\"><\/div>[\/vc_column_inner][vc_column_inner width=&#8221;1\/5&#8243;]<div class=\"grve-empty-space grve-height-1x\" style=\"\"><\/div><h3 class=\"grve-element grve-title grve-align-center grve-h3\" style=\"\"><span>External MoU 2<span class=\"grve-title-line grve-bg-primary-1\" style=\"width: 50px;height: 2px;\"><\/span><\/span><\/h3><div class=\"grve-element grve-single-icon grve-align-center grve-medium grve-hover-effect grve-with-shape\" style=\"margin-bottom: 18px;\"><a href=\"https:\/\/start.conform.it\/wp-content\/uploads\/2025\/02\/START-External-MOU-2-EUSA-Signed.pdf\" target=\"_blank\" rel=\"noopener noreferrer\">  <div class=\"grve-wrapper-icon grve-outline grve-square grve-text-primary-1\" style=\"\"><i class=\"far fa-file-pdf grve-text-primary-1\"><\/i><\/div><\/a><\/div>[vc_column_text css=&#8221;&#8221;]<\/p>\n<p style=\"text-align: center;\">Download<\/p>\n<p>[\/vc_column_text]<div class=\"grve-empty-space grve-height-2x\" style=\"\"><\/div>[\/vc_column_inner][vc_column_inner width=&#8221;1\/5&#8243;]<div class=\"grve-empty-space grve-height-1x\" style=\"\"><\/div><h3 class=\"grve-element grve-title grve-align-center grve-h3\" style=\"\"><span>External MoU 3<span class=\"grve-title-line grve-bg-primary-1\" style=\"width: 50px;height: 2px;\"><\/span><\/span><\/h3><div class=\"grve-element grve-single-icon grve-align-center grve-medium grve-hover-effect grve-with-shape\" style=\"margin-bottom: 18px;\"><a href=\"https:\/\/start.conform.it\/wp-content\/uploads\/2025\/02\/START-External-MOU-3-MORETTI.pdf\" target=\"_blank\" rel=\"noopener noreferrer\">  <div class=\"grve-wrapper-icon grve-outline grve-square grve-text-primary-1\" style=\"\"><i class=\"far fa-file-pdf grve-text-primary-1\"><\/i><\/div><\/a><\/div>[vc_column_text css=&#8221;&#8221;]<\/p>\n<p style=\"text-align: center;\">Download<\/p>\n<p>[\/vc_column_text]<div class=\"grve-empty-space grve-height-2x\" style=\"\"><\/div>[\/vc_column_inner][vc_column_inner width=&#8221;1\/5&#8243;]<div class=\"grve-empty-space grve-height-1x\" style=\"\"><\/div><h3 class=\"grve-element grve-title grve-align-center grve-h3\" style=\"\"><span>External MoU 4<span class=\"grve-title-line grve-bg-primary-1\" style=\"width: 50px;height: 2px;\"><\/span><\/span><\/h3><div class=\"grve-element grve-single-icon grve-align-center grve-medium grve-hover-effect grve-with-shape\" style=\"margin-bottom: 18px;\"><a href=\"https:\/\/start.conform.it\/wp-content\/uploads\/2025\/02\/START-External-MOU-4-OMNEK.pdf\" target=\"_blank\" rel=\"noopener noreferrer\">  <div class=\"grve-wrapper-icon grve-outline grve-square grve-text-primary-1\" style=\"\"><i class=\"far fa-file-pdf grve-text-primary-1\"><\/i><\/div><\/a><\/div>[vc_column_text css=&#8221;&#8221;]<\/p>\n<p style=\"text-align: center;\">Download<\/p>\n<p>[\/vc_column_text]<div class=\"grve-empty-space grve-height-2x\" style=\"\"><\/div><div class=\"grve-empty-space grve-height-2x\" style=\"\"><\/div>[\/vc_column_inner][\/vc_row_inner]<div class=\"grve-element grve-divider grve-align-center\" style=\"padding-bottom: 50px;\"><span class=\"grve-custom-divider grve-bg-primary-1\" style=\"width: 100%;height: 2px;\"><\/span><\/div><div class=\"grve-empty-space grve-height-1x\" style=\"\"><\/div>[vc_row_inner css=&#8221;.vc_custom_1740150478485{margin-bottom: 0px !important;border-bottom-width: 0px !important;padding-bottom: 0px !important;}&#8221;][vc_column_inner]<div class=\"grve-element grve-single-icon grve-align-center grve-medium\" style=\"\">  <div class=\"grve-wrapper-icon grve-no-shape\" style=\"\"><i class=\"fas fa-gavel grve-text-primary-2\"><\/i><\/div><\/div><div class=\"grve-empty-space grve-height-1x\" style=\"\"><\/div><h3 class=\"grve-element grve-title grve-align-center grve-h2\" style=\"\"><span>Raccomandazioni politiche<\/span><\/h3><div class=\"grve-empty-space\" style=\"height: 20px;\"><\/div>[\/vc_column_inner][\/vc_row_inner][vc_row_inner css=&#8221;.vc_custom_1740150433463{margin-top: 0px !important;border-top-width: 0px !important;padding-top: 0px !important;}&#8221;][vc_column_inner width=&#8221;3\/4&#8243;][vc_column_text css=&#8221;&#8221;]<\/p>\n<ul>\n<li>\n<h4><strong>\u201c1a raccomandazione di policy\u201d<\/strong><\/h4>\n<\/li>\n<\/ul>\n<p>La prima raccomandazione di policy del progetto START si concentra sull&#8217;integrazione del Green Tech Toolkit nelle PMI del settore turistico, con l&#8217;obiettivo di facilitare la transizione verso modelli di business sostenibili e digitali.[\/vc_column_text]<div class=\"grve-empty-space grve-height-1x\" style=\"\"><\/div>[\/vc_column_inner][vc_column_inner width=&#8221;1\/4&#8243;]<div class=\"grve-element grve-single-icon grve-align-center grve-medium grve-hover-effect grve-with-shape\" style=\"margin-bottom: 18px;\"><a href=\"https:\/\/start.conform.it\/wp-content\/uploads\/2025\/02\/IT_Policy-recommendations-for-Green-Tech-Toolkit-Integration-in-Tourism-SMEs.pdf\" target=\"_blank\" rel=\"noopener noreferrer\">  <div class=\"grve-wrapper-icon grve-outline grve-square grve-text-primary-1\" style=\"\"><i class=\"far fa-file-pdf grve-text-primary-1\"><\/i><\/div><\/a><\/div>[vc_column_text css=&#8221;&#8221;]<\/p>\n<p style=\"text-align: center;\">Download<\/p>\n<p>[\/vc_column_text]<div class=\"grve-empty-space grve-height-2x\" style=\"\"><\/div>[\/vc_column_inner][\/vc_row_inner][vc_row_inner][vc_column_inner width=&#8221;3\/4&#8243;][vc_column_text css=&#8221;&#8221;]<\/p>\n<ul>\n<li>\n<h4><strong>\u201c2a raccomandazione di policy\u201d<\/strong><\/h4>\n<\/li>\n<\/ul>\n<p>La seconda raccomandazione di policy del progetto START si concentra sul rafforzamento delle competenze digitali e sostenibili attraverso l&#8217;apprendimento permanente. Riconoscendo l&#8217;urgenza di dotare i lavoratori del turismo in Italia, Grecia, Spagna e Portogallo di competenze digitali e verdi avanzate, questa raccomandazione sottolinea l&#8217;importanza di opportunit\u00e0 di formazione continua per garantire la resilienza del settore e la capacit\u00e0 di adattarsi all&#8217;evoluzione delle richieste del mercato.[\/vc_column_text]<div class=\"grve-empty-space grve-height-1x\" style=\"\"><\/div>[\/vc_column_inner][vc_column_inner width=&#8221;1\/4&#8243;]<div class=\"grve-element grve-single-icon grve-align-center grve-medium grve-hover-effect grve-with-shape\" style=\"margin-bottom: 18px;\"><a href=\"https:\/\/start.conform.it\/wp-content\/uploads\/2025\/02\/IT_Sustainable-and-Technological-Approach-to-Rethink-Tourism.pdf\" target=\"_blank\" rel=\"noopener noreferrer\">  <div class=\"grve-wrapper-icon grve-outline grve-square grve-text-primary-1\" style=\"\"><i class=\"far fa-file-pdf grve-text-primary-1\"><\/i><\/div><\/a><\/div>[vc_column_text css=&#8221;&#8221;]<\/p>\n<p style=\"text-align: center;\">Download<\/p>\n<p>[\/vc_column_text]<div class=\"grve-empty-space grve-height-2x\" style=\"\"><\/div>[\/vc_column_inner][\/vc_row_inner]<div class=\"grve-empty-space grve-height-3x\" style=\"\"><\/div>\t\t\t\t\t\t\t<\/div>\r\n\t\t\t\t\t\t<\/div>\r\n\t\t\t\t\t<\/div>\r\n\t\t\t\t<\/div>\r\n\t\t\t<\/div>\r\n\t\t[\/vc_column][\/vc_row][vc_row heading_color=&#8221;primary-1&#8243; section_type=&#8221;fullwidth&#8221; bg_type=&#8221;color&#8221; font_color=&#8221;#1E73BE&#8221; section_id=&#8221;digital-book&#8221; bg_color=&#8221;#EAEAEA&#8221;][vc_column css=&#8221;.vc_custom_1684434100626{padding-right: 5% !important;padding-left: 5% !important;}&#8221;]<div class=\"grve-empty-space grve-height-1x\" style=\"\"><\/div><div class=\"grve-element grve-single-icon grve-align-center grve-medium\" style=\"\">  <div class=\"grve-wrapper-icon grve-no-shape\" style=\"\"><i class=\"et-icon-video grve-text-primary-1\"><\/i><\/div><\/div><h3 class=\"grve-element grve-title grve-align-center grve-h3\" style=\"margin-bottom: 18px;\"><span><br>\n<p style=\"text-align: center;\">The Digital Book! Date un&#8217;occhiata ai punti salienti del progetto START.<br>\n<span class=\"grve-title-line grve-bg-primary-1\" style=\"width: 100px;height: 2px;\"><\/span><\/span><\/h3>[\/vc_column][\/vc_row][vc_row heading_color=&#8221;primary-1&#8243; section_type=&#8221;fullwidth&#8221; padding_top_multiplier=&#8221;2x&#8221; padding_bottom_multiplier=&#8221;2x&#8221; font_color=&#8221;#4f4f4f&#8221; section_id=&#8221;digital-book&#8221;][vc_column width=&#8221;1\/6&#8243; css=&#8221;.vc_custom_1684434100626{padding-right: 5% !important;padding-left: 5% !important;}&#8221;][\/vc_column][vc_column width=&#8221;2\/3&#8243;][vc_column_text css=&#8221;&#8221;]<\/p>\n<div style=\"width: 100%;\">\n<div style=\"position: relative; padding-bottom: 56.25%; padding-top: 0; height: 0;\"><iframe loading=\"lazy\" style=\"position: absolute; top: 0; left: 0; width: 100%; height: 100%;\" title=\"START digital book\" src=\"https:\/\/view.genially.com\/6759a3980b23d507881e645c\" width=\"1200\" height=\"675\" frameborder=\"0\" scrolling=\"yes\" allowfullscreen=\"allowfullscreen\"><\/iframe><\/div>\n<\/div>\n<p>[\/vc_column_text][\/vc_column][vc_column width=&#8221;1\/6&#8243;][\/vc_column][\/vc_row][vc_row heading_color=&#8221;primary-1&#8243; section_type=&#8221;fullwidth&#8221; bg_type=&#8221;color&#8221; font_color=&#8221;#ffffff&#8221; section_id=&#8221;news&#8221; bg_color=&#8221;#eaeaea&#8221;][vc_column css=&#8221;.vc_custom_1684434100626{padding-right: 5% !important;padding-left: 5% !important;}&#8221;]<div class=\"grve-empty-space grve-height-1x\" style=\"\"><\/div><div class=\"grve-element grve-single-icon grve-align-center grve-medium\" style=\"\">  <div class=\"grve-wrapper-icon grve-no-shape\" style=\"\"><i class=\"et-icon-megaphone grve-text-primary-1\"><\/i><\/div><\/div><h3 class=\"grve-element grve-title grve-align-center grve-h3\" style=\"margin-bottom: 18px;\"><span><br>\n<p style=\"text-align: center;\">Attivit\u00e0 di divulgazione<br>\n<span class=\"grve-title-line grve-bg-primary-1\" style=\"width: 100px;height: 2px;\"><\/span><\/span><\/h3>[\/vc_column][\/vc_row][vc_row heading_color=&#8221;light&#8221; section_type=&#8221;fullwidth&#8221; bg_type=&#8221;color&#8221; padding_top_multiplier=&#8221;2x&#8221; padding_bottom_multiplier=&#8221;2x&#8221; font_color=&#8221;#ffffff&#8221; section_id=&#8221;news&#8221; bg_color=&#8221;#31b5ed&#8221;][vc_column width=&#8221;5\/12&#8243; css=&#8221;.vc_custom_1684434100626{padding-right: 5% !important;padding-left: 5% !important;}&#8221;]<div class=\"grve-empty-space grve-height-1x\" style=\"\"><\/div><div class=\"grve-element grve-image grve-align-center\" style=\"\">  <div class=\"grve-image-wrapper\"><a href=\"https:\/\/www.fortuneita.com\/2025\/02\/19\/rivoluzionando-il-turismo-un-progetto-dellue-cavalca-londa-del-cambiamento-post-pandemia\/?swcfpc=1\" target=\"_blank\" rel=\"noopener noreferrer\"><img loading=\"lazy\" decoding=\"async\" width=\"1024\" height=\"464\" src=\"https:\/\/start.conform.it\/wp-content\/uploads\/2025\/02\/Rivoluzionando-il-turismo-1024x464.webp\" class=\"attachment-large size-large\" alt=\"\" srcset=\"https:\/\/start.conform.it\/wp-content\/uploads\/2025\/02\/Rivoluzionando-il-turismo-1024x464.webp 1024w, https:\/\/start.conform.it\/wp-content\/uploads\/2025\/02\/Rivoluzionando-il-turismo-300x136.webp 300w, https:\/\/start.conform.it\/wp-content\/uploads\/2025\/02\/Rivoluzionando-il-turismo-768x348.webp 768w, https:\/\/start.conform.it\/wp-content\/uploads\/2025\/02\/Rivoluzionando-il-turismo.webp 1280w\" sizes=\"auto, (max-width: 1024px) 100vw, 1024px\" \/><\/a>   <\/div><\/div><div class=\"grve-empty-space grve-height-1x\" style=\"\"><\/div>[\/vc_column][vc_column width=&#8221;1\/12&#8243;]<div class=\"grve-empty-space grve-height-1x\" style=\"\"><\/div><div class=\"grve-element grve-single-icon grve-align-center grve-medium\" style=\"\">  <div class=\"grve-wrapper-icon grve-no-shape\" style=\"\"><i class=\"et-icon-megaphone grve-text-white\"><\/i><\/div><\/div>[\/vc_column][vc_column width=&#8221;1\/2&#8243; css=&#8221;.vc_custom_1684514327361{padding-right: 5% !important;padding-left: 5% !important;}&#8221;]<div class=\"grve-empty-space grve-height-1x\" style=\"\"><\/div><h3 class=\"grve-element grve-title grve-align-left grve-h3\" style=\"margin-bottom: 18px;\"><span><strong>Rivoluzionare il turismo: Un progetto dell&#8217;UE cavalca l&#8217;onda del cambiamento post-pandemico<\/strong><span class=\"grve-title-line grve-bg-primary-1\" style=\"width: 100px;height: 2px;\"><\/span><\/span><\/h3>[vc_column_text css=&#8221;&#8221;]L&#8217;articolo parla di un&#8217;<strong>iniziativa innovativa dell&#8217;Unione Europea denominata START<\/strong>, progettata per sfruttare le trasformazioni post-pandemia all&#8217;interno dell&#8217;industria turistica. Questo progetto mira a <strong>rivitalizzare il turismo abbracciando strategie innovative<\/strong> e adattandosi al paesaggio in evoluzione plasmato dai recenti eventi globali. Leggete l&#8217;articolo per saperne di pi\u00f9![\/vc_column_text]<div class=\"grve-empty-space grve-height-1x\" style=\"\"><\/div><div class=\"grve-element grve-align-inherit grve-fluid-button\"><a href=\"https:\/\/www.fortuneita.com\/2025\/02\/19\/rivoluzionando-il-turismo-un-progetto-dellue-cavalca-londa-del-cambiamento-post-pandemia\/?swcfpc=1\" target=\"_blank\" rel=\"noopener noreferrer\" class=\"grve-btn grve-btn-medium grve-square grve-bg-primary-1 grve-bg-hover-white\" style=\"max-width: 350px;\"><span>Scopri di pi\u00f9<\/span><\/a><\/div><div class=\"grve-empty-space grve-height-1x\" style=\"\"><\/div>[\/vc_column][\/vc_row][vc_row heading_color=&#8221;primary-1&#8243; section_type=&#8221;fullwidth&#8221; padding_top_multiplier=&#8221;2x&#8221; padding_bottom_multiplier=&#8221;2x&#8221; font_color=&#8221;#4f4f4f&#8221;][vc_column width=&#8221;5\/12&#8243; css=&#8221;.vc_custom_1684434100626{padding-right: 5% !important;padding-left: 5% !important;}&#8221;]<div class=\"grve-empty-space grve-height-1x\" style=\"\"><\/div><div class=\"grve-element grve-image grve-align-center\" style=\"\">  <div class=\"grve-image-wrapper\"><a href=\"https:\/\/www.corriere.it\/economia\/consumi\/23_luglio_26\/overtourism-italia-europa-turisti-cbc23f3c-2a09-11ee-84ae-fdab1efa7b6b.shtml\" target=\"_blank\" rel=\"noopener noreferrer\"><img loading=\"lazy\" decoding=\"async\" width=\"1024\" height=\"464\" src=\"https:\/\/start.conform.it\/wp-content\/uploads\/2024\/05\/When-overtourism-becomes-a-problem-1024x464.webp\" class=\"attachment-large size-large\" alt=\"\" srcset=\"https:\/\/start.conform.it\/wp-content\/uploads\/2024\/05\/When-overtourism-becomes-a-problem-1024x464.webp 1024w, https:\/\/start.conform.it\/wp-content\/uploads\/2024\/05\/When-overtourism-becomes-a-problem-300x136.webp 300w, https:\/\/start.conform.it\/wp-content\/uploads\/2024\/05\/When-overtourism-becomes-a-problem-768x348.webp 768w, https:\/\/start.conform.it\/wp-content\/uploads\/2024\/05\/When-overtourism-becomes-a-problem.webp 1280w\" sizes=\"auto, (max-width: 1024px) 100vw, 1024px\" \/><\/a>   <\/div><\/div><div class=\"grve-empty-space grve-height-1x\" style=\"\"><\/div>[\/vc_column][vc_column width=&#8221;1\/12&#8243;]<div class=\"grve-empty-space grve-height-1x\" style=\"\"><\/div><div class=\"grve-element grve-single-icon grve-align-center grve-medium\" style=\"\">  <div class=\"grve-wrapper-icon grve-no-shape\" style=\"\"><i class=\"et-icon-megaphone grve-text-primary-1\"><\/i><\/div><\/div>[\/vc_column][vc_column width=&#8221;1\/2&#8243; css=&#8221;.vc_custom_1684514327361{padding-right: 5% !important;padding-left: 5% !important;}&#8221;]<div class=\"grve-empty-space grve-height-1x\" style=\"\"><\/div><h3 class=\"grve-element grve-title grve-align-left grve-h3\" style=\"margin-bottom: 18px;\"><span><strong>Quando l&#8217;overtourism diventa un problema<\/strong><span class=\"grve-title-line grve-bg-primary-1\" style=\"width: 100px;height: 2px;\"><\/span><\/span><\/h3>[vc_column_text]Il termine \u201c<strong>overtourism<\/strong>\u201d in Italia si riferisce al problema del turismo eccessivo, in cui le destinazioni pi\u00f9 popolari si trovano ad affrontare sfide dovute a un numero eccessivo di visitatori. <strong>Questo fenomeno porta spesso al sovraffollamento, al degrado ambientale, all&#8217;indebolimento delle infrastrutture e all&#8217;interruzione della vita quotidiana delle comunit\u00e0 locali<\/strong>. Citt\u00e0 popolari come Venezia, Roma e Firenze sono state particolarmente colpite dall&#8217;overtourism, spingendo le autorit\u00e0 ad attuare misure per gestire l&#8217;impatto e preservare questi tesori culturali.[\/vc_column_text]<div class=\"grve-empty-space grve-height-1x\" style=\"\"><\/div><div class=\"grve-element grve-align-inherit grve-fluid-button\"><a href=\"https:\/\/www.corriere.it\/economia\/consumi\/23_luglio_26\/overtourism-italia-europa-turisti-cbc23f3c-2a09-11ee-84ae-fdab1efa7b6b.shtml\" target=\"_blank\" rel=\"noopener noreferrer\" class=\"grve-btn grve-btn-medium grve-square grve-bg-primary-1 grve-bg-hover-blue\" style=\"max-width: 350px;\"><span>Scopri di pi\u00f9<\/span><\/a><\/div><div class=\"grve-empty-space grve-height-1x\" style=\"\"><\/div>[\/vc_column][\/vc_row][vc_row heading_color=&#8221;light&#8221; section_type=&#8221;fullwidth&#8221; bg_type=&#8221;color&#8221; padding_top_multiplier=&#8221;2x&#8221; padding_bottom_multiplier=&#8221;2x&#8221; font_color=&#8221;#ffffff&#8221; section_id=&#8221;news&#8221; bg_color=&#8221;#31b5ed&#8221;][vc_column width=&#8221;5\/12&#8243; css=&#8221;.vc_custom_1684434100626{padding-right: 5% !important;padding-left: 5% !important;}&#8221;]<div class=\"grve-empty-space grve-height-1x\" style=\"\"><\/div><div class=\"grve-element grve-image grve-align-center\" style=\"\">  <div class=\"grve-image-wrapper\"><a href=\"https:\/\/link.springer.com\/article\/10.1007\/s11908-023-00799-4\" target=\"_blank\" rel=\"noopener noreferrer\"><img loading=\"lazy\" decoding=\"async\" width=\"1024\" height=\"464\" src=\"https:\/\/start.conform.it\/wp-content\/uploads\/2024\/05\/How-the-tourism-sector-influences-the-climate-crisis-1024x464.webp\" class=\"attachment-large size-large\" alt=\"\" srcset=\"https:\/\/start.conform.it\/wp-content\/uploads\/2024\/05\/How-the-tourism-sector-influences-the-climate-crisis-1024x464.webp 1024w, https:\/\/start.conform.it\/wp-content\/uploads\/2024\/05\/How-the-tourism-sector-influences-the-climate-crisis-300x136.webp 300w, https:\/\/start.conform.it\/wp-content\/uploads\/2024\/05\/How-the-tourism-sector-influences-the-climate-crisis-768x348.webp 768w, https:\/\/start.conform.it\/wp-content\/uploads\/2024\/05\/How-the-tourism-sector-influences-the-climate-crisis.webp 1280w\" sizes=\"auto, (max-width: 1024px) 100vw, 1024px\" \/><\/a>   <\/div><\/div><div class=\"grve-empty-space grve-height-1x\" style=\"\"><\/div>[\/vc_column][vc_column width=&#8221;1\/12&#8243;]<div class=\"grve-empty-space grve-height-1x\" style=\"\"><\/div><div class=\"grve-element grve-single-icon grve-align-center grve-medium\" style=\"\">  <div class=\"grve-wrapper-icon grve-no-shape\" style=\"\"><i class=\"et-icon-megaphone grve-text-white\"><\/i><\/div><\/div>[\/vc_column][vc_column width=&#8221;1\/2&#8243; css=&#8221;.vc_custom_1684514327361{padding-right: 5% !important;padding-left: 5% !important;}&#8221;]<div class=\"grve-empty-space grve-height-1x\" style=\"\"><\/div><h3 class=\"grve-element grve-title grve-align-left grve-h3\" style=\"margin-bottom: 18px;\"><span><strong>Come il settore turistico influenza la crisi climatica<\/strong><span class=\"grve-title-line grve-bg-primary-1\" style=\"width: 100px;height: 2px;\"><\/span><\/span><\/h3>[vc_column_text]L<strong>&#8216;industria dei viaggi e del turismo<\/strong>, che comprende i trasporti, il consumo di cibo e l&#8217;alloggio, contribuisce in modo significativo alle emissioni globali di carbonio, aggravando il ritmo allarmante della crisi del cambiamento climatico. I cambiamenti climatici rappresentano un&#8217;emergenza sanitaria e comportano notevoli implicazioni per la salute dei viaggiatori, tra cui l&#8217;aumento delle malattie legate al caldo, le malattie trasmesse attraverso il cibo, l&#8217;acqua o i vettori e la crescente suscettibilit\u00e0 alle malattie infettive emergenti.[\/vc_column_text]<div class=\"grve-empty-space grve-height-1x\" style=\"\"><\/div><div class=\"grve-element grve-align-inherit grve-fluid-button\"><a href=\"https:\/\/link.springer.com\/article\/10.1007\/s11908-023-00799-4\" target=\"_blank\" rel=\"noopener noreferrer\" class=\"grve-btn grve-btn-medium grve-square grve-bg-primary-1 grve-bg-hover-white\" style=\"max-width: 350px;\"><span>Scopri di pi\u00f9<\/span><\/a><\/div><div class=\"grve-empty-space grve-height-1x\" style=\"\"><\/div>[\/vc_column][\/vc_row][vc_row heading_color=&#8221;primary-1&#8243; section_type=&#8221;fullwidth&#8221; padding_top_multiplier=&#8221;2x&#8221; padding_bottom_multiplier=&#8221;2x&#8221; font_color=&#8221;#4f4f4f&#8221;][vc_column width=&#8221;5\/12&#8243; css=&#8221;.vc_custom_1684434100626{padding-right: 5% !important;padding-left: 5% !important;}&#8221;]<div class=\"grve-empty-space grve-height-1x\" style=\"\"><\/div><div class=\"grve-element grve-image grve-align-center\" style=\"\">  <div class=\"grve-image-wrapper\"><a href=\"https:\/\/www.wearemarketing.com\/it\/studi\/nuove-tendenze-turismo\/intelligenza-artificiale.html\" target=\"_blank\" rel=\"noopener noreferrer\"><img loading=\"lazy\" decoding=\"async\" width=\"1024\" height=\"464\" src=\"https:\/\/start.conform.it\/wp-content\/uploads\/2024\/05\/How-AI-will-change-the-tourism-sector-1024x464.webp\" class=\"attachment-large size-large\" alt=\"\" srcset=\"https:\/\/start.conform.it\/wp-content\/uploads\/2024\/05\/How-AI-will-change-the-tourism-sector-1024x464.webp 1024w, https:\/\/start.conform.it\/wp-content\/uploads\/2024\/05\/How-AI-will-change-the-tourism-sector-300x136.webp 300w, https:\/\/start.conform.it\/wp-content\/uploads\/2024\/05\/How-AI-will-change-the-tourism-sector-768x348.webp 768w, https:\/\/start.conform.it\/wp-content\/uploads\/2024\/05\/How-AI-will-change-the-tourism-sector.webp 1280w\" sizes=\"auto, (max-width: 1024px) 100vw, 1024px\" \/><\/a>   <\/div><\/div><div class=\"grve-empty-space grve-height-1x\" style=\"\"><\/div>[\/vc_column][vc_column width=&#8221;1\/12&#8243;]<div class=\"grve-empty-space grve-height-1x\" style=\"\"><\/div><div class=\"grve-element grve-single-icon grve-align-center grve-medium\" style=\"\">  <div class=\"grve-wrapper-icon grve-no-shape\" style=\"\"><i class=\"et-icon-megaphone grve-text-primary-1\"><\/i><\/div><\/div>[\/vc_column][vc_column width=&#8221;1\/2&#8243; css=&#8221;.vc_custom_1684514327361{padding-right: 5% !important;padding-left: 5% !important;}&#8221;]<div class=\"grve-empty-space grve-height-1x\" style=\"\"><\/div><h3 class=\"grve-element grve-title grve-align-left grve-h3\" style=\"margin-bottom: 18px;\"><span><strong>Come l&#8217;IA cambier\u00e0 il settore turistico<\/strong><span class=\"grve-title-line grve-bg-primary-1\" style=\"width: 100px;height: 2px;\"><\/span><\/span><\/h3>[vc_column_text]<strong>L&#8217;intelligenza artificiale (AI)<\/strong> sta trasformando il settore turistico in diversi modi: Esperienze personalizzate; assistenza virtuale e chatbot; previsione e analisi dei dati; gestione dei prezzi e dei ricavi; sicurezza e gestione dei rischi; traduzione e assistenza multilingue. In sintesi, l&#8217;intelligenza artificiale<strong> sta rivoluzionando il settore turistico<\/strong> aumentando l&#8217;efficienza, migliorando l&#8217;esperienza dei clienti e consentendo una maggiore personalizzazione dei servizi offerti.[\/vc_column_text]<div class=\"grve-empty-space grve-height-1x\" style=\"\"><\/div><div class=\"grve-element grve-align-inherit grve-fluid-button\"><a href=\"https:\/\/www.wearemarketing.com\/it\/studi\/nuove-tendenze-turismo\/intelligenza-artificiale.html\" target=\"_blank\" rel=\"noopener noreferrer\" class=\"grve-btn grve-btn-medium grve-square grve-bg-primary-1 grve-bg-hover-blue\" style=\"max-width: 350px;\"><span>Scopri di pi\u00f9<\/span><\/a><\/div><div class=\"grve-empty-space grve-height-1x\" style=\"\"><\/div>[\/vc_column][\/vc_row][vc_row heading_color=&#8221;light&#8221; section_type=&#8221;fullwidth&#8221; bg_type=&#8221;color&#8221; padding_top_multiplier=&#8221;2x&#8221; padding_bottom_multiplier=&#8221;2x&#8221; font_color=&#8221;#ffffff&#8221; section_id=&#8221;news&#8221; bg_color=&#8221;#31b5ed&#8221;][vc_column width=&#8221;5\/12&#8243; css=&#8221;.vc_custom_1684434100626{padding-right: 5% !important;padding-left: 5% !important;}&#8221;]<div class=\"grve-empty-space grve-height-1x\" style=\"\"><\/div><div class=\"grve-element grve-image grve-align-center\" style=\"\">  <div class=\"grve-image-wrapper\"><a href=\"https:\/\/www.regione.marche.it\/Regione-Utile\/Turismo-Sport-Tempo-Libero\/Comunicati\/id\/32318\/p\/1\/FAI-UN-SALTO-NELLE-MARCHE-AL-VIA-LA-CAMPAGNA-SOCIAL--CON-GIANMARCO-TAMBERI\" target=\"_blank\" rel=\"noopener noreferrer\"><img loading=\"lazy\" decoding=\"async\" width=\"1024\" height=\"464\" src=\"https:\/\/start.conform.it\/wp-content\/uploads\/2024\/05\/Leap-into-the-marche-the-2024-social-campaign-starts-with-gianmarco-tamberi-1024x464.webp\" class=\"attachment-large size-large\" alt=\"\" srcset=\"https:\/\/start.conform.it\/wp-content\/uploads\/2024\/05\/Leap-into-the-marche-the-2024-social-campaign-starts-with-gianmarco-tamberi-1024x464.webp 1024w, https:\/\/start.conform.it\/wp-content\/uploads\/2024\/05\/Leap-into-the-marche-the-2024-social-campaign-starts-with-gianmarco-tamberi-300x136.webp 300w, https:\/\/start.conform.it\/wp-content\/uploads\/2024\/05\/Leap-into-the-marche-the-2024-social-campaign-starts-with-gianmarco-tamberi-768x348.webp 768w, https:\/\/start.conform.it\/wp-content\/uploads\/2024\/05\/Leap-into-the-marche-the-2024-social-campaign-starts-with-gianmarco-tamberi.webp 1280w\" sizes=\"auto, (max-width: 1024px) 100vw, 1024px\" \/><\/a>   <\/div><\/div><div class=\"grve-empty-space grve-height-1x\" style=\"\"><\/div>[\/vc_column][vc_column width=&#8221;1\/12&#8243;]<div class=\"grve-empty-space grve-height-1x\" style=\"\"><\/div><div class=\"grve-element grve-single-icon grve-align-center grve-medium\" style=\"\">  <div class=\"grve-wrapper-icon grve-no-shape\" style=\"\"><i class=\"et-icon-megaphone grve-text-white\"><\/i><\/div><\/div>[\/vc_column][vc_column width=&#8221;1\/2&#8243; css=&#8221;.vc_custom_1684514327361{padding-right: 5% !important;padding-left: 5% !important;}&#8221;]<div class=\"grve-empty-space grve-height-1x\" style=\"\"><\/div><h3 class=\"grve-element grve-title grve-align-left grve-h3\" style=\"margin-bottom: 18px;\"><span><strong>Salto nelle Marche! parte la campagna social 2024 con Gianmarco Tamberi<\/strong><span class=\"grve-title-line grve-bg-primary-1\" style=\"width: 100px;height: 2px;\"><\/span><\/span><\/h3>[vc_column_text]A partire da gennaio 2024 \u00e8 partita la <strong>campagna social<\/strong> promozionale della <strong>Regione Marche<\/strong> con il social ambassador <strong>Gianmarco Tamberi<\/strong>, campione del mondo e campione olimpico di salto in alto. Per i prossimi mesi, sui canali social della Regione e di Gianmarco saranno pubblicati nuovi video promozionali e scatti realizzati in cinque localit\u00e0 marchigiane, per diffondere le mille sfaccettature del territorio regionale marchigiano.[\/vc_column_text]<div class=\"grve-empty-space grve-height-1x\" style=\"\"><\/div><div class=\"grve-element grve-align-inherit grve-fluid-button\"><a href=\"https:\/\/www.regione.marche.it\/Regione-Utile\/Turismo-Sport-Tempo-Libero\/Comunicati\/id\/32318\/p\/1\/FAI-UN-SALTO-NELLE-MARCHE-AL-VIA-LA-CAMPAGNA-SOCIAL--CON-GIANMARCO-TAMBERI\" target=\"_blank\" rel=\"noopener noreferrer\" class=\"grve-btn grve-btn-medium grve-square grve-bg-primary-1 grve-bg-hover-white\" style=\"max-width: 350px;\"><span>Scopri di pi\u00f9<\/span><\/a><\/div><div class=\"grve-empty-space grve-height-1x\" style=\"\"><\/div>[\/vc_column][\/vc_row][vc_row heading_color=&#8221;primary-1&#8243; section_type=&#8221;fullwidth&#8221; padding_top_multiplier=&#8221;2x&#8221; padding_bottom_multiplier=&#8221;2x&#8221; font_color=&#8221;#4f4f4f&#8221;][vc_column width=&#8221;5\/12&#8243; css=&#8221;.vc_custom_1684434100626{padding-right: 5% !important;padding-left: 5% !important;}&#8221;]<div class=\"grve-empty-space grve-height-1x\" style=\"\"><\/div><div class=\"grve-element grve-image grve-align-center\" style=\"\">  <div class=\"grve-image-wrapper\"><a href=\"https:\/\/pesaro2024.it\/\" target=\"_blank\" rel=\"noopener noreferrer\"><img loading=\"lazy\" decoding=\"async\" width=\"1024\" height=\"464\" src=\"https:\/\/start.conform.it\/wp-content\/uploads\/2024\/05\/Pesaro-2024-Italian-capital-of-culture-1024x464.webp\" class=\"attachment-large size-large\" alt=\"\" srcset=\"https:\/\/start.conform.it\/wp-content\/uploads\/2024\/05\/Pesaro-2024-Italian-capital-of-culture-1024x464.webp 1024w, https:\/\/start.conform.it\/wp-content\/uploads\/2024\/05\/Pesaro-2024-Italian-capital-of-culture-300x136.webp 300w, https:\/\/start.conform.it\/wp-content\/uploads\/2024\/05\/Pesaro-2024-Italian-capital-of-culture-768x348.webp 768w, https:\/\/start.conform.it\/wp-content\/uploads\/2024\/05\/Pesaro-2024-Italian-capital-of-culture.webp 1280w\" sizes=\"auto, (max-width: 1024px) 100vw, 1024px\" \/><\/a>   <\/div><\/div><div class=\"grve-empty-space grve-height-1x\" style=\"\"><\/div>[\/vc_column][vc_column width=&#8221;1\/12&#8243;]<div class=\"grve-empty-space grve-height-1x\" style=\"\"><\/div><div class=\"grve-element grve-single-icon grve-align-center grve-medium\" style=\"\">  <div class=\"grve-wrapper-icon grve-no-shape\" style=\"\"><i class=\"et-icon-megaphone grve-text-primary-1\"><\/i><\/div><\/div>[\/vc_column][vc_column width=&#8221;1\/2&#8243; css=&#8221;.vc_custom_1684514327361{padding-right: 5% !important;padding-left: 5% !important;}&#8221;]<div class=\"grve-empty-space grve-height-1x\" style=\"\"><\/div><h3 class=\"grve-element grve-title grve-align-left grve-h3\" style=\"margin-bottom: 18px;\"><span><strong>Pesaro 2024 &#8211; Capitale italiana della cultura<\/strong><span class=\"grve-title-line grve-bg-primary-1\" style=\"width: 100px;height: 2px;\"><\/span><\/span><\/h3>[vc_column_text]<strong>Al via Pesaro 2024<\/strong>, il grande evento che nel giorno della cerimonia di inaugurazione ha riunito istituzioni, cittadini, studenti e imprese per celebrare insieme il legame indissolubile tra uomo, cultura e natura. \u201c<strong>La natura della Cultura<\/strong>\u201d \u00e8 il tema scelto per sintetizzare la mission di Pesaro 2024: esplorare le relazioni tra natura, sostenibilit\u00e0, arte e tecnologia, elementi su cui si basano le principali sfide dell&#8217;uomo contemporaneo.[\/vc_column_text]<div class=\"grve-empty-space grve-height-1x\" style=\"\"><\/div><div class=\"grve-element grve-align-inherit grve-fluid-button\"><a href=\"https:\/\/pesaro2024.it\/\" target=\"_blank\" rel=\"noopener noreferrer\" class=\"grve-btn grve-btn-medium grve-square grve-bg-primary-1 grve-bg-hover-blue\" style=\"max-width: 350px;\"><span>Scopri di pi\u00f9<\/span><\/a><\/div><div class=\"grve-empty-space grve-height-1x\" style=\"\"><\/div>[\/vc_column][\/vc_row][vc_row heading_color=&#8221;light&#8221; section_type=&#8221;fullwidth&#8221; bg_type=&#8221;color&#8221; padding_top_multiplier=&#8221;2x&#8221; padding_bottom_multiplier=&#8221;2x&#8221; font_color=&#8221;#ffffff&#8221; section_id=&#8221;news&#8221; bg_color=&#8221;#31b5ed&#8221;][vc_column width=&#8221;5\/12&#8243; css=&#8221;.vc_custom_1684434100626{padding-right: 5% !important;padding-left: 5% !important;}&#8221;]<div class=\"grve-empty-space grve-height-1x\" style=\"\"><\/div><div class=\"grve-element grve-image grve-align-center\" style=\"\">  <div class=\"grve-image-wrapper\"><a href=\"https:\/\/www.regione.marche.it\/News-ed-Eventi\/Post\/101842\/BIT-2024-Ambiente-e-Turismo-sostenibile-Borghi-pi%C3%B9-belli-d-Italia-e-Bandiere-Arancioni-un-turismo-certificato-per-la-tutela-dell-ambiente\" target=\"_blank\" rel=\"noopener noreferrer\"><img loading=\"lazy\" decoding=\"async\" width=\"1024\" height=\"464\" src=\"https:\/\/start.conform.it\/wp-content\/uploads\/2024\/05\/Impacts-of-climate-change-1024x464.webp\" class=\"attachment-large size-large\" alt=\"\" srcset=\"https:\/\/start.conform.it\/wp-content\/uploads\/2024\/05\/Impacts-of-climate-change-1024x464.webp 1024w, https:\/\/start.conform.it\/wp-content\/uploads\/2024\/05\/Impacts-of-climate-change-300x136.webp 300w, https:\/\/start.conform.it\/wp-content\/uploads\/2024\/05\/Impacts-of-climate-change-768x348.webp 768w, https:\/\/start.conform.it\/wp-content\/uploads\/2024\/05\/Impacts-of-climate-change.webp 1280w\" sizes=\"auto, (max-width: 1024px) 100vw, 1024px\" \/><\/a>   <\/div><\/div><div class=\"grve-empty-space grve-height-1x\" style=\"\"><\/div>[\/vc_column][vc_column width=&#8221;1\/12&#8243;]<div class=\"grve-empty-space grve-height-1x\" style=\"\"><\/div><div class=\"grve-element grve-single-icon grve-align-center grve-medium\" style=\"\">  <div class=\"grve-wrapper-icon grve-no-shape\" style=\"\"><i class=\"et-icon-megaphone grve-text-white\"><\/i><\/div><\/div>[\/vc_column][vc_column width=&#8221;1\/2&#8243; css=&#8221;.vc_custom_1684514327361{padding-right: 5% !important;padding-left: 5% !important;}&#8221;]<div class=\"grve-empty-space grve-height-1x\" style=\"\"><\/div><h3 class=\"grve-element grve-title grve-align-left grve-h3\" style=\"margin-bottom: 18px;\"><span><strong>Impatti dei cambiamenti climatici: nuove criticit\u00e0 e soluzioni nella gestione del territorio<\/strong><span class=\"grve-title-line grve-bg-primary-1\" style=\"width: 100px;height: 2px;\"><\/span><\/span><\/h3>[vc_column_text]Una <strong>tavola rotonda<\/strong> tematica si \u00e8 tenuta nella sede della Regione Marche ad Ancona. La sostenibilit\u00e0 ambientale \u00e8 uno dei criteri richiesti per il riconoscimento della Bandiera Arancione. Per i Comuni, significa intraprendere azioni nei settori della gestione dell&#8217;ambiente e dei rifiuti, adottare soluzioni per il risparmio energetico e iniziative di educazione ambientale&#8230; Leggi l&#8217;articolo per saperne di pi\u00f9![\/vc_column_text]<div class=\"grve-empty-space grve-height-1x\" style=\"\"><\/div><div class=\"grve-element grve-align-inherit grve-fluid-button\"><a href=\"https:\/\/www.regione.marche.it\/News-ed-Eventi\/Post\/101842\/BIT-2024-Ambiente-e-Turismo-sostenibile-Borghi-pi%C3%B9-belli-d-Italia-e-Bandiere-Arancioni-un-turismo-certificato-per-la-tutela-dell-ambiente\" target=\"_blank\" rel=\"noopener noreferrer\" class=\"grve-btn grve-btn-medium grve-square grve-bg-primary-1 grve-bg-hover-white\" style=\"max-width: 350px;\"><span>Scopri di pi\u00f9<\/span><\/a><\/div><div class=\"grve-empty-space grve-height-1x\" style=\"\"><\/div>[\/vc_column][\/vc_row][vc_row heading_color=&#8221;primary-1&#8243; section_type=&#8221;fullwidth&#8221; padding_top_multiplier=&#8221;2x&#8221; padding_bottom_multiplier=&#8221;2x&#8221; font_color=&#8221;#4f4f4f&#8221;][vc_column width=&#8221;5\/12&#8243; css=&#8221;.vc_custom_1684434100626{padding-right: 5% !important;padding-left: 5% !important;}&#8221;]<div class=\"grve-empty-space grve-height-1x\" style=\"\"><\/div><div class=\"grve-element grve-image grve-align-center\" style=\"\">  <div class=\"grve-image-wrapper\"><a href=\"https:\/\/web.ua.es\/es\/ogpi\/noticias\/2023\/open-dual-lecture-ambito-empresarial-y-academico-del-turismo-sostenible.html\" target=\"_blank\" rel=\"noopener noreferrer\"><img loading=\"lazy\" decoding=\"async\" width=\"1024\" height=\"464\" src=\"https:\/\/start.conform.it\/wp-content\/uploads\/2024\/05\/Presentation-of-the-S.T.A.R.T.-project-at-the-T4EU-Open-Dual-Lecture-on-Business-and-Academic-Scope-of-Sustainable-Tourism-1024x464.webp\" class=\"attachment-large size-large\" alt=\"\" srcset=\"https:\/\/start.conform.it\/wp-content\/uploads\/2024\/05\/Presentation-of-the-S.T.A.R.T.-project-at-the-T4EU-Open-Dual-Lecture-on-Business-and-Academic-Scope-of-Sustainable-Tourism-1024x464.webp 1024w, https:\/\/start.conform.it\/wp-content\/uploads\/2024\/05\/Presentation-of-the-S.T.A.R.T.-project-at-the-T4EU-Open-Dual-Lecture-on-Business-and-Academic-Scope-of-Sustainable-Tourism-300x136.webp 300w, https:\/\/start.conform.it\/wp-content\/uploads\/2024\/05\/Presentation-of-the-S.T.A.R.T.-project-at-the-T4EU-Open-Dual-Lecture-on-Business-and-Academic-Scope-of-Sustainable-Tourism-768x348.webp 768w, https:\/\/start.conform.it\/wp-content\/uploads\/2024\/05\/Presentation-of-the-S.T.A.R.T.-project-at-the-T4EU-Open-Dual-Lecture-on-Business-and-Academic-Scope-of-Sustainable-Tourism.webp 1280w\" sizes=\"auto, (max-width: 1024px) 100vw, 1024px\" \/><\/a>   <\/div><\/div><div class=\"grve-empty-space grve-height-1x\" style=\"\"><\/div>[\/vc_column][vc_column width=&#8221;1\/12&#8243;]<div class=\"grve-empty-space grve-height-1x\" style=\"\"><\/div><div class=\"grve-element grve-single-icon grve-align-center grve-medium\" style=\"\">  <div class=\"grve-wrapper-icon grve-no-shape\" style=\"\"><i class=\"et-icon-megaphone grve-text-primary-1\"><\/i><\/div><\/div>[\/vc_column][vc_column width=&#8221;1\/2&#8243; css=&#8221;.vc_custom_1684514327361{padding-right: 5% !important;padding-left: 5% !important;}&#8221;]<div class=\"grve-empty-space grve-height-1x\" style=\"\"><\/div><h3 class=\"grve-element grve-title grve-align-left grve-h3\" style=\"margin-bottom: 18px;\"><span><strong>Presentazione del progetto S.T.A.R.T. alla Open Dual Lecture di T4EU su \u201cAmbito imprenditoriale e accademico del turismo sostenibile\u201d.<\/strong><span class=\"grve-title-line grve-bg-primary-1\" style=\"width: 100px;height: 2px;\"><\/span><\/span><\/h3>[vc_column_text]L&#8217;articolo espone la <strong>Open Dual Lecture<\/strong> sul tema \u201c<strong>Ambito imprenditoriale e accademico del turismo sostenibile<\/strong>\u201d, tenutasi presso l&#8217;<strong>Universit\u00e0 di Alicante<\/strong> il 27 gennaio 2023. Durante la conferenza, la ricercatrice Oana M. Driha ha presentato, tra gli altri progetti di turismo sostenibile, il progetto S.T.A.R.T. A proposito di questo progetto ha detto: \u201cQuesto progetto Erasmus + \u00e8 diverso dai progetti di Capacity Building nell&#8217;istruzione superiore e lavora invece con l&#8217;istruzione e la formazione professionale&#8230;\u201d.[\/vc_column_text]<div class=\"grve-empty-space grve-height-1x\" style=\"\"><\/div><div class=\"grve-element grve-align-inherit grve-fluid-button\"><a href=\"https:\/\/web.ua.es\/es\/ogpi\/noticias\/2023\/open-dual-lecture-ambito-empresarial-y-academico-del-turismo-sostenible.html\" target=\"_blank\" rel=\"noopener noreferrer\" class=\"grve-btn grve-btn-medium grve-square grve-bg-primary-1 grve-bg-hover-blue\" style=\"max-width: 350px;\"><span>Scopri di pi\u00f9<\/span><\/a><\/div><div class=\"grve-empty-space grve-height-1x\" style=\"\"><\/div>[\/vc_column][\/vc_row][vc_row heading_color=&#8221;light&#8221; section_type=&#8221;fullwidth&#8221; bg_type=&#8221;color&#8221; padding_top_multiplier=&#8221;2x&#8221; padding_bottom_multiplier=&#8221;2x&#8221; font_color=&#8221;#ffffff&#8221; section_id=&#8221;news&#8221; bg_color=&#8221;#31b5ed&#8221;][vc_column width=&#8221;5\/12&#8243; css=&#8221;.vc_custom_1684434100626{padding-right: 5% !important;padding-left: 5% !important;}&#8221;]<div class=\"grve-empty-space grve-height-1x\" style=\"\"><\/div><div class=\"grve-element grve-image grve-align-center\" style=\"\">  <div class=\"grve-image-wrapper\"><a href=\"https:\/\/www.informacion.es\/alicante\/2024\/04\/05\/tradicion-digitalizacion-auge-turismo-rural-100526085.html\" target=\"_blank\" rel=\"noopener noreferrer\"><img loading=\"lazy\" decoding=\"async\" width=\"1024\" height=\"464\" src=\"https:\/\/start.conform.it\/wp-content\/uploads\/2024\/05\/From-tradition-to-digitalisation-the-rise-of-rural-tourism-1024x464.webp\" class=\"attachment-large size-large\" alt=\"\" srcset=\"https:\/\/start.conform.it\/wp-content\/uploads\/2024\/05\/From-tradition-to-digitalisation-the-rise-of-rural-tourism-1024x464.webp 1024w, https:\/\/start.conform.it\/wp-content\/uploads\/2024\/05\/From-tradition-to-digitalisation-the-rise-of-rural-tourism-300x136.webp 300w, https:\/\/start.conform.it\/wp-content\/uploads\/2024\/05\/From-tradition-to-digitalisation-the-rise-of-rural-tourism-768x348.webp 768w, https:\/\/start.conform.it\/wp-content\/uploads\/2024\/05\/From-tradition-to-digitalisation-the-rise-of-rural-tourism.webp 1280w\" sizes=\"auto, (max-width: 1024px) 100vw, 1024px\" \/><\/a>   <\/div><\/div><div class=\"grve-empty-space grve-height-1x\" style=\"\"><\/div>[\/vc_column][vc_column width=&#8221;1\/12&#8243;]<div class=\"grve-empty-space grve-height-1x\" style=\"\"><\/div><div class=\"grve-element grve-single-icon grve-align-center grve-medium\" style=\"\">  <div class=\"grve-wrapper-icon grve-no-shape\" style=\"\"><i class=\"et-icon-megaphone grve-text-white\"><\/i><\/div><\/div>[\/vc_column][vc_column width=&#8221;1\/2&#8243; css=&#8221;.vc_custom_1684514327361{padding-right: 5% !important;padding-left: 5% !important;}&#8221;]<div class=\"grve-empty-space grve-height-1x\" style=\"\"><\/div><h3 class=\"grve-element grve-title grve-align-left grve-h3\" style=\"margin-bottom: 18px;\"><span><strong>Dalla tradizione alla digitalizzazione: l&#8217;ascesa del turismo rurale<\/strong><span class=\"grve-title-line grve-bg-primary-1\" style=\"width: 100px;height: 2px;\"><\/span><\/span><\/h3>[vc_column_text]<strong>La pandemia ha provocato un cambiamento nella societ\u00e0, portando alla trasformazione digitale come strumento per il turismo<\/strong>. Ci\u00f2 ha aperto opportunit\u00e0 per le aree rurali, consentendo visibilit\u00e0 e promozione attraverso piattaforme online, social media e applicazioni mobili. <strong>Questa accessibilit\u00e0 ha ampliato il turismo rurale<\/strong>, attirando un pubblico eterogeneo e garantendo una crescita economica alle comunit\u00e0 rurali. Leggi l&#8217;articolo per saperne di pi\u00f9![\/vc_column_text]<div class=\"grve-empty-space grve-height-1x\" style=\"\"><\/div><div class=\"grve-element grve-align-inherit grve-fluid-button\"><a href=\"https:\/\/www.informacion.es\/alicante\/2024\/04\/05\/tradicion-digitalizacion-auge-turismo-rural-100526085.html\" target=\"_blank\" rel=\"noopener noreferrer\" class=\"grve-btn grve-btn-medium grve-square grve-bg-primary-1 grve-bg-hover-white\" style=\"max-width: 350px;\"><span>Scopri di pi\u00f9<\/span><\/a><\/div><div class=\"grve-empty-space grve-height-1x\" style=\"\"><\/div>[\/vc_column][\/vc_row][vc_row heading_color=&#8221;primary-1&#8243; section_type=&#8221;fullwidth&#8221; padding_top_multiplier=&#8221;2x&#8221; padding_bottom_multiplier=&#8221;2x&#8221; font_color=&#8221;#4f4f4f&#8221;][vc_column width=&#8221;5\/12&#8243; css=&#8221;.vc_custom_1684434100626{padding-right: 5% !important;padding-left: 5% !important;}&#8221;]<div class=\"grve-empty-space grve-height-1x\" style=\"\"><\/div><div class=\"grve-element grve-image grve-align-center\" style=\"\">  <div class=\"grve-image-wrapper\"><a href=\"https:\/\/www.hospitalitynet.org\/opinion\/4118993.html\" target=\"_blank\" rel=\"noopener noreferrer\"><img loading=\"lazy\" decoding=\"async\" width=\"1024\" height=\"464\" src=\"https:\/\/start.conform.it\/wp-content\/uploads\/2024\/05\/Digital-Transformation-A-Competitive-Edge-in-Tourism-Hospitality-1024x464.webp\" class=\"attachment-large size-large\" alt=\"\" srcset=\"https:\/\/start.conform.it\/wp-content\/uploads\/2024\/05\/Digital-Transformation-A-Competitive-Edge-in-Tourism-Hospitality-1024x464.webp 1024w, https:\/\/start.conform.it\/wp-content\/uploads\/2024\/05\/Digital-Transformation-A-Competitive-Edge-in-Tourism-Hospitality-300x136.webp 300w, https:\/\/start.conform.it\/wp-content\/uploads\/2024\/05\/Digital-Transformation-A-Competitive-Edge-in-Tourism-Hospitality-768x348.webp 768w, https:\/\/start.conform.it\/wp-content\/uploads\/2024\/05\/Digital-Transformation-A-Competitive-Edge-in-Tourism-Hospitality.webp 1280w\" sizes=\"auto, (max-width: 1024px) 100vw, 1024px\" \/><\/a>   <\/div><\/div><div class=\"grve-empty-space grve-height-1x\" style=\"\"><\/div>[\/vc_column][vc_column width=&#8221;1\/12&#8243;]<div class=\"grve-empty-space grve-height-1x\" style=\"\"><\/div><div class=\"grve-element grve-single-icon grve-align-center grve-medium\" style=\"\">  <div class=\"grve-wrapper-icon grve-no-shape\" style=\"\"><i class=\"et-icon-megaphone grve-text-primary-1\"><\/i><\/div><\/div>[\/vc_column][vc_column width=&#8221;1\/2&#8243; css=&#8221;.vc_custom_1684514327361{padding-right: 5% !important;padding-left: 5% !important;}&#8221;]<div class=\"grve-empty-space grve-height-1x\" style=\"\"><\/div><h3 class=\"grve-element grve-title grve-align-left grve-h3\" style=\"margin-bottom: 18px;\"><span><strong>Trasformazione digitale: Un vantaggio competitivo nel turismo e nell&#8217;ospitalit\u00e0<\/strong><span class=\"grve-title-line grve-bg-primary-1\" style=\"width: 100px;height: 2px;\"><\/span><\/span><\/h3>[vc_column_text]<strong>La tecnologia \u00e8 parte integrante dei viaggi moderni<\/strong> e influisce su tutto, dalla pianificazione del viaggio alla comunicazione, alle transazioni e oltre. <strong>Il settore del turismo e dell&#8217;ospitalit\u00e0 si sta evolvendo<\/strong> rapidamente grazie ai progressi digitali. Gli ospiti si aspettano un alto livello di maturit\u00e0 digitale dai fornitori di servizi, alcuni dei quali sono all&#8217;avanguardia nell&#8217;utilizzo di strumenti digitali e basati sui dati per offrire esperienze innovative e personalizzate. Leggi l&#8217;articolo per saperne di pi\u00f9![\/vc_column_text]<div class=\"grve-empty-space grve-height-1x\" style=\"\"><\/div><div class=\"grve-element grve-align-inherit grve-fluid-button\"><a href=\"https:\/\/www.hospitalitynet.org\/opinion\/4118993.html\" target=\"_blank\" rel=\"noopener noreferrer\" class=\"grve-btn grve-btn-medium grve-square grve-bg-primary-1 grve-bg-hover-blue\" style=\"max-width: 350px;\"><span>Scopri di pi\u00f9<\/span><\/a><\/div><div class=\"grve-empty-space grve-height-1x\" style=\"\"><\/div>[\/vc_column][\/vc_row][vc_row heading_color=&#8221;light&#8221; section_type=&#8221;fullwidth&#8221; bg_type=&#8221;color&#8221; padding_top_multiplier=&#8221;2x&#8221; padding_bottom_multiplier=&#8221;2x&#8221; font_color=&#8221;#ffffff&#8221; section_id=&#8221;news&#8221; bg_color=&#8221;#31b5ed&#8221;][vc_column width=&#8221;5\/12&#8243; css=&#8221;.vc_custom_1684434100626{padding-right: 5% !important;padding-left: 5% !important;}&#8221;]<div class=\"grve-empty-space grve-height-1x\" style=\"\"><\/div><div class=\"grve-element grve-image grve-align-center\" style=\"\">  <div class=\"grve-image-wrapper\"><a href=\"https:\/\/www.autonomosyemprendedor.es\/articulo\/ayudas-ccaa\/andalucia-publica-nuevas-ayudas-60000-euros-que-negocios-turisticos-digitalicen\/20240401101422035493.html\" target=\"_blank\" rel=\"noopener noreferrer\"><img loading=\"lazy\" decoding=\"async\" width=\"1024\" height=\"464\" src=\"https:\/\/start.conform.it\/wp-content\/uploads\/2024\/05\/Andalusia-publishes-new-grants-of-up-to-60000-euros-to-help-tourism-businesses-become-digital-1024x464.webp\" class=\"attachment-large size-large\" alt=\"\" srcset=\"https:\/\/start.conform.it\/wp-content\/uploads\/2024\/05\/Andalusia-publishes-new-grants-of-up-to-60000-euros-to-help-tourism-businesses-become-digital-1024x464.webp 1024w, https:\/\/start.conform.it\/wp-content\/uploads\/2024\/05\/Andalusia-publishes-new-grants-of-up-to-60000-euros-to-help-tourism-businesses-become-digital-300x136.webp 300w, https:\/\/start.conform.it\/wp-content\/uploads\/2024\/05\/Andalusia-publishes-new-grants-of-up-to-60000-euros-to-help-tourism-businesses-become-digital-768x348.webp 768w, https:\/\/start.conform.it\/wp-content\/uploads\/2024\/05\/Andalusia-publishes-new-grants-of-up-to-60000-euros-to-help-tourism-businesses-become-digital.webp 1280w\" sizes=\"auto, (max-width: 1024px) 100vw, 1024px\" \/><\/a>   <\/div><\/div><div class=\"grve-empty-space grve-height-1x\" style=\"\"><\/div>[\/vc_column][vc_column width=&#8221;1\/12&#8243;]<div class=\"grve-empty-space grve-height-1x\" style=\"\"><\/div><div class=\"grve-element grve-single-icon grve-align-center grve-medium\" style=\"\">  <div class=\"grve-wrapper-icon grve-no-shape\" style=\"\"><i class=\"et-icon-megaphone grve-text-white\"><\/i><\/div><\/div>[\/vc_column][vc_column width=&#8221;1\/2&#8243; css=&#8221;.vc_custom_1684514327361{padding-right: 5% !important;padding-left: 5% !important;}&#8221;]<div class=\"grve-empty-space grve-height-1x\" style=\"\"><\/div><h3 class=\"grve-element grve-title grve-align-left grve-h3\" style=\"margin-bottom: 18px;\"><span><strong>L&#8217;Andalusia pubblica nuove sovvenzioni fino a 60.000 euro per aiutare le imprese turistiche a diventare digitali<\/strong><span class=\"grve-title-line grve-bg-primary-1\" style=\"width: 100px;height: 2px;\"><\/span><\/span><\/h3>[vc_column_text]La Junta de Andaluc\u00eda ha approvato sovvenzioni per la <strong>digitalizzazione delle micro, piccole e medie imprese<\/strong> e dei lavoratori autonomi della comunit\u00e0 autonoma dell&#8217;Andalusia. Questa iniziativa fa parte della Strategia per la trasformazione economica dell&#8217;<strong>Andalusia Horizon 2027<\/strong>, che mira a migliorare la competitivit\u00e0, la crescita e l&#8217;innovazione nel mercato digitale. L&#8217;aiuto consente di sovvenzionare il 100% dei costi ammissibili fino a 60.000 euro. Leggi l&#8217;articolo per saperne di pi\u00f9![\/vc_column_text]<div class=\"grve-empty-space grve-height-1x\" style=\"\"><\/div><div class=\"grve-element grve-align-inherit grve-fluid-button\"><a href=\"https:\/\/www.autonomosyemprendedor.es\/articulo\/ayudas-ccaa\/andalucia-publica-nuevas-ayudas-60000-euros-que-negocios-turisticos-digitalicen\/20240401101422035493.html\" target=\"_blank\" rel=\"noopener noreferrer\" class=\"grve-btn grve-btn-medium grve-square grve-bg-primary-1 grve-bg-hover-white\" style=\"max-width: 350px;\"><span>Scopri di pi\u00f9<\/span><\/a><\/div><div class=\"grve-empty-space grve-height-1x\" style=\"\"><\/div>[\/vc_column][\/vc_row][vc_row heading_color=&#8221;primary-1&#8243; section_type=&#8221;fullwidth&#8221; padding_top_multiplier=&#8221;2x&#8221; padding_bottom_multiplier=&#8221;2x&#8221; font_color=&#8221;#4f4f4f&#8221;][vc_column width=&#8221;5\/12&#8243; css=&#8221;.vc_custom_1684434100626{padding-right: 5% !important;padding-left: 5% !important;}&#8221;]<div class=\"grve-empty-space grve-height-1x\" style=\"\"><\/div><div class=\"grve-element grve-image grve-align-center\" style=\"\">  <div class=\"grve-image-wrapper\"><a href=\"https:\/\/www.greece-is.com\/news\/greece-continues-push-sustainable-tourism\/\" target=\"_blank\" rel=\"noopener noreferrer\"><img loading=\"lazy\" decoding=\"async\" width=\"1024\" height=\"464\" src=\"https:\/\/start.conform.it\/wp-content\/uploads\/2024\/05\/Greece-Continues-to-Push-for-Sustainable-Tourism-1024x464.webp\" class=\"attachment-large size-large\" alt=\"\" srcset=\"https:\/\/start.conform.it\/wp-content\/uploads\/2024\/05\/Greece-Continues-to-Push-for-Sustainable-Tourism-1024x464.webp 1024w, https:\/\/start.conform.it\/wp-content\/uploads\/2024\/05\/Greece-Continues-to-Push-for-Sustainable-Tourism-300x136.webp 300w, https:\/\/start.conform.it\/wp-content\/uploads\/2024\/05\/Greece-Continues-to-Push-for-Sustainable-Tourism-768x348.webp 768w, https:\/\/start.conform.it\/wp-content\/uploads\/2024\/05\/Greece-Continues-to-Push-for-Sustainable-Tourism.webp 1280w\" sizes=\"auto, (max-width: 1024px) 100vw, 1024px\" \/><\/a>   <\/div><\/div><div class=\"grve-empty-space grve-height-1x\" style=\"\"><\/div>[\/vc_column][vc_column width=&#8221;1\/12&#8243;]<div class=\"grve-empty-space grve-height-1x\" style=\"\"><\/div><div class=\"grve-element grve-single-icon grve-align-center grve-medium\" style=\"\">  <div class=\"grve-wrapper-icon grve-no-shape\" style=\"\"><i class=\"et-icon-megaphone grve-text-primary-1\"><\/i><\/div><\/div>[\/vc_column][vc_column width=&#8221;1\/2&#8243; css=&#8221;.vc_custom_1684514327361{padding-right: 5% !important;padding-left: 5% !important;}&#8221;]<div class=\"grve-empty-space grve-height-1x\" style=\"\"><\/div><h3 class=\"grve-element grve-title grve-align-left grve-h3\" style=\"margin-bottom: 18px;\"><span><strong>La Grecia continua a spingere sul turismo sostenibile<\/strong><span class=\"grve-title-line grve-bg-primary-1\" style=\"width: 100px;height: 2px;\"><\/span><\/span><\/h3>[vc_column_text]Nell&#8217;ultimo decennio,<strong> la Grecia ha fatto passi da gigante nello sviluppo del turismo sostenibile<\/strong> come pilastro fondamentale della sua strategia di crescita economica. Rinomata per la sua ricca storia, i paesaggi mozzafiato e la cultura vivace, il Paese ha riconosciuto l&#8217;urgente necessit\u00e0 di bilanciare i benefici economici del turismo con la conservazione dell&#8217;ambiente e della cultura. A tal fine, l&#8217;Associazione delle imprese turistiche greche (<strong>INSETE<\/strong>) ha redatto un rapporto basato sui risultati della ricerca del Gruppo Considerate, contenente 21 proposte per la promozione dello sviluppo del turismo sostenibile.[\/vc_column_text]<div class=\"grve-empty-space grve-height-1x\" style=\"\"><\/div><div class=\"grve-element grve-align-inherit grve-fluid-button\"><a href=\"https:\/\/www.greece-is.com\/news\/greece-continues-push-sustainable-tourism\/\" target=\"_blank\" rel=\"noopener noreferrer\" class=\"grve-btn grve-btn-medium grve-square grve-bg-primary-1 grve-bg-hover-blue\" style=\"max-width: 350px;\"><span>Scopri di pi\u00f9<\/span><\/a><\/div><div class=\"grve-empty-space grve-height-1x\" style=\"\"><\/div>[\/vc_column][\/vc_row][vc_row heading_color=&#8221;light&#8221; section_type=&#8221;fullwidth&#8221; bg_type=&#8221;color&#8221; padding_top_multiplier=&#8221;2x&#8221; padding_bottom_multiplier=&#8221;2x&#8221; font_color=&#8221;#ffffff&#8221; section_id=&#8221;news&#8221; bg_color=&#8221;#31b5ed&#8221;][vc_column width=&#8221;5\/12&#8243; css=&#8221;.vc_custom_1684434100626{padding-right: 5% !important;padding-left: 5% !important;}&#8221;]<div class=\"grve-empty-space grve-height-1x\" style=\"\"><\/div><div class=\"grve-element grve-image grve-align-center\" style=\"\">  <div class=\"grve-image-wrapper\"><a href=\"https:\/\/insete.gr\/sustainability\" target=\"_blank\" rel=\"noopener noreferrer\"><img loading=\"lazy\" decoding=\"async\" width=\"1024\" height=\"464\" src=\"https:\/\/start.conform.it\/wp-content\/uploads\/2024\/05\/The-Institute-of-the-Association-of-Greek-Tourism-Enteprises-on-Sustainable-Tourism-1024x464.webp\" class=\"attachment-large size-large\" alt=\"\" srcset=\"https:\/\/start.conform.it\/wp-content\/uploads\/2024\/05\/The-Institute-of-the-Association-of-Greek-Tourism-Enteprises-on-Sustainable-Tourism-1024x464.webp 1024w, https:\/\/start.conform.it\/wp-content\/uploads\/2024\/05\/The-Institute-of-the-Association-of-Greek-Tourism-Enteprises-on-Sustainable-Tourism-300x136.webp 300w, https:\/\/start.conform.it\/wp-content\/uploads\/2024\/05\/The-Institute-of-the-Association-of-Greek-Tourism-Enteprises-on-Sustainable-Tourism-768x348.webp 768w, https:\/\/start.conform.it\/wp-content\/uploads\/2024\/05\/The-Institute-of-the-Association-of-Greek-Tourism-Enteprises-on-Sustainable-Tourism.webp 1280w\" sizes=\"auto, (max-width: 1024px) 100vw, 1024px\" \/><\/a>   <\/div><\/div><div class=\"grve-empty-space grve-height-1x\" style=\"\"><\/div>[\/vc_column][vc_column width=&#8221;1\/12&#8243;]<div class=\"grve-empty-space grve-height-1x\" style=\"\"><\/div><div class=\"grve-element grve-single-icon grve-align-center grve-medium\" style=\"\">  <div class=\"grve-wrapper-icon grve-no-shape\" style=\"\"><i class=\"et-icon-megaphone grve-text-white\"><\/i><\/div><\/div>[\/vc_column][vc_column width=&#8221;1\/2&#8243; css=&#8221;.vc_custom_1684514327361{padding-right: 5% !important;padding-left: 5% !important;}&#8221;]<div class=\"grve-empty-space grve-height-1x\" style=\"\"><\/div><h3 class=\"grve-element grve-title grve-align-left grve-h3\" style=\"margin-bottom: 18px;\"><span><strong>L&#8217;Istituto dell&#8217;Associazione delle imprese turistiche greche sul turismo sostenibile<\/strong><span class=\"grve-title-line grve-bg-primary-1\" style=\"width: 100px;height: 2px;\"><\/span><\/span><\/h3>[vc_column_text]<strong>Sviluppo sostenibile nel turismo<\/strong> significa che il settore si sviluppa in modo da proteggere l&#8217;ambiente, rispettare l&#8217;identit\u00e0 delle destinazioni, promuovere il benessere sociale e sostenere la crescita economica. Fin dalla sua fondazione, <strong>INSETE<\/strong> si \u00e8 occupata di informare, sviluppare strumenti e formare gli operatori turistici greci su questi assi. Leggi l&#8217;articolo per saperne di pi\u00f9![\/vc_column_text]<div class=\"grve-empty-space grve-height-1x\" style=\"\"><\/div><div class=\"grve-element grve-align-inherit grve-fluid-button\"><a href=\"https:\/\/insete.gr\/sustainability\" target=\"_blank\" rel=\"noopener noreferrer\" class=\"grve-btn grve-btn-medium grve-square grve-bg-primary-1 grve-bg-hover-white\" style=\"max-width: 350px;\"><span>Scopri di pi\u00f9<\/span><\/a><\/div><div class=\"grve-empty-space grve-height-1x\" style=\"\"><\/div>[\/vc_column][\/vc_row][vc_row heading_color=&#8221;primary-1&#8243; section_type=&#8221;fullwidth&#8221; padding_top_multiplier=&#8221;2x&#8221; padding_bottom_multiplier=&#8221;2x&#8221; font_color=&#8221;#4f4f4f&#8221;][vc_column width=&#8221;5\/12&#8243; css=&#8221;.vc_custom_1684434100626{padding-right: 5% !important;padding-left: 5% !important;}&#8221;]<div class=\"grve-empty-space grve-height-1x\" style=\"\"><\/div><div class=\"grve-element grve-image grve-align-center\" style=\"\">  <div class=\"grve-image-wrapper\"><a href=\"https:\/\/www.unwto.org\/news\/un-tourism-opens-calls-for-best-tourism-villages-2024\" target=\"_blank\" rel=\"noopener noreferrer\"><img loading=\"lazy\" decoding=\"async\" width=\"1024\" height=\"464\" src=\"https:\/\/start.conform.it\/wp-content\/uploads\/2024\/05\/Open-Call-The-UN-Best-Tourism-Villages-2024-1024x464.webp\" class=\"attachment-large size-large\" alt=\"\" srcset=\"https:\/\/start.conform.it\/wp-content\/uploads\/2024\/05\/Open-Call-The-UN-Best-Tourism-Villages-2024-1024x464.webp 1024w, https:\/\/start.conform.it\/wp-content\/uploads\/2024\/05\/Open-Call-The-UN-Best-Tourism-Villages-2024-300x136.webp 300w, https:\/\/start.conform.it\/wp-content\/uploads\/2024\/05\/Open-Call-The-UN-Best-Tourism-Villages-2024-768x348.webp 768w, https:\/\/start.conform.it\/wp-content\/uploads\/2024\/05\/Open-Call-The-UN-Best-Tourism-Villages-2024.webp 1280w\" sizes=\"auto, (max-width: 1024px) 100vw, 1024px\" \/><\/a>   <\/div><\/div><div class=\"grve-empty-space grve-height-1x\" style=\"\"><\/div>[\/vc_column][vc_column width=&#8221;1\/12&#8243;]<div class=\"grve-empty-space grve-height-1x\" style=\"\"><\/div><div class=\"grve-element grve-single-icon grve-align-center grve-medium\" style=\"\">  <div class=\"grve-wrapper-icon grve-no-shape\" style=\"\"><i class=\"et-icon-megaphone grve-text-primary-1\"><\/i><\/div><\/div>[\/vc_column][vc_column width=&#8221;1\/2&#8243; css=&#8221;.vc_custom_1684514327361{padding-right: 5% !important;padding-left: 5% !important;}&#8221;]<div class=\"grve-empty-space grve-height-1x\" style=\"\"><\/div><h3 class=\"grve-element grve-title grve-align-left grve-h3\" style=\"margin-bottom: 18px;\"><span><strong>Invito aperto &#8211; I migliori villaggi turistici dell&#8217;ONU 2024 <\/strong><span class=\"grve-title-line grve-bg-primary-1\" style=\"width: 100px;height: 2px;\"><\/span><\/span><\/h3>[vc_column_text]Il <strong>Segretario Generale dell&#8217;ONU per il Turismo, Zurab Pololikashvili,<\/strong> ha dichiarato: \u201cBest Tourism Villages by UN Tourism\u201d premia quelle destinazioni rurali in cui il turismo \u00e8 stato efficacemente abbracciato come opportunit\u00e0 o strumento di crescita sostenibile o per preservare un patrimonio culturale e naturale unico. Leggi l&#8217;articolo per saperne di pi\u00f9![\/vc_column_text]<div class=\"grve-empty-space grve-height-1x\" style=\"\"><\/div><div class=\"grve-element grve-align-inherit grve-fluid-button\"><a href=\"https:\/\/www.unwto.org\/news\/un-tourism-opens-calls-for-best-tourism-villages-2024\" target=\"_blank\" rel=\"noopener noreferrer\" class=\"grve-btn grve-btn-medium grve-square grve-bg-primary-1 grve-bg-hover-blue\" style=\"max-width: 350px;\"><span>Scopri di pi\u00f9<\/span><\/a><\/div><div class=\"grve-empty-space grve-height-1x\" style=\"\"><\/div>[\/vc_column][\/vc_row][vc_row heading_color=&#8221;primary-1&#8243; disable_element=&#8221;yes&#8221; section_type=&#8221;fullwidth&#8221; padding_top_multiplier=&#8221;2x&#8221; padding_bottom_multiplier=&#8221;2x&#8221; font_color=&#8221;#4f4f4f&#8221;][vc_column css=&#8221;.vc_custom_1684434100626{padding-right: 5% !important;padding-left: 5% !important;}&#8221;]<div class=\"grve-empty-space grve-height-1x\" style=\"\"><\/div><div class=\"grve-element grve-single-icon grve-align-center grve-medium\" style=\"\">  <div class=\"grve-wrapper-icon grve-no-shape\" style=\"\"><i class=\"et-icon-megaphone grve-text-primary-1\"><\/i><\/div><\/div><div class=\"grve-empty-space grve-height-1x\" style=\"\"><\/div>[\/vc_column][\/vc_row][vc_row heading_color=&#8221;light&#8221; section_type=&#8221;fullwidth&#8221; bg_type=&#8221;color&#8221; padding_top_multiplier=&#8221;2x&#8221; padding_bottom_multiplier=&#8221;2x&#8221; font_color=&#8221;#ffffff&#8221; section_id=&#8221;news&#8221; bg_color=&#8221;#31b5ed&#8221;][vc_column width=&#8221;5\/12&#8243; css=&#8221;.vc_custom_1684434100626{padding-right: 5% !important;padding-left: 5% !important;}&#8221;]<div class=\"grve-empty-space grve-height-1x\" style=\"\"><\/div><div class=\"grve-element grve-image grve-align-center\" style=\"\">  <div class=\"grve-image-wrapper\"><a href=\"https:\/\/joint-research-centre.ec.europa.eu\/jrc-news-and-updates\/eu-tourism-almost-full-recovery-pre-pandemic-levels-2023-10-23_en\" target=\"_blank\" rel=\"noopener noreferrer\"><img loading=\"lazy\" decoding=\"async\" width=\"1024\" height=\"464\" src=\"https:\/\/start.conform.it\/wp-content\/uploads\/2023\/10\/EU-tourism-an-almost-full-recovery-to-pre-pandemic-levels-1024x464.webp\" class=\"attachment-large size-large\" alt=\"EU tourism an almost full recovery to pre-pandemic levels\" srcset=\"https:\/\/start.conform.it\/wp-content\/uploads\/2023\/10\/EU-tourism-an-almost-full-recovery-to-pre-pandemic-levels-1024x464.webp 1024w, https:\/\/start.conform.it\/wp-content\/uploads\/2023\/10\/EU-tourism-an-almost-full-recovery-to-pre-pandemic-levels-300x136.webp 300w, https:\/\/start.conform.it\/wp-content\/uploads\/2023\/10\/EU-tourism-an-almost-full-recovery-to-pre-pandemic-levels-768x348.webp 768w, https:\/\/start.conform.it\/wp-content\/uploads\/2023\/10\/EU-tourism-an-almost-full-recovery-to-pre-pandemic-levels.webp 1280w\" sizes=\"auto, (max-width: 1024px) 100vw, 1024px\" \/><\/a>   <\/div><\/div><div class=\"grve-empty-space grve-height-1x\" style=\"\"><\/div>[\/vc_column][vc_column width=&#8221;1\/12&#8243;]<div class=\"grve-empty-space grve-height-1x\" style=\"\"><\/div><div class=\"grve-element grve-single-icon grve-align-center grve-medium\" style=\"\">  <div class=\"grve-wrapper-icon grve-no-shape\" style=\"\"><i class=\"et-icon-megaphone grve-text-white\"><\/i><\/div><\/div>[\/vc_column][vc_column width=&#8221;1\/2&#8243; css=&#8221;.vc_custom_1684514327361{padding-right: 5% !important;padding-left: 5% !important;}&#8221;]<div class=\"grve-empty-space grve-height-1x\" style=\"\"><\/div><h3 class=\"grve-element grve-title grve-align-left grve-h3\" style=\"margin-bottom: 18px;\"><span><strong>Turismo UE: un ritorno quasi completo ai livelli pre-pandemici<\/strong><span class=\"grve-title-line grve-bg-primary-1\" style=\"width: 100px;height: 2px;\"><\/span><\/span><\/h3>[vc_column_text]Il nuovo quadro di riferimento per il turismo dell&#8217;UE offre informazioni sull&#8217;impatto e sullo stato di avanzamento di questo settore e sostiene la transizione verso un turismo pi\u00f9 verde e digitale.<br \/>\nLeggi l&#8217;articolo per saperne di pi\u00f9![\/vc_column_text]<div class=\"grve-empty-space grve-height-1x\" style=\"\"><\/div><div class=\"grve-element grve-align-inherit grve-fluid-button\"><a href=\"https:\/\/joint-research-centre.ec.europa.eu\/jrc-news-and-updates\/eu-tourism-almost-full-recovery-pre-pandemic-levels-2023-10-23_en\" target=\"_blank\" rel=\"noopener noreferrer\" class=\"grve-btn grve-btn-medium grve-square grve-bg-primary-1 grve-bg-hover-white\" style=\"max-width: 350px;\"><span>Scopri di pi\u00f9<\/span><\/a><\/div><div class=\"grve-empty-space grve-height-1x\" style=\"\"><\/div>[\/vc_column][\/vc_row][vc_row heading_color=&#8221;primary-1&#8243; section_type=&#8221;fullwidth&#8221; padding_top_multiplier=&#8221;2x&#8221; padding_bottom_multiplier=&#8221;2x&#8221; font_color=&#8221;#4f4f4f&#8221;][vc_column width=&#8221;5\/12&#8243; css=&#8221;.vc_custom_1684434100626{padding-right: 5% !important;padding-left: 5% !important;}&#8221;]<div class=\"grve-empty-space grve-height-1x\" style=\"\"><\/div><div class=\"grve-element grve-image grve-align-center\" style=\"\">  <div class=\"grve-image-wrapper\"><a href=\"https:\/\/tg24.sky.it\/economia\/2023\/07\/07\/pil-italia-turismo-2023#00\" target=\"_blank\" rel=\"noopener noreferrer\"><img loading=\"lazy\" decoding=\"async\" width=\"1024\" height=\"464\" src=\"https:\/\/start.conform.it\/wp-content\/uploads\/2023\/10\/Italian-tourism-record-in-2023-43_-of-foreigners-in-four-months.-The-effects-on-GDP-1024x464.webp\" class=\"attachment-large size-large\" alt=\"Italian tourism record in 2023, +43_ of foreigners in four months. The effects on GDP\" srcset=\"https:\/\/start.conform.it\/wp-content\/uploads\/2023\/10\/Italian-tourism-record-in-2023-43_-of-foreigners-in-four-months.-The-effects-on-GDP-1024x464.webp 1024w, https:\/\/start.conform.it\/wp-content\/uploads\/2023\/10\/Italian-tourism-record-in-2023-43_-of-foreigners-in-four-months.-The-effects-on-GDP-300x136.webp 300w, https:\/\/start.conform.it\/wp-content\/uploads\/2023\/10\/Italian-tourism-record-in-2023-43_-of-foreigners-in-four-months.-The-effects-on-GDP-768x348.webp 768w, https:\/\/start.conform.it\/wp-content\/uploads\/2023\/10\/Italian-tourism-record-in-2023-43_-of-foreigners-in-four-months.-The-effects-on-GDP.webp 1280w\" sizes=\"auto, (max-width: 1024px) 100vw, 1024px\" \/><\/a>   <\/div><\/div><div class=\"grve-empty-space grve-height-1x\" style=\"\"><\/div>[\/vc_column][vc_column width=&#8221;1\/12&#8243;]<div class=\"grve-empty-space grve-height-1x\" style=\"\"><\/div><div class=\"grve-element grve-single-icon grve-align-center grve-medium\" style=\"\">  <div class=\"grve-wrapper-icon grve-no-shape\" style=\"\"><i class=\"et-icon-megaphone grve-text-primary-1\"><\/i><\/div><\/div>[\/vc_column][vc_column width=&#8221;1\/2&#8243; css=&#8221;.vc_custom_1684514327361{padding-right: 5% !important;padding-left: 5% !important;}&#8221;]<div class=\"grve-empty-space grve-height-1x\" style=\"\"><\/div><h3 class=\"grve-element grve-title grve-align-left grve-h3\" style=\"margin-bottom: 18px;\"><span><strong>Record del turismo italiano nel 2023, +43% di stranieri in quattro mesi. Gli effetti sul PIL<\/strong><span class=\"grve-title-line grve-bg-primary-1\" style=\"width: 100px;height: 2px;\"><\/span><\/span><\/h3>[vc_column_text]I <strong>dati Istat ed Eurostat<\/strong> indicano l&#8217;impatto positivo sull&#8217;economia di chi sceglie di trascorrere le vacanze in Italia. Clicca sul pulsante &#8220;Leggi tutto&#8221; per saperne di pi\u00f9![\/vc_column_text]<div class=\"grve-empty-space grve-height-1x\" style=\"\"><\/div><div class=\"grve-element grve-align-inherit grve-fluid-button\"><a href=\"https:\/\/tg24.sky.it\/economia\/2023\/07\/07\/pil-italia-turismo-2023#00\" target=\"_blank\" rel=\"noopener noreferrer\" class=\"grve-btn grve-btn-medium grve-square grve-bg-primary-1 grve-bg-hover-blue\" style=\"max-width: 350px;\"><span>Scopri di pi\u00f9<\/span><\/a><\/div><div class=\"grve-empty-space grve-height-1x\" style=\"\"><\/div>[\/vc_column][\/vc_row][vc_row heading_color=&#8221;light&#8221; section_type=&#8221;fullwidth&#8221; bg_type=&#8221;color&#8221; padding_top_multiplier=&#8221;2x&#8221; padding_bottom_multiplier=&#8221;2x&#8221; font_color=&#8221;#ffffff&#8221; section_id=&#8221;news&#8221; bg_color=&#8221;#31b5ed&#8221;][vc_column width=&#8221;5\/12&#8243; css=&#8221;.vc_custom_1684434100626{padding-right: 5% !important;padding-left: 5% !important;}&#8221;]<div class=\"grve-empty-space grve-height-1x\" style=\"\"><\/div><div class=\"grve-element grve-image grve-align-center\" style=\"\">  <div class=\"grve-image-wrapper\"><a href=\"http:\/\/economiadobemestar.pt\/2023\/06\/a-importancia-da-participacao-de-qualidade-na-construcao-da-comunidade\/\" target=\"_blank\" rel=\"noopener noreferrer\"><img loading=\"lazy\" decoding=\"async\" width=\"1024\" height=\"464\" src=\"https:\/\/start.conform.it\/wp-content\/uploads\/2023\/10\/The-importance-of-quality-participation-in-community-building-1024x464.webp\" class=\"attachment-large size-large\" alt=\"The importance of quality participation in community building\" srcset=\"https:\/\/start.conform.it\/wp-content\/uploads\/2023\/10\/The-importance-of-quality-participation-in-community-building-1024x464.webp 1024w, https:\/\/start.conform.it\/wp-content\/uploads\/2023\/10\/The-importance-of-quality-participation-in-community-building-300x136.webp 300w, https:\/\/start.conform.it\/wp-content\/uploads\/2023\/10\/The-importance-of-quality-participation-in-community-building-768x348.webp 768w, https:\/\/start.conform.it\/wp-content\/uploads\/2023\/10\/The-importance-of-quality-participation-in-community-building.webp 1280w\" sizes=\"auto, (max-width: 1024px) 100vw, 1024px\" \/><\/a>   <\/div><\/div><div class=\"grve-empty-space grve-height-1x\" style=\"\"><\/div>[\/vc_column][vc_column width=&#8221;1\/12&#8243;]<div class=\"grve-empty-space grve-height-1x\" style=\"\"><\/div><div class=\"grve-element grve-single-icon grve-align-center grve-medium\" style=\"\">  <div class=\"grve-wrapper-icon grve-no-shape\" style=\"\"><i class=\"et-icon-megaphone grve-text-white\"><\/i><\/div><\/div>[\/vc_column][vc_column width=&#8221;1\/2&#8243; css=&#8221;.vc_custom_1684514327361{padding-right: 5% !important;padding-left: 5% !important;}&#8221;]<div class=\"grve-empty-space grve-height-1x\" style=\"\"><\/div><h3 class=\"grve-element grve-title grve-align-left grve-h3\" style=\"margin-bottom: 18px;\"><span><strong>L&#8217;importanza di una partecipazione di qualit\u00e0 nella costruzione della comunit\u00e0<\/strong><span class=\"grve-title-line grve-bg-primary-1\" style=\"width: 100px;height: 2px;\"><\/span><\/span><\/h3>[vc_column_text]I relatori hanno affrontato due temi principali: l&#8217;immigrazione e l&#8217;innovazione sociale. Sono stati evidenziati. Hanno evidenziato i benefici che l&#8217;immigrazione porta ai Paesi ospitanti, sottolineando che gli immigrati apportano energia imprenditoriale, diversit\u00e0 e volont\u00e0 di lavorare sodo, nonostante le sfide che possono affrontare. Questi benefici sono evidenti in Paesi come gli Stati Uniti e il Portogallo, che da sempre accolgono gli immigrati e traggono vantaggio dalla loro diversit\u00e0. Volete saperne di pi\u00f9? Cliccate sul pulsante &#8220;Leggi tutto&#8221;.[\/vc_column_text]<div class=\"grve-empty-space grve-height-1x\" style=\"\"><\/div><div class=\"grve-element grve-align-inherit grve-fluid-button\"><a href=\"http:\/\/economiadobemestar.pt\/2023\/06\/a-importancia-da-participacao-de-qualidade-na-construcao-da-comunidade\/\" target=\"_blank\" rel=\"noopener noreferrer\" class=\"grve-btn grve-btn-medium grve-square grve-bg-primary-1 grve-bg-hover-white\" style=\"max-width: 350px;\"><span>Scopri di pi\u00f9<\/span><\/a><\/div><div class=\"grve-empty-space grve-height-1x\" style=\"\"><\/div>[\/vc_column][\/vc_row][vc_row heading_color=&#8221;primary-1&#8243; section_type=&#8221;fullwidth&#8221; padding_top_multiplier=&#8221;2x&#8221; padding_bottom_multiplier=&#8221;2x&#8221; font_color=&#8221;#4f4f4f&#8221;][vc_column width=&#8221;5\/12&#8243; css=&#8221;.vc_custom_1684434100626{padding-right: 5% !important;padding-left: 5% !important;}&#8221;]<div class=\"grve-empty-space grve-height-1x\" style=\"\"><\/div><div class=\"grve-element grve-image grve-align-center\" style=\"\">  <div class=\"grve-image-wrapper\"><a href=\"https:\/\/www.buonenotizie.it\/sostenibilita\/2023\/06\/01\/turismo-sostenibile-un-trend-in-crescita-in-italia\/de-giacinto\/\" target=\"_blank\" rel=\"noopener noreferrer\"><img loading=\"lazy\" decoding=\"async\" width=\"1024\" height=\"464\" src=\"https:\/\/start.conform.it\/wp-content\/uploads\/2023\/10\/Sustainable-tourism-a-growing-trend-in-Italy-as-well-1024x464.webp\" class=\"attachment-large size-large\" alt=\"Sustainable tourism a growing trend in Italy as well\" srcset=\"https:\/\/start.conform.it\/wp-content\/uploads\/2023\/10\/Sustainable-tourism-a-growing-trend-in-Italy-as-well-1024x464.webp 1024w, https:\/\/start.conform.it\/wp-content\/uploads\/2023\/10\/Sustainable-tourism-a-growing-trend-in-Italy-as-well-300x136.webp 300w, https:\/\/start.conform.it\/wp-content\/uploads\/2023\/10\/Sustainable-tourism-a-growing-trend-in-Italy-as-well-768x348.webp 768w, https:\/\/start.conform.it\/wp-content\/uploads\/2023\/10\/Sustainable-tourism-a-growing-trend-in-Italy-as-well.webp 1280w\" sizes=\"auto, (max-width: 1024px) 100vw, 1024px\" \/><\/a>   <\/div><\/div><div class=\"grve-empty-space grve-height-1x\" style=\"\"><\/div>[\/vc_column][vc_column width=&#8221;1\/12&#8243;]<div class=\"grve-empty-space grve-height-1x\" style=\"\"><\/div><div class=\"grve-element grve-single-icon grve-align-center grve-medium\" style=\"\">  <div class=\"grve-wrapper-icon grve-no-shape\" style=\"\"><i class=\"et-icon-megaphone grve-text-primary-1\"><\/i><\/div><\/div>[\/vc_column][vc_column width=&#8221;1\/2&#8243; css=&#8221;.vc_custom_1684514327361{padding-right: 5% !important;padding-left: 5% !important;}&#8221;]<div class=\"grve-empty-space grve-height-1x\" style=\"\"><\/div><h3 class=\"grve-element grve-title grve-align-left grve-h3\" style=\"margin-bottom: 18px;\"><span><strong>Turismo sostenibile: un trend in crescita anche in Italia<\/strong><span class=\"grve-title-line grve-bg-primary-1\" style=\"width: 100px;height: 2px;\"><\/span><\/span><\/h3>[vc_column_text]Una recente ricerca di <strong>Deloitte<\/strong> in collaborazione con <strong>AICEO<\/strong>, ha analizzato <strong>l&#8217;impatto della sostenibilit\u00e0 sulla filiera turistica italiana<\/strong>, coinvolgendo i consumatori italiani e i principali operatori del settore[\/vc_column_text]<div class=\"grve-empty-space grve-height-1x\" style=\"\"><\/div><div class=\"grve-element grve-align-inherit grve-fluid-button\"><a href=\"https:\/\/www.buonenotizie.it\/sostenibilita\/2023\/06\/01\/turismo-sostenibile-un-trend-in-crescita-in-italia\/de-giacinto\/\" target=\"_blank\" rel=\"noopener noreferrer\" class=\"grve-btn grve-btn-medium grve-square grve-bg-primary-1 grve-bg-hover-blue\" style=\"max-width: 350px;\"><span>Scopri di pi\u00f9<\/span><\/a><\/div><div class=\"grve-empty-space grve-height-1x\" style=\"\"><\/div>[\/vc_column][\/vc_row][vc_row heading_color=&#8221;light&#8221; section_type=&#8221;fullwidth&#8221; bg_type=&#8221;color&#8221; padding_top_multiplier=&#8221;2x&#8221; padding_bottom_multiplier=&#8221;2x&#8221; font_color=&#8221;#ffffff&#8221; section_id=&#8221;news&#8221; bg_color=&#8221;#31b5ed&#8221;][vc_column width=&#8221;5\/12&#8243; css=&#8221;.vc_custom_1684434100626{padding-right: 5% !important;padding-left: 5% !important;}&#8221;]<div class=\"grve-empty-space grve-height-1x\" style=\"\"><\/div><div class=\"grve-element grve-image grve-align-center\" style=\"\">  <div class=\"grve-image-wrapper\"><a href=\"https:\/\/www.itij.com\/latest\/news\/sustainability-trend-italian-tourism-2023\" target=\"_blank\" rel=\"noopener noreferrer\"><img loading=\"lazy\" decoding=\"async\" width=\"1024\" height=\"464\" src=\"https:\/\/start.conform.it\/wp-content\/uploads\/2023\/10\/The-trend-for-Italian-tourism-in-2023-1024x464.webp\" class=\"attachment-large size-large\" alt=\"The trend for Italian tourism in 2023\" srcset=\"https:\/\/start.conform.it\/wp-content\/uploads\/2023\/10\/The-trend-for-Italian-tourism-in-2023-1024x464.webp 1024w, https:\/\/start.conform.it\/wp-content\/uploads\/2023\/10\/The-trend-for-Italian-tourism-in-2023-300x136.webp 300w, https:\/\/start.conform.it\/wp-content\/uploads\/2023\/10\/The-trend-for-Italian-tourism-in-2023-768x348.webp 768w, https:\/\/start.conform.it\/wp-content\/uploads\/2023\/10\/The-trend-for-Italian-tourism-in-2023.webp 1280w\" sizes=\"auto, (max-width: 1024px) 100vw, 1024px\" \/><\/a>   <\/div><\/div><div class=\"grve-empty-space grve-height-1x\" style=\"\"><\/div>[\/vc_column][vc_column width=&#8221;1\/12&#8243;]<div class=\"grve-empty-space grve-height-1x\" style=\"\"><\/div><div class=\"grve-element grve-single-icon grve-align-center grve-medium\" style=\"\">  <div class=\"grve-wrapper-icon grve-no-shape\" style=\"\"><i class=\"et-icon-megaphone grve-text-white\"><\/i><\/div><\/div>[\/vc_column][vc_column width=&#8221;1\/2&#8243; css=&#8221;.vc_custom_1684514327361{padding-right: 5% !important;padding-left: 5% !important;}&#8221;]<div class=\"grve-empty-space grve-height-1x\" style=\"\"><\/div><h3 class=\"grve-element grve-title grve-align-left grve-h3\" style=\"margin-bottom: 18px;\"><span><strong>Il trend del turismo italiano nel 2023<\/strong><span class=\"grve-title-line grve-bg-primary-1\" style=\"width: 100px;height: 2px;\"><\/span><\/span><\/h3>[vc_column_text]Un numero crescente di viaggiatori italiani sceglie di trascorrere le proprie vacanze secondo i principi della sostenibilit\u00e0. <strong>Gli ultimi dati dell&#8217;Osservatorio SWG<\/strong> hanno rivelato che quattro italiani su cinque sarebbero disposti a sperimentare il turismo sostenibile- preferendo a parit\u00e0 di costo il soggiorno in una struttura certificata ecologica. Volete saperne di pi\u00f9? Cliccate sul pulsante &#8220;Leggi tutto&#8221;.[\/vc_column_text]<div class=\"grve-empty-space grve-height-1x\" style=\"\"><\/div><div class=\"grve-element grve-align-inherit grve-fluid-button\"><a href=\"https:\/\/www.itij.com\/latest\/news\/sustainability-trend-italian-tourism-2023\" target=\"_blank\" rel=\"noopener noreferrer\" class=\"grve-btn grve-btn-medium grve-square grve-bg-primary-1 grve-bg-hover-white\" style=\"max-width: 350px;\"><span>Scopri di pi\u00f9<\/span><\/a><\/div><div class=\"grve-empty-space grve-height-1x\" style=\"\"><\/div>[\/vc_column][\/vc_row][vc_row heading_color=&#8221;primary-1&#8243; section_type=&#8221;fullwidth&#8221; padding_top_multiplier=&#8221;2x&#8221; padding_bottom_multiplier=&#8221;2x&#8221; font_color=&#8221;#4f4f4f&#8221;][vc_column width=&#8221;5\/12&#8243; css=&#8221;.vc_custom_1684434100626{padding-right: 5% !important;padding-left: 5% !important;}&#8221;]<div class=\"grve-empty-space grve-height-1x\" style=\"\"><\/div><div class=\"grve-element grve-image grve-align-center\" style=\"\">  <div class=\"grve-image-wrapper\"><a href=\"https:\/\/siviaggia.it\/notizie\/video\/toscana-best-green-destination-italiana\/396045\/\" target=\"_blank\" rel=\"noopener noreferrer\"><img loading=\"lazy\" decoding=\"async\" width=\"1024\" height=\"464\" src=\"https:\/\/start.conform.it\/wp-content\/uploads\/2023\/10\/Tuscany-and-its-countless-sustainable-experiences-1024x464.webp\" class=\"attachment-large size-large\" alt=\"Tuscany and its countless sustainable experiences\" srcset=\"https:\/\/start.conform.it\/wp-content\/uploads\/2023\/10\/Tuscany-and-its-countless-sustainable-experiences-1024x464.webp 1024w, https:\/\/start.conform.it\/wp-content\/uploads\/2023\/10\/Tuscany-and-its-countless-sustainable-experiences-300x136.webp 300w, https:\/\/start.conform.it\/wp-content\/uploads\/2023\/10\/Tuscany-and-its-countless-sustainable-experiences-768x348.webp 768w, https:\/\/start.conform.it\/wp-content\/uploads\/2023\/10\/Tuscany-and-its-countless-sustainable-experiences.webp 1280w\" sizes=\"auto, (max-width: 1024px) 100vw, 1024px\" \/><\/a>   <\/div><\/div><div class=\"grve-empty-space grve-height-1x\" style=\"\"><\/div>[\/vc_column][vc_column width=&#8221;1\/12&#8243;]<div class=\"grve-empty-space grve-height-1x\" style=\"\"><\/div><div class=\"grve-element grve-single-icon grve-align-center grve-medium\" style=\"\">  <div class=\"grve-wrapper-icon grve-no-shape\" style=\"\"><i class=\"et-icon-megaphone grve-text-primary-1\"><\/i><\/div><\/div>[\/vc_column][vc_column width=&#8221;1\/2&#8243; css=&#8221;.vc_custom_1684514327361{padding-right: 5% !important;padding-left: 5% !important;}&#8221;]<div class=\"grve-empty-space grve-height-1x\" style=\"\"><\/div><h3 class=\"grve-element grve-title grve-align-left grve-h3\" style=\"margin-bottom: 18px;\"><span><strong>La Toscana e le sue innumerevoli esperienze sostenibili<\/strong><span class=\"grve-title-line grve-bg-primary-1\" style=\"width: 100px;height: 2px;\"><\/span><\/span><\/h3>[vc_column_text]La meravigliosa regione<strong> Toscana<\/strong> \u00e8 la<strong> Best Green Destination<\/strong> di quest&#8217;anno in Italia, una regione che \u00e8 stata anche recentemente nominata &#8220;la regina del web&#8221;. Quando si parla di turismo sostenibile, ci si riferisce a un tipo di viaggio e\/o vacanza che rispetta ogni area naturale e i luoghi circostanti, integrandosi perfettamente con la vita delle comunit\u00e0 locali che vivono sul territorio&#8230; e la Toscana offre davvero numerose possibilit\u00e0[\/vc_column_text]<div class=\"grve-empty-space grve-height-1x\" style=\"\"><\/div><div class=\"grve-element grve-align-inherit grve-fluid-button\"><a href=\"https:\/\/siviaggia.it\/notizie\/video\/toscana-best-green-destination-italiana\/396045\/\" target=\"_blank\" rel=\"noopener noreferrer\" class=\"grve-btn grve-btn-medium grve-square grve-bg-primary-1 grve-bg-hover-blue\" style=\"max-width: 350px;\"><span>Scopri di pi\u00f9<\/span><\/a><\/div><div class=\"grve-empty-space grve-height-1x\" style=\"\"><\/div>[\/vc_column][\/vc_row][vc_row heading_color=&#8221;light&#8221; section_type=&#8221;fullwidth&#8221; bg_type=&#8221;color&#8221; padding_top_multiplier=&#8221;2x&#8221; padding_bottom_multiplier=&#8221;2x&#8221; font_color=&#8221;#ffffff&#8221; section_id=&#8221;news&#8221; bg_color=&#8221;#31b5ed&#8221;][vc_column width=&#8221;5\/12&#8243; css=&#8221;.vc_custom_1684434100626{padding-right: 5% !important;padding-left: 5% !important;}&#8221;]<div class=\"grve-empty-space grve-height-1x\" style=\"\"><\/div><div class=\"grve-element grve-image grve-align-center\" style=\"\">  <div class=\"grve-image-wrapper\"><a href=\"https:\/\/www.touringclub.it\/notizie-di-viaggio\/presente-e-futuro-del-turismo-del-gusto-nel-rapporto-enogastronomico-italiano\" target=\"_blank\" rel=\"noopener noreferrer\"><img loading=\"lazy\" decoding=\"async\" width=\"1024\" height=\"464\" src=\"https:\/\/start.conform.it\/wp-content\/uploads\/2023\/10\/Food-experience-and-sustainable-tourism-the-new-trends-in-2023-1024x464.webp\" class=\"attachment-large size-large\" alt=\"Food experience and sustainable tourism the new trends in 2023\" srcset=\"https:\/\/start.conform.it\/wp-content\/uploads\/2023\/10\/Food-experience-and-sustainable-tourism-the-new-trends-in-2023-1024x464.webp 1024w, https:\/\/start.conform.it\/wp-content\/uploads\/2023\/10\/Food-experience-and-sustainable-tourism-the-new-trends-in-2023-300x136.webp 300w, https:\/\/start.conform.it\/wp-content\/uploads\/2023\/10\/Food-experience-and-sustainable-tourism-the-new-trends-in-2023-768x348.webp 768w, https:\/\/start.conform.it\/wp-content\/uploads\/2023\/10\/Food-experience-and-sustainable-tourism-the-new-trends-in-2023.webp 1280w\" sizes=\"auto, (max-width: 1024px) 100vw, 1024px\" \/><\/a>   <\/div><\/div><div class=\"grve-empty-space grve-height-1x\" style=\"\"><\/div>[\/vc_column][vc_column width=&#8221;1\/12&#8243;]<div class=\"grve-empty-space grve-height-1x\" style=\"\"><\/div><div class=\"grve-element grve-single-icon grve-align-center grve-medium\" style=\"\">  <div class=\"grve-wrapper-icon grve-no-shape\" style=\"\"><i class=\"et-icon-megaphone grve-text-white\"><\/i><\/div><\/div>[\/vc_column][vc_column width=&#8221;1\/2&#8243; css=&#8221;.vc_custom_1684514327361{padding-right: 5% !important;padding-left: 5% !important;}&#8221;]<div class=\"grve-empty-space grve-height-1x\" style=\"\"><\/div><h3 class=\"grve-element grve-title grve-align-left grve-h3\" style=\"margin-bottom: 18px;\"><span><strong>Food experience e turismo sostenibile: le nuove tendenze nel 2023<\/strong><span class=\"grve-title-line grve-bg-primary-1\" style=\"width: 100px;height: 2px;\"><\/span><\/span><\/h3>[vc_column_text]La motivazione del turista italiano \u00e8 sempre pi\u00f9 legata all&#8217;enogastronomia, alle esperienze e alla sostenibilit\u00e0. Come soddisfare le nuove esigenze del turista?<br \/>\n&#8211; Valorizzando la ricchezza enogastronomica regionale;<br \/>\n&#8211; Innovando le esperienze;<br \/>\n&#8211; Diventando sostenibili.[\/vc_column_text]<div class=\"grve-empty-space grve-height-1x\" style=\"\"><\/div><div class=\"grve-element grve-align-inherit grve-fluid-button\"><a href=\"https:\/\/www.touringclub.it\/notizie-di-viaggio\/presente-e-futuro-del-turismo-del-gusto-nel-rapporto-enogastronomico-italiano\" target=\"_blank\" rel=\"noopener noreferrer\" class=\"grve-btn grve-btn-medium grve-square grve-bg-primary-1 grve-bg-hover-white\" style=\"max-width: 350px;\"><span>Scopri di pi\u00f9<\/span><\/a><\/div><div class=\"grve-empty-space grve-height-1x\" style=\"\"><\/div>[\/vc_column][\/vc_row][vc_row heading_color=&#8221;primary-1&#8243; section_type=&#8221;fullwidth&#8221; padding_top_multiplier=&#8221;2x&#8221; padding_bottom_multiplier=&#8221;2x&#8221; font_color=&#8221;#4f4f4f&#8221;][vc_column width=&#8221;5\/12&#8243; css=&#8221;.vc_custom_1684434100626{padding-right: 5% !important;padding-left: 5% !important;}&#8221;]<div class=\"grve-empty-space grve-height-1x\" style=\"\"><\/div><div class=\"grve-element grve-image grve-align-center\" style=\"\">  <div class=\"grve-image-wrapper\"><a href=\"https:\/\/letsmarche.it\/\" target=\"_blank\" rel=\"noopener noreferrer\"><img loading=\"lazy\" decoding=\"async\" width=\"1024\" height=\"464\" src=\"https:\/\/start.conform.it\/wp-content\/uploads\/2023\/10\/Let_s-Marche-1024x464.webp\" class=\"attachment-large size-large\" alt=\"Let_s Marche!\" srcset=\"https:\/\/start.conform.it\/wp-content\/uploads\/2023\/10\/Let_s-Marche-1024x464.webp 1024w, https:\/\/start.conform.it\/wp-content\/uploads\/2023\/10\/Let_s-Marche-300x136.webp 300w, https:\/\/start.conform.it\/wp-content\/uploads\/2023\/10\/Let_s-Marche-768x348.webp 768w, https:\/\/start.conform.it\/wp-content\/uploads\/2023\/10\/Let_s-Marche.webp 1280w\" sizes=\"auto, (max-width: 1024px) 100vw, 1024px\" \/><\/a>   <\/div><\/div><div class=\"grve-empty-space grve-height-1x\" style=\"\"><\/div>[\/vc_column][vc_column width=&#8221;1\/12&#8243;]<div class=\"grve-empty-space grve-height-1x\" style=\"\"><\/div><div class=\"grve-element grve-single-icon grve-align-center grve-medium\" style=\"\">  <div class=\"grve-wrapper-icon grve-no-shape\" style=\"\"><i class=\"et-icon-megaphone grve-text-primary-1\"><\/i><\/div><\/div>[\/vc_column][vc_column width=&#8221;1\/2&#8243; css=&#8221;.vc_custom_1684514327361{padding-right: 5% !important;padding-left: 5% !important;}&#8221;]<div class=\"grve-empty-space grve-height-1x\" style=\"\"><\/div><h3 class=\"grve-element grve-title grve-align-left grve-h3\" style=\"margin-bottom: 18px;\"><span><strong>Let\u2019s Marche!<\/strong><span class=\"grve-title-line grve-bg-primary-1\" style=\"width: 100px;height: 2px;\"><\/span><\/span><\/h3>[vc_column_text]&#8221;<strong>Let&#8217;s Marche! In Italia, naturalmente<\/strong>&#8221; \u00e8 il nuovo slogan che accompagner\u00e0 la Regione Marche in tutte le sue attivit\u00e0 di promozione turistica e di internazionalizzazione in Italia e all&#8217;estero. Sono stati inoltre lanciati il nuovo logo, gli spot con il testimonial Roberto Mancini, dirigente della Nazionale italiana di calcio e il sito web della nuova campagna di promozione turistica della Regione Marche: www.letsmarche.it[\/vc_column_text]<div class=\"grve-empty-space grve-height-1x\" style=\"\"><\/div><div class=\"grve-element grve-align-inherit grve-fluid-button\"><a href=\"https:\/\/letsmarche.it\/\" target=\"_blank\" rel=\"noopener noreferrer\" class=\"grve-btn grve-btn-medium grve-square grve-bg-primary-1 grve-bg-hover-blue\" style=\"max-width: 350px;\"><span>Scopri di pi\u00f9<\/span><\/a><\/div><div class=\"grve-empty-space grve-height-1x\" style=\"\"><\/div>[\/vc_column][\/vc_row][vc_row heading_color=&#8221;light&#8221; section_type=&#8221;fullwidth&#8221; bg_type=&#8221;color&#8221; padding_top_multiplier=&#8221;2x&#8221; padding_bottom_multiplier=&#8221;2x&#8221; font_color=&#8221;#ffffff&#8221; section_id=&#8221;news&#8221; bg_color=&#8221;#31b5ed&#8221;][vc_column width=&#8221;5\/12&#8243; css=&#8221;.vc_custom_1684434100626{padding-right: 5% !important;padding-left: 5% !important;}&#8221;]<div class=\"grve-empty-space grve-height-1x\" style=\"\"><\/div><div class=\"grve-element grve-image grve-align-center\" style=\"\">  <div class=\"grve-image-wrapper\"><a href=\"https:\/\/thisplaced.eu\/\" target=\"_blank\" rel=\"noopener noreferrer\"><img loading=\"lazy\" decoding=\"async\" width=\"1024\" height=\"464\" src=\"https:\/\/start.conform.it\/wp-content\/uploads\/2023\/10\/ThisPLACED-1024x464.webp\" class=\"attachment-large size-large\" alt=\"ThisPLACED\" srcset=\"https:\/\/start.conform.it\/wp-content\/uploads\/2023\/10\/ThisPLACED-1024x464.webp 1024w, https:\/\/start.conform.it\/wp-content\/uploads\/2023\/10\/ThisPLACED-300x136.webp 300w, https:\/\/start.conform.it\/wp-content\/uploads\/2023\/10\/ThisPLACED-768x348.webp 768w, https:\/\/start.conform.it\/wp-content\/uploads\/2023\/10\/ThisPLACED.webp 1280w\" sizes=\"auto, (max-width: 1024px) 100vw, 1024px\" \/><\/a>   <\/div><\/div><div class=\"grve-empty-space grve-height-1x\" style=\"\"><\/div>[\/vc_column][vc_column width=&#8221;1\/12&#8243;]<div class=\"grve-empty-space grve-height-1x\" style=\"\"><\/div><div class=\"grve-element grve-single-icon grve-align-center grve-medium\" style=\"\">  <div class=\"grve-wrapper-icon grve-no-shape\" style=\"\"><i class=\"et-icon-megaphone grve-text-white\"><\/i><\/div><\/div>[\/vc_column][vc_column width=&#8221;1\/2&#8243; css=&#8221;.vc_custom_1684514327361{padding-right: 5% !important;padding-left: 5% !important;}&#8221;]<div class=\"grve-empty-space grve-height-1x\" style=\"\"><\/div><h3 class=\"grve-element grve-title grve-align-left grve-h3\" style=\"margin-bottom: 18px;\"><span><strong>ThisPLACED<\/strong><span class=\"grve-title-line grve-bg-primary-1\" style=\"width: 100px;height: 2px;\"><\/span><\/span><\/h3>[vc_column_text]<strong>ThisPLACED<\/strong> \u00e8 un progetto europeo che si occupa della promozione di territori periferici dell&#8217;Europa, poco conosciuti e valorizzati, con l&#8217;obiettivo di dare espressione all&#8217;autenticit\u00e0 di questi immaginari culturali e metterli in relazione tra loro. Identificando e rielaborando le caratteristiche chiave del patrimonio locale, sia esso tangibile o intangibile, per dare loro una nuova vita e una nuova prospettiva, anche attraverso il contributo della comunit\u00e0 e il coinvolgimento degli artisti.[\/vc_column_text]<div class=\"grve-empty-space grve-height-1x\" style=\"\"><\/div><div class=\"grve-element grve-align-inherit grve-fluid-button\"><a href=\"https:\/\/thisplaced.eu\/\" target=\"_blank\" rel=\"noopener noreferrer\" class=\"grve-btn grve-btn-medium grve-square grve-bg-primary-1 grve-bg-hover-white\" style=\"max-width: 350px;\"><span>Scopri di pi\u00f9<\/span><\/a><\/div><div class=\"grve-empty-space grve-height-1x\" style=\"\"><\/div>[\/vc_column][\/vc_row][vc_row heading_color=&#8221;primary-1&#8243; section_type=&#8221;fullwidth&#8221; padding_top_multiplier=&#8221;2x&#8221; padding_bottom_multiplier=&#8221;2x&#8221; font_color=&#8221;#4f4f4f&#8221;][vc_column width=&#8221;5\/12&#8243; css=&#8221;.vc_custom_1684434100626{padding-right: 5% !important;padding-left: 5% !important;}&#8221;]<div class=\"grve-empty-space grve-height-1x\" style=\"\"><\/div><div class=\"grve-element grve-image grve-align-center\" style=\"\">  <div class=\"grve-image-wrapper\"><a href=\"https:\/\/www.fondazionemarchecultura.it\/le-marche-celebrano-le-bandiere-arancioni-a-mondavio\/?fbclid=IwAR2s9cLyyvyN0REHME03hsMzaifmnspVN9ELy7EstLHJrV0wGWgqChVpbng\" target=\"_blank\" rel=\"noopener noreferrer\"><img loading=\"lazy\" decoding=\"async\" width=\"1024\" height=\"464\" src=\"https:\/\/start.conform.it\/wp-content\/uploads\/2023\/10\/The-environmental-tourism-quality-of-small-inland-villages-1024x464.webp\" class=\"attachment-large size-large\" alt=\"The environmental tourism quality of small inland villages\" srcset=\"https:\/\/start.conform.it\/wp-content\/uploads\/2023\/10\/The-environmental-tourism-quality-of-small-inland-villages-1024x464.webp 1024w, https:\/\/start.conform.it\/wp-content\/uploads\/2023\/10\/The-environmental-tourism-quality-of-small-inland-villages-300x136.webp 300w, https:\/\/start.conform.it\/wp-content\/uploads\/2023\/10\/The-environmental-tourism-quality-of-small-inland-villages-768x348.webp 768w, https:\/\/start.conform.it\/wp-content\/uploads\/2023\/10\/The-environmental-tourism-quality-of-small-inland-villages.webp 1280w\" sizes=\"auto, (max-width: 1024px) 100vw, 1024px\" \/><\/a>   <\/div><\/div><div class=\"grve-empty-space grve-height-1x\" style=\"\"><\/div>[\/vc_column][vc_column width=&#8221;1\/12&#8243;]<div class=\"grve-empty-space grve-height-1x\" style=\"\"><\/div><div class=\"grve-element grve-single-icon grve-align-center grve-medium\" style=\"\">  <div class=\"grve-wrapper-icon grve-no-shape\" style=\"\"><i class=\"et-icon-megaphone grve-text-primary-1\"><\/i><\/div><\/div>[\/vc_column][vc_column width=&#8221;1\/2&#8243; css=&#8221;.vc_custom_1684514327361{padding-right: 5% !important;padding-left: 5% !important;}&#8221;]<div class=\"grve-empty-space grve-height-1x\" style=\"\"><\/div><h3 class=\"grve-element grve-title grve-align-left grve-h3\" style=\"margin-bottom: 18px;\"><span><strong>La qualit\u00e0 turistico-ambientale dei piccoli borghi dell&#8217;entroterra<\/strong><span class=\"grve-title-line grve-bg-primary-1\" style=\"width: 100px;height: 2px;\"><\/span><\/span><\/h3>[vc_column_text]Le <strong>Marche<\/strong> sono la terza regione italiana per qualit\u00e0 turistico-ambientale dei piccoli borghi dell&#8217;entroterra: con i suoi <strong>27 borghi certificati<\/strong> dal Touring Club Italiano con la <strong>bandiera &#8220;Arancione&#8221;<\/strong>.[\/vc_column_text]<div class=\"grve-empty-space grve-height-1x\" style=\"\"><\/div><div class=\"grve-element grve-align-inherit grve-fluid-button\"><a href=\"https:\/\/www.fondazionemarchecultura.it\/le-marche-celebrano-le-bandiere-arancioni-a-mondavio\/?fbclid=IwAR2s9cLyyvyN0REHME03hsMzaifmnspVN9ELy7EstLHJrV0wGWgqChVpbng\" target=\"_blank\" rel=\"noopener noreferrer\" class=\"grve-btn grve-btn-medium grve-square grve-bg-primary-1 grve-bg-hover-blue\" style=\"max-width: 350px;\"><span>Scopri di pi\u00f9<\/span><\/a><\/div><div class=\"grve-empty-space grve-height-1x\" style=\"\"><\/div>[\/vc_column][\/vc_row][vc_row heading_color=&#8221;light&#8221; section_type=&#8221;fullwidth&#8221; bg_type=&#8221;color&#8221; padding_top_multiplier=&#8221;2x&#8221; padding_bottom_multiplier=&#8221;2x&#8221; font_color=&#8221;#ffffff&#8221; section_id=&#8221;news&#8221; bg_color=&#8221;#31b5ed&#8221;][vc_column width=&#8221;5\/12&#8243; css=&#8221;.vc_custom_1684434100626{padding-right: 5% !important;padding-left: 5% !important;}&#8221;]<div class=\"grve-empty-space grve-height-1x\" style=\"\"><\/div><div class=\"grve-element grve-image grve-align-center\" style=\"\">  <div class=\"grve-image-wrapper\"><a href=\"https:\/\/www.facebook.com\/events\/6404227519642042\" target=\"_blank\" rel=\"noopener noreferrer\"><img loading=\"lazy\" decoding=\"async\" width=\"1024\" height=\"464\" src=\"https:\/\/start.conform.it\/wp-content\/uploads\/2023\/10\/Tourism-2023-Global-challenges-and-opportunities-webinar-1024x464.webp\" class=\"attachment-large size-large\" alt=\"\" srcset=\"https:\/\/start.conform.it\/wp-content\/uploads\/2023\/10\/Tourism-2023-Global-challenges-and-opportunities-webinar-1024x464.webp 1024w, https:\/\/start.conform.it\/wp-content\/uploads\/2023\/10\/Tourism-2023-Global-challenges-and-opportunities-webinar-300x136.webp 300w, https:\/\/start.conform.it\/wp-content\/uploads\/2023\/10\/Tourism-2023-Global-challenges-and-opportunities-webinar-768x348.webp 768w, https:\/\/start.conform.it\/wp-content\/uploads\/2023\/10\/Tourism-2023-Global-challenges-and-opportunities-webinar.webp 1280w\" sizes=\"auto, (max-width: 1024px) 100vw, 1024px\" \/><\/a>   <\/div><\/div><div class=\"grve-empty-space grve-height-1x\" style=\"\"><\/div>[\/vc_column][vc_column width=&#8221;1\/12&#8243;]<div class=\"grve-empty-space grve-height-1x\" style=\"\"><\/div><div class=\"grve-element grve-single-icon grve-align-center grve-medium\" style=\"\">  <div class=\"grve-wrapper-icon grve-no-shape\" style=\"\"><i class=\"et-icon-megaphone grve-text-white\"><\/i><\/div><\/div>[\/vc_column][vc_column width=&#8221;1\/2&#8243; css=&#8221;.vc_custom_1684514327361{padding-right: 5% !important;padding-left: 5% !important;}&#8221;]<div class=\"grve-empty-space grve-height-1x\" style=\"\"><\/div><h3 class=\"grve-element grve-title grve-align-left grve-h3\" style=\"margin-bottom: 18px;\"><span><strong>Turismo 2023: Webinar sulle sfide e opportunit\u00e0 a livello globale<\/strong><span class=\"grve-title-line grve-bg-primary-1\" style=\"width: 100px;height: 2px;\"><\/span><\/span><\/h3>[vc_column_text]L&#8217;Organizzazione turistica di Salonicco, con il patrocinio del Laboratorio di ricerca sul turismo &#8220;TourLab&#8221; dell&#8217;Universit\u00e0 internazionale della Grecia, ha organizzato il <strong>webinar<\/strong> &#8220;<strong>Turismo 2023: Sfide e opportunit\u00e0 globali<\/strong>&#8221; il 31 maggio. 6 esperti provenienti da 4 differenti Paesi hanno discusso le sfide globali e le prospettive del settore per il 2023. Volete saperne di pi\u00f9? Cliccate sul pulsante &#8220;Scopri di pi\u00f9&#8221;.[\/vc_column_text]<div class=\"grve-empty-space grve-height-1x\" style=\"\"><\/div><div class=\"grve-element grve-align-inherit grve-fluid-button\"><a href=\"https:\/\/www.facebook.com\/events\/6404227519642042\" target=\"_blank\" rel=\"noopener noreferrer\" class=\"grve-btn grve-btn-medium grve-square grve-bg-primary-1 grve-bg-hover-white\" style=\"max-width: 350px;\"><span>Scopri di pi\u00f9<\/span><\/a><\/div><div class=\"grve-empty-space grve-height-1x\" style=\"\"><\/div>[\/vc_column][\/vc_row][vc_row heading_color=&#8221;primary-1&#8243; section_type=&#8221;fullwidth&#8221; padding_top_multiplier=&#8221;2x&#8221; padding_bottom_multiplier=&#8221;2x&#8221; font_color=&#8221;#4f4f4f&#8221;][vc_column width=&#8221;5\/12&#8243; css=&#8221;.vc_custom_1684434100626{padding-right: 5% !important;padding-left: 5% !important;}&#8221;]<div class=\"grve-empty-space grve-height-1x\" style=\"\"><\/div><div class=\"grve-element grve-image grve-align-center\" style=\"\">  <div class=\"grve-image-wrapper\"><a href=\"https:\/\/insete.gr\/greektourism2030\/\" target=\"_blank\" rel=\"noopener noreferrer\"><img loading=\"lazy\" decoding=\"async\" width=\"1024\" height=\"464\" src=\"https:\/\/start.conform.it\/wp-content\/uploads\/2023\/10\/INSETE-the-Greek-Tourism-Confederations-research-body-Study-Examines-Trends-and-Actions-to-Take-Greek-Tourism-into-the-Future-1024x464.webp\" class=\"attachment-large size-large\" alt=\"INSETE, the Greek Tourism Confederation\u2019s research body, Study Examines Trends and Actions to Take Greek Tourism into the Future\" srcset=\"https:\/\/start.conform.it\/wp-content\/uploads\/2023\/10\/INSETE-the-Greek-Tourism-Confederations-research-body-Study-Examines-Trends-and-Actions-to-Take-Greek-Tourism-into-the-Future-1024x464.webp 1024w, https:\/\/start.conform.it\/wp-content\/uploads\/2023\/10\/INSETE-the-Greek-Tourism-Confederations-research-body-Study-Examines-Trends-and-Actions-to-Take-Greek-Tourism-into-the-Future-300x136.webp 300w, https:\/\/start.conform.it\/wp-content\/uploads\/2023\/10\/INSETE-the-Greek-Tourism-Confederations-research-body-Study-Examines-Trends-and-Actions-to-Take-Greek-Tourism-into-the-Future-768x348.webp 768w, https:\/\/start.conform.it\/wp-content\/uploads\/2023\/10\/INSETE-the-Greek-Tourism-Confederations-research-body-Study-Examines-Trends-and-Actions-to-Take-Greek-Tourism-into-the-Future.webp 1280w\" sizes=\"auto, (max-width: 1024px) 100vw, 1024px\" \/><\/a>   <\/div><\/div><div class=\"grve-empty-space grve-height-1x\" style=\"\"><\/div>[\/vc_column][vc_column width=&#8221;1\/12&#8243;]<div class=\"grve-empty-space grve-height-1x\" style=\"\"><\/div><div class=\"grve-element grve-single-icon grve-align-center grve-medium\" style=\"\">  <div class=\"grve-wrapper-icon grve-no-shape\" style=\"\"><i class=\"et-icon-megaphone grve-text-primary-1\"><\/i><\/div><\/div>[\/vc_column][vc_column width=&#8221;1\/2&#8243; css=&#8221;.vc_custom_1684514327361{padding-right: 5% !important;padding-left: 5% !important;}&#8221;]<div class=\"grve-empty-space grve-height-1x\" style=\"\"><\/div><h3 class=\"grve-element grve-title grve-align-left grve-h3\" style=\"margin-bottom: 18px;\"><span><strong>INSETE, l&#8217;ente di ricerca della Confederazione greca del turismo, uno studio esamina le tendenze e le azioni per portare il turismo greco nel futuro<\/strong><span class=\"grve-title-line grve-bg-primary-1\" style=\"width: 100px;height: 2px;\"><\/span><\/span><\/h3>[vc_column_text]<strong>INSETE<\/strong>, l&#8217;ente di ricerca della Confederazione greca del turismo (SETE), ha pubblicato uno studio che esamina le tendenze globali che influenzano lo sviluppo del turismo e come queste possono essere utilizzate per migliorare ulteriormente il prodotto turistico greco. Cliccate sul pulsante &#8220;Leggi tutto&#8221; per saperne di pi\u00f9![\/vc_column_text]<div class=\"grve-empty-space grve-height-1x\" style=\"\"><\/div><div class=\"grve-element grve-align-inherit grve-fluid-button\"><a href=\"https:\/\/insete.gr\/greektourism2030\/\" target=\"_blank\" rel=\"noopener noreferrer\" class=\"grve-btn grve-btn-medium grve-square grve-bg-primary-1 grve-bg-hover-blue\" style=\"max-width: 350px;\"><span>Scopri di pi\u00f9<\/span><\/a><\/div><div class=\"grve-empty-space grve-height-1x\" style=\"\"><\/div>[\/vc_column][\/vc_row][vc_row heading_color=&#8221;light&#8221; section_type=&#8221;fullwidth&#8221; bg_type=&#8221;color&#8221; padding_top_multiplier=&#8221;2x&#8221; padding_bottom_multiplier=&#8221;2x&#8221; font_color=&#8221;#ffffff&#8221; section_id=&#8221;news&#8221; bg_color=&#8221;#31b5ed&#8221;][vc_column width=&#8221;5\/12&#8243; css=&#8221;.vc_custom_1684434100626{padding-right: 5% !important;padding-left: 5% !important;}&#8221;]<div class=\"grve-empty-space grve-height-1x\" style=\"\"><\/div><div class=\"grve-element grve-image grve-align-center\" style=\"\">  <div class=\"grve-image-wrapper\"><a href=\"https:\/\/dhcon.ua.es\/es\/imagenes\/turismo-de-base-local-en-america-latina.png\" target=\"_blank\" rel=\"noopener noreferrer\"><img loading=\"lazy\" decoding=\"async\" width=\"1024\" height=\"464\" src=\"https:\/\/start.conform.it\/wp-content\/uploads\/2023\/10\/Seminario-de-investigacion-sobre-Turismo-de-Base-Local-en-America-Latina-1024x464.webp\" class=\"attachment-large size-large\" alt=\"Seminario de investigaci\u00f3n sobre Turismo de Base Local en Am\u00e9rica Latina\" srcset=\"https:\/\/start.conform.it\/wp-content\/uploads\/2023\/10\/Seminario-de-investigacion-sobre-Turismo-de-Base-Local-en-America-Latina-1024x464.webp 1024w, https:\/\/start.conform.it\/wp-content\/uploads\/2023\/10\/Seminario-de-investigacion-sobre-Turismo-de-Base-Local-en-America-Latina-300x136.webp 300w, https:\/\/start.conform.it\/wp-content\/uploads\/2023\/10\/Seminario-de-investigacion-sobre-Turismo-de-Base-Local-en-America-Latina-768x348.webp 768w, https:\/\/start.conform.it\/wp-content\/uploads\/2023\/10\/Seminario-de-investigacion-sobre-Turismo-de-Base-Local-en-America-Latina.webp 1280w\" sizes=\"auto, (max-width: 1024px) 100vw, 1024px\" \/><\/a>   <\/div><\/div><div class=\"grve-empty-space grve-height-1x\" style=\"\"><\/div>[\/vc_column][vc_column width=&#8221;1\/12&#8243;]<div class=\"grve-empty-space grve-height-1x\" style=\"\"><\/div><div class=\"grve-element grve-single-icon grve-align-center grve-medium\" style=\"\">  <div class=\"grve-wrapper-icon grve-no-shape\" style=\"\"><i class=\"et-icon-megaphone grve-text-white\"><\/i><\/div><\/div>[\/vc_column][vc_column width=&#8221;1\/2&#8243; css=&#8221;.vc_custom_1684514327361{padding-right: 5% !important;padding-left: 5% !important;}&#8221;]<div class=\"grve-empty-space grve-height-1x\" style=\"\"><\/div><h3 class=\"grve-element grve-title grve-align-left grve-h3\" style=\"margin-bottom: 18px;\"><span><strong>Seminario di ricerca sul turismo locale in America Latina<\/strong><span class=\"grve-title-line grve-bg-primary-1\" style=\"width: 100px;height: 2px;\"><\/span><\/span><\/h3>[vc_column_text]Il gruppo di ricerca &#8220;<strong>Pianificazione e gestione sostenibile del turismo<\/strong>&#8221; dell&#8217;<strong>UA<\/strong> ha organizzato lo scorso 12 giugno un seminario di ricerca sul turismo locale in America Latina. Il seminario ha visto la partecipazione di diversi relatori provenienti da vari Paesi dell&#8217;America Latina. Il seminario \u00e8 stato finanziato da questo gruppo di ricerca che, tra le altre cose, si occupa di promuovere l&#8217;innovazione nella metodologia e di analizzare il ruolo del turismo nello sviluppo territoriale e nella cooperazione allo sviluppo.[\/vc_column_text]<div class=\"grve-empty-space grve-height-1x\" style=\"\"><\/div><div class=\"grve-element grve-align-inherit grve-fluid-button\"><a href=\"https:\/\/dhcon.ua.es\/es\/imagenes\/turismo-de-base-local-en-america-latina.png\" target=\"_blank\" rel=\"noopener noreferrer\" class=\"grve-btn grve-btn-medium grve-square grve-bg-primary-1 grve-bg-hover-white\" style=\"max-width: 350px;\"><span>Scopri di pi\u00f9<\/span><\/a><\/div><div class=\"grve-empty-space grve-height-1x\" style=\"\"><\/div>[\/vc_column][\/vc_row][vc_row heading_color=&#8221;primary-1&#8243; section_type=&#8221;fullwidth&#8221; padding_top_multiplier=&#8221;2x&#8221; padding_bottom_multiplier=&#8221;2x&#8221; font_color=&#8221;#4f4f4f&#8221;][vc_column width=&#8221;5\/12&#8243; css=&#8221;.vc_custom_1684434100626{padding-right: 5% !important;padding-left: 5% !important;}&#8221;]<div class=\"grve-empty-space grve-height-1x\" style=\"\"><\/div><div class=\"grve-element grve-image grve-align-center\" style=\"\">  <div class=\"grve-image-wrapper\"><a href=\"https:\/\/www.mastercard.com\/news\/europe\/es-es\/noticias\/notas-de-prensa\/es-es\/2023\/june-2023\/espana-considerada-uno-de-los-mejores-destinos-turisticos-para-los-viajeros-sensibles-con-la-sostenibilidad\/\" target=\"_blank\" rel=\"noopener noreferrer\"><img loading=\"lazy\" decoding=\"async\" width=\"1024\" height=\"464\" src=\"https:\/\/start.conform.it\/wp-content\/uploads\/2023\/10\/Spain-is-one-of-the-best-destinations-for-anyone-seeking-sustainability-1024x464.webp\" class=\"attachment-large size-large\" alt=\"Spain is one of the best destinations for anyone seeking sustainability\" srcset=\"https:\/\/start.conform.it\/wp-content\/uploads\/2023\/10\/Spain-is-one-of-the-best-destinations-for-anyone-seeking-sustainability-1024x464.webp 1024w, https:\/\/start.conform.it\/wp-content\/uploads\/2023\/10\/Spain-is-one-of-the-best-destinations-for-anyone-seeking-sustainability-300x136.webp 300w, https:\/\/start.conform.it\/wp-content\/uploads\/2023\/10\/Spain-is-one-of-the-best-destinations-for-anyone-seeking-sustainability-768x348.webp 768w, https:\/\/start.conform.it\/wp-content\/uploads\/2023\/10\/Spain-is-one-of-the-best-destinations-for-anyone-seeking-sustainability.webp 1280w\" sizes=\"auto, (max-width: 1024px) 100vw, 1024px\" \/><\/a>   <\/div><\/div><div class=\"grve-empty-space grve-height-1x\" style=\"\"><\/div>[\/vc_column][vc_column width=&#8221;1\/12&#8243;]<div class=\"grve-empty-space grve-height-1x\" style=\"\"><\/div><div class=\"grve-element grve-single-icon grve-align-center grve-medium\" style=\"\">  <div class=\"grve-wrapper-icon grve-no-shape\" style=\"\"><i class=\"et-icon-megaphone grve-text-primary-1\"><\/i><\/div><\/div>[\/vc_column][vc_column width=&#8221;1\/2&#8243; css=&#8221;.vc_custom_1684514327361{padding-right: 5% !important;padding-left: 5% !important;}&#8221;]<div class=\"grve-empty-space grve-height-1x\" style=\"\"><\/div><h3 class=\"grve-element grve-title grve-align-left grve-h3\" style=\"margin-bottom: 18px;\"><span><strong>SLa Spagna \u00e8 una delle migliori destinazioni per chi \u00e8 alla ricerca di sostenibilit\u00e0.<\/strong><span class=\"grve-title-line grve-bg-primary-1\" style=\"width: 100px;height: 2px;\"><\/span><\/span><\/h3>[vc_column_text]La Spagna \u00e8 considerata una delle migliori destinazioni turistiche per i viaggiatori sensibili alla sostenibilit\u00e0, secondo lo studio condotto da Mastecard &#8220;Aspettative e comportamenti dei viaggiatori europei in termini di sostenibilit\u00e0&#8221;, e al quale Turespa\u00f1a ha collaborato nella sua definizione e interpretazione. La posizione positiva nei confronti della sostenibilit\u00e0 \u00e8 testimoniata dal 38% dei viaggiatori, che la considerano &#8220;molto sostenibile&#8221; o &#8220;sostenibile&#8221;, e che la Spagna \u00e8 valutata meglio in termini di sostenibilit\u00e0 rispetto ad altre destinazioni simili.[\/vc_column_text]<div class=\"grve-empty-space grve-height-1x\" style=\"\"><\/div><div class=\"grve-element grve-align-inherit grve-fluid-button\"><a href=\"https:\/\/www.mastercard.com\/news\/europe\/es-es\/noticias\/notas-de-prensa\/es-es\/2023\/june-2023\/espana-considerada-uno-de-los-mejores-destinos-turisticos-para-los-viajeros-sensibles-con-la-sostenibilidad\/\" target=\"_blank\" rel=\"noopener noreferrer\" class=\"grve-btn grve-btn-medium grve-square grve-bg-primary-1 grve-bg-hover-blue\" style=\"max-width: 350px;\"><span>Scopri di pi\u00f9<\/span><\/a><\/div><div class=\"grve-empty-space grve-height-1x\" style=\"\"><\/div>[\/vc_column][\/vc_row][vc_row heading_color=&#8221;light&#8221; section_type=&#8221;fullwidth&#8221; bg_type=&#8221;color&#8221; padding_top_multiplier=&#8221;2x&#8221; padding_bottom_multiplier=&#8221;2x&#8221; font_color=&#8221;#ffffff&#8221; section_id=&#8221;news&#8221; bg_color=&#8221;#31b5ed&#8221;][vc_column width=&#8221;5\/12&#8243; css=&#8221;.vc_custom_1684434100626{padding-right: 5% !important;padding-left: 5% !important;}&#8221;]<div class=\"grve-empty-space grve-height-1x\" style=\"\"><\/div><div class=\"grve-element grve-image grve-align-center\" style=\"\">  <div class=\"grve-image-wrapper\"><a href=\"https:\/\/www.turisme.gva.es\/opencms\/opencms\/turisme\/es\/contents\/home\/noticia\/noticia_1685620772000.html\" target=\"_blank\" rel=\"noopener noreferrer\"><img loading=\"lazy\" decoding=\"async\" width=\"1024\" height=\"464\" src=\"https:\/\/start.conform.it\/wp-content\/uploads\/2023\/10\/Turisme-Comunitat-Valenciana-launches-pilot-test-on-tourism-sustainability-S-brand-1024x464.webp\" class=\"attachment-large size-large\" alt=\"\" srcset=\"https:\/\/start.conform.it\/wp-content\/uploads\/2023\/10\/Turisme-Comunitat-Valenciana-launches-pilot-test-on-tourism-sustainability-S-brand-1024x464.webp 1024w, https:\/\/start.conform.it\/wp-content\/uploads\/2023\/10\/Turisme-Comunitat-Valenciana-launches-pilot-test-on-tourism-sustainability-S-brand-300x136.webp 300w, https:\/\/start.conform.it\/wp-content\/uploads\/2023\/10\/Turisme-Comunitat-Valenciana-launches-pilot-test-on-tourism-sustainability-S-brand-768x348.webp 768w, https:\/\/start.conform.it\/wp-content\/uploads\/2023\/10\/Turisme-Comunitat-Valenciana-launches-pilot-test-on-tourism-sustainability-S-brand.webp 1280w\" sizes=\"auto, (max-width: 1024px) 100vw, 1024px\" \/><\/a>   <\/div><\/div><div class=\"grve-empty-space grve-height-1x\" style=\"\"><\/div>[\/vc_column][vc_column width=&#8221;1\/12&#8243;]<div class=\"grve-empty-space grve-height-1x\" style=\"\"><\/div><div class=\"grve-element grve-single-icon grve-align-center grve-medium\" style=\"\">  <div class=\"grve-wrapper-icon grve-no-shape\" style=\"\"><i class=\"et-icon-megaphone grve-text-white\"><\/i><\/div><\/div>[\/vc_column][vc_column width=&#8221;1\/2&#8243; css=&#8221;.vc_custom_1684514327361{padding-right: 5% !important;padding-left: 5% !important;}&#8221;]<div class=\"grve-empty-space grve-height-1x\" style=\"\"><\/div><h3 class=\"grve-element grve-title grve-align-left grve-h3\" style=\"margin-bottom: 18px;\"><span><strong>Turisme Comunitat Valenciana lancia un test pilota sul marchio &#8220;S&#8221; sulla sostenibilit\u00e0 turistica<\/strong><span class=\"grve-title-line grve-bg-primary-1\" style=\"width: 100px;height: 2px;\"><\/span><\/span><\/h3>[vc_column_text]<strong>Turisme Comunitat Valenciana<\/strong> e l&#8217;<strong>Istituto Spagnolo per la Qualit\u00e0 del Turismo<\/strong> (ICTE) stanno collaborando per far conoscere<strong> il marchio &#8220;S&#8221; per il turismo sostenibile<\/strong>. A tal fine, un gruppo di 40 aziende certificate con il marchio Q Turismo di Qualit\u00e0 o con il sigillo Impegno per la qualit\u00e0 del turismo (Sicted) si sono riunite per lavorare a un progetto pilota. La &#8220;S&#8221; \u00e8 una specifica tecnica che mira ad aprire la strada alle aziende e ai manager pubblici per contribuire attivamente al raggiungimento degli Obiettivi di Sviluppo Sostenibile (SDGs).[\/vc_column_text]<div class=\"grve-empty-space grve-height-1x\" style=\"\"><\/div><div class=\"grve-element grve-align-inherit grve-fluid-button\"><a href=\"https:\/\/www.turisme.gva.es\/opencms\/opencms\/turisme\/es\/contents\/home\/noticia\/noticia_1685620772000.html\" target=\"_blank\" rel=\"noopener noreferrer\" class=\"grve-btn grve-btn-medium grve-square grve-bg-primary-1 grve-bg-hover-white\" style=\"max-width: 350px;\"><span>Scopri di pi\u00f9<\/span><\/a><\/div><div class=\"grve-empty-space grve-height-1x\" style=\"\"><\/div>[\/vc_column][\/vc_row][vc_row heading_color=&#8221;primary-1&#8243; disable_element=&#8221;yes&#8221; section_type=&#8221;fullwidth&#8221; bg_type=&#8221;image&#8221; bg_image=&#8221;14382&#8243; color_overlay=&#8221;custom&#8221; color_overlay_custom=&#8221;#ffffff&#8221; padding_top_multiplier=&#8221;2x&#8221; padding_bottom_multiplier=&#8221;2x&#8221; parallax_style=&#8221;vcpb-default&#8221; bg_image_new=&#8221;id^14421|url^https:\/\/start.conform.it\/wp-content\/uploads\/2016\/06\/congruent_pentagon-02.png|caption^null|alt^null|title^congruent_pentagon-02|description^null&#8221; bg_image_repeat=&#8221;no-repeat&#8221; bg_override=&#8221;ex-full&#8221; font_color=&#8221;#4f4f4f&#8221;][vc_column css=&#8221;.vc_custom_1684434100626{padding-right: 5% !important;padding-left: 5% !important;}&#8221;]<div class=\"grve-empty-space grve-height-1x\" style=\"\"><\/div><div class=\"grve-element grve-single-icon grve-align-center grve-medium\" style=\"\">  <div class=\"grve-wrapper-icon grve-no-shape\" style=\"\"><i class=\"et-icon-megaphone grve-text-primary-1\"><\/i><\/div><\/div><div class=\"grve-empty-space grve-height-1x\" style=\"\"><\/div>[\/vc_column][\/vc_row][vc_row heading_color=&#8221;primary-1&#8243; section_type=&#8221;fullwidth&#8221; bg_type=&#8221;image&#8221; color_overlay=&#8221;custom&#8221; color_overlay_custom=&#8221;#ffffff&#8221; padding_top_multiplier=&#8221;2x&#8221; padding_bottom_multiplier=&#8221;2x&#8221; parallax_style=&#8221;vcpb-default&#8221; bg_image_new=&#8221;id^16416|url^https:\/\/start.conform.it\/wp-content\/uploads\/2023\/01\/IMG-OBIETTIVI_1920x1440.webp|caption^null|alt^null|title^IMG-OBIETTIVI_1920x1440|description^null&#8221; bg_image_repeat=&#8221;no-repeat&#8221; bg_override=&#8221;ex-full&#8221; font_color=&#8221;#4f4f4f&#8221;][vc_column width=&#8221;5\/12&#8243; css=&#8221;.vc_custom_1684434100626{padding-right: 5% !important;padding-left: 5% !important;}&#8221;]<div class=\"grve-empty-space grve-height-1x\" style=\"\"><\/div><div class=\"grve-element grve-image grve-align-center\" style=\"\">  <div class=\"grve-image-wrapper\"><a href=\"https:\/\/start.conform.it\/wp-content\/uploads\/2023\/05\/02-Sustainable-and-digital-tourism-the-perfect-combination-for-a-more-responsible-and-connected-future.pdf\" target=\"_blank\" rel=\"noopener noreferrer\"><img loading=\"lazy\" decoding=\"async\" width=\"1024\" height=\"464\" src=\"https:\/\/start.conform.it\/wp-content\/uploads\/2023\/05\/02-Sustainable-and-digital-tourism-the-perfect-combination-for-a-more-responsible-and-connected-future_EN-1024x464.webp\" class=\"attachment-large size-large\" alt=\"Sustainable and digital tourism the perfect combination for a more responsible and connected future\" srcset=\"https:\/\/start.conform.it\/wp-content\/uploads\/2023\/05\/02-Sustainable-and-digital-tourism-the-perfect-combination-for-a-more-responsible-and-connected-future_EN-1024x464.webp 1024w, https:\/\/start.conform.it\/wp-content\/uploads\/2023\/05\/02-Sustainable-and-digital-tourism-the-perfect-combination-for-a-more-responsible-and-connected-future_EN-300x136.webp 300w, https:\/\/start.conform.it\/wp-content\/uploads\/2023\/05\/02-Sustainable-and-digital-tourism-the-perfect-combination-for-a-more-responsible-and-connected-future_EN-768x348.webp 768w, https:\/\/start.conform.it\/wp-content\/uploads\/2023\/05\/02-Sustainable-and-digital-tourism-the-perfect-combination-for-a-more-responsible-and-connected-future_EN.webp 1280w\" sizes=\"auto, (max-width: 1024px) 100vw, 1024px\" \/><\/a>   <\/div><\/div><div class=\"grve-empty-space grve-height-1x\" style=\"\"><\/div>[\/vc_column][vc_column width=&#8221;1\/12&#8243;]<div class=\"grve-empty-space grve-height-1x\" style=\"\"><\/div><div class=\"grve-element grve-single-icon grve-align-center grve-medium\" style=\"\">  <div class=\"grve-wrapper-icon grve-no-shape\" style=\"\"><i class=\"et-icon-megaphone grve-text-primary-1\"><\/i><\/div><\/div>[\/vc_column][vc_column width=&#8221;1\/2&#8243; css=&#8221;.vc_custom_1684516657778{padding-right: 5% !important;padding-left: 5% !important;}&#8221;]<div class=\"grve-empty-space grve-height-1x\" style=\"\"><\/div><h3 class=\"grve-element grve-title grve-align-left grve-h3\" style=\"margin-bottom: 18px;\"><span><strong>Turismo sostenibile e digitale, il binomio perfetto per un futuro pi\u00f9 responsabile e connesso<\/strong><span class=\"grve-title-line grve-bg-primary-1\" style=\"width: 100px;height: 2px;\"><\/span><\/span><\/h3>[vc_column_text]Per saperne di pi\u00f9 sul &#8220;<strong>Turismo sostenibile e digitale, il binomio perfetto per un futuro pi\u00f9 responsabile e connesso<\/strong>&#8220;, leggete alcune considerazioni tratte dai workshop di convalida tenutosi a Siviglia e somministrati a professionisti e docenti del settore turistico.[\/vc_column_text]<div class=\"grve-empty-space grve-height-1x\" style=\"\"><\/div><div class=\"grve-element grve-align-inherit grve-fluid-button\"><a href=\"https:\/\/start.conform.it\/wp-content\/uploads\/2023\/05\/02-Sustainable-and-digital-tourism-the-perfect-combination-for-a-more-responsible-and-connected-future.pdf\" target=\"_blank\" rel=\"noopener noreferrer\" class=\"grve-btn grve-btn-medium grve-square grve-bg-primary-1 grve-bg-hover-blue\" style=\"max-width: 350px;\"><span>Scopri di pi\u00f9<\/span><\/a><\/div><div class=\"grve-empty-space grve-height-1x\" style=\"\"><\/div>[\/vc_column][\/vc_row][vc_row heading_color=&#8221;light&#8221; section_type=&#8221;fullwidth&#8221; bg_type=&#8221;color&#8221; padding_top_multiplier=&#8221;2x&#8221; padding_bottom_multiplier=&#8221;2x&#8221; font_color=&#8221;#ffffff&#8221; section_id=&#8221;news&#8221; bg_color=&#8221;#31b5ed&#8221;][vc_column width=&#8221;5\/12&#8243; css=&#8221;.vc_custom_1684434100626{padding-right: 5% !important;padding-left: 5% !important;}&#8221;]<div class=\"grve-empty-space grve-height-1x\" style=\"\"><\/div><div class=\"grve-element grve-image grve-align-center\" style=\"\">  <div class=\"grve-image-wrapper\"><a href=\"https:\/\/start.conform.it\/wp-content\/uploads\/2023\/05\/01-The-impact-of-digitalisation-on-the-tourism-sector-transforming-the-way-we-travel.pdf\" target=\"_blank\" rel=\"noopener noreferrer\"><img loading=\"lazy\" decoding=\"async\" width=\"1024\" height=\"464\" src=\"https:\/\/start.conform.it\/wp-content\/uploads\/2023\/05\/01-1024x464.webp\" class=\"attachment-large size-large\" alt=\"01- The impact of digitalisation on the tourism sector transforming the way we travel_EN\" srcset=\"https:\/\/start.conform.it\/wp-content\/uploads\/2023\/05\/01-1024x464.webp 1024w, https:\/\/start.conform.it\/wp-content\/uploads\/2023\/05\/01-300x136.webp 300w, https:\/\/start.conform.it\/wp-content\/uploads\/2023\/05\/01-768x348.webp 768w, https:\/\/start.conform.it\/wp-content\/uploads\/2023\/05\/01.webp 1280w\" sizes=\"auto, (max-width: 1024px) 100vw, 1024px\" \/><\/a>   <\/div><\/div><div class=\"grve-empty-space grve-height-1x\" style=\"\"><\/div>[\/vc_column][vc_column width=&#8221;1\/12&#8243;]<div class=\"grve-empty-space grve-height-1x\" style=\"\"><\/div><div class=\"grve-element grve-single-icon grve-align-center grve-medium\" style=\"\">  <div class=\"grve-wrapper-icon grve-no-shape\" style=\"\"><i class=\"et-icon-megaphone grve-text-white\"><\/i><\/div><\/div>[\/vc_column][vc_column width=&#8221;1\/2&#8243; css=&#8221;.vc_custom_1684514327361{padding-right: 5% !important;padding-left: 5% !important;}&#8221;]<div class=\"grve-empty-space grve-height-1x\" style=\"\"><\/div><h3 class=\"grve-element grve-title grve-align-left grve-h3\" style=\"margin-bottom: 18px;\"><span><strong>L&#8217;impatto della digitalizzazione sul settore turistico che trasforma il nostro modo di viaggiare<\/strong><span class=\"grve-title-line grve-bg-primary-1\" style=\"width: 100px;height: 2px;\"><\/span><\/span><\/h3>[vc_column_text]Per saperne di pi\u00f9 su &#8220;<strong>L&#8217;impatto della digitalizzazione sul settore turistico che trasforma il modo di viaggiare<\/strong>&#8220;, leggete alcune considerazioni tratte dai workshop di convalida tenutasi a Siviglia e destinati a professionisti e docenti del settore turistico.[\/vc_column_text]<div class=\"grve-empty-space grve-height-1x\" style=\"\"><\/div><div class=\"grve-element grve-align-inherit grve-fluid-button\"><a href=\"https:\/\/start.conform.it\/wp-content\/uploads\/2023\/05\/01-The-impact-of-digitalisation-on-the-tourism-sector-transforming-the-way-we-travel.pdf\" target=\"_blank\" rel=\"noopener noreferrer\" class=\"grve-btn grve-btn-medium grve-square grve-bg-primary-1 grve-bg-hover-white\" style=\"max-width: 350px;\"><span>Scopri di pi\u00f9<\/span><\/a><\/div><div class=\"grve-empty-space grve-height-1x\" style=\"\"><\/div>[\/vc_column][\/vc_row][vc_row heading_color=&#8221;primary-1&#8243; section_type=&#8221;fullwidth&#8221; bg_type=&#8221;image&#8221; color_overlay=&#8221;custom&#8221; color_overlay_custom=&#8221;#ffffff&#8221; padding_top_multiplier=&#8221;2x&#8221; padding_bottom_multiplier=&#8221;2x&#8221; parallax_style=&#8221;vcpb-default&#8221; bg_image_new=&#8221;id^16416|url^https:\/\/start.conform.it\/wp-content\/uploads\/2023\/01\/IMG-OBIETTIVI_1920x1440.webp|caption^null|alt^null|title^IMG-OBIETTIVI_1920x1440|description^null&#8221; bg_image_repeat=&#8221;no-repeat&#8221; bg_override=&#8221;ex-full&#8221; font_color=&#8221;#4f4f4f&#8221;][vc_column width=&#8221;5\/12&#8243; css=&#8221;.vc_custom_1684434100626{padding-right: 5% !important;padding-left: 5% !important;}&#8221;]<div class=\"grve-empty-space grve-height-1x\" style=\"\"><\/div><div class=\"grve-element grve-image grve-align-center\" style=\"\">  <div class=\"grve-image-wrapper\"><a href=\"https:\/\/start.conform.it\/wp-content\/uploads\/2023\/05\/04-Digitalisation-in-tourism-SMEs-advantages-and-opportunities.pdf\" target=\"_blank\" rel=\"noopener noreferrer\"><img loading=\"lazy\" decoding=\"async\" width=\"1024\" height=\"464\" src=\"https:\/\/start.conform.it\/wp-content\/uploads\/2023\/05\/04-Digitalisation-in-tourism-SMEs-advantages-and-opportunities._EN-1024x464.webp\" class=\"attachment-large size-large\" alt=\"Digitalisation in tourism SMEs advantages and opportunities\" srcset=\"https:\/\/start.conform.it\/wp-content\/uploads\/2023\/05\/04-Digitalisation-in-tourism-SMEs-advantages-and-opportunities._EN-1024x464.webp 1024w, https:\/\/start.conform.it\/wp-content\/uploads\/2023\/05\/04-Digitalisation-in-tourism-SMEs-advantages-and-opportunities._EN-300x136.webp 300w, https:\/\/start.conform.it\/wp-content\/uploads\/2023\/05\/04-Digitalisation-in-tourism-SMEs-advantages-and-opportunities._EN-768x348.webp 768w, https:\/\/start.conform.it\/wp-content\/uploads\/2023\/05\/04-Digitalisation-in-tourism-SMEs-advantages-and-opportunities._EN.webp 1280w\" sizes=\"auto, (max-width: 1024px) 100vw, 1024px\" \/><\/a>   <\/div><\/div><div class=\"grve-empty-space grve-height-1x\" style=\"\"><\/div>[\/vc_column][vc_column width=&#8221;1\/12&#8243;]<div class=\"grve-empty-space grve-height-1x\" style=\"\"><\/div><div class=\"grve-element grve-single-icon grve-align-center grve-medium\" style=\"\">  <div class=\"grve-wrapper-icon grve-no-shape\" style=\"\"><i class=\"et-icon-megaphone grve-text-primary-1\"><\/i><\/div><\/div>[\/vc_column][vc_column width=&#8221;1\/2&#8243; css=&#8221;.vc_custom_1684516657778{padding-right: 5% !important;padding-left: 5% !important;}&#8221;]<div class=\"grve-empty-space grve-height-1x\" style=\"\"><\/div><h3 class=\"grve-element grve-title grve-align-left grve-h3\" style=\"margin-bottom: 18px;\"><span><strong>Vantaggi e opportunit\u00e0 della digitalizzazione nelle PMI del turismo<\/strong><span class=\"grve-title-line grve-bg-primary-1\" style=\"width: 100px;height: 2px;\"><\/span><\/span><\/h3>[vc_column_text]Per saperne di pi\u00f9 su &#8220;<strong>Vantaggi e opportunit\u00e0 della digitalizzazione nelle PMI del turismo<\/strong>&#8220;, leggete alcune considerazioni tratte dai workshop di validazione tenutosi a Siviglia e rivolti a professionisti e docenti del settore turistico.[\/vc_column_text]<div class=\"grve-empty-space grve-height-1x\" style=\"\"><\/div><div class=\"grve-element grve-align-inherit grve-fluid-button\"><a href=\"https:\/\/start.conform.it\/wp-content\/uploads\/2023\/05\/04-Digitalisation-in-tourism-SMEs-advantages-and-opportunities.pdf\" target=\"_blank\" rel=\"noopener noreferrer\" class=\"grve-btn grve-btn-medium grve-square grve-bg-primary-1 grve-bg-hover-blue\" style=\"max-width: 350px;\"><span>Scopri di pi\u00f9<\/span><\/a><\/div><div class=\"grve-empty-space grve-height-1x\" style=\"\"><\/div>[\/vc_column][\/vc_row][vc_row heading_color=&#8221;light&#8221; section_type=&#8221;fullwidth&#8221; bg_type=&#8221;color&#8221; padding_top_multiplier=&#8221;2x&#8221; padding_bottom_multiplier=&#8221;2x&#8221; font_color=&#8221;#ffffff&#8221; section_id=&#8221;news&#8221; bg_color=&#8221;#31b5ed&#8221;][vc_column width=&#8221;5\/12&#8243; css=&#8221;.vc_custom_1684434100626{padding-right: 5% !important;padding-left: 5% !important;}&#8221;]<div class=\"grve-empty-space grve-height-1x\" style=\"\"><\/div><div class=\"grve-element grve-image grve-align-center\" style=\"\">  <div class=\"grve-image-wrapper\"><a href=\"https:\/\/start.conform.it\/wp-content\/uploads\/2023\/05\/03-Discover-sustainable-tourism-options-for-responsible-travel.pdf\" target=\"_blank\" rel=\"noopener noreferrer\"><img loading=\"lazy\" decoding=\"async\" width=\"1024\" height=\"464\" src=\"https:\/\/start.conform.it\/wp-content\/uploads\/2023\/05\/03-Discover-sustainable-tourism-options-for-responsible-travel.o_-EN-1024x464.webp\" class=\"attachment-large size-large\" alt=\"Discover sustainable tourism options for responsible travel\" srcset=\"https:\/\/start.conform.it\/wp-content\/uploads\/2023\/05\/03-Discover-sustainable-tourism-options-for-responsible-travel.o_-EN-1024x464.webp 1024w, https:\/\/start.conform.it\/wp-content\/uploads\/2023\/05\/03-Discover-sustainable-tourism-options-for-responsible-travel.o_-EN-300x136.webp 300w, https:\/\/start.conform.it\/wp-content\/uploads\/2023\/05\/03-Discover-sustainable-tourism-options-for-responsible-travel.o_-EN-768x348.webp 768w, https:\/\/start.conform.it\/wp-content\/uploads\/2023\/05\/03-Discover-sustainable-tourism-options-for-responsible-travel.o_-EN.webp 1280w\" sizes=\"auto, (max-width: 1024px) 100vw, 1024px\" \/><\/a>   <\/div><\/div><div class=\"grve-empty-space grve-height-1x\" style=\"\"><\/div>[\/vc_column][vc_column width=&#8221;1\/12&#8243;]<div class=\"grve-empty-space grve-height-1x\" style=\"\"><\/div><div class=\"grve-element grve-single-icon grve-align-center grve-medium\" style=\"\">  <div class=\"grve-wrapper-icon grve-no-shape\" style=\"\"><i class=\"et-icon-megaphone grve-text-white\"><\/i><\/div><\/div>[\/vc_column][vc_column width=&#8221;1\/2&#8243; css=&#8221;.vc_custom_1684514327361{padding-right: 5% !important;padding-left: 5% !important;}&#8221;]<div class=\"grve-empty-space grve-height-1x\" style=\"\"><\/div><h3 class=\"grve-element grve-title grve-align-left grve-h3\" style=\"margin-bottom: 18px;\"><span><strong>Scoprire le opzioni di turismo sostenibile per viaggiare in modo responsabile<\/strong><span class=\"grve-title-line grve-bg-primary-1\" style=\"width: 100px;height: 2px;\"><\/span><\/span><\/h3>[vc_column_text]Per saperne di pi\u00f9 su &#8220;<strong>Scoprire le opzioni di turismo sostenibile per viaggiare in modo responsabile<\/strong>&#8220;, leggete alcune considerazioni tratte dai workshop di convalida tenutasi a Siviglia e rivolti a professionisti e insegnanti del settore turistico.[\/vc_column_text]<div class=\"grve-empty-space grve-height-1x\" style=\"\"><\/div><div class=\"grve-element grve-align-inherit grve-fluid-button\"><a href=\"https:\/\/start.conform.it\/wp-content\/uploads\/2023\/05\/03-Discover-sustainable-tourism-options-for-responsible-travel.pdf\" target=\"_blank\" rel=\"noopener noreferrer\" class=\"grve-btn grve-btn-medium grve-square grve-bg-primary-1 grve-bg-hover-white\" style=\"max-width: 350px;\"><span>Scopri di pi\u00f9<\/span><\/a><\/div><div class=\"grve-empty-space grve-height-1x\" style=\"\"><\/div>[\/vc_column][\/vc_row][vc_row heading_color=&#8221;primary-1&#8243; section_type=&#8221;fullwidth&#8221; bg_type=&#8221;image&#8221; color_overlay=&#8221;custom&#8221; color_overlay_custom=&#8221;#ffffff&#8221; padding_top_multiplier=&#8221;2x&#8221; padding_bottom_multiplier=&#8221;2x&#8221; parallax_style=&#8221;vcpb-default&#8221; bg_image_new=&#8221;id^16416|url^https:\/\/start.conform.it\/wp-content\/uploads\/2023\/01\/IMG-OBIETTIVI_1920x1440.webp|caption^null|alt^null|title^IMG-OBIETTIVI_1920x1440|description^null&#8221; bg_image_repeat=&#8221;no-repeat&#8221; bg_override=&#8221;ex-full&#8221; font_color=&#8221;#4f4f4f&#8221;][vc_column width=&#8221;5\/12&#8243; css=&#8221;.vc_custom_1684434100626{padding-right: 5% !important;padding-left: 5% !important;}&#8221;]<div class=\"grve-empty-space grve-height-1x\" style=\"\"><\/div><div class=\"grve-element grve-image grve-align-center\" style=\"\">  <div class=\"grve-image-wrapper\"><a href=\"https:\/\/start.conform.it\/wp-content\/uploads\/2023\/05\/06-Digitalization-for-Small-Tourism-Businesses-Essential-Knowledge-for-Sustainable-Objectives.pdf\" target=\"_blank\" rel=\"noopener noreferrer\"><img loading=\"lazy\" decoding=\"async\" width=\"1024\" height=\"464\" src=\"https:\/\/start.conform.it\/wp-content\/uploads\/2023\/05\/06-Digitalization-for-Small-Tourism-Businesses-Essential-Knowledge-for-Sustainable-Objectives_EN-1024x464.webp\" class=\"attachment-large size-large\" alt=\"Digitalization for Small Tourism Businesses Essential Knowledge for Sustainable Objectives\" srcset=\"https:\/\/start.conform.it\/wp-content\/uploads\/2023\/05\/06-Digitalization-for-Small-Tourism-Businesses-Essential-Knowledge-for-Sustainable-Objectives_EN-1024x464.webp 1024w, https:\/\/start.conform.it\/wp-content\/uploads\/2023\/05\/06-Digitalization-for-Small-Tourism-Businesses-Essential-Knowledge-for-Sustainable-Objectives_EN-300x136.webp 300w, https:\/\/start.conform.it\/wp-content\/uploads\/2023\/05\/06-Digitalization-for-Small-Tourism-Businesses-Essential-Knowledge-for-Sustainable-Objectives_EN-768x348.webp 768w, https:\/\/start.conform.it\/wp-content\/uploads\/2023\/05\/06-Digitalization-for-Small-Tourism-Businesses-Essential-Knowledge-for-Sustainable-Objectives_EN.webp 1280w\" sizes=\"auto, (max-width: 1024px) 100vw, 1024px\" \/><\/a>   <\/div><\/div><div class=\"grve-empty-space grve-height-1x\" style=\"\"><\/div>[\/vc_column][vc_column width=&#8221;1\/12&#8243;]<div class=\"grve-empty-space grve-height-1x\" style=\"\"><\/div><div class=\"grve-element grve-single-icon grve-align-center grve-medium\" style=\"\">  <div class=\"grve-wrapper-icon grve-no-shape\" style=\"\"><i class=\"et-icon-megaphone grve-text-primary-1\"><\/i><\/div><\/div>[\/vc_column][vc_column width=&#8221;1\/2&#8243; css=&#8221;.vc_custom_1684516657778{padding-right: 5% !important;padding-left: 5% !important;}&#8221;]<div class=\"grve-empty-space grve-height-1x\" style=\"\"><\/div><h3 class=\"grve-element grve-title grve-align-left grve-h3\" style=\"margin-bottom: 18px;\"><span><strong>Digitalization for Small Tourism Businesses Essential Knowledge for Sustainable Objectives<\/strong><span class=\"grve-title-line grve-bg-primary-1\" style=\"width: 100px;height: 2px;\"><\/span><\/span><\/h3>[vc_column_text]Per saperne di pi\u00f9 su &#8220;<strong>Digitalizzazione per le piccole imprese turistiche: Conoscenze essenziali per obiettivi sostenibili<\/strong>&#8220;, leggete alcune considerazioni tratte dai workshop di convalida tenutasi a Siviglia e destinati a professionisti e docenti del settore turistico.[\/vc_column_text]<div class=\"grve-empty-space grve-height-1x\" style=\"\"><\/div><div class=\"grve-element grve-align-inherit grve-fluid-button\"><a href=\"https:\/\/start.conform.it\/wp-content\/uploads\/2023\/05\/06-Digitalization-for-Small-Tourism-Businesses-Essential-Knowledge-for-Sustainable-Objectives.pdf\" target=\"_blank\" rel=\"noopener noreferrer\" class=\"grve-btn grve-btn-medium grve-square grve-bg-primary-1 grve-bg-hover-blue\" style=\"max-width: 350px;\"><span>Scopri di pi\u00f9<\/span><\/a><\/div><div class=\"grve-empty-space grve-height-1x\" style=\"\"><\/div>[\/vc_column][\/vc_row][vc_row heading_color=&#8221;light&#8221; section_type=&#8221;fullwidth&#8221; bg_type=&#8221;color&#8221; padding_top_multiplier=&#8221;2x&#8221; padding_bottom_multiplier=&#8221;2x&#8221; font_color=&#8221;#ffffff&#8221; section_id=&#8221;news&#8221; bg_color=&#8221;#31b5ed&#8221;][vc_column width=&#8221;5\/12&#8243; css=&#8221;.vc_custom_1684434100626{padding-right: 5% !important;padding-left: 5% !important;}&#8221;]<div class=\"grve-empty-space grve-height-1x\" style=\"\"><\/div><div class=\"grve-element grve-image grve-align-center\" style=\"\">  <div class=\"grve-image-wrapper\"><a href=\"https:\/\/start.conform.it\/wp-content\/uploads\/2023\/05\/05-Digital-Challenges-for-Small-Tourism-Businesses-in-Seville-Competing-with-Big-Players-Costs.pdf\" target=\"_blank\" rel=\"noopener noreferrer\"><img loading=\"lazy\" decoding=\"async\" width=\"1024\" height=\"464\" src=\"https:\/\/start.conform.it\/wp-content\/uploads\/2023\/05\/05-Digital-Challenges-for-Small-Tourism-Businesses-_EN-1024x464.webp\" class=\"attachment-large size-large\" alt=\"Digital Challenges for Small Tourism Businesses\" srcset=\"https:\/\/start.conform.it\/wp-content\/uploads\/2023\/05\/05-Digital-Challenges-for-Small-Tourism-Businesses-_EN-1024x464.webp 1024w, https:\/\/start.conform.it\/wp-content\/uploads\/2023\/05\/05-Digital-Challenges-for-Small-Tourism-Businesses-_EN-300x136.webp 300w, https:\/\/start.conform.it\/wp-content\/uploads\/2023\/05\/05-Digital-Challenges-for-Small-Tourism-Businesses-_EN-768x348.webp 768w, https:\/\/start.conform.it\/wp-content\/uploads\/2023\/05\/05-Digital-Challenges-for-Small-Tourism-Businesses-_EN.webp 1280w\" sizes=\"auto, (max-width: 1024px) 100vw, 1024px\" \/><\/a>   <\/div><\/div><div class=\"grve-empty-space grve-height-1x\" style=\"\"><\/div>[\/vc_column][vc_column width=&#8221;1\/12&#8243;]<div class=\"grve-empty-space grve-height-1x\" style=\"\"><\/div><div class=\"grve-element grve-single-icon grve-align-center grve-medium\" style=\"\">  <div class=\"grve-wrapper-icon grve-no-shape\" style=\"\"><i class=\"et-icon-megaphone grve-text-white\"><\/i><\/div><\/div>[\/vc_column][vc_column width=&#8221;1\/2&#8243; css=&#8221;.vc_custom_1684514327361{padding-right: 5% !important;padding-left: 5% !important;}&#8221;]<div class=\"grve-empty-space grve-height-1x\" style=\"\"><\/div><h3 class=\"grve-element grve-title grve-align-left grve-h3\" style=\"margin-bottom: 18px;\"><span><strong>Sfide digitali per le piccole imprese turistiche<\/strong><span class=\"grve-title-line grve-bg-primary-1\" style=\"width: 100px;height: 2px;\"><\/span><\/span><\/h3>[vc_column_text]Per saperne di pi\u00f9 su &#8220;<strong>Le sfide digitali per le piccole imprese turistiche di Siviglia: Competere con i grandi operatori, costi, sicurezza e adattamento<\/strong>&#8220;, leggete alcune considerazioni tratte dai workshops di convalida tenutasi a Siviglia e rivolti a professionisti e docenti del settore turistico.[\/vc_column_text]<div class=\"grve-empty-space grve-height-1x\" style=\"\"><\/div><div class=\"grve-element grve-align-inherit grve-fluid-button\"><a href=\"https:\/\/start.conform.it\/wp-content\/uploads\/2023\/05\/05-Digital-Challenges-for-Small-Tourism-Businesses-in-Seville-Competing-with-Big-Players-Costs.pdf\" target=\"_blank\" rel=\"noopener noreferrer\" class=\"grve-btn grve-btn-medium grve-square grve-bg-primary-1 grve-bg-hover-white\" style=\"max-width: 350px;\"><span>Scopri di pi\u00f9<\/span><\/a><\/div><div class=\"grve-empty-space grve-height-1x\" style=\"\"><\/div>[\/vc_column][\/vc_row][vc_row heading_color=&#8221;primary-1&#8243; section_type=&#8221;fullwidth&#8221; bg_type=&#8221;image&#8221; color_overlay=&#8221;custom&#8221; color_overlay_custom=&#8221;#ffffff&#8221; padding_top_multiplier=&#8221;2x&#8221; padding_bottom_multiplier=&#8221;2x&#8221; parallax_style=&#8221;vcpb-default&#8221; bg_image_new=&#8221;id^16416|url^https:\/\/start.conform.it\/wp-content\/uploads\/2023\/01\/IMG-OBIETTIVI_1920x1440.webp|caption^null|alt^null|title^IMG-OBIETTIVI_1920x1440|description^null&#8221; bg_image_repeat=&#8221;no-repeat&#8221; bg_override=&#8221;ex-full&#8221; font_color=&#8221;#4f4f4f&#8221;][vc_column width=&#8221;5\/12&#8243; css=&#8221;.vc_custom_1684434100626{padding-right: 5% !important;padding-left: 5% !important;}&#8221;]<div class=\"grve-empty-space grve-height-1x\" style=\"\"><\/div><div class=\"grve-element grve-image grve-align-center\" style=\"\">  <div class=\"grve-image-wrapper\"><a href=\"https:\/\/blog.osservatori.net\/it_it\/turismo-significato-dati-trend\" target=\"_blank\" rel=\"noopener noreferrer\"><img loading=\"lazy\" decoding=\"async\" width=\"1024\" height=\"464\" src=\"https:\/\/start.conform.it\/wp-content\/uploads\/2023\/05\/Digital-Tourism-importance-updated-data-and-evolutionary-trends-1024x464.webp\" class=\"attachment-large size-large\" alt=\"Digital Tourism: importance, updated data and evolutionary trends\" srcset=\"https:\/\/start.conform.it\/wp-content\/uploads\/2023\/05\/Digital-Tourism-importance-updated-data-and-evolutionary-trends-1024x464.webp 1024w, https:\/\/start.conform.it\/wp-content\/uploads\/2023\/05\/Digital-Tourism-importance-updated-data-and-evolutionary-trends-300x136.webp 300w, https:\/\/start.conform.it\/wp-content\/uploads\/2023\/05\/Digital-Tourism-importance-updated-data-and-evolutionary-trends-768x348.webp 768w, https:\/\/start.conform.it\/wp-content\/uploads\/2023\/05\/Digital-Tourism-importance-updated-data-and-evolutionary-trends.webp 1280w\" sizes=\"auto, (max-width: 1024px) 100vw, 1024px\" \/><\/a>   <\/div><\/div><div class=\"grve-empty-space grve-height-1x\" style=\"\"><\/div>[\/vc_column][vc_column width=&#8221;1\/12&#8243;]<div class=\"grve-empty-space grve-height-1x\" style=\"\"><\/div><div class=\"grve-element grve-single-icon grve-align-center grve-medium\" style=\"\">  <div class=\"grve-wrapper-icon grve-no-shape\" style=\"\"><i class=\"et-icon-megaphone grve-text-primary-1\"><\/i><\/div><\/div>[\/vc_column][vc_column width=&#8221;1\/2&#8243; css=&#8221;.vc_custom_1684516657778{padding-right: 5% !important;padding-left: 5% !important;}&#8221;]<div class=\"grve-empty-space grve-height-1x\" style=\"\"><\/div><h3 class=\"grve-element grve-title grve-align-left grve-h3\" style=\"margin-bottom: 18px;\"><span><strong>Turismo digitale: importanza, aggiornamento dati e tendenze evolutive<\/strong><span class=\"grve-title-line grve-bg-primary-1\" style=\"width: 100px;height: 2px;\"><\/span><\/span><\/h3>[vc_column_text]Questo documento analizza<strong> i principali attori del mercato turistico<\/strong> (strutture ricettive, tour operator e trasporti), le tendenze pi\u00f9 promettenti per il prossimo futuro e il modo in cui i turisti digitali viaggiano e organizzano i viaggi.[\/vc_column_text]<div class=\"grve-empty-space grve-height-1x\" style=\"\"><\/div><div class=\"grve-element grve-align-inherit grve-fluid-button\"><a href=\"https:\/\/blog.osservatori.net\/it_it\/turismo-significato-dati-trend\" target=\"_blank\" rel=\"noopener noreferrer\" class=\"grve-btn grve-btn-medium grve-square grve-bg-primary-1 grve-bg-hover-blue\" style=\"max-width: 350px;\"><span>Scopri di pi\u00f9<\/span><\/a><\/div><div class=\"grve-empty-space grve-height-1x\" style=\"\"><\/div>[\/vc_column][\/vc_row][vc_row heading_color=&#8221;light&#8221; section_type=&#8221;fullwidth&#8221; bg_type=&#8221;color&#8221; padding_top_multiplier=&#8221;2x&#8221; padding_bottom_multiplier=&#8221;2x&#8221; font_color=&#8221;#ffffff&#8221; section_id=&#8221;news&#8221; bg_color=&#8221;#31b5ed&#8221;][vc_column width=&#8221;5\/12&#8243; css=&#8221;.vc_custom_1684434100626{padding-right: 5% !important;padding-left: 5% !important;}&#8221;]<div class=\"grve-empty-space grve-height-1x\" style=\"\"><\/div><div class=\"grve-element grve-image grve-align-center\" style=\"\">  <div class=\"grve-image-wrapper\"><a href=\"https:\/\/start.conform.it\/wp-content\/uploads\/2023\/05\/07-Skills-Needed-for-Small-Tourism-Businesses-to-Start-Digitalisation-Sustainably.pdf\" target=\"_blank\" rel=\"noopener noreferrer\"><img loading=\"lazy\" decoding=\"async\" width=\"1024\" height=\"464\" src=\"https:\/\/start.conform.it\/wp-content\/uploads\/2023\/05\/07-Skills-Needed-for-Small-Tourism-Businesses-to-Start-Digitalisation-Sustainably_EN-1024x464.webp\" class=\"attachment-large size-large\" alt=\"Skills Needed for Small Tourism Businesses to Start Digitalisation Sustainably\" srcset=\"https:\/\/start.conform.it\/wp-content\/uploads\/2023\/05\/07-Skills-Needed-for-Small-Tourism-Businesses-to-Start-Digitalisation-Sustainably_EN-1024x464.webp 1024w, https:\/\/start.conform.it\/wp-content\/uploads\/2023\/05\/07-Skills-Needed-for-Small-Tourism-Businesses-to-Start-Digitalisation-Sustainably_EN-300x136.webp 300w, https:\/\/start.conform.it\/wp-content\/uploads\/2023\/05\/07-Skills-Needed-for-Small-Tourism-Businesses-to-Start-Digitalisation-Sustainably_EN-768x348.webp 768w, https:\/\/start.conform.it\/wp-content\/uploads\/2023\/05\/07-Skills-Needed-for-Small-Tourism-Businesses-to-Start-Digitalisation-Sustainably_EN.webp 1280w\" sizes=\"auto, (max-width: 1024px) 100vw, 1024px\" \/><\/a>   <\/div><\/div><div class=\"grve-empty-space grve-height-1x\" style=\"\"><\/div>[\/vc_column][vc_column width=&#8221;1\/12&#8243;]<div class=\"grve-empty-space grve-height-1x\" style=\"\"><\/div><div class=\"grve-element grve-single-icon grve-align-center grve-medium\" style=\"\">  <div class=\"grve-wrapper-icon grve-no-shape\" style=\"\"><i class=\"et-icon-megaphone grve-text-white\"><\/i><\/div><\/div>[\/vc_column][vc_column width=&#8221;1\/2&#8243; css=&#8221;.vc_custom_1684514327361{padding-right: 5% !important;padding-left: 5% !important;}&#8221;]<div class=\"grve-empty-space grve-height-1x\" style=\"\"><\/div><h3 class=\"grve-element grve-title grve-align-left grve-h3\" style=\"margin-bottom: 18px;\"><span><strong>Competenze necessarie alle piccole imprese turistiche per avviare la digitalizzazione in modo sostenibile<\/strong><span class=\"grve-title-line grve-bg-primary-1\" style=\"width: 100px;height: 2px;\"><\/span><\/span><\/h3>[vc_column_text]Per saperne di pi\u00f9 sulle &#8220;<strong>Competenze necessarie alle piccole imprese turistiche per avviare la digitalizzazione in modo sostenibile<\/strong>&#8220;, leggete alcune considerazioni tratte dai workshop di validazione tenutosi a Siviglia e rivolti a professionisti e docenti del settore turistico.[\/vc_column_text]<div class=\"grve-empty-space grve-height-1x\" style=\"\"><\/div><div class=\"grve-element grve-align-inherit grve-fluid-button\"><a href=\"https:\/\/start.conform.it\/wp-content\/uploads\/2023\/05\/07-Skills-Needed-for-Small-Tourism-Businesses-to-Start-Digitalisation-Sustainably.pdf\" target=\"_blank\" rel=\"noopener noreferrer\" class=\"grve-btn grve-btn-medium grve-square grve-bg-primary-1 grve-bg-hover-white\" style=\"max-width: 350px;\"><span>Scopri di pi\u00f9<\/span><\/a><\/div><div class=\"grve-empty-space grve-height-1x\" style=\"\"><\/div>[\/vc_column][\/vc_row][vc_row heading_color=&#8221;primary-1&#8243; section_type=&#8221;fullwidth&#8221; bg_type=&#8221;image&#8221; color_overlay=&#8221;custom&#8221; color_overlay_custom=&#8221;#ffffff&#8221; padding_top_multiplier=&#8221;2x&#8221; padding_bottom_multiplier=&#8221;2x&#8221; parallax_style=&#8221;vcpb-default&#8221; bg_image_new=&#8221;id^16416|url^https:\/\/start.conform.it\/wp-content\/uploads\/2023\/01\/IMG-OBIETTIVI_1920x1440.webp|caption^null|alt^null|title^IMG-OBIETTIVI_1920x1440|description^null&#8221; bg_image_repeat=&#8221;no-repeat&#8221; bg_override=&#8221;ex-full&#8221; font_color=&#8221;#4f4f4f&#8221;][vc_column width=&#8221;5\/12&#8243; css=&#8221;.vc_custom_1684434100626{padding-right: 5% !important;padding-left: 5% !important;}&#8221;]<div class=\"grve-empty-space grve-height-1x\" style=\"\"><\/div><div class=\"grve-element grve-image grve-align-center\" style=\"\">  <div class=\"grve-image-wrapper\"><a href=\"https:\/\/fysinews.com\/turismo-e-sostenibilita-quattro-startup-per-il-turismo-sostenibile\/\" target=\"_blank\" rel=\"noopener noreferrer\"><img loading=\"lazy\" decoding=\"async\" width=\"1024\" height=\"464\" src=\"https:\/\/start.conform.it\/wp-content\/uploads\/2023\/05\/Tourism-and-sustainability-four-start-ups-for-sustainable-tourism-1024x464.webp\" class=\"attachment-large size-large\" alt=\"Tourism and sustainability four start-ups for sustainable tourism\" srcset=\"https:\/\/start.conform.it\/wp-content\/uploads\/2023\/05\/Tourism-and-sustainability-four-start-ups-for-sustainable-tourism-1024x464.webp 1024w, https:\/\/start.conform.it\/wp-content\/uploads\/2023\/05\/Tourism-and-sustainability-four-start-ups-for-sustainable-tourism-300x136.webp 300w, https:\/\/start.conform.it\/wp-content\/uploads\/2023\/05\/Tourism-and-sustainability-four-start-ups-for-sustainable-tourism-768x348.webp 768w, https:\/\/start.conform.it\/wp-content\/uploads\/2023\/05\/Tourism-and-sustainability-four-start-ups-for-sustainable-tourism.webp 1280w\" sizes=\"auto, (max-width: 1024px) 100vw, 1024px\" \/><\/a>   <\/div><\/div><div class=\"grve-empty-space grve-height-1x\" style=\"\"><\/div>[\/vc_column][vc_column width=&#8221;1\/12&#8243;]<div class=\"grve-empty-space grve-height-1x\" style=\"\"><\/div><div class=\"grve-element grve-single-icon grve-align-center grve-medium\" style=\"\">  <div class=\"grve-wrapper-icon grve-no-shape\" style=\"\"><i class=\"et-icon-megaphone grve-text-primary-1\"><\/i><\/div><\/div>[\/vc_column][vc_column width=&#8221;1\/2&#8243; css=&#8221;.vc_custom_1684516657778{padding-right: 5% !important;padding-left: 5% !important;}&#8221;]<div class=\"grve-empty-space grve-height-1x\" style=\"\"><\/div><h3 class=\"grve-element grve-title grve-align-left grve-h3\" style=\"margin-bottom: 18px;\"><span><strong>Turismo e sostenibilit\u00e0: quattro start-up per il turismo sostenibile<\/strong><span class=\"grve-title-line grve-bg-primary-1\" style=\"width: 100px;height: 2px;\"><\/span><\/span><\/h3>[vc_column_text]<strong>Ripensare i modelli turistici in termini di sostenibilit\u00e0<\/strong> \u00e8 possibile, e deve partire dalla consapevolezza degli impatti delle azioni dei singoli attori coinvolti nel processo: in questa direzione, quindi, le start-up innovative possono fornire a questi stessi attori i giusti strumenti di riflessione, rappresentando un&#8217;importante chiave di lettura del cambiamento e dell&#8217;innovazione in alternativa ai mezzi tradizionali.[\/vc_column_text]<div class=\"grve-empty-space grve-height-1x\" style=\"\"><\/div><div class=\"grve-element grve-align-inherit grve-fluid-button\"><a href=\"https:\/\/fysinews.com\/turismo-e-sostenibilita-quattro-startup-per-il-turismo-sostenibile\/\" target=\"_blank\" rel=\"noopener noreferrer\" class=\"grve-btn grve-btn-medium grve-square grve-bg-primary-1 grve-bg-hover-blue\" style=\"max-width: 350px;\"><span>Scopri di pi\u00f9<\/span><\/a><\/div><div class=\"grve-empty-space grve-height-1x\" style=\"\"><\/div>[\/vc_column][\/vc_row][vc_row heading_color=&#8221;light&#8221; section_type=&#8221;fullwidth&#8221; bg_type=&#8221;color&#8221; padding_top_multiplier=&#8221;2x&#8221; padding_bottom_multiplier=&#8221;2x&#8221; font_color=&#8221;#ffffff&#8221; section_id=&#8221;news&#8221; bg_color=&#8221;#31b5ed&#8221;][vc_column width=&#8221;5\/12&#8243; css=&#8221;.vc_custom_1684434100626{padding-right: 5% !important;padding-left: 5% !important;}&#8221;]<div class=\"grve-empty-space grve-height-1x\" style=\"\"><\/div><div class=\"grve-element grve-image grve-align-center\" style=\"\">  <div class=\"grve-image-wrapper\"><a href=\"https:\/\/onlinelibrary.wiley.com\/doi\/full\/10.1002\/jtr.2554\" target=\"_blank\" rel=\"noopener noreferrer\"><img loading=\"lazy\" decoding=\"async\" width=\"1024\" height=\"464\" src=\"https:\/\/start.conform.it\/wp-content\/uploads\/2023\/05\/The-policy-responses-of-tourism-agencies-to-emerging-digital-skills-constraints-A-critical-assessment-of-six-countries-1024x464.webp\" class=\"attachment-large size-large\" alt=\"The policy responses of tourism agencies to emerging digital skills constraints A critical assessment of six countries\" srcset=\"https:\/\/start.conform.it\/wp-content\/uploads\/2023\/05\/The-policy-responses-of-tourism-agencies-to-emerging-digital-skills-constraints-A-critical-assessment-of-six-countries-1024x464.webp 1024w, https:\/\/start.conform.it\/wp-content\/uploads\/2023\/05\/The-policy-responses-of-tourism-agencies-to-emerging-digital-skills-constraints-A-critical-assessment-of-six-countries-300x136.webp 300w, https:\/\/start.conform.it\/wp-content\/uploads\/2023\/05\/The-policy-responses-of-tourism-agencies-to-emerging-digital-skills-constraints-A-critical-assessment-of-six-countries-768x348.webp 768w, https:\/\/start.conform.it\/wp-content\/uploads\/2023\/05\/The-policy-responses-of-tourism-agencies-to-emerging-digital-skills-constraints-A-critical-assessment-of-six-countries.webp 1280w\" sizes=\"auto, (max-width: 1024px) 100vw, 1024px\" \/><\/a>   <\/div><\/div><div class=\"grve-empty-space grve-height-1x\" style=\"\"><\/div>[\/vc_column][vc_column width=&#8221;1\/12&#8243;]<div class=\"grve-empty-space grve-height-1x\" style=\"\"><\/div><div class=\"grve-element grve-single-icon grve-align-center grve-medium\" style=\"\">  <div class=\"grve-wrapper-icon grve-no-shape\" style=\"\"><i class=\"et-icon-megaphone grve-text-white\"><\/i><\/div><\/div>[\/vc_column][vc_column width=&#8221;1\/2&#8243; css=&#8221;.vc_custom_1684514327361{padding-right: 5% !important;padding-left: 5% !important;}&#8221;]<div class=\"grve-empty-space grve-height-1x\" style=\"\"><\/div><h3 class=\"grve-element grve-title grve-align-left grve-h3\" style=\"margin-bottom: 18px;\"><span><strong>Le risposte politiche delle agenzie turistiche ai vincoli emergenti in materia di competenze digitali: una valutazione critica di sei paesi<\/strong><span class=\"grve-title-line grve-bg-primary-1\" style=\"width: 100px;height: 2px;\"><\/span><\/span><\/h3>[vc_column_text]Il presente documento analizza le<strong> politiche<\/strong> <strong>e<\/strong> le <strong>pratiche<\/strong> volte a sostenere la <strong>trasformazione digitale della forza lavoro nel settore turistico<\/strong> in sei Paesi dell&#8217;OCSE: Germania, Grecia, Islanda, Nuova Zelanda, Svizzera e Regno Unito.[\/vc_column_text]<div class=\"grve-empty-space grve-height-1x\" style=\"\"><\/div><div class=\"grve-element grve-align-inherit grve-fluid-button\"><a href=\"https:\/\/onlinelibrary.wiley.com\/doi\/full\/10.1002\/jtr.2554\" target=\"_blank\" rel=\"noopener noreferrer\" class=\"grve-btn grve-btn-medium grve-square grve-bg-primary-1 grve-bg-hover-white\" style=\"max-width: 350px;\"><span>Scopri di pi\u00f9<\/span><\/a><\/div><div class=\"grve-empty-space grve-height-1x\" style=\"\"><\/div>[\/vc_column][\/vc_row][vc_row heading_color=&#8221;primary-1&#8243; section_type=&#8221;fullwidth&#8221; bg_type=&#8221;image&#8221; color_overlay=&#8221;custom&#8221; color_overlay_custom=&#8221;#ffffff&#8221; padding_top_multiplier=&#8221;2x&#8221; padding_bottom_multiplier=&#8221;2x&#8221; parallax_style=&#8221;vcpb-default&#8221; bg_image_new=&#8221;id^16416|url^https:\/\/start.conform.it\/wp-content\/uploads\/2023\/01\/IMG-OBIETTIVI_1920x1440.webp|caption^null|alt^null|title^IMG-OBIETTIVI_1920x1440|description^null&#8221; bg_image_repeat=&#8221;no-repeat&#8221; bg_override=&#8221;ex-full&#8221; font_color=&#8221;#4f4f4f&#8221;][vc_column width=&#8221;5\/12&#8243; css=&#8221;.vc_custom_1684434100626{padding-right: 5% !important;padding-left: 5% !important;}&#8221;]<div class=\"grve-empty-space grve-height-1x\" style=\"\"><\/div><div class=\"grve-element grve-image grve-align-center\" style=\"\">  <div class=\"grve-image-wrapper\"><a href=\"https:\/\/www.regionaleconomy.eu\/rivista\/re\/integrazione-tra-piattaforme-digitali-e-community-specializzate-per-individuare-aree-di-sviluppo-turistico\/\" target=\"_blank\" rel=\"noopener noreferrer\"><img loading=\"lazy\" decoding=\"async\" width=\"1024\" height=\"464\" src=\"https:\/\/start.conform.it\/wp-content\/uploads\/2023\/05\/Integration-between-digital-platforms-and-specialised-communities-to-identify-areas-of-tourism-development-1024x464.webp\" class=\"attachment-large size-large\" alt=\"Integration between digital platforms and specialised communities to identify areas of tourism development\" srcset=\"https:\/\/start.conform.it\/wp-content\/uploads\/2023\/05\/Integration-between-digital-platforms-and-specialised-communities-to-identify-areas-of-tourism-development-1024x464.webp 1024w, https:\/\/start.conform.it\/wp-content\/uploads\/2023\/05\/Integration-between-digital-platforms-and-specialised-communities-to-identify-areas-of-tourism-development-300x136.webp 300w, https:\/\/start.conform.it\/wp-content\/uploads\/2023\/05\/Integration-between-digital-platforms-and-specialised-communities-to-identify-areas-of-tourism-development-768x348.webp 768w, https:\/\/start.conform.it\/wp-content\/uploads\/2023\/05\/Integration-between-digital-platforms-and-specialised-communities-to-identify-areas-of-tourism-development.webp 1280w\" sizes=\"auto, (max-width: 1024px) 100vw, 1024px\" \/><\/a>   <\/div><\/div><div class=\"grve-empty-space grve-height-1x\" style=\"\"><\/div>[\/vc_column][vc_column width=&#8221;1\/12&#8243;]<div class=\"grve-empty-space grve-height-1x\" style=\"\"><\/div><div class=\"grve-element grve-single-icon grve-align-center grve-medium\" style=\"\">  <div class=\"grve-wrapper-icon grve-no-shape\" style=\"\"><i class=\"et-icon-megaphone grve-text-primary-1\"><\/i><\/div><\/div>[\/vc_column][vc_column width=&#8221;1\/2&#8243; css=&#8221;.vc_custom_1684516657778{padding-right: 5% !important;padding-left: 5% !important;}&#8221;]<div class=\"grve-empty-space grve-height-1x\" style=\"\"><\/div><h3 class=\"grve-element grve-title grve-align-left grve-h3\" style=\"margin-bottom: 18px;\"><span><strong>Integrazione tra piattaforme digitali e comunit\u00e0 specializzate per individuare aree di sviluppo turistico<\/strong><span class=\"grve-title-line grve-bg-primary-1\" style=\"width: 100px;height: 2px;\"><\/span><\/span><\/h3>[vc_column_text]Negli ultimi anni la <strong>cultura enogastronomica<\/strong> \u00e8 diventata uno dei fattori chiave per lo sviluppo del settore turistico nei territori. In questo senso, l&#8217;attrattivit\u00e0 di una destinazione turistica dipende dalla capacit\u00e0 di ottenere vantaggi competitivi attraverso la gestione di prodotti enogastronomici di alta qualit\u00e0 in grado di generare esperienze e valore aggiunto per i turisti. La sostenibilit\u00e0 delle strategie di sviluppo basate su questo approccio dipende fortemente dalla presenza di comunit\u00e0 specializzate in grado di promuovere l&#8217;integrazione tra produzione enogastronomica e territorio e dalla presenza di strumenti che consentano la co-creazione di contenuti per ottenere nuovi vantaggi competitivi&#8230;[\/vc_column_text]<div class=\"grve-empty-space grve-height-1x\" style=\"\"><\/div><div class=\"grve-element grve-align-inherit grve-fluid-button\"><a href=\"https:\/\/www.regionaleconomy.eu\/rivista\/re\/integrazione-tra-piattaforme-digitali-e-community-specializzate-per-individuare-aree-di-sviluppo-turistico\/\" target=\"_blank\" rel=\"noopener noreferrer\" class=\"grve-btn grve-btn-medium grve-square grve-bg-primary-1 grve-bg-hover-blue\" style=\"max-width: 350px;\"><span>Scopri di pi\u00f9<\/span><\/a><\/div><div class=\"grve-empty-space grve-height-1x\" style=\"\"><\/div>[\/vc_column][\/vc_row][vc_row heading_color=&#8221;light&#8221; section_type=&#8221;fullwidth&#8221; bg_type=&#8221;color&#8221; padding_top_multiplier=&#8221;2x&#8221; padding_bottom_multiplier=&#8221;2x&#8221; font_color=&#8221;#ffffff&#8221; section_id=&#8221;news&#8221; bg_color=&#8221;#31b5ed&#8221;][vc_column width=&#8221;5\/12&#8243; css=&#8221;.vc_custom_1684434100626{padding-right: 5% !important;padding-left: 5% !important;}&#8221;]<div class=\"grve-empty-space grve-height-1x\" style=\"\"><\/div><div class=\"grve-element grve-image grve-align-center\" style=\"\">  <div class=\"grve-image-wrapper\"><a href=\"https:\/\/link.springer.com\/article\/10.1007\/s40558-022-00241-w\" target=\"_blank\" rel=\"noopener noreferrer\"><img loading=\"lazy\" decoding=\"async\" width=\"1024\" height=\"464\" src=\"https:\/\/start.conform.it\/wp-content\/uploads\/2023\/05\/Enhancing-sustainable-development-through-tourism-digitalisation-a-systematic-literature-review-1024x464.webp\" class=\"attachment-large size-large\" alt=\"Enhancing sustainable development through tourism digitalisation a systematic literature review\" srcset=\"https:\/\/start.conform.it\/wp-content\/uploads\/2023\/05\/Enhancing-sustainable-development-through-tourism-digitalisation-a-systematic-literature-review-1024x464.webp 1024w, https:\/\/start.conform.it\/wp-content\/uploads\/2023\/05\/Enhancing-sustainable-development-through-tourism-digitalisation-a-systematic-literature-review-300x136.webp 300w, https:\/\/start.conform.it\/wp-content\/uploads\/2023\/05\/Enhancing-sustainable-development-through-tourism-digitalisation-a-systematic-literature-review-768x348.webp 768w, https:\/\/start.conform.it\/wp-content\/uploads\/2023\/05\/Enhancing-sustainable-development-through-tourism-digitalisation-a-systematic-literature-review.webp 1280w\" sizes=\"auto, (max-width: 1024px) 100vw, 1024px\" \/><\/a>   <\/div><\/div><div class=\"grve-empty-space grve-height-1x\" style=\"\"><\/div>[\/vc_column][vc_column width=&#8221;1\/12&#8243;]<div class=\"grve-empty-space grve-height-1x\" style=\"\"><\/div><div class=\"grve-element grve-single-icon grve-align-center grve-medium\" style=\"\">  <div class=\"grve-wrapper-icon grve-no-shape\" style=\"\"><i class=\"et-icon-megaphone grve-text-white\"><\/i><\/div><\/div>[\/vc_column][vc_column width=&#8221;1\/2&#8243; css=&#8221;.vc_custom_1684514327361{padding-right: 5% !important;padding-left: 5% !important;}&#8221;]<div class=\"grve-empty-space grve-height-1x\" style=\"\"><\/div><h3 class=\"grve-element grve-title grve-align-left grve-h3\" style=\"margin-bottom: 18px;\"><span><strong>Migliorare lo sviluppo sostenibile attraverso la digitalizzazione del turismo: un&#8217;analisi sistematica della letteratura<\/strong><span class=\"grve-title-line grve-bg-primary-1\" style=\"width: 100px;height: 2px;\"><\/span><\/span><\/h3>[vc_column_text]La struttura economica mondiale si sta spostando sempre pi\u00f9 verso un quadro digitale, sotto la spinta della quarta rivoluzione industriale.<br \/>\nIn quanto settore versatile, anche il turismo \u00e8 inserito in questo processo di trasformazione digitale, sebbene a un ritmo pi\u00f9 lento a causa delle innumerevoli sfide e incertezze che lo circondano. Tuttavia, le pi\u00f9 recenti implicazioni della crisi pandemica hanno messo in guardia sia i manager che i politici sull&#8217;urgente bisogno per lo sviluppo di nuovi percorsi di sviluppo allineati con la sostenibilit\u00e0, in particolare con gli obiettivi di sviluppo sostenibile delle Nazioni Unite. Inoltre, i problemi diretti legati all&#8217;attivit\u00e0 turistica, come l&#8217;overtourism, l&#8217;inquinamento e la dipendenza economica, richiedono approcci alternativi ed equilibrati&#8230;[\/vc_column_text]<div class=\"grve-empty-space grve-height-1x\" style=\"\"><\/div><div class=\"grve-element grve-align-inherit grve-fluid-button\"><a href=\"https:\/\/link.springer.com\/article\/10.1007\/s40558-022-00241-w\" target=\"_blank\" rel=\"noopener noreferrer\" class=\"grve-btn grve-btn-medium grve-square grve-bg-primary-1 grve-bg-hover-white\" style=\"max-width: 350px;\"><span>Scopri di pi\u00f9<\/span><\/a><\/div><div class=\"grve-empty-space grve-height-1x\" style=\"\"><\/div>[\/vc_column][\/vc_row][vc_row heading_color=&#8221;primary-1&#8243; section_type=&#8221;fullwidth&#8221; bg_type=&#8221;image&#8221; color_overlay=&#8221;custom&#8221; color_overlay_custom=&#8221;#ffffff&#8221; padding_top_multiplier=&#8221;2x&#8221; padding_bottom_multiplier=&#8221;2x&#8221; parallax_style=&#8221;vcpb-default&#8221; bg_image_new=&#8221;id^16416|url^https:\/\/start.conform.it\/wp-content\/uploads\/2023\/01\/IMG-OBIETTIVI_1920x1440.webp|caption^null|alt^null|title^IMG-OBIETTIVI_1920x1440|description^null&#8221; bg_image_repeat=&#8221;no-repeat&#8221; bg_override=&#8221;ex-full&#8221; font_color=&#8221;#4f4f4f&#8221;][vc_column width=&#8221;5\/12&#8243; css=&#8221;.vc_custom_1684434100626{padding-right: 5% !important;padding-left: 5% !important;}&#8221;]<div class=\"grve-empty-space grve-height-1x\" style=\"\"><\/div><div class=\"grve-element grve-image grve-align-center\" style=\"\">  <div class=\"grve-image-wrapper\"><a href=\"https:\/\/www.dihmarche.it\/\" target=\"_blank\" rel=\"noopener noreferrer\"><img loading=\"lazy\" decoding=\"async\" width=\"1024\" height=\"464\" src=\"https:\/\/start.conform.it\/wp-content\/uploads\/2023\/05\/The-marche-digital-innovation-hub-dih-1024x464.webp\" class=\"attachment-large size-large\" alt=\"The marche digital innovation hub (dih)\" srcset=\"https:\/\/start.conform.it\/wp-content\/uploads\/2023\/05\/The-marche-digital-innovation-hub-dih-1024x464.webp 1024w, https:\/\/start.conform.it\/wp-content\/uploads\/2023\/05\/The-marche-digital-innovation-hub-dih-300x136.webp 300w, https:\/\/start.conform.it\/wp-content\/uploads\/2023\/05\/The-marche-digital-innovation-hub-dih-768x348.webp 768w, https:\/\/start.conform.it\/wp-content\/uploads\/2023\/05\/The-marche-digital-innovation-hub-dih.webp 1280w\" sizes=\"auto, (max-width: 1024px) 100vw, 1024px\" \/><\/a>   <\/div><\/div><div class=\"grve-empty-space grve-height-1x\" style=\"\"><\/div>[\/vc_column][vc_column width=&#8221;1\/12&#8243;]<div class=\"grve-empty-space grve-height-1x\" style=\"\"><\/div><div class=\"grve-element grve-single-icon grve-align-center grve-medium\" style=\"\">  <div class=\"grve-wrapper-icon grve-no-shape\" style=\"\"><i class=\"et-icon-megaphone grve-text-primary-1\"><\/i><\/div><\/div>[\/vc_column][vc_column width=&#8221;1\/2&#8243; css=&#8221;.vc_custom_1684516657778{padding-right: 5% !important;padding-left: 5% !important;}&#8221;]<div class=\"grve-empty-space grve-height-1x\" style=\"\"><\/div><h3 class=\"grve-element grve-title grve-align-left grve-h3\" style=\"margin-bottom: 18px;\"><span><strong>Il Digital Innovation Hub (DIH) Marche<br \/>\n<\/strong><span class=\"grve-title-line grve-bg-primary-1\" style=\"width: 100px;height: 2px;\"><\/span><\/span><\/h3>[vc_column_text]Il <strong>DIGITAL INNOVATION HUB (DIH) Marche<\/strong> \u00e8 uno strumento elettronico finalizzato a supportare le imprese marchigiane nella crescita della loro competitivit\u00e0, da raggiungere con il miglioramento dei processi aziendali e produttivi e dei prodotti e servizi, attraverso la tecnologia digitale. Il DIH opera attraverso &#8220;antenne territoriali&#8221; e stimola la domanda di innovazione delle imprese rafforzando il livello di conoscenza e consapevolezza delle opportunit\u00e0 di Industria 4.0.[\/vc_column_text]<div class=\"grve-empty-space grve-height-1x\" style=\"\"><\/div><div class=\"grve-element grve-align-inherit grve-fluid-button\"><a href=\"https:\/\/www.dihmarche.it\/\" target=\"_blank\" rel=\"noopener noreferrer\" class=\"grve-btn grve-btn-medium grve-square grve-bg-primary-1 grve-bg-hover-blue\" style=\"max-width: 350px;\"><span>Scopri di pi\u00f9<\/span><\/a><\/div><div class=\"grve-empty-space grve-height-1x\" style=\"\"><\/div>[\/vc_column][\/vc_row][vc_row heading_color=&#8221;light&#8221; section_type=&#8221;fullwidth&#8221; bg_type=&#8221;color&#8221; padding_top_multiplier=&#8221;2x&#8221; padding_bottom_multiplier=&#8221;2x&#8221; font_color=&#8221;#ffffff&#8221; section_id=&#8221;news&#8221; bg_color=&#8221;#31b5ed&#8221;][vc_column width=&#8221;5\/12&#8243; css=&#8221;.vc_custom_1684434100626{padding-right: 5% !important;padding-left: 5% !important;}&#8221;]<div class=\"grve-empty-space grve-height-1x\" style=\"\"><\/div><div class=\"grve-element grve-image grve-align-center\" style=\"\">  <div class=\"grve-image-wrapper\"><a href=\"https:\/\/gtfondazione.org\/turismo\/digitalizzazione-sostenibilita-e-flessibilita-i-trend-per-il-turismo-2022\/\" target=\"_blank\" rel=\"noopener noreferrer\"><img loading=\"lazy\" decoding=\"async\" width=\"1024\" height=\"464\" src=\"https:\/\/start.conform.it\/wp-content\/uploads\/2023\/05\/Digitisation-sustainability-and-flexibility-trends-for-tourism-2022-1024x464.webp\" class=\"attachment-large size-large\" alt=\"Digitisation, sustainability and flexibility trends for tourism 2022\" srcset=\"https:\/\/start.conform.it\/wp-content\/uploads\/2023\/05\/Digitisation-sustainability-and-flexibility-trends-for-tourism-2022-1024x464.webp 1024w, https:\/\/start.conform.it\/wp-content\/uploads\/2023\/05\/Digitisation-sustainability-and-flexibility-trends-for-tourism-2022-300x136.webp 300w, https:\/\/start.conform.it\/wp-content\/uploads\/2023\/05\/Digitisation-sustainability-and-flexibility-trends-for-tourism-2022-768x348.webp 768w, https:\/\/start.conform.it\/wp-content\/uploads\/2023\/05\/Digitisation-sustainability-and-flexibility-trends-for-tourism-2022.webp 1280w\" sizes=\"auto, (max-width: 1024px) 100vw, 1024px\" \/><\/a>   <\/div><\/div><div class=\"grve-empty-space grve-height-1x\" style=\"\"><\/div>[\/vc_column][vc_column width=&#8221;1\/12&#8243;]<div class=\"grve-empty-space grve-height-1x\" style=\"\"><\/div><div class=\"grve-element grve-single-icon grve-align-center grve-medium\" style=\"\">  <div class=\"grve-wrapper-icon grve-no-shape\" style=\"\"><i class=\"et-icon-megaphone grve-text-white\"><\/i><\/div><\/div>[\/vc_column][vc_column width=&#8221;1\/2&#8243; css=&#8221;.vc_custom_1684514327361{padding-right: 5% !important;padding-left: 5% !important;}&#8221;]<div class=\"grve-empty-space grve-height-1x\" style=\"\"><\/div><h3 class=\"grve-element grve-title grve-align-left grve-h3\" style=\"margin-bottom: 18px;\"><span><strong>Digitalizzazione, sostenibilit\u00e0 e flessibilit\u00e0: le tendenze per il turismo 2022<\/strong><span class=\"grve-title-line grve-bg-primary-1\" style=\"width: 100px;height: 2px;\"><\/span><\/span><\/h3>[vc_column_text]L&#8217;<strong>approccio digitale<\/strong>, l&#8217;attenzione alla sostenibilit\u00e0 ambientale e la ricerca di nuovi modi di intendere il viaggio stanno cambiando il mondo del turismo, facendo emergere nuove tendenze. Il settore non pu\u00f2 ormai ignorare i segnali di cambiamento post-pandemico, che riguardano sia l&#8217;offerta che la domanda e che possiamo riassumere in 5 tendenze[\/vc_column_text]<div class=\"grve-empty-space grve-height-1x\" style=\"\"><\/div><div class=\"grve-element grve-align-inherit grve-fluid-button\"><a href=\"https:\/\/gtfondazione.org\/turismo\/digitalizzazione-sostenibilita-e-flessibilita-i-trend-per-il-turismo-2022\/\" target=\"_blank\" rel=\"noopener noreferrer\" class=\"grve-btn grve-btn-medium grve-square grve-bg-primary-1 grve-bg-hover-white\" style=\"max-width: 350px;\"><span>Scopri di pi\u00f9<\/span><\/a><\/div><div class=\"grve-empty-space grve-height-1x\" style=\"\"><\/div>[\/vc_column][\/vc_row][vc_row heading_color=&#8221;primary-1&#8243; section_type=&#8221;fullwidth&#8221; bg_type=&#8221;image&#8221; color_overlay=&#8221;custom&#8221; color_overlay_custom=&#8221;#ffffff&#8221; padding_top_multiplier=&#8221;2x&#8221; padding_bottom_multiplier=&#8221;2x&#8221; parallax_style=&#8221;vcpb-default&#8221; bg_image_new=&#8221;id^16416|url^https:\/\/start.conform.it\/wp-content\/uploads\/2023\/01\/IMG-OBIETTIVI_1920x1440.webp|caption^null|alt^null|title^IMG-OBIETTIVI_1920x1440|description^null&#8221; bg_image_repeat=&#8221;no-repeat&#8221; bg_override=&#8221;ex-full&#8221; font_color=&#8221;#4f4f4f&#8221;][vc_column width=&#8221;5\/12&#8243; css=&#8221;.vc_custom_1684434100626{padding-right: 5% !important;padding-left: 5% !important;}&#8221;]<div class=\"grve-empty-space grve-height-1x\" style=\"\"><\/div><div class=\"grve-element grve-image grve-align-center\" style=\"\">  <div class=\"grve-image-wrapper\"><a href=\"https:\/\/a8inea.com\/wp-content\/uploads\/2022\/06\/SustainableTourismReport.pdf\" target=\"_blank\" rel=\"noopener noreferrer\"><img loading=\"lazy\" decoding=\"async\" width=\"1024\" height=\"464\" src=\"https:\/\/start.conform.it\/wp-content\/uploads\/2023\/05\/Eco-friendly-Greece-Research-on-Sustainable-Tourism-1024x464.webp\" class=\"attachment-large size-large\" alt=\"Eco-friendly Greece - Research on Sustainable Tourism\" srcset=\"https:\/\/start.conform.it\/wp-content\/uploads\/2023\/05\/Eco-friendly-Greece-Research-on-Sustainable-Tourism-1024x464.webp 1024w, https:\/\/start.conform.it\/wp-content\/uploads\/2023\/05\/Eco-friendly-Greece-Research-on-Sustainable-Tourism-300x136.webp 300w, https:\/\/start.conform.it\/wp-content\/uploads\/2023\/05\/Eco-friendly-Greece-Research-on-Sustainable-Tourism-768x348.webp 768w, https:\/\/start.conform.it\/wp-content\/uploads\/2023\/05\/Eco-friendly-Greece-Research-on-Sustainable-Tourism.webp 1280w\" sizes=\"auto, (max-width: 1024px) 100vw, 1024px\" \/><\/a>   <\/div><\/div><div class=\"grve-empty-space grve-height-1x\" style=\"\"><\/div>[\/vc_column][vc_column width=&#8221;1\/12&#8243;]<div class=\"grve-empty-space grve-height-1x\" style=\"\"><\/div><div class=\"grve-element grve-single-icon grve-align-center grve-medium\" style=\"\">  <div class=\"grve-wrapper-icon grve-no-shape\" style=\"\"><i class=\"et-icon-megaphone grve-text-primary-1\"><\/i><\/div><\/div>[\/vc_column][vc_column width=&#8221;1\/2&#8243; css=&#8221;.vc_custom_1684516657778{padding-right: 5% !important;padding-left: 5% !important;}&#8221;]<div class=\"grve-empty-space grve-height-1x\" style=\"\"><\/div><h3 class=\"grve-element grve-title grve-align-left grve-h3\" style=\"margin-bottom: 18px;\"><span><strong>Grecia ecologica: Ricerca sul turismo sostenibile<\/strong><span class=\"grve-title-line grve-bg-primary-1\" style=\"width: 100px;height: 2px;\"><\/span><\/span><\/h3>[vc_column_text]Come potrebbe la<strong> Grecia<\/strong> diventare una destinazione turistica &#8220;<strong>eco-friendly<\/strong>&#8221; entro il prossimo decennio, beneficiando delle tendenze in rapido sviluppo descritte dal rapporto &#8220;<strong>turismo sostenibile<\/strong>&#8220;?<br \/>\nLa ricerca condotta da athinea con il supporto del gruppo Sani\/Ikos &#8220;Grecia Eco-friendly: le migliori pratiche di turismo sostenibile di 21 resort in tutto il mondo&#8221; cerca di far luce su questa domanda chiave.[\/vc_column_text]<div class=\"grve-empty-space grve-height-1x\" style=\"\"><\/div><div class=\"grve-element grve-align-inherit grve-fluid-button\"><a href=\"https:\/\/a8inea.com\/wp-content\/uploads\/2022\/06\/SustainableTourismReport.pdf\" target=\"_blank\" rel=\"noopener noreferrer\" class=\"grve-btn grve-btn-medium grve-square grve-bg-primary-1 grve-bg-hover-blue\" style=\"max-width: 350px;\"><span>Scopri di pi\u00f9<\/span><\/a><\/div><div class=\"grve-empty-space grve-height-1x\" style=\"\"><\/div>[\/vc_column][\/vc_row][vc_row heading_color=&#8221;light&#8221; section_type=&#8221;fullwidth&#8221; bg_type=&#8221;color&#8221; padding_top_multiplier=&#8221;2x&#8221; padding_bottom_multiplier=&#8221;2x&#8221; font_color=&#8221;#ffffff&#8221; section_id=&#8221;news&#8221; bg_color=&#8221;#31b5ed&#8221;][vc_column width=&#8221;5\/12&#8243; css=&#8221;.vc_custom_1684434100626{padding-right: 5% !important;padding-left: 5% !important;}&#8221;]<div class=\"grve-empty-space grve-height-1x\" style=\"\"><\/div><div class=\"grve-element grve-image grve-align-center\" style=\"\">  <div class=\"grve-image-wrapper\"><a href=\"https:\/\/www.marcheoutdoor.it\/\" target=\"_blank\" rel=\"noopener noreferrer\"><img loading=\"lazy\" decoding=\"async\" width=\"1024\" height=\"464\" src=\"https:\/\/start.conform.it\/wp-content\/uploads\/2023\/05\/Marche-Outdoor-promotes-sustainable-tourism-1024x464.webp\" class=\"attachment-large size-large\" alt=\"Marche Outdoor promotes sustainable tourism\" srcset=\"https:\/\/start.conform.it\/wp-content\/uploads\/2023\/05\/Marche-Outdoor-promotes-sustainable-tourism-1024x464.webp 1024w, https:\/\/start.conform.it\/wp-content\/uploads\/2023\/05\/Marche-Outdoor-promotes-sustainable-tourism-300x136.webp 300w, https:\/\/start.conform.it\/wp-content\/uploads\/2023\/05\/Marche-Outdoor-promotes-sustainable-tourism-768x348.webp 768w, https:\/\/start.conform.it\/wp-content\/uploads\/2023\/05\/Marche-Outdoor-promotes-sustainable-tourism.webp 1280w\" sizes=\"auto, (max-width: 1024px) 100vw, 1024px\" \/><\/a>   <\/div><\/div><div class=\"grve-empty-space grve-height-1x\" style=\"\"><\/div>[\/vc_column][vc_column width=&#8221;1\/12&#8243;]<div class=\"grve-empty-space grve-height-1x\" style=\"\"><\/div><div class=\"grve-element grve-single-icon grve-align-center grve-medium\" style=\"\">  <div class=\"grve-wrapper-icon grve-no-shape\" style=\"\"><i class=\"et-icon-megaphone grve-text-white\"><\/i><\/div><\/div>[\/vc_column][vc_column width=&#8221;1\/2&#8243; css=&#8221;.vc_custom_1684514327361{padding-right: 5% !important;padding-left: 5% !important;}&#8221;]<div class=\"grve-empty-space grve-height-1x\" style=\"\"><\/div><h3 class=\"grve-element grve-title grve-align-left grve-h3\" style=\"margin-bottom: 18px;\"><span><strong>Marche Outdoor promuove il turismo sostenibile<\/strong><span class=\"grve-title-line grve-bg-primary-1\" style=\"width: 100px;height: 2px;\"><\/span><\/span><\/h3>[vc_column_text]<strong>Marche Outdoor<\/strong> \u00e8 un progetto che mira a promuovere il territorio regionale marchigiano attraverso la geo-mappatura e la sistematizzazione di itinerari che attraversano il paesaggio marchigiano, dal mare alla montagna, e che possono essere percorsi in bicicletta o a piedi.[\/vc_column_text]<div class=\"grve-empty-space grve-height-1x\" style=\"\"><\/div><div class=\"grve-element grve-align-inherit grve-fluid-button\"><a href=\"https:\/\/www.marcheoutdoor.it\/\" target=\"_blank\" rel=\"noopener noreferrer\" class=\"grve-btn grve-btn-medium grve-square grve-bg-primary-1 grve-bg-hover-white\" style=\"max-width: 350px;\"><span>Scopri di pi\u00f9<\/span><\/a><\/div><div class=\"grve-empty-space grve-height-1x\" style=\"\"><\/div>[\/vc_column][\/vc_row][vc_row heading_color=&#8221;primary-1&#8243; section_type=&#8221;fullwidth&#8221; bg_type=&#8221;image&#8221; color_overlay=&#8221;custom&#8221; color_overlay_custom=&#8221;#ffffff&#8221; padding_top_multiplier=&#8221;2x&#8221; padding_bottom_multiplier=&#8221;2x&#8221; parallax_style=&#8221;vcpb-default&#8221; bg_image_new=&#8221;id^16416|url^https:\/\/start.conform.it\/wp-content\/uploads\/2023\/01\/IMG-OBIETTIVI_1920x1440.webp|caption^null|alt^null|title^IMG-OBIETTIVI_1920x1440|description^null&#8221; bg_image_repeat=&#8221;no-repeat&#8221; bg_override=&#8221;ex-full&#8221; font_color=&#8221;#4f4f4f&#8221;][vc_column width=&#8221;5\/12&#8243; css=&#8221;.vc_custom_1684434100626{padding-right: 5% !important;padding-left: 5% !important;}&#8221;]<div class=\"grve-empty-space grve-height-1x\" style=\"\"><\/div><div class=\"grve-element grve-image grve-align-center\" style=\"\">  <div class=\"grve-image-wrapper\"><a href=\"https:\/\/blog.thessaloniki.travel\/el\/wandering\/kontines-ekdromes\/65-rural-stories-of-thessaloniki-gr\" target=\"_blank\" rel=\"noopener noreferrer\"><img loading=\"lazy\" decoding=\"async\" width=\"1024\" height=\"464\" src=\"https:\/\/start.conform.it\/wp-content\/uploads\/2023\/05\/Rural-Stories-of-Thessaloniki-1024x464.webp\" class=\"attachment-large size-large\" alt=\"Rural Stories of Thessaloniki\" srcset=\"https:\/\/start.conform.it\/wp-content\/uploads\/2023\/05\/Rural-Stories-of-Thessaloniki-1024x464.webp 1024w, https:\/\/start.conform.it\/wp-content\/uploads\/2023\/05\/Rural-Stories-of-Thessaloniki-300x136.webp 300w, https:\/\/start.conform.it\/wp-content\/uploads\/2023\/05\/Rural-Stories-of-Thessaloniki-768x348.webp 768w, https:\/\/start.conform.it\/wp-content\/uploads\/2023\/05\/Rural-Stories-of-Thessaloniki.webp 1280w\" sizes=\"auto, (max-width: 1024px) 100vw, 1024px\" \/><\/a>   <\/div><\/div><div class=\"grve-empty-space grve-height-1x\" style=\"\"><\/div>[\/vc_column][vc_column width=&#8221;1\/12&#8243;]<div class=\"grve-empty-space grve-height-1x\" style=\"\"><\/div><div class=\"grve-element grve-single-icon grve-align-center grve-medium\" style=\"\">  <div class=\"grve-wrapper-icon grve-no-shape\" style=\"\"><i class=\"et-icon-megaphone grve-text-primary-1\"><\/i><\/div><\/div>[\/vc_column][vc_column width=&#8221;1\/2&#8243; css=&#8221;.vc_custom_1684516657778{padding-right: 5% !important;padding-left: 5% !important;}&#8221;]<div class=\"grve-empty-space grve-height-1x\" style=\"\"><\/div><h3 class=\"grve-element grve-title grve-align-left grve-h3\" style=\"margin-bottom: 18px;\"><span><strong>Storie rurali di Salonicco: Campagna dell&#8217;Organizzazione del Turismo di Salonicco per il turismo sostenibile e lo sviluppo rurale <\/strong><span class=\"grve-title-line grve-bg-primary-1\" style=\"width: 100px;height: 2px;\"><\/span><\/span><\/h3>[vc_column_text]L&#8217;Organizzazione del Turismo di Salonicco (TTO) ha lanciato una campagna che promuove il lato rurale della citt\u00e0 portuale settentrionale agli utenti dei media digitali di oltre 20 paesi in tutto il mondo. Intitolata &#8220;<strong>Storie rurali di Salonicco<\/strong>&#8220;, la campagna comprende un breve video che presenta la natura unica della zona e gli sforzi dell&#8217;organizzazione per promuovere un turismo sostenibile nel rispetto dell&#8217;ambiente e della cultura locale. La campagna &#8220;Storie rurali di Salonicco&#8221; \u00e8 stata creata dopo un&#8217;approfondita ricerca e un intenso lavoro da parte di organizzazioni e cittadini, oltre che da un gruppo di importanti registi.[\/vc_column_text]<div class=\"grve-empty-space grve-height-1x\" style=\"\"><\/div><div class=\"grve-element grve-align-inherit grve-fluid-button\"><a href=\"https:\/\/blog.thessaloniki.travel\/el\/wandering\/kontines-ekdromes\/65-rural-stories-of-thessaloniki-gr\" target=\"_blank\" rel=\"noopener noreferrer\" class=\"grve-btn grve-btn-medium grve-square grve-bg-primary-1 grve-bg-hover-blue\" style=\"max-width: 350px;\"><span>Scopri di pi\u00f9<\/span><\/a><\/div><div class=\"grve-empty-space grve-height-1x\" style=\"\"><\/div>[\/vc_column][\/vc_row][vc_row heading_color=&#8221;light&#8221; section_type=&#8221;fullwidth&#8221; bg_type=&#8221;color&#8221; padding_top_multiplier=&#8221;2x&#8221; padding_bottom_multiplier=&#8221;2x&#8221; font_color=&#8221;#ffffff&#8221; section_id=&#8221;news&#8221; bg_color=&#8221;#31b5ed&#8221;][vc_column width=&#8221;5\/12&#8243; css=&#8221;.vc_custom_1684434100626{padding-right: 5% !important;padding-left: 5% !important;}&#8221;]<div class=\"grve-empty-space grve-height-1x\" style=\"\"><\/div><div class=\"grve-element grve-image grve-align-center\" style=\"\">  <div class=\"grve-image-wrapper\"><a href=\"https:\/\/sustainablegreece.co.uk\/\" target=\"_blank\" rel=\"noopener noreferrer\"><img loading=\"lazy\" decoding=\"async\" width=\"1024\" height=\"464\" src=\"https:\/\/start.conform.it\/wp-content\/uploads\/2023\/05\/Sustainable-Greece-greek-tourism-board-launches-new-sustainable-travel-hub-1024x464.webp\" class=\"attachment-large size-large\" alt=\"Sustainable Greece greek tourism board launches new sustainable travel hub\" srcset=\"https:\/\/start.conform.it\/wp-content\/uploads\/2023\/05\/Sustainable-Greece-greek-tourism-board-launches-new-sustainable-travel-hub-1024x464.webp 1024w, https:\/\/start.conform.it\/wp-content\/uploads\/2023\/05\/Sustainable-Greece-greek-tourism-board-launches-new-sustainable-travel-hub-300x136.webp 300w, https:\/\/start.conform.it\/wp-content\/uploads\/2023\/05\/Sustainable-Greece-greek-tourism-board-launches-new-sustainable-travel-hub-768x348.webp 768w, https:\/\/start.conform.it\/wp-content\/uploads\/2023\/05\/Sustainable-Greece-greek-tourism-board-launches-new-sustainable-travel-hub.webp 1280w\" sizes=\"auto, (max-width: 1024px) 100vw, 1024px\" \/><\/a>   <\/div><\/div><div class=\"grve-empty-space grve-height-1x\" style=\"\"><\/div>[\/vc_column][vc_column width=&#8221;1\/12&#8243;]<div class=\"grve-empty-space grve-height-1x\" style=\"\"><\/div><div class=\"grve-element grve-single-icon grve-align-center grve-medium\" style=\"\">  <div class=\"grve-wrapper-icon grve-no-shape\" style=\"\"><i class=\"et-icon-megaphone grve-text-white\"><\/i><\/div><\/div>[\/vc_column][vc_column width=&#8221;1\/2&#8243; css=&#8221;.vc_custom_1684514327361{padding-right: 5% !important;padding-left: 5% !important;}&#8221;]<div class=\"grve-empty-space grve-height-1x\" style=\"\"><\/div><h3 class=\"grve-element grve-title grve-align-left grve-h3\" style=\"margin-bottom: 18px;\"><span><strong>Grecia sostenibile: l&#8217;ente del turismo greco lancia un nuovo hub per i viaggi sostenibili<\/strong><span class=\"grve-title-line grve-bg-primary-1\" style=\"width: 100px;height: 2px;\"><\/span><\/span><\/h3>[vc_column_text]Creata dall&#8217;Ente Nazionale Greco per il Turismo del Regno Unito, la <strong>Grecia Sostenibile \u00e8 una piattaforma per evidenziare e promuovere le numerose iniziative sostenibili in Grecia<\/strong>. Con l&#8217;obiettivo di incoraggiare i viaggiatori britannici a visitare ed esplorare la Grecia in modo da favorire e valorizzare le comunit\u00e0 locali e le bellezze naturali, la piattaforma Grecia Sostenibile ospita una serie di storie ispiratrici provenienti da tutto il Paese per dimostrare come la Grecia stia cercando di affrontare le sfide del futuro attraverso una trasformazione sostenibile del suo settore turistico.[\/vc_column_text]<div class=\"grve-empty-space grve-height-1x\" style=\"\"><\/div><div class=\"grve-element grve-align-inherit grve-fluid-button\"><a href=\"https:\/\/sustainablegreece.co.uk\/\" target=\"_blank\" rel=\"noopener noreferrer\" class=\"grve-btn grve-btn-medium grve-square grve-bg-primary-1 grve-bg-hover-white\" style=\"max-width: 350px;\"><span>Scopri di pi\u00f9<\/span><\/a><\/div><div class=\"grve-empty-space grve-height-1x\" style=\"\"><\/div>[\/vc_column][\/vc_row][vc_row heading_color=&#8221;primary-1&#8243; section_type=&#8221;fullwidth&#8221; bg_type=&#8221;image&#8221; color_overlay=&#8221;custom&#8221; color_overlay_custom=&#8221;#ffffff&#8221; padding_top_multiplier=&#8221;2x&#8221; padding_bottom_multiplier=&#8221;2x&#8221; parallax_style=&#8221;vcpb-default&#8221; bg_image_new=&#8221;id^16416|url^https:\/\/start.conform.it\/wp-content\/uploads\/2023\/01\/IMG-OBIETTIVI_1920x1440.webp|caption^null|alt^null|title^IMG-OBIETTIVI_1920x1440|description^null&#8221; bg_image_repeat=&#8221;no-repeat&#8221; bg_override=&#8221;ex-full&#8221; font_color=&#8221;#4f4f4f&#8221;][vc_column width=&#8221;5\/12&#8243; css=&#8221;.vc_custom_1684434100626{padding-right: 5% !important;padding-left: 5% !important;}&#8221;]<div class=\"grve-empty-space grve-height-1x\" style=\"\"><\/div><div class=\"grve-element grve-image grve-align-center\" style=\"\">  <div class=\"grve-image-wrapper\"><a href=\"https:\/\/www.hosteltur.com\/155307_nueva-edicion-de-los-planes-de-sostenibilidad-478-m-para-los-destinos.html#:~:text=El%20Gobierno%20y%20las%20comunidades,de%20Recuperaci%C3%B3n%2C%20Transformaci%C3%B3n%20y%20Resiliencia.\" target=\"_blank\" rel=\"noopener noreferrer\"><img loading=\"lazy\" decoding=\"async\" width=\"1024\" height=\"464\" src=\"https:\/\/start.conform.it\/wp-content\/uploads\/2023\/05\/New-edition-of-the-Sustainability-Plans-478-ME-for-destinations-1024x464.webp\" class=\"attachment-large size-large\" alt=\"New edition of the Sustainability Plans 478 M\u20ac for destinations\" srcset=\"https:\/\/start.conform.it\/wp-content\/uploads\/2023\/05\/New-edition-of-the-Sustainability-Plans-478-ME-for-destinations-1024x464.webp 1024w, https:\/\/start.conform.it\/wp-content\/uploads\/2023\/05\/New-edition-of-the-Sustainability-Plans-478-ME-for-destinations-300x136.webp 300w, https:\/\/start.conform.it\/wp-content\/uploads\/2023\/05\/New-edition-of-the-Sustainability-Plans-478-ME-for-destinations-768x348.webp 768w, https:\/\/start.conform.it\/wp-content\/uploads\/2023\/05\/New-edition-of-the-Sustainability-Plans-478-ME-for-destinations.webp 1280w\" sizes=\"auto, (max-width: 1024px) 100vw, 1024px\" \/><\/a>   <\/div><\/div><div class=\"grve-empty-space grve-height-1x\" style=\"\"><\/div>[\/vc_column][vc_column width=&#8221;1\/12&#8243;]<div class=\"grve-empty-space grve-height-1x\" style=\"\"><\/div><div class=\"grve-element grve-single-icon grve-align-center grve-medium\" style=\"\">  <div class=\"grve-wrapper-icon grve-no-shape\" style=\"\"><i class=\"et-icon-megaphone grve-text-primary-1\"><\/i><\/div><\/div>[\/vc_column][vc_column width=&#8221;1\/2&#8243; css=&#8221;.vc_custom_1684516657778{padding-right: 5% !important;padding-left: 5% !important;}&#8221;]<div class=\"grve-empty-space grve-height-1x\" style=\"\"><\/div><h3 class=\"grve-element grve-title grve-align-left grve-h3\" style=\"margin-bottom: 18px;\"><span><strong>Nuova edizione dei Piani di sostenibilit\u00e0: 478 M\u20ac per le destinazioni <\/strong><span class=\"grve-title-line grve-bg-primary-1\" style=\"width: 100px;height: 2px;\"><\/span><\/span><\/h3>[vc_column_text]Lo scorso gennaio \u00e8 stata lanciata dal Governo e dalle Comunit\u00e0 autonome una nuova edizione dei <strong>Piani di Sostenibilit\u00e0 Turistica<\/strong>, dotata di <strong>478 milioni di euro<\/strong> provenienti dal <strong>Piano di ripresa, trasformazione e resilienza<\/strong>. Si tratta della 3\u00aa edizione dei Piani di Sostenibilit\u00e0 Turistica che sono destinati a progetti in cui la sostenibilit\u00e0 ambientale e la digitalizzazione sono prioritarie per ottenere un turismo pi\u00f9 competitivo e di qualit\u00e0. Quest&#8217;anno le priorit\u00e0 sono il &#8220;sole-sabbia&#8221; e il turismo blu.[\/vc_column_text]<div class=\"grve-empty-space grve-height-1x\" style=\"\"><\/div><div class=\"grve-element grve-align-inherit grve-fluid-button\"><a href=\"https:\/\/www.hosteltur.com\/155307_nueva-edicion-de-los-planes-de-sostenibilidad-478-m-para-los-destinos.html#:~:text=El%20Gobierno%20y%20las%20comunidades,de%20Recuperaci%C3%B3n%2C%20Transformaci%C3%B3n%20y%20Resiliencia.\" target=\"_blank\" rel=\"noopener noreferrer\" class=\"grve-btn grve-btn-medium grve-square grve-bg-primary-1 grve-bg-hover-blue\" style=\"max-width: 350px;\"><span>Scopri di pi\u00f9<\/span><\/a><\/div><div class=\"grve-empty-space grve-height-1x\" style=\"\"><\/div>[\/vc_column][\/vc_row][vc_row heading_color=&#8221;light&#8221; section_type=&#8221;fullwidth&#8221; bg_type=&#8221;color&#8221; padding_top_multiplier=&#8221;2x&#8221; padding_bottom_multiplier=&#8221;2x&#8221; font_color=&#8221;#ffffff&#8221; section_id=&#8221;news&#8221; bg_color=&#8221;#31b5ed&#8221;][vc_column width=&#8221;5\/12&#8243; css=&#8221;.vc_custom_1684434100626{padding-right: 5% !important;padding-left: 5% !important;}&#8221;]<div class=\"grve-empty-space grve-height-1x\" style=\"\"><\/div><div class=\"grve-element grve-image grve-align-center\" style=\"\">  <div class=\"grve-image-wrapper\"><a href=\"https:\/\/www.hosteltur.com\/156277_espana-quiere-ser-referente-de-sostenibilidad-para-el-turismo-britanico.html\" target=\"_blank\" rel=\"noopener noreferrer\"><img loading=\"lazy\" decoding=\"async\" width=\"1024\" height=\"464\" src=\"https:\/\/start.conform.it\/wp-content\/uploads\/2023\/05\/Spain-wants-to-be-a-reference-of-sustainability-for-British-Tourism-1024x464.webp\" class=\"attachment-large size-large\" alt=\"Spain wants to be a reference of sustainability for British Tourism\" srcset=\"https:\/\/start.conform.it\/wp-content\/uploads\/2023\/05\/Spain-wants-to-be-a-reference-of-sustainability-for-British-Tourism-1024x464.webp 1024w, https:\/\/start.conform.it\/wp-content\/uploads\/2023\/05\/Spain-wants-to-be-a-reference-of-sustainability-for-British-Tourism-300x136.webp 300w, https:\/\/start.conform.it\/wp-content\/uploads\/2023\/05\/Spain-wants-to-be-a-reference-of-sustainability-for-British-Tourism-768x348.webp 768w, https:\/\/start.conform.it\/wp-content\/uploads\/2023\/05\/Spain-wants-to-be-a-reference-of-sustainability-for-British-Tourism.webp 1280w\" sizes=\"auto, (max-width: 1024px) 100vw, 1024px\" \/><\/a>   <\/div><\/div><div class=\"grve-empty-space grve-height-1x\" style=\"\"><\/div>[\/vc_column][vc_column width=&#8221;1\/12&#8243;]<div class=\"grve-empty-space grve-height-1x\" style=\"\"><\/div><div class=\"grve-element grve-single-icon grve-align-center grve-medium\" style=\"\">  <div class=\"grve-wrapper-icon grve-no-shape\" style=\"\"><i class=\"et-icon-megaphone grve-text-white\"><\/i><\/div><\/div>[\/vc_column][vc_column width=&#8221;1\/2&#8243; css=&#8221;.vc_custom_1684514327361{padding-right: 5% !important;padding-left: 5% !important;}&#8221;]<div class=\"grve-empty-space grve-height-1x\" style=\"\"><\/div><h3 class=\"grve-element grve-title grve-align-left grve-h3\" style=\"margin-bottom: 18px;\"><span><strong>La Spagna vuole essere un riferimento di sostenibilit\u00e0 per il turismo britannico<\/strong><span class=\"grve-title-line grve-bg-primary-1\" style=\"width: 100px;height: 2px;\"><\/span><\/span><\/h3>[vc_column_text]Il 26 aprile 2023 l&#8217;Ufficio del Turismo spagnolo ha ospitato la <strong>prima Giornata della Sostenibilit\u00e0<\/strong> per affrontare le nuove sfide del turismo, dal cambiamento climatico all&#8217;over-tourism e alle crisi sanitarie, e presentare le iniziative sostenibili attuate in Spagna. L&#8217;evento consisteva in una conferenza pomeridiana composta da tre panel. Il primo era dedicato alla decarbonizzazione &#8211; la transizione verso zero emissioni; il secondo riguardo il sociale e la creazione di luoghi migliori in cui vivere, lavorare e visitare; il terzo al futuro del trasporto sostenibile. In serata si sono svolti gli Spain&#8217;s Sustainable Media Awards.[\/vc_column_text]<div class=\"grve-empty-space grve-height-1x\" style=\"\"><\/div><div class=\"grve-element grve-align-inherit grve-fluid-button\"><a href=\"https:\/\/www.hosteltur.com\/156277_espana-quiere-ser-referente-de-sostenibilidad-para-el-turismo-britanico.html\" target=\"_blank\" rel=\"noopener noreferrer\" class=\"grve-btn grve-btn-medium grve-square grve-bg-primary-1 grve-bg-hover-white\" style=\"max-width: 350px;\"><span>Scopri di pi\u00f9<\/span><\/a><\/div><div class=\"grve-empty-space grve-height-1x\" style=\"\"><\/div>[\/vc_column][\/vc_row][vc_row heading_color=&#8221;primary-1&#8243; section_type=&#8221;fullwidth&#8221; bg_type=&#8221;image&#8221; color_overlay=&#8221;custom&#8221; color_overlay_custom=&#8221;#ffffff&#8221; padding_top_multiplier=&#8221;2x&#8221; padding_bottom_multiplier=&#8221;2x&#8221; parallax_style=&#8221;vcpb-default&#8221; bg_image_new=&#8221;id^16416|url^https:\/\/start.conform.it\/wp-content\/uploads\/2023\/01\/IMG-OBIETTIVI_1920x1440.webp|caption^null|alt^null|title^IMG-OBIETTIVI_1920x1440|description^null&#8221; bg_image_repeat=&#8221;no-repeat&#8221; bg_override=&#8221;ex-full&#8221; font_color=&#8221;#4f4f4f&#8221; section_id=&#8221;newsletters&#8221;][vc_column css=&#8221;.vc_custom_1684434100626{padding-right: 5% !important;padding-left: 5% !important;}&#8221;]<div class=\"grve-empty-space grve-height-1x\" style=\"\"><\/div><div class=\"grve-element grve-single-icon grve-align-center grve-medium grve-animated-item grve-fade-in-down grve-duration-normal grve-hover-effect grve-with-shape\" style=\"\" data-delay=\"400\"><a href=\"#newsletters\" title=\"NEWSLETTERS\">  <div class=\"grve-wrapper-icon grve-outline grve-square grve-text-primary-1\" style=\"\"><i class=\"et-icon-envelope grve-text-primary-1\"><\/i><\/div><\/a><\/div><div class=\"grve-empty-space grve-height-1x\" style=\"\"><\/div>[\/vc_column][\/vc_row][vc_row heading_color=&#8221;light&#8221; bg_type=&#8221;image&#8221; bg_image=&#8221;16815&#8243; bg_image_type=&#8221;parallax&#8221; color_overlay=&#8221;primary-2&#8243; opacity_overlay=&#8221;70&#8243; padding_top_multiplier=&#8221;6x&#8221; padding_bottom_multiplier=&#8221;6x&#8221; parallax_sensor=&#8221;550&#8243; font_color=&#8221;#ffffff&#8221; section_id=&#8221;newsletters&#8221;][vc_column width=&#8221;1\/6&#8243;][\/vc_column][vc_column width=&#8221;2\/3&#8243;]<h3 class=\"grve-element grve-title grve-align-center grve-h6\" style=\"\"><span><br>\n<h1>Newsletters<\/h1>\n<span class=\"grve-title-line grve-bg-white\" style=\"width: 50px;height: 2px;\"><\/span><\/span><\/h3>[vc_column_text]<\/p>\n<p style=\"text-align: center;\">In questa sezione \u00e8 possibile scaricare le newsletter che contengono informazioni sulle attivit\u00e0 del progetto.<\/p>\n<p>[\/vc_column_text][\/vc_column][vc_column width=&#8221;1\/6&#8243;][\/vc_column][\/vc_row][vc_row][vc_column]<div class=\"grve-empty-space grve-height-1x\" style=\"\"><\/div><div class=\"ult-ih-container ult-adjust-bottom-margin  \" >\t<ul class=\"ult-ih-list \"  data-shape=\"square\"  data-width=\"200\"  data-height=\"200\"  style=\"text-align:center; \"><li id=\"ult-ih-list-item-6769\" class=\"ult-ih-list-item\" style=\"height: 200px; width: 200px;  margin: 15px\"><a class=\"ult-ih-link\" href=\"https:\/\/start.conform.it\/wp-content\/uploads\/2024\/01\/1ST-NEWSLETTER-START-IT.pdf\" target=\"_blank\" rel=\"noopener\"  ><div style=\"height: 200px; width: 200px; \" class=\"ult-ih-item ult-ih-effect17    \"><div class=\"ult-ih-image-block\" style=\"height: 200px; width: 200px; \">\t<div class=\"ult-ih-wrapper\" style=\"border-style: solid; border-color: rgba(255,255,255,0.2); border-width: 20px;\"><\/div>\t<img decoding=\"async\" class=\"ult-ih-image\" src=\"https:\/\/start.conform.it\/wp-content\/uploads\/2023\/11\/newsletter-1.png\" alt=\"null\"><\/div><div class=\"ult-ih-info\" style=\"background-color: #31b5ed; \">\t<div class=\"ult-ih-info-back\">\t<div class=\"ult-ih-content\">\t\t\t<div class=\"ult-ih-heading-block\" style=\"\">\t\t\t\t<h3 class=\"ult-ih-heading ult-responsive\" style=\"color:#ffffff;\"  data-ultimate-target='#ult-ih-list-item-6769 .ult-ih-heading'  data-responsive-json-new='{\"font-size\":\"desktop:22px;\",\"line-height\":\"desktop:28px;\"}' >Read more!<\/h3>\t\t\t<\/div>\t\t\t<div class=\"ult-ih-divider-block\" style=\"height:1px;\">\t\t\t\t<span class=\"ult-ih-line\" style=\"border-style:solid;border-color:rgba(255,255,255,0.75);width:100px;border-width:1px;\"><\/span>\t\t\t<\/div>\t\t\t<div class=\"ult-ih-description-block\" style=\"\">\t\t\t\t<div class=\"ult-ih-description ult-responsive\" style=\"color:#f7f7f7;\"  data-ultimate-target='#ult-ih-list-item-6769 .ult-ih-description, #ult-ih-list-item-6769 .ult-ih-description p'  data-responsive-json-new='{\"font-size\":\"desktop:12px;\",\"line-height\":\"desktop:18px;\"}' ><p>What Are The Objectives Of The Start Project?<\/p>\n\t\t\t\t<\/div>\t\t\t<\/div>\t<\/div>\t<\/div><\/div><\/div><\/a><\/li><li id=\"ult-ih-list-item-2252\" class=\"ult-ih-list-item\" style=\"height: 200px; width: 200px;  margin: 15px\"><a class=\"ult-ih-link\" href=\"https:\/\/start.conform.it\/wp-content\/uploads\/2024\/01\/2ND-NEWSLETTER-START-IT.pdf\" target=\"_blank\" rel=\"noopener\"  ><div style=\"height: 200px; width: 200px; \" class=\"ult-ih-item ult-ih-effect17    \"><div class=\"ult-ih-image-block\" style=\"height: 200px; width: 200px; \">\t<div class=\"ult-ih-wrapper\" style=\"border-style: solid; border-color: rgba(255,255,255,0.2); border-width: 20px;\"><\/div>\t<img decoding=\"async\" class=\"ult-ih-image\" src=\"https:\/\/start.conform.it\/wp-content\/uploads\/2023\/11\/newsletter-2.png\" alt=\"null\"><\/div><div class=\"ult-ih-info\" style=\"background-color: #31b5ed; \">\t<div class=\"ult-ih-info-back\">\t<div class=\"ult-ih-content\">\t\t\t<div class=\"ult-ih-heading-block\" style=\"\">\t\t\t\t<h3 class=\"ult-ih-heading ult-responsive\" style=\"color:#ffffff;\"  data-ultimate-target='#ult-ih-list-item-2252 .ult-ih-heading'  data-responsive-json-new='{\"font-size\":\"desktop:22px;\",\"line-height\":\"desktop:28px;\"}' >Read more!<\/h3>\t\t\t<\/div>\t\t\t<div class=\"ult-ih-divider-block\" style=\"height:1px;\">\t\t\t\t<span class=\"ult-ih-line\" style=\"border-style:solid;border-color:rgba(255,255,255,0.75);width:100px;border-width:1px;\"><\/span>\t\t\t<\/div>\t\t\t<div class=\"ult-ih-description-block\" style=\"\">\t\t\t\t<div class=\"ult-ih-description ult-responsive\" style=\"color:#f7f7f7;\"  data-ultimate-target='#ult-ih-list-item-2252 .ult-ih-description, #ult-ih-list-item-2252 .ult-ih-description p'  data-responsive-json-new='{\"font-size\":\"desktop:12px;\",\"line-height\":\"desktop:18px;\"}' ><p>The Training Programme On Digital And Green Upskilling In The Tourism<\/p>\n\t\t\t\t<\/div>\t\t\t<\/div>\t<\/div>\t<\/div><\/div><\/div><\/a><\/li><li id=\"ult-ih-list-item-3186\" class=\"ult-ih-list-item\" style=\"height: 200px; width: 200px;  margin: 15px\"><a class=\"ult-ih-link\" href=\"https:\/\/start.conform.it\/wp-content\/uploads\/2024\/03\/START-TERZA-Newsletter-IT.pdf\" target=\"_blank\" rel=\"noopener\"  ><div style=\"height: 200px; width: 200px; \" class=\"ult-ih-item ult-ih-effect17    \"><div class=\"ult-ih-image-block\" style=\"height: 200px; width: 200px; \">\t<div class=\"ult-ih-wrapper\" style=\"border-style: solid; border-color: rgba(255,255,255,0.2); border-width: 20px;\"><\/div>\t<img decoding=\"async\" class=\"ult-ih-image\" src=\"https:\/\/start.conform.it\/wp-content\/uploads\/2023\/11\/newsletter-3.png\" alt=\"null\"><\/div><div class=\"ult-ih-info\" style=\"background-color: #31b5ed; \">\t<div class=\"ult-ih-info-back\">\t<div class=\"ult-ih-content\">\t\t\t<div class=\"ult-ih-heading-block\" style=\"\">\t\t\t\t<h3 class=\"ult-ih-heading ult-responsive\" style=\"color:#ffffff;\"  data-ultimate-target='#ult-ih-list-item-3186 .ult-ih-heading'  data-responsive-json-new='{\"font-size\":\"desktop:22px;\",\"line-height\":\"desktop:28px;\"}' >Read more!<\/h3>\t\t\t<\/div>\t\t\t<div class=\"ult-ih-divider-block\" style=\"height:1px;\">\t\t\t\t<span class=\"ult-ih-line\" style=\"border-style:solid;border-color:rgba(255,255,255,0.75);width:100px;border-width:1px;\"><\/span>\t\t\t<\/div>\t\t\t<div class=\"ult-ih-description-block\" style=\"\">\t\t\t\t<div class=\"ult-ih-description ult-responsive\" style=\"color:#f7f7f7;\"  data-ultimate-target='#ult-ih-list-item-3186 .ult-ih-description, #ult-ih-list-item-3186 .ult-ih-description p'  data-responsive-json-new='{\"font-size\":\"desktop:12px;\",\"line-height\":\"desktop:18px;\"}' ><p>Production of start didactic tools<\/p>\n\t\t\t\t<\/div>\t\t\t<\/div>\t<\/div>\t<\/div><\/div><\/div><\/a><\/li><li id=\"ult-ih-list-item-3390\" class=\"ult-ih-list-item\" style=\"height: 200px; width: 200px;  margin: 15px\"><a class=\"ult-ih-link\" href=\"https:\/\/start.conform.it\/wp-content\/uploads\/2024\/11\/4TH-NEWSLETTER-START-IT.pdf\" target=\"_blank\" rel=\"noopener\"  ><div style=\"height: 200px; width: 200px; \" class=\"ult-ih-item ult-ih-effect17    \"><div class=\"ult-ih-image-block\" style=\"height: 200px; width: 200px; \">\t<div class=\"ult-ih-wrapper\" style=\"border-style: solid; border-color: rgba(255,255,255,0.2); border-width: 20px;\"><\/div>\t<img decoding=\"async\" class=\"ult-ih-image\" src=\"https:\/\/start.conform.it\/wp-content\/uploads\/2023\/11\/newsletter-4.png\" alt=\"null\"><\/div><div class=\"ult-ih-info\" style=\"background-color: #31b5ed; \">\t<div class=\"ult-ih-info-back\">\t<div class=\"ult-ih-content\">\t\t\t<div class=\"ult-ih-heading-block\" style=\"\">\t\t\t\t<h3 class=\"ult-ih-heading ult-responsive\" style=\"color:#ffffff;\"  data-ultimate-target='#ult-ih-list-item-3390 .ult-ih-heading'  data-responsive-json-new='{\"font-size\":\"desktop:22px;\",\"line-height\":\"desktop:28px;\"}' >Read more!<\/h3>\t\t\t<\/div>\t\t\t<div class=\"ult-ih-divider-block\" style=\"height:1px;\">\t\t\t\t<span class=\"ult-ih-line\" style=\"border-style:solid;border-color:rgba(255,255,255,0.75);width:100px;border-width:1px;\"><\/span>\t\t\t<\/div>\t\t\t<div class=\"ult-ih-description-block\" style=\"\">\t\t\t\t<div class=\"ult-ih-description ult-responsive\" style=\"color:#f7f7f7;\"  data-ultimate-target='#ult-ih-list-item-3390 .ult-ih-description, #ult-ih-list-item-3390 .ult-ih-description p'  data-responsive-json-new='{\"font-size\":\"desktop:12px;\",\"line-height\":\"desktop:18px;\"}' ><p>What has happened since our last newsletter?<\/p>\n\t\t\t\t<\/div>\t\t\t<\/div>\t<\/div>\t<\/div><\/div><\/div><\/a><\/li><li id=\"ult-ih-list-item-5249\" class=\"ult-ih-list-item\" style=\"height: 200px; width: 200px;  margin: 15px\"><a class=\"ult-ih-link\" href=\"https:\/\/start.conform.it\/wp-content\/uploads\/2025\/02\/5TH-NEWSLETTER-START-IT.pdf\" target=\"_blank\" rel=\"noopener\"  ><div style=\"height: 200px; width: 200px; \" class=\"ult-ih-item ult-ih-effect17    \"><div class=\"ult-ih-image-block\" style=\"height: 200px; width: 200px; \">\t<div class=\"ult-ih-wrapper\" style=\"border-style: solid; border-color: rgba(255,255,255,0.2); border-width: 20px;\"><\/div>\t<img decoding=\"async\" class=\"ult-ih-image\" src=\"https:\/\/start.conform.it\/wp-content\/uploads\/2023\/11\/newsletter-5.png\" alt=\"null\"><\/div><div class=\"ult-ih-info\" style=\"background-color: #31b5ed; \">\t<div class=\"ult-ih-info-back\">\t<div class=\"ult-ih-content\">\t\t\t<div class=\"ult-ih-heading-block\" style=\"\">\t\t\t\t<h3 class=\"ult-ih-heading ult-responsive\" style=\"color:#ffffff;\"  data-ultimate-target='#ult-ih-list-item-5249 .ult-ih-heading'  data-responsive-json-new='{\"font-size\":\"desktop:22px;\",\"line-height\":\"desktop:28px;\"}' >Read more!<\/h3>\t\t\t<\/div>\t\t\t<div class=\"ult-ih-divider-block\" style=\"height:1px;\">\t\t\t\t<span class=\"ult-ih-line\" style=\"border-style:solid;border-color:rgba(255,255,255,0.75);width:100px;border-width:1px;\"><\/span>\t\t\t<\/div>\t\t\t<div class=\"ult-ih-description-block\" style=\"\">\t\t\t\t<div class=\"ult-ih-description ult-responsive\" style=\"color:#f7f7f7;\"  data-ultimate-target='#ult-ih-list-item-5249 .ult-ih-description, #ult-ih-list-item-5249 .ult-ih-description p'  data-responsive-json-new='{\"font-size\":\"desktop:12px;\",\"line-height\":\"desktop:18px;\"}' ><p>The S.T.A.R.T project Piloting<\/p>\n\t\t\t\t<\/div>\t\t\t<\/div>\t<\/div>\t<\/div><\/div><\/div><\/a><\/li>\t<\/ul><\/div>[\/vc_column][\/vc_row]<\/p>\n<\/div>","protected":false},"excerpt":{"rendered":"<p>Lorem ipsum dolor sit amet, fierent invidunt eleifend an sea, sea at nonumes deserunt, cum in dictas maiorum consequat. Legere delicata sea eu, vix ei blandit forensibus. Ne qui posse munere molestiae, no has stet dolorum.<\/p>\n","protected":false},"author":1,"featured_media":17337,"parent":0,"menu_order":0,"comment_status":"closed","ping_status":"closed","template":"","meta":{"footnotes":""},"class_list":["post-17634","page","type-page","status-publish","has-post-thumbnail","hentry"],"yoast_head":"<!-- This site is optimized with the Yoast SEO plugin v26.6 - https:\/\/yoast.com\/wordpress\/plugins\/seo\/ -->\n<title>START - SUSTAINABLE APPROACH - COMUNICAZIONE<\/title>\n<meta name=\"description\" content=\"L&#039;area comunicazione contiene le notizie e la copertura stampa delle attivit\u00e0 del progetto START - Sustainable &amp; technological approach...\" \/>\n<meta name=\"robots\" content=\"index, follow, max-snippet:-1, max-image-preview:large, max-video-preview:-1\" \/>\n<link rel=\"canonical\" href=\"https:\/\/start.conform.it\/it\/communication\/\" \/>\n<meta property=\"og:locale\" content=\"it_IT\" \/>\n<meta property=\"og:type\" content=\"article\" \/>\n<meta property=\"og:title\" content=\"START - SUSTAINABLE APPROACH - COMUNICAZIONE\" \/>\n<meta property=\"og:description\" content=\"L&#039;area comunicazione contiene le notizie e la copertura stampa delle attivit\u00e0 del progetto START - Sustainable &amp; technological approach...\" \/>\n<meta property=\"og:url\" content=\"https:\/\/start.conform.it\/it\/communication\/\" \/>\n<meta property=\"og:site_name\" content=\"START\" \/>\n<meta property=\"article:modified_time\" content=\"2025-02-22T18:34:31+00:00\" \/>\n<meta property=\"og:image\" content=\"https:\/\/start.conform.it\/wp-content\/uploads\/2023\/05\/Communication.webp\" \/>\n\t<meta property=\"og:image:width\" content=\"1920\" \/>\n\t<meta property=\"og:image:height\" content=\"400\" \/>\n\t<meta property=\"og:image:type\" content=\"image\/webp\" \/>\n<meta name=\"twitter:card\" content=\"summary_large_image\" \/>\n<meta name=\"twitter:label1\" content=\"Tempo di lettura stimato\" \/>\n\t<meta name=\"twitter:data1\" content=\"38 minuti\" \/>\n<script type=\"application\/ld+json\" class=\"yoast-schema-graph\">{\"@context\":\"https:\/\/schema.org\",\"@graph\":[{\"@type\":\"WebPage\",\"@id\":\"https:\/\/start.conform.it\/it\/communication\/\",\"url\":\"https:\/\/start.conform.it\/it\/communication\/\",\"name\":\"START - SUSTAINABLE APPROACH - COMUNICAZIONE\",\"isPartOf\":{\"@id\":\"https:\/\/start.conform.it\/it\/#website\"},\"primaryImageOfPage\":{\"@id\":\"https:\/\/start.conform.it\/it\/communication\/#primaryimage\"},\"image\":{\"@id\":\"https:\/\/start.conform.it\/it\/communication\/#primaryimage\"},\"thumbnailUrl\":\"https:\/\/start.conform.it\/wp-content\/uploads\/2023\/05\/Communication.webp\",\"datePublished\":\"2023-05-18T16:27:52+00:00\",\"dateModified\":\"2025-02-22T18:34:31+00:00\",\"description\":\"L'area comunicazione contiene le notizie e la copertura stampa delle attivit\u00e0 del progetto START - Sustainable & technological approach...\",\"breadcrumb\":{\"@id\":\"https:\/\/start.conform.it\/it\/communication\/#breadcrumb\"},\"inLanguage\":\"it-IT\",\"potentialAction\":[{\"@type\":\"ReadAction\",\"target\":[\"https:\/\/start.conform.it\/it\/communication\/\"]}]},{\"@type\":\"ImageObject\",\"inLanguage\":\"it-IT\",\"@id\":\"https:\/\/start.conform.it\/it\/communication\/#primaryimage\",\"url\":\"https:\/\/start.conform.it\/wp-content\/uploads\/2023\/05\/Communication.webp\",\"contentUrl\":\"https:\/\/start.conform.it\/wp-content\/uploads\/2023\/05\/Communication.webp\",\"width\":1920,\"height\":400,\"caption\":\"Communication\"},{\"@type\":\"BreadcrumbList\",\"@id\":\"https:\/\/start.conform.it\/it\/communication\/#breadcrumb\",\"itemListElement\":[{\"@type\":\"ListItem\",\"position\":1,\"name\":\"Home\",\"item\":\"https:\/\/start.conform.it\/it\/\"},{\"@type\":\"ListItem\",\"position\":2,\"name\":\"COMUNICAZIONE\"}]},{\"@type\":\"WebSite\",\"@id\":\"https:\/\/start.conform.it\/it\/#website\",\"url\":\"https:\/\/start.conform.it\/it\/\",\"name\":\"START\",\"description\":\"SUSTAINABLE AND TECHNOLOGICAL APPROACH TO RETHINK TOURISM\",\"potentialAction\":[{\"@type\":\"SearchAction\",\"target\":{\"@type\":\"EntryPoint\",\"urlTemplate\":\"https:\/\/start.conform.it\/it\/?s={search_term_string}\"},\"query-input\":{\"@type\":\"PropertyValueSpecification\",\"valueRequired\":true,\"valueName\":\"search_term_string\"}}],\"inLanguage\":\"it-IT\"}]}<\/script>\n<!-- \/ Yoast SEO plugin. -->","yoast_head_json":{"title":"START - SUSTAINABLE APPROACH - COMUNICAZIONE","description":"L'area comunicazione contiene le notizie e la copertura stampa delle attivit\u00e0 del progetto START - Sustainable & technological approach...","robots":{"index":"index","follow":"follow","max-snippet":"max-snippet:-1","max-image-preview":"max-image-preview:large","max-video-preview":"max-video-preview:-1"},"canonical":"https:\/\/start.conform.it\/it\/communication\/","og_locale":"it_IT","og_type":"article","og_title":"START - SUSTAINABLE APPROACH - COMUNICAZIONE","og_description":"L'area comunicazione contiene le notizie e la copertura stampa delle attivit\u00e0 del progetto START - Sustainable & technological approach...","og_url":"https:\/\/start.conform.it\/it\/communication\/","og_site_name":"START","article_modified_time":"2025-02-22T18:34:31+00:00","og_image":[{"width":1920,"height":400,"url":"https:\/\/start.conform.it\/wp-content\/uploads\/2023\/05\/Communication.webp","type":"image\/webp"}],"twitter_card":"summary_large_image","twitter_misc":{"Tempo di lettura stimato":"38 minuti"},"schema":{"@context":"https:\/\/schema.org","@graph":[{"@type":"WebPage","@id":"https:\/\/start.conform.it\/it\/communication\/","url":"https:\/\/start.conform.it\/it\/communication\/","name":"START - SUSTAINABLE APPROACH - COMUNICAZIONE","isPartOf":{"@id":"https:\/\/start.conform.it\/it\/#website"},"primaryImageOfPage":{"@id":"https:\/\/start.conform.it\/it\/communication\/#primaryimage"},"image":{"@id":"https:\/\/start.conform.it\/it\/communication\/#primaryimage"},"thumbnailUrl":"https:\/\/start.conform.it\/wp-content\/uploads\/2023\/05\/Communication.webp","datePublished":"2023-05-18T16:27:52+00:00","dateModified":"2025-02-22T18:34:31+00:00","description":"L'area comunicazione contiene le notizie e la copertura stampa delle attivit\u00e0 del progetto START - Sustainable & technological approach...","breadcrumb":{"@id":"https:\/\/start.conform.it\/it\/communication\/#breadcrumb"},"inLanguage":"it-IT","potentialAction":[{"@type":"ReadAction","target":["https:\/\/start.conform.it\/it\/communication\/"]}]},{"@type":"ImageObject","inLanguage":"it-IT","@id":"https:\/\/start.conform.it\/it\/communication\/#primaryimage","url":"https:\/\/start.conform.it\/wp-content\/uploads\/2023\/05\/Communication.webp","contentUrl":"https:\/\/start.conform.it\/wp-content\/uploads\/2023\/05\/Communication.webp","width":1920,"height":400,"caption":"Communication"},{"@type":"BreadcrumbList","@id":"https:\/\/start.conform.it\/it\/communication\/#breadcrumb","itemListElement":[{"@type":"ListItem","position":1,"name":"Home","item":"https:\/\/start.conform.it\/it\/"},{"@type":"ListItem","position":2,"name":"COMUNICAZIONE"}]},{"@type":"WebSite","@id":"https:\/\/start.conform.it\/it\/#website","url":"https:\/\/start.conform.it\/it\/","name":"START","description":"SUSTAINABLE AND TECHNOLOGICAL APPROACH TO RETHINK TOURISM","potentialAction":[{"@type":"SearchAction","target":{"@type":"EntryPoint","urlTemplate":"https:\/\/start.conform.it\/it\/?s={search_term_string}"},"query-input":{"@type":"PropertyValueSpecification","valueRequired":true,"valueName":"search_term_string"}}],"inLanguage":"it-IT"}]}},"_links":{"self":[{"href":"https:\/\/start.conform.it\/it\/wp-json\/wp\/v2\/pages\/17634","targetHints":{"allow":["GET"]}}],"collection":[{"href":"https:\/\/start.conform.it\/it\/wp-json\/wp\/v2\/pages"}],"about":[{"href":"https:\/\/start.conform.it\/it\/wp-json\/wp\/v2\/types\/page"}],"author":[{"embeddable":true,"href":"https:\/\/start.conform.it\/it\/wp-json\/wp\/v2\/users\/1"}],"replies":[{"embeddable":true,"href":"https:\/\/start.conform.it\/it\/wp-json\/wp\/v2\/comments?post=17634"}],"version-history":[{"count":21,"href":"https:\/\/start.conform.it\/it\/wp-json\/wp\/v2\/pages\/17634\/revisions"}],"predecessor-version":[{"id":19130,"href":"https:\/\/start.conform.it\/it\/wp-json\/wp\/v2\/pages\/17634\/revisions\/19130"}],"wp:featuredmedia":[{"embeddable":true,"href":"https:\/\/start.conform.it\/it\/wp-json\/wp\/v2\/media\/17337"}],"wp:attachment":[{"href":"https:\/\/start.conform.it\/it\/wp-json\/wp\/v2\/media?parent=17634"}],"curies":[{"name":"wp","href":"https:\/\/api.w.org\/{rel}","templated":true}]}}