{"id":18028,"date":"2024-07-12T15:03:44","date_gmt":"2024-07-12T15:03:44","guid":{"rendered":"https:\/\/start.conform.it\/piloting\/"},"modified":"2024-07-24T14:34:02","modified_gmt":"2024-07-24T14:34:02","slug":"piloting","status":"publish","type":"page","link":"https:\/\/start.conform.it\/es\/piloting\/","title":{"rendered":"PILOTO"},"content":{"rendered":"<div class=\"wpb-content-wrapper\"><p>[vc_row padding_top_multiplier=\u00bb3x\u00bb][vc_column]<style type=\"text\/css\">.grve-title-gradient.grve-title-69f31a0b188bd > span,.grve-title-gradient.grve-title-69f31a0b188bd .grve-clipping-content > span {color: #2b4f9d;background-image: -moz-linear-gradient(-45deg, #2b4f9d 0%, #35b9c5 100%);background-image: -webkit-linear-gradient(-45deg, #2b4f9d 0%, #35b9c5 100%);background-image: linear-gradient(135deg, #2b4f9d 0%, #35b9c5 100%);}<\/style><h3 class=\"grve-element grve-title grve-align-center grve-animated-item grve-duration-normal grve-fade-in-up grve-h6 grve-title-gradient grve-title-69f31a0b188bd\" style=\"\" data-delay=\"400\"><span><br>\n<h4>Fase piloto: Manifestaci\u00f3n de inter\u00e9s en participar<\/h4>\n<\/span><\/h3><div class=\"grve-element grve-divider grve-animated-item grve-fade-in-up grve-duration-normal grve-align-center\" style=\"\" data-delay=\"200\"><span class=\"grve-custom-divider grve-bg-primary-1\" style=\"width: 50px;height: 2px;\"><\/span><\/div><div class=\"grve-empty-space grve-height-1x\" style=\"\"><\/div>[vc_column_text css=\u00bb\u00bb animation=\u00bbgrve-fade-in-down\u00bb animation_delay=\u00bb400&#8243;]<\/p>\n<p style=\"text-align: center;\">Esta secci\u00f3n contiene la informaci\u00f3n sobre la fase de pilotaje, el compromiso de los participantes y la modalidad de presentaci\u00f3n.<\/p>\n<p>[\/vc_column_text]<div class=\"grve-empty-space grve-height-1x\" style=\"\"><\/div>[vc_row_inner][vc_column_inner width=\u00bb1\/5&#8243;][\/vc_column_inner][vc_column_inner width=\u00bb1\/5&#8243;]<div class=\"grve-element grve-single-icon grve-align-center grve-medium grve-animated-item grve-fade-in-down grve-duration-normal grve-hover-effect grve-with-shape\" style=\"\" data-delay=\"200\"><a href=\"#info\">  <div class=\"grve-wrapper-icon grve-outline grve-square grve-text-primary-1\" style=\"\"><i class=\"et-icon-megaphone grve-text-primary-1\"><\/i><\/div><\/a><\/div><div class=\"grve-empty-space\" style=\"height: 10px;\"><\/div>[vc_column_text css=\u00bb\u00bb]<\/p>\n<p style=\"text-align: center;\">Informaci\u00f3n<\/p>\n<p>[\/vc_column_text]<div class=\"grve-empty-space\" style=\"height: 10px;\"><\/div>[\/vc_column_inner][vc_column_inner width=\u00bb1\/5&#8243;]<div class=\"grve-element grve-single-icon grve-align-center grve-medium grve-animated-item grve-fade-in-down grve-duration-normal grve-hover-effect grve-with-shape\" style=\"\" data-delay=\"600\"><a href=\"#engagement\">  <div class=\"grve-wrapper-icon grve-outline grve-square grve-text-primary-1\" style=\"\"><i class=\"et-icon-compass grve-text-primary-1\"><\/i><\/div><\/a><\/div><div class=\"grve-empty-space\" style=\"height: 10px;\"><\/div>[vc_column_text css=\u00bb\u00bb]<\/p>\n<p style=\"text-align: center;\">Compromiso de los participantes<\/p>\n<p>[\/vc_column_text]<div class=\"grve-empty-space\" style=\"height: 10px;\"><\/div>[\/vc_column_inner][vc_column_inner width=\u00bb1\/5&#8243;]<div class=\"grve-element grve-single-icon grve-align-center grve-medium grve-animated-item grve-fade-in-down grve-duration-normal grve-hover-effect grve-with-shape\" style=\"\" data-delay=\"400\"><a href=\"#submission\">  <div class=\"grve-wrapper-icon grve-outline grve-square grve-text-primary-1\" style=\"\"><i class=\"et-icon-pencil grve-text-primary-1\"><\/i><\/div><\/a><\/div><div class=\"grve-empty-space\" style=\"height: 10px;\"><\/div>[vc_column_text css=\u00bb\u00bb]<\/p>\n<p style=\"text-align: center;\">Modalidad de presentaci\u00f3n<\/p>\n<p>[\/vc_column_text]<div class=\"grve-empty-space\" style=\"height: 10px;\"><\/div>[\/vc_column_inner][vc_column_inner width=\u00bb1\/5&#8243;][\/vc_column_inner][\/vc_row_inner][vc_row_inner][vc_column_inner]<div class=\"grve-empty-space grve-height-1x\" style=\"\"><\/div><div class=\"grve-element grve-divider grve-animated-item grve-fade-in-up grve-duration-normal grve-align-center\" style=\"\" data-delay=\"200\"><span class=\"grve-custom-divider grve-bg-primary-1\" style=\"width: 50px;height: 2px;\"><\/span><\/div>[\/vc_column_inner][\/vc_row_inner][\/vc_column][\/vc_row][vc_row padding_top_multiplier=\u00bb\u00bb padding_bottom_multiplier=\u00bb\u00bb section_id=\u00bbinfo\u00bb][vc_column]<div class=\"grve-empty-space grve-height-1x\" style=\"\"><\/div>[vc_column_text css=\u00bb\u00bb animation=\u00bbgrve-fade-in-down\u00bb]<\/p>\n<p style=\"text-align: justify;\"><strong>La fase de pilotaje del proyecto S.T.A.R.T<\/strong> apoya el desarrollo personal y profesional de los trabajadores del sector tur\u00edstico en los pa\u00edses socios a trav\u00e9s de un P<strong>ROGRAMA DE FORMACI\u00d3N PARA LA CAPACITACI\u00d3N VERDE Y DIGITAL DE LOS OPERADORES TUR\u00cdSTICOS<\/strong> para orientarles e inspirarles hacia el replanteamiento de sus modelos de negocio en clave circular, explotando las nuevas tecnolog\u00edas digitales.<\/p>\n<p style=\"text-align: justify;\">Est\u00e1 dirigido a un m\u00ednimo de<strong> 80 trabajadores de 4 pa\u00edses de la UE<\/strong> (20 <strong>IT<\/strong>, 20 <strong>PT<\/strong>, 20 <strong>ES<\/strong>, 20 <strong>EL<\/strong>) de PYME <strong>del sector tur\u00edstico<\/strong>, con especial referencia a las agencias de viajes, los operadores tur\u00edsticos y la industria hotelera.<\/p>\n<p>[\/vc_column_text]<div class=\"grve-empty-space grve-height-1x\" style=\"\"><\/div>[\/vc_column][\/vc_row][vc_row padding_top_multiplier=\u00bb\u00bb padding_bottom_multiplier=\u00bb3x\u00bb][vc_column width=\u00bb1\/3&#8243;]<div class=\"grve-element grve-image grve-align-center\" style=\"\">  <div class=\"grve-image-wrapper\"><img loading=\"lazy\" decoding=\"async\" width=\"800\" height=\"800\" src=\"https:\/\/start.conform.it\/wp-content\/uploads\/2024\/07\/piloting_800x800.webp\" class=\"attachment-full size-full\" alt=\"piloting\" srcset=\"https:\/\/start.conform.it\/wp-content\/uploads\/2024\/07\/piloting_800x800.webp 800w, https:\/\/start.conform.it\/wp-content\/uploads\/2024\/07\/piloting_800x800-300x300.webp 300w, https:\/\/start.conform.it\/wp-content\/uploads\/2024\/07\/piloting_800x800-150x150.webp 150w, https:\/\/start.conform.it\/wp-content\/uploads\/2024\/07\/piloting_800x800-768x768.webp 768w, https:\/\/start.conform.it\/wp-content\/uploads\/2024\/07\/piloting_800x800-560x560.webp 560w\" sizes=\"auto, (max-width: 800px) 100vw, 800px\" \/>   <\/div><\/div>[\/vc_column][vc_column width=\u00bb2\/3&#8243;]<div class=\"grve-empty-space grve-height-1x\" style=\"\"><\/div>[vc_column_text css=\u00bb\u00bb animation=\u00bbgrve-fade-in-down\u00bb animation_delay=\u00bb400&#8243;]<\/p>\n<p style=\"text-align: left;\"><strong>El programa piloto de formaci\u00f3n ofrece a los participantes acceso gratuito a:<\/strong><\/p>\n<ul>\n<li style=\"text-align: left;\"><strong>REA<\/strong> &#8211; Recursos Educativos Abiertos como p\u00edldoras de microaprendizaje y soluciones del metaverso<\/li>\n<li style=\"text-align: left;\"><strong>Herramienta de Turismo Circular <\/strong>para realizar un an\u00e1lisis de la transformaci\u00f3n circular de su acci\u00f3n profesional infundiendo innovaci\u00f3n digital y ecol\u00f3gica en los modelos, procesos y pr\u00e1cticas empresariales<\/li>\n<li style=\"text-align: left;\"><strong>Herramienta Operativa <\/strong>para dise\u00f1ar e implementar soluciones digitales para innovar, en sus propios contextos organizativos, la gama de productos\/servicios tur\u00edsticos ofrecidos de forma sostenible<\/li>\n<\/ul>\n<p>Estos productos se insertar\u00e1n en <strong>una innovadora app (START-APP)<\/strong> que permitir\u00e1 no s\u00f3lo la <strong>exhibici\u00f3n de las empresas participantes<\/strong> sino tambi\u00e9n <strong>la entrada a una serie de itinerarios para descubrir pa\u00edses europeos<\/strong>.[\/vc_column_text]<div class=\"grve-empty-space grve-height-1x\" style=\"\"><\/div>[\/vc_column][\/vc_row][vc_row heading_color=\u00bblight\u00bb bg_type=\u00bbcolor\u00bb padding_top_multiplier=\u00bb2x\u00bb padding_bottom_multiplier=\u00bb2x\u00bb scroll_header_style=\u00bbdefault\u00bb font_color=\u00bb#ffffff\u00bb bg_color=\u00bb#1e73be\u00bb][vc_column vertical_content_position=\u00bbmiddle\u00bb width=\u00bb1\/3&#8243; text_align=\u00bbcenter\u00bb]<div class=\"ult-spacer spacer-69f31a0b18fba\" data-id=\"69f31a0b18fba\" data-height=\"30\" data-height-mobile=\"0\" data-height-tab=\"0\" data-height-tab-portrait=\"0\" data-height-mobile-landscape=\"0\" style=\"clear:both;display:block;\"><\/div><div class=\"grve-element grve-single-icon grve-align-center grve-extra-large grve-with-shape\" style=\"\">  <div class=\"grve-wrapper-icon grve-simple grve-circle grve-bg-blue\" style=\"\"><i class=\"et-icon-clipboard grve-text-white\"><\/i><\/div><\/div>[\/vc_column][vc_column width=\u00bb1\/3&#8243;][vc_column_text css=\u00bb\u00bb animation=\u00bbgrve-fade-in-down\u00bb]<\/p>\n<p style=\"text-align: left;\"><strong>El Programa abarca los siguientes temas:<\/strong><\/p>\n<ul>\n<li>Qu\u00e9 es el turismo<\/li>\n<li>El turista<\/li>\n<li>El impacto medioambiental del turismo<\/li>\n<li>Las principales pol\u00edticas de la UE para promover la doble transici\u00f3n en el turismo<\/li>\n<\/ul>\n<p>[\/vc_column_text][\/vc_column][vc_column width=\u00bb1\/3&#8243;]<div class=\"ult-spacer spacer-69f31a0b19002\" data-id=\"69f31a0b19002\" data-height=\"20\" data-height-mobile=\"0\" data-height-tab=\"0\" data-height-tab-portrait=\"0\" data-height-mobile-landscape=\"0\" style=\"clear:both;display:block;\"><\/div>[vc_column_text css=\u00bb\u00bb animation=\u00bbgrve-fade-in-down\u00bb]<\/p>\n<ul>\n<li>La visi\u00f3n del turismo<\/li>\n<li>El futuro del turismo<\/li>\n<li>Digitalizaci\u00f3n y sostenibilidad<\/li>\n<li>Medios sociales y marketing en el sector tur\u00edstico<\/li>\n<li>Certificaci\u00f3n del rendimiento sostenible<\/li>\n<li>Repensar el turismo<\/li>\n<\/ul>\n<p>[\/vc_column_text][\/vc_column][\/vc_row][vc_row section_id=\u00bbengagement\u00bb][vc_column]<div class=\"grve-empty-space grve-height-1x\" style=\"\"><\/div><style type=\"text\/css\">.grve-title-gradient.grve-title-69f31a0b19034 > span,.grve-title-gradient.grve-title-69f31a0b19034 .grve-clipping-content > span {color: #2b4f9d;background-image: -moz-linear-gradient(-45deg, #2b4f9d 0%, #35b9c5 100%);background-image: -webkit-linear-gradient(-45deg, #2b4f9d 0%, #35b9c5 100%);background-image: linear-gradient(135deg, #2b4f9d 0%, #35b9c5 100%);}<\/style><h3 class=\"grve-element grve-title grve-align-center grve-animated-item grve-duration-normal grve-fade-in-up grve-h6 grve-title-gradient grve-title-69f31a0b19034\" style=\"\" data-delay=\"400\"><span><br>\n<h4>Compromiso de los participantes<\/h4>\n<\/span><\/h3><div class=\"grve-element grve-divider grve-animated-item grve-fade-in-up grve-duration-normal grve-align-center\" style=\"\" data-delay=\"200\"><span class=\"grve-custom-divider grve-bg-primary-1\" style=\"width: 50px;height: 2px;\"><\/span><\/div><div class=\"grve-empty-space grve-height-1x\" style=\"\"><\/div>[vc_row_inner][vc_column_inner][vc_column_text css=\u00bb\u00bb]<\/p>\n<p style=\"text-align: left;\">Los candidatos al pilotaje deber\u00e1n participar en un innovador programa semipresencial estructurado en diferentes fases:<\/p>\n<p>[\/vc_column_text][\/vc_column_inner][\/vc_row_inner][\/vc_column][\/vc_row][vc_row padding_top_multiplier=\u00bb\u00bb][vc_column width=\u00bb1\/6&#8243;]<div class=\"grve-empty-space\" style=\"height: 20px;\"><\/div>[vc_column_text animation=\u00bbgrve-fade-in-left\u00bb]<\/p>\n<h2 style=\"text-align: center;\"><strong><span style=\"color: #00ccff; font-size: 50px;\">01<\/span><\/strong><\/h2>\n<p>[\/vc_column_text][\/vc_column][vc_column width=\u00bb5\/6&#8243;][vc_column_text css=\u00bb\u00bb animation=\u00bbgrve-fade-in-down\u00bb animation_delay=\u00bb400&#8243;]<strong>Formaci\u00f3n a trav\u00e9s del m\u00e9todo REA:<\/strong><\/p>\n<ul>\n<li>Programa educativo<\/li>\n<li>9 p\u00edldoras de microaprendizaje<\/li>\n<li>1 soluci\u00f3n del metaverso<\/li>\n<li>2 escenarios ramificados<br \/>\n<strong>Duraci\u00f3n: aprox. 40h<\/strong> para ver, pero tambi\u00e9n proporciona una gran cantidad de informaci\u00f3n adicional si los participantes quieren seguir estudiando el tema<\/li>\n<\/ul>\n<p>[\/vc_column_text][\/vc_column][\/vc_row][vc_row padding_top_multiplier=\u00bb\u00bb padding_bottom_multiplier=\u00bb\u00bb][vc_column width=\u00bb1\/6&#8243;]<div class=\"grve-empty-space\" style=\"height: 20px;\"><\/div>[vc_column_text animation=\u00bbgrve-fade-in-left\u00bb]<\/p>\n<h2 style=\"text-align: center;\"><strong><span style=\"color: #00ccff; font-size: 50px;\">02<\/span><\/strong><\/h2>\n<p>[\/vc_column_text][\/vc_column][vc_column width=\u00bb5\/6&#8243;][vc_column_text css=\u00bb\u00bb animation=\u00bbgrve-fade-in-down\u00bb animation_delay=\u00bb400&#8243;]<strong>La participaci\u00f3n en los START Project Labs<\/strong> articulada en un flujo circular de inspiraci\u00f3n, activaci\u00f3n y reflexi\u00f3n tiene como objetivo dotar a los asistentes de las competencias necesarias para actuar como agentes de cambio en sus empresas gracias a:<\/p>\n<ul>\n<li><strong>Sesi\u00f3n inspiracional:<\/strong> se inspirar\u00e1 a los participantes hacia una mayor sostenibilidad a trav\u00e9s de las tecnolog\u00edas digitales con la presentaci\u00f3n de casos pr\u00e1cticos, casos de \u00e9xito, testimonios. <span style=\"text-decoration: underline;\">Duraci\u00f3n: aprox. <strong>1 hora<\/strong><\/span><\/li>\n<li><strong>Aplicaci\u00f3n de la Herramienta de Turismo Circular:<\/strong> cada participante llevar\u00e1 a cabo un an\u00e1lisis \u00abtal cual\u00bb realizado en el marco del aprendizaje en la acci\u00f3n aplicando la Herramienta de Turismo Circular START. <span style=\"text-decoration: underline;\">Duraci\u00f3n: aprox. <strong>1 hora<\/strong><\/span><\/li>\n<li><strong>Aplicaci\u00f3n del modelo para concebir nuevos productos\/servicios digitales sostenibles:<\/strong> los participantes desarrollar\u00e1n soluciones innovadoras para la sostenibilidad del proceso: <span style=\"text-decoration: underline;\">Duraci\u00f3n: aprox. <strong>4 horas<\/strong><\/span><\/li>\n<li><strong>Desarrollo de soluciones digitales<\/strong> utilizando las herramientas operativas proporcionadas que se colocar\u00e1n en la START-App. <span style=\"text-decoration: underline;\">Duraci\u00f3n: aprox. <strong>6 horas<\/strong><\/span><\/li>\n<li><strong>Compromisos futuros:<\/strong> lista de tareas que destaca lo que los participantes \u00abse llevar\u00e1n a casa\u00bb. <span style=\"text-decoration: underline;\">Duraci\u00f3n: aprox. <strong>1 hora<\/strong><\/span><\/li>\n<\/ul>\n<p>[\/vc_column_text][\/vc_column][\/vc_row][vc_row padding_top_multiplier=\u00bb\u00bb padding_bottom_multiplier=\u00bb3x\u00bb section_id=\u00bbsubmission\u00bb][vc_column]<div class=\"grve-empty-space grve-height-1x\" style=\"\"><\/div>[\/vc_column][\/vc_row][vc_row heading_color=\u00bblight\u00bb bg_type=\u00bbcolor\u00bb padding_top_multiplier=\u00bb2x\u00bb padding_bottom_multiplier=\u00bb2x\u00bb scroll_header_style=\u00bbdefault\u00bb font_color=\u00bb#ffffff\u00bb bg_color=\u00bb#1e73be\u00bb][vc_column vertical_content_position=\u00bbmiddle\u00bb width=\u00bb1\/3&#8243; text_align=\u00bbcenter\u00bb]<div class=\"ult-spacer spacer-69f31a0b190d2\" data-id=\"69f31a0b190d2\" data-height=\"70\" data-height-mobile=\"0\" data-height-tab=\"0\" data-height-tab-portrait=\"0\" data-height-mobile-landscape=\"0\" style=\"clear:both;display:block;\"><\/div><div class=\"grve-element grve-single-icon grve-align-center grve-extra-large grve-with-shape\" style=\"\">  <div class=\"grve-wrapper-icon grve-simple grve-circle grve-bg-blue\" style=\"\"><i class=\"et-icon-pencil grve-text-white\"><\/i><\/div><\/div>[\/vc_column][vc_column width=\u00bb2\/3&#8243;][vc_column_text css=\u00bb\u00bb animation=\u00bbgrve-fade-in-down\u00bb animation_delay=\u00bb400&#8243;]<\/p>\n<p style=\"text-align: left;\"><strong>La convocatoria de manifestaciones de inter\u00e9s est\u00e1 abierta a:<\/strong><\/p>\n<ul>\n<li><strong>empleados o propietarios de microempresas, peque\u00f1as y medianas empresas (PYME) o start-ups del sector tur\u00edstico<\/strong> (se dar\u00e1 preferencia a los j\u00f3venes -menores de 35 a\u00f1os-, las mujeres y las minor\u00edas \u00e9tnicas)<\/li>\n<li><strong>Trabajar en una empresa<\/strong> con domicilio social operativo situado en una de las regiones piloto de S.T.A.R.T. (Italia, Portugal, Espa\u00f1a o Grecia).<\/li>\n<li><strong>Operar en al menos uno de los subsectores del turismo<\/strong> (por ejemplo, alojamiento, agencias de viajes, operadores tur\u00edsticos, servicios de hosteler\u00eda).<\/li>\n<li><strong>Comprometidos a participar en el programa de formaci\u00f3n completo<\/strong> y a aplicar las pr\u00e1cticas aprendidas en su negocio<\/li>\n<\/ul>\n<p>[\/vc_column_text][\/vc_column][\/vc_row][vc_row padding_top_multiplier=\u00bb\u00bb padding_bottom_multiplier=\u00bb3x\u00bb section_id=\u00bbengagement\u00bb][vc_column]<div class=\"grve-empty-space grve-height-1x\" style=\"\"><\/div>[\/vc_column][\/vc_row][vc_row padding_top_multiplier=\u00bb\u00bb padding_bottom_multiplier=\u00bbcustom\u00bb padding_bottom=\u00bb20px\u00bb][vc_column][vc_column_text css=\u00bb\u00bb animation=\u00bbgrve-fade-in-left\u00bb]<\/p>\n<p style=\"text-align: left;\"><strong>La inscripci\u00f3n al pilotaje est\u00e1 abierta del 15\/07\/2024 al 30\/08\/2024.<\/strong><br \/>\nLos solicitantes ser\u00e1n informados por correo electr\u00f3nico de los resultados de la selecci\u00f3n en los 7 d\u00edas siguientes al cierre de la convocatoria.<\/p>\n<p>[\/vc_column_text][\/vc_column][\/vc_row][vc_row padding_top_multiplier=\u00bb\u00bb padding_bottom_multiplier=\u00bb3x\u00bb][vc_column width=\u00bb1\/3&#8243;]<div class=\"grve-element grve-image grve-align-center\" style=\"\">  <div class=\"grve-image-wrapper\"><img loading=\"lazy\" decoding=\"async\" width=\"800\" height=\"800\" src=\"https:\/\/start.conform.it\/wp-content\/uploads\/2024\/07\/piloting_2_800x800.webp\" class=\"attachment-full size-full\" alt=\"piloting\" srcset=\"https:\/\/start.conform.it\/wp-content\/uploads\/2024\/07\/piloting_2_800x800.webp 800w, https:\/\/start.conform.it\/wp-content\/uploads\/2024\/07\/piloting_2_800x800-300x300.webp 300w, https:\/\/start.conform.it\/wp-content\/uploads\/2024\/07\/piloting_2_800x800-150x150.webp 150w, https:\/\/start.conform.it\/wp-content\/uploads\/2024\/07\/piloting_2_800x800-768x768.webp 768w, https:\/\/start.conform.it\/wp-content\/uploads\/2024\/07\/piloting_2_800x800-560x560.webp 560w\" sizes=\"auto, (max-width: 800px) 100vw, 800px\" \/>   <\/div><\/div>[\/vc_column][vc_column width=\u00bb2\/3&#8243;]<div class=\"grve-empty-space grve-height-1x\" style=\"\"><\/div>[vc_column_text css=\u00bb\u00bb animation=\u00bbgrve-fade-in-down\u00bb animation_delay=\u00bb400&#8243;]<\/p>\n<p style=\"text-align: left;\">Los solicitantes seleccionados tendr\u00e1n acceso a la plataforma de aprendizaje electr\u00f3nico, que contiene los REA y las herramientas adicionales. El formulario de solicitud debe <a href=\"https:\/\/docs.google.com\/forms\/d\/e\/1FAIpQLSfbTfyfmHcge-XKiVBV91oqUx4kyHiVsA2a1xWr4_O4PjUACQ\/viewform?usp=sharing\" target=\"_blank\" rel=\"noopener\"><span style=\"text-decoration: underline;\"><strong>cumplimentarse en l\u00ednea en el siguiente enlace<\/strong><\/span><\/a><\/p>\n<p style=\"text-align: left;\"><strong>Los candidatos que cumplan los requisitos ser\u00e1n admitidos dentro del l\u00edmite establecido para cada pa\u00eds (20 IT, 20 PT, 20 ES, 20 EL).<\/strong> Cualquier reclamaci\u00f3n puede ser presentada antes de 7 d\u00edas despu\u00e9s de la comunicaci\u00f3n de los resultados y ser\u00e1 tratada por el Jefe de Fila del Proyecto START.<\/p>\n<p style=\"text-align: left;\"><strong>Al final de la experiencia formativa, prevista para el 30\/11\/2024, los beneficiarios recibir\u00e1n un certificado de asistencia.<\/strong> Dicho programa podr\u00e1 sufrir alguna variaci\u00f3n en las fechas.<\/p>\n<p style=\"text-align: left;\"><strong>La formaci\u00f3n ser\u00e1 totalmente gratuita<\/strong> y se realizar\u00e1 <strong>en modalidad semipresencial<\/strong>. Los gastos ocasionados al trabajador o a la empresa no ser\u00e1n reembolsables. Para cualquier aclaraci\u00f3n, p\u00f3ngase en contacto con:<strong> <span style=\"text-decoration: underline;\"><a href=\"mailto:maria.carrillo@camaradesevilla.com\">maria.carrillo@camaradesevilla.com <\/a><\/span><\/strong><\/p>\n<p>[\/vc_column_text][\/vc_column][\/vc_row][vc_row heading_color=\u00bblight\u00bb disable_element=\u00bbyes\u00bb bg_type=\u00bbimage\u00bb bg_image=\u00bb16815&#8243; bg_image_type=\u00bbparallax\u00bb color_overlay=\u00bbprimary-2&#8243; opacity_overlay=\u00bb70&#8243; padding_top_multiplier=\u00bb6x\u00bb padding_bottom_multiplier=\u00bb6x\u00bb parallax_sensor=\u00bb550&#8243; font_color=\u00bb#ffffff\u00bb section_id=\u00bbnewsletters\u00bb][vc_column width=\u00bb1\/6&#8243;][\/vc_column][vc_column width=\u00bb2\/3&#8243;][vc_row_inner][vc_column_inner width=\u00bb1\/12&#8243;][\/vc_column_inner][vc_column_inner width=\u00bb5\/12&#8243;]<div class=\"grve-element grve-align-center grve-fluid-button\"><a href=\"https:\/\/start.conform.it\/wp-content\/uploads\/2023\/11\/WP2_R1_START_FinalVersion.pdf\" target=\"_blank\" rel=\"noopener noreferrer\" class=\"grve-btn grve-btn-medium grve-square grve-bg-primary-1 grve-bg-hover-primary-2\" style=\"max-width: 250px;\"><span>THE RESEARCH PAPER<\/span><\/a><\/div><div class=\"grve-empty-space\" style=\"height: 20px;\"><\/div>[\/vc_column_inner][vc_column_inner width=\u00bb5\/12&#8243;]<div class=\"grve-element grve-align-center grve-fluid-button\"><a href=\"https:\/\/start.conform.it\/wp-content\/uploads\/2024\/01\/Start_Training-Programme_Abstract_EN.pdf\" target=\"_blank\" rel=\"noopener noreferrer\" class=\"grve-btn grve-btn-medium grve-square grve-bg-primary-1 grve-bg-hover-primary-2\" style=\"max-width: 250px;\"><span>THE ABSTRACT<\/span><\/a><\/div>[\/vc_column_inner][vc_column_inner width=\u00bb1\/12&#8243;][\/vc_column_inner][\/vc_row_inner]<h3 class=\"grve-element grve-title grve-align-center grve-h6\" style=\"\"><span><br>\n<h1>Newsletters<\/h1>\n<span class=\"grve-title-line grve-bg-white\" style=\"width: 50px;height: 2px;\"><\/span><\/span><\/h3>[vc_column_text]<\/p>\n<p style=\"text-align: center;\">In this section you can download the newsletters that contains information on project activities.<\/p>\n<p>[\/vc_column_text][\/vc_column][vc_column width=\u00bb1\/6&#8243;][\/vc_column][\/vc_row][vc_row heading_color=\u00bblight\u00bb disable_element=\u00bbyes\u00bb section_type=\u00bbfullwidth\u00bb bg_type=\u00bbimage\u00bb bg_image=\u00bb16749&#8243; padding_top_multiplier=\u00bb\u00bb padding_bottom_multiplier=\u00bb\u00bb columns_gap=\u00bbnone\u00bb equal_column_height=\u00bbequal-column\u00bb parallax_style=\u00bbvcpb-default\u00bb bg_image_new=\u00bbid^16749|url^https:\/\/start.conform.it\/wp-content\/uploads\/2023\/05\/Communication.webp|caption^Communication|alt^Communication|title^Communication|description^Communication\u00bb font_color=\u00bb#ffffff\u00bb][vc_column width=\u00bb1\/2&#8243; css=\u00bb.vc_custom_1507880751781{padding: 14% !important;}\u00bb]<h3 class=\"grve-element grve-title grve-align-left grve-h5\" style=\"\"><span>Eos solum doming ornatus.<\/span><\/h3><h3 class=\"grve-element grve-title grve-align-left grve-small-text\" style=\"margin-bottom: 18px;\"><span><span style=\"color: #000000;\">Situation extremely<\/span><\/span><\/h3>[\/vc_column][vc_column width=\u00bb1\/2&#8243; css=\u00bb.vc_custom_1699009720039{padding-top: 14% !important;padding-right: 14% !important;padding-bottom: 14% !important;padding-left: 14% !important;}\u00bb]<h3 class=\"grve-element grve-title grve-align-left grve-h5\" style=\"\"><span>Eos solum doming ornatus.<\/span><\/h3>[vc_column_text]You one delay piloting\u00a0 nor begin our folly abode. By disposed replying mr me unpacked no. As moonlight of my resolving unwilling.[\/vc_column_text][\/vc_column][\/vc_row][vc_row disable_element=\u00bbyes\u00bb][vc_column]<div class=\"grve-element grve-slogan grve-align-left grve-animated-item grve-fade-in-down grve-duration-normal\" style=\"\" data-delay=\"400\"><div class=\"grve-btn-wrapper\"><a href=\"https:\/\/start.conform.it\/wp-content\/uploads\/2023\/05\/01-The-impact-of-digitalisation-on-the-tourism-sector-transforming-the-way-we-travel.pdf\" target=\"_blank\" rel=\"noopener noreferrer\" class=\"grve-btn grve-btn-extralarge grve-square grve-bg-primary-1 grve-bg-hover-primary-1 grve-btn-line\"><span><i class=\"fas fa-search-plus\"><\/i>Read More<\/span><\/a><\/div><\/div>[vc_tta_tour][vc_tta_section i_icon_fontawesome=\u00bbfar fa-paper-plane\u00bb add_icon=\u00bbtrue\u00bb title=\u00bbNewsletter\u00bb tab_id=\u00bb1699011948224-08403114-c3e9&#8243;][vc_row_inner][vc_column_inner width=\u00bb1\/3&#8243;]<div class=\"grve-element grve-counter grve-align-center grve-animated-item grve-fade-in-up grve-duration-normal\" style=\"\" data-delay=\"200\">  <div class=\"grve-counter-icon\">  <i class=\"et-icon-profile-male grve-text-primary-2 grve-medium\"><\/i>  <\/div>  <div class=\"grve-counter-content\">    <div class=\"grve-counter-item grve-h1 grve-text-primary-1 grve-increase-heading grve-heading-140\">      <span data-thousands-separator-vis=\"\" data-thousands-separator=\",\" data-prefix=\"\" data-suffix=\"\" data-start-val=\"0\" data-end-val=\"80\" data-decimal-points=\"0\" data-decimal-separator=\".\" >0<\/span>    <\/div>\t<h3 class=\"grve-counter-title grve-h3\">Tourism Sector Workers Trained<\/h3>  <\/div><\/div>[\/vc_column_inner][vc_column_inner width=\u00bb1\/3&#8243;]<div class=\"grve-element grve-counter grve-align-center grve-animated-item grve-fade-in-up grve-duration-normal\" style=\"\" data-delay=\"200\">  <div class=\"grve-counter-icon\">  <i class=\"et-icon-profile-male grve-text-primary-2 grve-medium\"><\/i>  <\/div>  <div class=\"grve-counter-content\">    <div class=\"grve-counter-item grve-h1 grve-text-primary-1 grve-increase-heading grve-heading-140\">      <span data-thousands-separator-vis=\"\" data-thousands-separator=\",\" data-prefix=\"\" data-suffix=\"\" data-start-val=\"0\" data-end-val=\"80\" data-decimal-points=\"0\" data-decimal-separator=\".\" >0<\/span>    <\/div>\t<h3 class=\"grve-counter-title grve-h3\">Tourism Sector Workers Trained<\/h3>  <\/div><\/div>[\/vc_column_inner][vc_column_inner width=\u00bb1\/3&#8243;]<div class=\"grve-element grve-counter grve-align-center grve-animated-item grve-fade-in-up grve-duration-normal\" style=\"\" data-delay=\"200\">  <div class=\"grve-counter-icon\">  <i class=\"et-icon-profile-male grve-text-primary-2 grve-medium\"><\/i>  <\/div>  <div class=\"grve-counter-content\">    <div class=\"grve-counter-item grve-h1 grve-text-primary-1 grve-increase-heading grve-heading-140\">      <span data-thousands-separator-vis=\"\" data-thousands-separator=\",\" data-prefix=\"\" data-suffix=\"\" data-start-val=\"0\" data-end-val=\"80\" data-decimal-points=\"0\" data-decimal-separator=\".\" >0<\/span>    <\/div>\t<h3 class=\"grve-counter-title grve-h3\">Tourism Sector Workers Trained<\/h3>  <\/div><\/div>[\/vc_column_inner][\/vc_row_inner][\/vc_tta_section][vc_tta_section title=\u00bbSezione 2&#8243; tab_id=\u00bb1699011950064-fb19e031-b4cd\u00bb][\/vc_tta_section][\/vc_tta_tour][\/vc_column][\/vc_row]<\/p>\n<\/div>","protected":false},"excerpt":{"rendered":"<p>Lorem ipsum dolor sit amet, fierent invidunt eleifend an sea, sea at nonumes deserunt, cum in dictas maiorum consequat. Legere delicata sea eu, vix ei blandit forensibus. Ne qui posse munere molestiae, no has stet dolorum.<\/p>\n","protected":false},"author":1,"featured_media":17966,"parent":0,"menu_order":0,"comment_status":"closed","ping_status":"closed","template":"","meta":{"footnotes":""},"class_list":["post-18028","page","type-page","status-publish","has-post-thumbnail","hentry"],"yoast_head":"<!-- This site is optimized with the Yoast SEO plugin v26.6 - https:\/\/yoast.com\/wordpress\/plugins\/seo\/ -->\n<title>PILOTING - START - SUSTAINABLE APPROACH<\/title>\n<meta name=\"description\" content=\"The piloting phase of the START project supports the personal and professional development of tourism workers in partner countries through...\" \/>\n<meta name=\"robots\" content=\"index, follow, max-snippet:-1, max-image-preview:large, max-video-preview:-1\" \/>\n<link rel=\"canonical\" href=\"https:\/\/start.conform.it\/es\/piloting\/\" \/>\n<meta property=\"og:locale\" content=\"es_ES\" \/>\n<meta property=\"og:type\" content=\"article\" \/>\n<meta property=\"og:title\" content=\"PILOTING - START - SUSTAINABLE APPROACH\" \/>\n<meta property=\"og:description\" content=\"The piloting phase of the START project supports the personal and professional development of tourism workers in partner countries through...\" \/>\n<meta property=\"og:url\" content=\"https:\/\/start.conform.it\/es\/piloting\/\" \/>\n<meta property=\"og:site_name\" content=\"START\" \/>\n<meta property=\"article:modified_time\" content=\"2024-07-24T14:34:02+00:00\" \/>\n<meta property=\"og:image\" content=\"https:\/\/start.conform.it\/wp-content\/uploads\/2024\/07\/Piloting.webp\" \/>\n\t<meta property=\"og:image:width\" content=\"1920\" \/>\n\t<meta property=\"og:image:height\" content=\"400\" \/>\n\t<meta property=\"og:image:type\" content=\"image\/webp\" \/>\n<meta name=\"twitter:card\" content=\"summary_large_image\" \/>\n<meta name=\"twitter:label1\" content=\"Tiempo de lectura\" \/>\n\t<meta name=\"twitter:data1\" content=\"7 minutos\" \/>\n<script type=\"application\/ld+json\" class=\"yoast-schema-graph\">{\"@context\":\"https:\/\/schema.org\",\"@graph\":[{\"@type\":\"WebPage\",\"@id\":\"https:\/\/start.conform.it\/es\/piloting\/\",\"url\":\"https:\/\/start.conform.it\/es\/piloting\/\",\"name\":\"PILOTING - START - SUSTAINABLE APPROACH\",\"isPartOf\":{\"@id\":\"https:\/\/start.conform.it\/es\/#website\"},\"primaryImageOfPage\":{\"@id\":\"https:\/\/start.conform.it\/es\/piloting\/#primaryimage\"},\"image\":{\"@id\":\"https:\/\/start.conform.it\/es\/piloting\/#primaryimage\"},\"thumbnailUrl\":\"https:\/\/start.conform.it\/wp-content\/uploads\/2024\/07\/Piloting.webp\",\"datePublished\":\"2024-07-12T15:03:44+00:00\",\"dateModified\":\"2024-07-24T14:34:02+00:00\",\"description\":\"The piloting phase of the START project supports the personal and professional development of tourism workers in partner countries through...\",\"breadcrumb\":{\"@id\":\"https:\/\/start.conform.it\/es\/piloting\/#breadcrumb\"},\"inLanguage\":\"es\",\"potentialAction\":[{\"@type\":\"ReadAction\",\"target\":[\"https:\/\/start.conform.it\/es\/piloting\/\"]}]},{\"@type\":\"ImageObject\",\"inLanguage\":\"es\",\"@id\":\"https:\/\/start.conform.it\/es\/piloting\/#primaryimage\",\"url\":\"https:\/\/start.conform.it\/wp-content\/uploads\/2024\/07\/Piloting.webp\",\"contentUrl\":\"https:\/\/start.conform.it\/wp-content\/uploads\/2024\/07\/Piloting.webp\",\"width\":1920,\"height\":400,\"caption\":\"piloting\"},{\"@type\":\"BreadcrumbList\",\"@id\":\"https:\/\/start.conform.it\/es\/piloting\/#breadcrumb\",\"itemListElement\":[{\"@type\":\"ListItem\",\"position\":1,\"name\":\"Home\",\"item\":\"https:\/\/start.conform.it\/es\/\"},{\"@type\":\"ListItem\",\"position\":2,\"name\":\"PILOTO\"}]},{\"@type\":\"WebSite\",\"@id\":\"https:\/\/start.conform.it\/es\/#website\",\"url\":\"https:\/\/start.conform.it\/es\/\",\"name\":\"START\",\"description\":\"SUSTAINABLE AND TECHNOLOGICAL APPROACH TO RETHINK TOURISM\",\"potentialAction\":[{\"@type\":\"SearchAction\",\"target\":{\"@type\":\"EntryPoint\",\"urlTemplate\":\"https:\/\/start.conform.it\/es\/?s={search_term_string}\"},\"query-input\":{\"@type\":\"PropertyValueSpecification\",\"valueRequired\":true,\"valueName\":\"search_term_string\"}}],\"inLanguage\":\"es\"}]}<\/script>\n<!-- \/ Yoast SEO plugin. -->","yoast_head_json":{"title":"PILOTING - START - SUSTAINABLE APPROACH","description":"The piloting phase of the START project supports the personal and professional development of tourism workers in partner countries through...","robots":{"index":"index","follow":"follow","max-snippet":"max-snippet:-1","max-image-preview":"max-image-preview:large","max-video-preview":"max-video-preview:-1"},"canonical":"https:\/\/start.conform.it\/es\/piloting\/","og_locale":"es_ES","og_type":"article","og_title":"PILOTING - START - SUSTAINABLE APPROACH","og_description":"The piloting phase of the START project supports the personal and professional development of tourism workers in partner countries through...","og_url":"https:\/\/start.conform.it\/es\/piloting\/","og_site_name":"START","article_modified_time":"2024-07-24T14:34:02+00:00","og_image":[{"width":1920,"height":400,"url":"https:\/\/start.conform.it\/wp-content\/uploads\/2024\/07\/Piloting.webp","type":"image\/webp"}],"twitter_card":"summary_large_image","twitter_misc":{"Tiempo de lectura":"7 minutos"},"schema":{"@context":"https:\/\/schema.org","@graph":[{"@type":"WebPage","@id":"https:\/\/start.conform.it\/es\/piloting\/","url":"https:\/\/start.conform.it\/es\/piloting\/","name":"PILOTING - START - SUSTAINABLE APPROACH","isPartOf":{"@id":"https:\/\/start.conform.it\/es\/#website"},"primaryImageOfPage":{"@id":"https:\/\/start.conform.it\/es\/piloting\/#primaryimage"},"image":{"@id":"https:\/\/start.conform.it\/es\/piloting\/#primaryimage"},"thumbnailUrl":"https:\/\/start.conform.it\/wp-content\/uploads\/2024\/07\/Piloting.webp","datePublished":"2024-07-12T15:03:44+00:00","dateModified":"2024-07-24T14:34:02+00:00","description":"The piloting phase of the START project supports the personal and professional development of tourism workers in partner countries through...","breadcrumb":{"@id":"https:\/\/start.conform.it\/es\/piloting\/#breadcrumb"},"inLanguage":"es","potentialAction":[{"@type":"ReadAction","target":["https:\/\/start.conform.it\/es\/piloting\/"]}]},{"@type":"ImageObject","inLanguage":"es","@id":"https:\/\/start.conform.it\/es\/piloting\/#primaryimage","url":"https:\/\/start.conform.it\/wp-content\/uploads\/2024\/07\/Piloting.webp","contentUrl":"https:\/\/start.conform.it\/wp-content\/uploads\/2024\/07\/Piloting.webp","width":1920,"height":400,"caption":"piloting"},{"@type":"BreadcrumbList","@id":"https:\/\/start.conform.it\/es\/piloting\/#breadcrumb","itemListElement":[{"@type":"ListItem","position":1,"name":"Home","item":"https:\/\/start.conform.it\/es\/"},{"@type":"ListItem","position":2,"name":"PILOTO"}]},{"@type":"WebSite","@id":"https:\/\/start.conform.it\/es\/#website","url":"https:\/\/start.conform.it\/es\/","name":"START","description":"SUSTAINABLE AND TECHNOLOGICAL APPROACH TO RETHINK TOURISM","potentialAction":[{"@type":"SearchAction","target":{"@type":"EntryPoint","urlTemplate":"https:\/\/start.conform.it\/es\/?s={search_term_string}"},"query-input":{"@type":"PropertyValueSpecification","valueRequired":true,"valueName":"search_term_string"}}],"inLanguage":"es"}]}},"_links":{"self":[{"href":"https:\/\/start.conform.it\/es\/wp-json\/wp\/v2\/pages\/18028","targetHints":{"allow":["GET"]}}],"collection":[{"href":"https:\/\/start.conform.it\/es\/wp-json\/wp\/v2\/pages"}],"about":[{"href":"https:\/\/start.conform.it\/es\/wp-json\/wp\/v2\/types\/page"}],"author":[{"embeddable":true,"href":"https:\/\/start.conform.it\/es\/wp-json\/wp\/v2\/users\/1"}],"replies":[{"embeddable":true,"href":"https:\/\/start.conform.it\/es\/wp-json\/wp\/v2\/comments?post=18028"}],"version-history":[{"count":5,"href":"https:\/\/start.conform.it\/es\/wp-json\/wp\/v2\/pages\/18028\/revisions"}],"predecessor-version":[{"id":18052,"href":"https:\/\/start.conform.it\/es\/wp-json\/wp\/v2\/pages\/18028\/revisions\/18052"}],"wp:featuredmedia":[{"embeddable":true,"href":"https:\/\/start.conform.it\/es\/wp-json\/wp\/v2\/media\/17966"}],"wp:attachment":[{"href":"https:\/\/start.conform.it\/es\/wp-json\/wp\/v2\/media?parent=18028"}],"curies":[{"name":"wp","href":"https:\/\/api.w.org\/{rel}","templated":true}]}}