{"id":17661,"date":"2023-01-26T08:53:48","date_gmt":"2023-01-26T08:53:48","guid":{"rendered":"https:\/\/start.conform.it\/home\/"},"modified":"2025-02-25T18:47:23","modified_gmt":"2025-02-25T18:47:23","slug":"home","status":"publish","type":"page","link":"https:\/\/start.conform.it\/es\/","title":{"rendered":"HOME"},"content":{"rendered":"<div class=\"wpb-content-wrapper\"><p>[vc_row heading_color=\u00bblight\u00bb section_full_height=\u00bbfullheight\u00bb bg_type=\u00bbimage\u00bb bg_image=\u00bb16376&#8243; bg_image_type=\u00bbparallax\u00bb padding_top_multiplier=\u00bb\u00bb padding_bottom_multiplier=\u00bb\u00bb columns_gap=\u00bbnone\u00bb parallax_sensor=\u00bb350&#8243; font_color=\u00bb#ffffff\u00bb][vc_column]<div class=\"grve-element grve-image grve-align-left\" style=\"\">  <div class=\"grve-image-wrapper\"><img loading=\"lazy\" decoding=\"async\" width=\"300\" height=\"102\" src=\"https:\/\/start.conform.it\/wp-content\/uploads\/2023\/01\/START-LOGO-SCELTO-WHITE-300x102.png\" class=\"attachment-medium size-medium\" alt=\"Logo start white\" srcset=\"https:\/\/start.conform.it\/wp-content\/uploads\/2023\/01\/START-LOGO-SCELTO-WHITE-300x102.png 300w, https:\/\/start.conform.it\/wp-content\/uploads\/2023\/01\/START-LOGO-SCELTO-WHITE-1024x348.png 1024w, https:\/\/start.conform.it\/wp-content\/uploads\/2023\/01\/START-LOGO-SCELTO-WHITE-768x261.png 768w, https:\/\/start.conform.it\/wp-content\/uploads\/2023\/01\/START-LOGO-SCELTO-WHITE-1536x522.png 1536w, https:\/\/start.conform.it\/wp-content\/uploads\/2023\/01\/START-LOGO-SCELTO-WHITE.png 1832w\" sizes=\"auto, (max-width: 300px) 100vw, 300px\" \/>   <\/div><\/div><div class=\"grve-empty-space grve-height-2x\" style=\"\"><\/div>[\/vc_column][vc_column width=\u00bb1\/4&#8243; css=\u00bb.vc_custom_1472741881694{padding: 30px !important;border: 5px solid #ffffff !important;}\u00bb]<h1 class=\"grve-element grve-title grve-align-left grve-h2\" style=\"\"><span>El<br \/>\nProyecto START<span class=\"grve-title-line grve-bg-white\" style=\"width: 60px;height: 5px;\"><\/span><\/span><\/h1>[vc_column_text text_style=\u00bbleader-text\u00bb]<span style=\"font-size: 12px;\"><span class=\"OYPEnA text-decoration-none text-strikethrough-none\">2022-1-IT01-KA220-VET-000088750<\/span><\/span>[\/vc_column_text]<div class=\"grve-empty-space grve-height-4x\" style=\"\"><\/div>[vc_column_text text_style=\u00bbleader-text\u00bb]<strong>\u00bfEliges montarte sobre la ola del cambio<br \/>\no SER la Ola del Cambio ?<\/strong>[\/vc_column_text][\/vc_column][vc_column width=\u00bb1\/4&#8243;][\/vc_column][vc_column width=\u00bb1\/4&#8243;][\/vc_column][vc_column width=\u00bb1\/4&#8243;][\/vc_column][\/vc_row][vc_row padding_top_multiplier=\u00bb6x\u00bb section_id=\u00bbproject\u00bb][vc_column][vc_custom_heading text=\u00bbSTART\u00bb font_container=\u00bbtag:h1|font_size:60|text_align:center|color:%232b4f9d\u00bb google_fonts=\u00bbfont_family:Josefin%20Sans%3A100%2C100italic%2C300%2C300italic%2Cregular%2Citalic%2C600%2C600italic%2C700%2C700italic|font_style:700%20bold%20regular%3A700%3Anormal\u00bb css_animation=\u00bbfadeInDown\u00bb]<div class=\"grve-empty-space grve-height-1x\" style=\"\"><\/div><h2 class=\"grve-element grve-typed-text grve-align-center grve-h2\" style=\"\">    <span class=\"grve-typed-text-prefix\"> <\/span>    <span class=\"grve-animated-text grve-text-primary-2\">    \t<span id=\"grve-typed-item-69f38fb9cf94c\"><\/span>    <\/span>    <span class=\"grve-typed-text-suffix\"> <\/span><script type=\"text\/javascript\">\r\n\t\t\t\tjQuery(function($){ $(\"#grve-typed-item-69f38fb9cf94c\").appear(function() {\r\n\t\t\t\t\t$(\"#grve-typed-item-69f38fb9cf94c\").typed({\r\n\t\t\t\t\t\tstrings: [\"SUSTAINABLE AND TECHNOLOGICAL APPROACH TO RETHINK TOURISM\"],\r\n\t\t\t\t\t\ttypeSpeed: 100,\r\n\t\t\t\t\t\tbackSpeed: 80,\r\n\t\t\t\t\t\tstartDelay: 0,\r\n\t\t\t\t\t\tbackDelay: 500,\r\n\t\t\t\t\t\tloop: false,\r\n\t\t\t\t\t\tloopCount: false,\r\n\t\t\t\t\t\tshowCursor: false,\r\n\t\t\t\t\t\tcursorChar: \"|\",\r\n\t\t\t\t\t\tcontentType: null,\r\n\t\t\t\t\t\tattr: null\r\n\t\t\t\t\t});\r\n\t\t\t\t});\r\n\t\t\t});\r\n\t\t<\/script><\/h2><style type=\"text\/css\">.grve-title-gradient.grve-title-69f38fb9cf96e > span,.grve-title-gradient.grve-title-69f38fb9cf96e .grve-clipping-content > span {color: #2b4f9d;background-image: -moz-linear-gradient(-45deg, #2b4f9d 0%, #35b9c5 100%);background-image: -webkit-linear-gradient(-45deg, #2b4f9d 0%, #35b9c5 100%);background-image: linear-gradient(135deg, #2b4f9d 0%, #35b9c5 100%);}<\/style><h3 class=\"grve-element grve-title grve-align-center grve-animated-item grve-duration-normal grve-fade-in-up grve-h6 grve-title-gradient grve-title-69f38fb9cf96e\" style=\"\" data-delay=\"400\"><span><br>\n<h4>S\u00famate al Proyecto START<\/h4>\n<\/span><\/h3><div class=\"grve-element grve-divider grve-animated-item grve-fade-in-up grve-duration-normal grve-align-center\" style=\"\" data-delay=\"200\"><span class=\"grve-custom-divider grve-bg-primary-1\" style=\"width: 50px;height: 2px;\"><\/span><\/div><div class=\"grve-empty-space grve-height-1x\" style=\"\"><\/div>[vc_column_text animation=\u00bbgrve-fade-in-up\u00bb animation_delay=\u00bb400&#8243;]<\/p>\n<p style=\"text-align: center;\">El turismo post-Covid-19 es muy diferente al que conoc\u00edamos hasta ahora y, como en todas las revoluciones, se abre un escenario de transformaciones que premiar\u00e1 a aquellos actores y destinos que sepan aprovechar las oportunidades, cooperando en sinergia, para prevenir la obsolescencia de las capacidades de los trabajadores y trazar los m\u00e9todos de funcionamiento de un sector que ahora debe ofrecer cada vez m\u00e1s soluciones inteligentes.<\/p>\n<p>[\/vc_column_text][\/vc_column][\/vc_row][vc_row padding_top_multiplier=\u00bb\u00bb padding_bottom_multiplier=\u00bb6x\u00bb section_id=\u00bbproject\u00bb][vc_column width=\u00bb1\/4&#8243;][\/vc_column][vc_column width=\u00bb1\/4&#8243;]<div class=\"grve-element grve-align-center grve-animated-item grve-fade-in-up grve-duration-normal grve-fluid-button\" data-delay=\"200\"><a href=\"https:\/\/start.conform.it\/wp-content\/uploads\/2024\/01\/Brochure-START_ES.pdf\" target=\"_blank\" rel=\"noopener noreferrer\" class=\"grve-btn grve-btn-medium grve-square grve-bg-primary-1 grve-bg-hover-primary-2 grve-btn-line\" style=\"max-width: 250px;\"><span>Descargar folleto<\/span><\/a><\/div>[\/vc_column][vc_column width=\u00bb1\/4&#8243;]<div class=\"grve-element grve-align-center grve-animated-item grve-fade-in-up grve-duration-normal grve-fluid-button\" data-delay=\"200\"><a href=\"#modal-video\" class=\"grve-btn grve-btn-medium grve-square grve-bg-primary-1 grve-bg-hover-primary-2 grve-btn-line grve-modal-popup\" style=\"max-width: 250px;\"><span>Watch the video<\/span><\/a><\/div>[\/vc_column][vc_column width=\u00bb1\/4&#8243;][\/vc_column][\/vc_row][vc_row bg_type=\u00bbgradient\u00bb padding_top_multiplier=\u00bb\u00bb padding_bottom_multiplier=\u00bb\u00bb section_id=\u00bb#modal-01&#8243;][vc_column css=\u00bb.vc_custom_1706287859342{background-color: #1db750 !important;background-position: center !important;background-repeat: no-repeat !important;background-size: cover !important;}\u00bb]\t\t\t<div class=\"grve-modal-element mfp-hide\" id=\"modal-video\">\r\n\t\t\t\t<div class=\"grve-section\">\r\n\t\t\t\t\t<div class=\"grve-container\">\r\n\t\t\t\t\t\t<div class=\"grve-row grve-columns-gap-30\">\r\n\t\t\t\t\t\t\t<div class=\"grve-column grve-column-1\">\r\n\t\t\t\t\t\t\t<div class=\"grve-empty-space grve-height-3x\" style=\"\"><\/div>[vc_row_inner][vc_column_inner]<div class=\"grve-element grve-video\" style=\"\"><iframe loading=\"lazy\" title=\"VIDEO START\" src=\"https:\/\/player.vimeo.com\/video\/906434650?dnt=1&amp;app_id=122963\" width=\"1080\" height=\"608\" frameborder=\"0\" allow=\"autoplay; fullscreen; picture-in-picture\"><\/iframe><\/div>[\/vc_column_inner][\/vc_row_inner]\t\t\t\t\t\t\t<\/div>\r\n\t\t\t\t\t\t<\/div>\r\n\t\t\t\t\t<\/div>\r\n\t\t\t\t<\/div>\r\n\t\t\t<\/div>\r\n\t\t[\/vc_column][\/vc_row][vc_row heading_color=\u00bblight\u00bb section_full_height=\u00bbfullheight\u00bb bg_type=\u00bbimage\u00bb bg_image=\u00bb16416&#8243; bg_image_type=\u00bbparallax\u00bb padding_top_multiplier=\u00bb\u00bb padding_bottom_multiplier=\u00bb\u00bb columns_gap=\u00bbnone\u00bb parallax_sensor=\u00bb350&#8243; font_color=\u00bb#ffffff\u00bb][vc_column width=\u00bb1\/4&#8243;][\/vc_column][vc_column width=\u00bb1\/4&#8243;][\/vc_column][vc_column width=\u00bb1\/4&#8243;][\/vc_column][vc_column width=\u00bb1\/4&#8243; css=\u00bb.vc_custom_1472741881694{padding: 30px !important;border: 5px solid #ffffff !important;}\u00bb]<h1 class=\"grve-element grve-title grve-align-left grve-h2\" style=\"\"><span>Los<br \/>\nObjetivos Clave<span class=\"grve-title-line grve-bg-white\" style=\"width: 60px;height: 5px;\"><\/span><\/span><\/h1><div class=\"grve-empty-space grve-height-4x\" style=\"\"><\/div>[vc_column_text text_style=\u00bbleader-text\u00bb]<strong>Adapta tus habilidades<\/strong><br \/>\n<strong>para convertirte en un agente de cambio<\/strong>[\/vc_column_text][\/vc_column][\/vc_row][vc_row padding_top_multiplier=\u00bb3x\u00bb padding_bottom_multiplier=\u00bb6x\u00bb separator_top=\u00bbcurve-right-separator\u00bb separator_top_size=\u00bb100%\u00bb separator_top_color=\u00bb#fcfcfc\u00bb section_id=\u00bbobjectives\u00bb][vc_column width=\u00bb5\/12&#8243; tablet_sm_width=\u00bb1-2&#8243;]<h2 class=\"grve-element grve-title grve-align-left grve-h2\" style=\"\"><span><br>\n<h4>Los<br \/>\nObjetivos Clave<\/h4>\n<span class=\"grve-title-line grve-bg-primary-1\" style=\"width: 50px;height: 2px;\"><\/span><\/span><\/h2><div class=\"grve-empty-space grve-height-2x\" style=\"\"><\/div><div class=\"grve-element grve-box-icon grve-medium grve-side-icon grve-align-left\" style=\"\"><div class=\"grve-wrapper-icon grve-no-shape\" style=\"\"><i class=\"grve-text-primary-1 et-icon-tools-2\"><\/i><\/div><div class=\"grve-box-content\"><div class=\"grve-box-title-wrapper\"><h3 class=\"grve-box-title grve-h5\">Apoyar<\/h3><\/div>  <p class=\"\">Apoyar el desarrollo personal y profesional de los trabajadores del sector tur\u00edstico<\/p><\/div><\/div><div class=\"grve-empty-space\" style=\"height: 40px;\"><\/div><div class=\"grve-element grve-box-icon grve-medium grve-side-icon grve-align-left\" style=\"\"><div class=\"grve-wrapper-icon grve-no-shape\" style=\"\"><i class=\"grve-text-primary-1 et-icon-megaphone\"><\/i><\/div><div class=\"grve-box-content\"><div class=\"grve-box-title-wrapper\"><h3 class=\"grve-box-title grve-h5\">Promover<\/h3><\/div>  <p class=\"\">Promover la accesibilidad en el tiempo a una pluralidad de Recursos Educativos Abiertos (REA)<\/p><\/div><\/div><div class=\"grve-empty-space\" style=\"height: 40px;\"><\/div><div class=\"grve-element grve-box-icon grve-medium grve-side-icon grve-align-left\" style=\"\"><div class=\"grve-wrapper-icon grve-no-shape\" style=\"\"><i class=\"grve-text-primary-1 et-icon-streetsign\"><\/i><\/div><div class=\"grve-box-content\"><div class=\"grve-box-title-wrapper\"><h3 class=\"grve-box-title grve-h5\">Gu\u00edar e inspirar<\/h3><\/div>  <p class=\"\">Gu\u00edar e inspirar a los profesionales hacia un replanteamiento circular de sus modelos de negocio.<\/p><\/div><\/div><div class=\"grve-empty-space\" style=\"height: 40px;\"><\/div><div class=\"grve-element grve-box-icon grve-medium grve-side-icon grve-align-left\" style=\"\"><div class=\"grve-wrapper-icon grve-no-shape\" style=\"\"><i class=\"grve-text-primary-1 et-icon-linegraph\"><\/i><\/div><div class=\"grve-box-content\"><div class=\"grve-box-title-wrapper\"><h3 class=\"grve-box-title grve-h5\">Reunir<\/h3><\/div>  <p class=\"\">Reunir grupos de expertos en t\u00e9cnicas y m\u00e9todos de formaci\u00f3n en transformaci\u00f3n e integraci\u00f3n de tecnolog\u00edas ecol\u00f3gicas.<\/p><\/div><\/div><div class=\"grve-empty-space\" style=\"height: 40px;\"><\/div><div class=\"grve-element grve-box-icon grve-medium grve-side-icon grve-align-left\" style=\"\"><div class=\"grve-wrapper-icon grve-no-shape\" style=\"\"><i class=\"grve-text-primary-1 et-icon-chat\"><\/i><\/div><div class=\"grve-box-content\"><div class=\"grve-box-title-wrapper\"><h3 class=\"grve-box-title grve-h5\">Difundir<\/h3><\/div>  <p class=\"\">Difundir el programa de aprendizaje y las herramientas de apoyo entre una amplia audiencia de agentes tur\u00edsticos.<\/p><\/div><\/div>[\/vc_column][vc_column width=\u00bb7\/12&#8243; tablet_sm_width=\u00bb1-2&#8243;][vc_row_inner][vc_column_inner tablet_width=\u00bbhide\u00bb tablet_sm_width=\u00bbhide\u00bb mobile_width=\u00bbhide\u00bb]<div class=\"grve-empty-space\" style=\"height: 140px;\"><\/div>[\/vc_column_inner][\/vc_row_inner][vc_row_inner][vc_column_inner desktop_hide=\u00bbhide\u00bb]<div class=\"grve-empty-space\" style=\"height: 20px;\"><\/div>[\/vc_column_inner][\/vc_row_inner][vc_column_text]<div class=\"grve-element grve-double-image-text grve-paraller-wrapper grve-align-right\" style=\"\"><div class=\"grve-image grve-first-image\"><img loading=\"lazy\" decoding=\"async\" width=\"851\" height=\"1206\" src=\"https:\/\/start.conform.it\/wp-content\/uploads\/2023\/01\/obiettivi.webp\" class=\"attachment-full size-full\" alt=\"\" srcset=\"https:\/\/start.conform.it\/wp-content\/uploads\/2023\/01\/obiettivi.webp 1x,https:\/\/start.conform.it\/wp-content\/uploads\/2023\/01\/obiettivi.webp 2x\" \/><\/div>  <div class=\"grve-content grve-align-right\"><div class=\"grve-image grve-second-image grve-paraller\" data-invert=\"true\"><img loading=\"lazy\" decoding=\"async\" width=\"800\" height=\"800\" src=\"https:\/\/start.conform.it\/wp-content\/uploads\/2023\/01\/obiettivilogo-v1.png\" class=\"attachment-full size-full\" alt=\"\" srcset=\"https:\/\/start.conform.it\/wp-content\/uploads\/2023\/01\/obiettivilogo-v1.png 1x,https:\/\/start.conform.it\/wp-content\/uploads\/2023\/01\/obiettivilogo-v1.png 2x\" \/><\/div>  <\/div><\/div>[\/vc_column_text][\/vc_column][\/vc_row][vc_row heading_color=\u00bblight\u00bb section_full_height=\u00bbfullheight\u00bb bg_type=\u00bbimage\u00bb bg_image=\u00bb16426&#8243; bg_image_type=\u00bbparallax\u00bb color_overlay=\u00bbprimary-1&#8243; opacity_overlay=\u00bb20&#8243; padding_top_multiplier=\u00bb\u00bb padding_bottom_multiplier=\u00bb\u00bb columns_gap=\u00bbnone\u00bb parallax_sensor=\u00bb350&#8243; font_color=\u00bb#ffffff\u00bb][vc_column width=\u00bb1\/4&#8243; css=\u00bb.vc_custom_1472741881694{padding: 30px !important;border: 5px solid #ffffff !important;}\u00bb]<h1 class=\"grve-element grve-title grve-align-left grve-h2\" style=\"\"><span>El<br \/>\nConsorcio<span class=\"grve-title-line grve-bg-white\" style=\"width: 60px;height: 5px;\"><\/span><\/span><\/h1><div class=\"grve-empty-space grve-height-4x\" style=\"\"><\/div>[vc_column_text text_style=\u00bbleader-text\u00bb]<strong>Somos<br \/>\n<\/strong><strong>la Ola del Cambio<\/strong>[\/vc_column_text][\/vc_column][vc_column width=\u00bb1\/4&#8243;][\/vc_column][vc_column width=\u00bb1\/4&#8243;][\/vc_column][vc_column width=\u00bb1\/4&#8243;][\/vc_column][\/vc_row][vc_row padding_top_multiplier=\u00bb6x\u00bb padding_bottom_multiplier=\u00bb4x\u00bb separator_top=\u00bbcurve-right-separator\u00bb separator_top_size=\u00bb100%\u00bb separator_top_color=\u00bb#fcfcfc\u00bb section_id=\u00bbpartnership\u00bb][vc_column width=\u00bb1\/3&#8243; tablet_sm_width=\u00bb1-2&#8243;]<h2 class=\"grve-element grve-title grve-align-left grve-h2\" style=\"\"><span><br>\n<h4>El<br \/>\nConsorcio<\/h4>\n<span class=\"grve-title-line grve-bg-primary-1\" style=\"width: 50px;height: 2px;\"><\/span><\/span><\/h2>[vc_column_text]Los<strong> 8 socios<\/strong> del Proyecto Start proceden de <strong>4 pa\u00edses de la UE<\/strong>, exponentes de la FP, la representaci\u00f3n de empresas, el Sistema de Desarrollo Local, las Organizaciones de Gesti\u00f3n de Destinos y las empresas de Innovaci\u00f3n.[\/vc_column_text]<div class=\"grve-empty-space grve-height-1x\" style=\"\"><\/div>[\/vc_column][vc_column width=\u00bb2\/3&#8243;][vc_row_inner][vc_column_inner width=\u00bb1\/2&#8243;]<div class=\"grve-element grve-image grve-align-center\" style=\"\">  <div class=\"grve-image-wrapper\"><a href=\"#modal-italia\" class=\"grve-modal-popup\"><img loading=\"lazy\" decoding=\"async\" width=\"800\" height=\"800\" src=\"https:\/\/start.conform.it\/wp-content\/uploads\/2023\/01\/Italia.webp\" class=\"attachment-full size-full\" alt=\"Start - partner italia\" srcset=\"https:\/\/start.conform.it\/wp-content\/uploads\/2023\/01\/Italia.webp 1x,https:\/\/start.conform.it\/wp-content\/uploads\/2023\/01\/Italia.webp 2x\" \/><\/a>   <\/div><\/div><div class=\"grve-empty-space grve-height-1x\" style=\"\"><\/div><div class=\"grve-element grve-slogan grve-align-center grve-animated-item grve-fade-in-up grve-duration-normal\" style=\"\" data-delay=\"400\"><h2 class=\"grve-slogan-title grve-align-center grve-h3\"><span>ITALIA<\/span><\/h2>  <p class=\"\">CONFORM &#8211; SVEM &#8211; GTEC<\/p><div class=\"grve-btn-wrapper\"><a href=\"#modal-italia\" class=\"grve-btn grve-btn-medium grve-square grve-bg-primary-1 grve-bg-hover-primary-2 grve-btn-line grve-modal-popup\"><span><i class=\"smp-icon-size-fullscreen\"><\/i>M\u00e1s informaci\u00f3n<\/span><\/a><\/div><\/div><div class=\"grve-empty-space grve-height-2x\" style=\"\"><\/div>[\/vc_column_inner][vc_column_inner width=\u00bb1\/2&#8243;]<div class=\"grve-element grve-image grve-align-center\" style=\"\">  <div class=\"grve-image-wrapper\"><a href=\"#modal-spagna\" class=\"grve-modal-popup\"><img loading=\"lazy\" decoding=\"async\" width=\"800\" height=\"800\" src=\"https:\/\/start.conform.it\/wp-content\/uploads\/2023\/01\/Spagna.webp\" class=\"attachment-full size-full\" alt=\"Start - partner spagna\" srcset=\"https:\/\/start.conform.it\/wp-content\/uploads\/2023\/01\/Spagna.webp 1x,https:\/\/start.conform.it\/wp-content\/uploads\/2023\/01\/Spagna.webp 2x\" \/><\/a>   <\/div><\/div><div class=\"grve-empty-space grve-height-1x\" style=\"\"><\/div><div class=\"grve-element grve-slogan grve-align-center grve-animated-item grve-fade-in-up grve-duration-normal\" style=\"\" data-delay=\"400\"><h2 class=\"grve-slogan-title grve-align-center grve-h3\"><span>ESPA\u00d1A<\/span><\/h2>  <p class=\"\">CAMARA DE SEVILLA &#8211; UNIVERSIDAD DE ALICANTE <\/p><div class=\"grve-btn-wrapper\"><a href=\"#modal-spagna\" class=\"grve-btn grve-btn-medium grve-square grve-bg-primary-1 grve-bg-hover-primary-2 grve-btn-line grve-modal-popup\"><span><i class=\"smp-icon-size-fullscreen\"><\/i>M\u00e1s informaci\u00f3n<\/span><\/a><\/div><\/div><div class=\"grve-empty-space grve-height-2x\" style=\"\"><\/div>[\/vc_column_inner][\/vc_row_inner][vc_row_inner][vc_column_inner width=\u00bb1\/2&#8243;]<div class=\"grve-element grve-image grve-align-center\" style=\"\">  <div class=\"grve-image-wrapper\"><a href=\"#modal-grecia\" class=\"grve-modal-popup\"><img loading=\"lazy\" decoding=\"async\" width=\"800\" height=\"800\" src=\"https:\/\/start.conform.it\/wp-content\/uploads\/2023\/01\/grecia.webp\" class=\"attachment-full size-full\" alt=\"Start - partner grecia\" srcset=\"https:\/\/start.conform.it\/wp-content\/uploads\/2023\/01\/grecia.webp 1x,https:\/\/start.conform.it\/wp-content\/uploads\/2023\/01\/grecia.webp 2x\" \/><\/a>   <\/div><\/div><div class=\"grve-empty-space grve-height-1x\" style=\"\"><\/div><div class=\"grve-element grve-slogan grve-align-center grve-animated-item grve-fade-in-up grve-duration-normal\" style=\"\" data-delay=\"400\"><h2 class=\"grve-slogan-title grve-align-center grve-h3\"><span>GRECIA<\/span><\/h2>  <p class=\"\">THESSALONIKI T.O. &#8211; TRANSCOOP<\/p><div class=\"grve-btn-wrapper\"><a href=\"#modal-grecia\" class=\"grve-btn grve-btn-medium grve-square grve-bg-primary-1 grve-bg-hover-primary-2 grve-btn-line grve-modal-popup\"><span><i class=\"smp-icon-size-fullscreen\"><\/i>M\u00e1s informaci\u00f3n<\/span><\/a><\/div><\/div><div class=\"grve-empty-space grve-height-2x\" style=\"\"><\/div>[\/vc_column_inner][vc_column_inner width=\u00bb1\/2&#8243;]<div class=\"grve-element grve-image grve-align-center\" style=\"\">  <div class=\"grve-image-wrapper\"><a href=\"#modal-portogallo\" class=\"grve-modal-popup\"><img loading=\"lazy\" decoding=\"async\" width=\"800\" height=\"800\" src=\"https:\/\/start.conform.it\/wp-content\/uploads\/2023\/01\/PORTOGALLO.webp\" class=\"attachment-full size-full\" alt=\"Start - partner portogallo\" srcset=\"https:\/\/start.conform.it\/wp-content\/uploads\/2023\/01\/PORTOGALLO.webp 1x,https:\/\/start.conform.it\/wp-content\/uploads\/2023\/01\/PORTOGALLO.webp 2x\" \/><\/a>   <\/div><\/div><div class=\"grve-empty-space grve-height-1x\" style=\"\"><\/div><div class=\"grve-element grve-slogan grve-align-center grve-animated-item grve-fade-in-up grve-duration-normal\" style=\"\" data-delay=\"400\"><h2 class=\"grve-slogan-title grve-align-center grve-h3\"><span>PORTUGAL<\/span><\/h2>  <p class=\"\">ASSOCIA\u00c7\u00c3O PROMOTORA DA REDE DIN\u00c2MICA<\/p><div class=\"grve-btn-wrapper\"><a href=\"#modal-portogallo\" class=\"grve-btn grve-btn-medium grve-square grve-bg-primary-1 grve-bg-hover-primary-2 grve-btn-line grve-modal-popup\"><span><i class=\"smp-icon-size-fullscreen\"><\/i>M\u00e1s informaci\u00f3n<\/span><\/a><\/div><\/div><div class=\"grve-empty-space grve-height-2x\" style=\"\"><\/div>[\/vc_column_inner][\/vc_row_inner][\/vc_column][\/vc_row][vc_row bg_type=\u00bbgradient\u00bb padding_top_multiplier=\u00bb\u00bb padding_bottom_multiplier=\u00bb\u00bb section_id=\u00bb#modal-01&#8243;][vc_column css=\u00bb.vc_custom_1674834831502{background-color: #1e73be !important;background-position: center !important;background-repeat: no-repeat !important;background-size: cover !important;}\u00bb]\t\t\t<div class=\"grve-modal-element mfp-hide\" id=\"modal-italia\">\r\n\t\t\t\t<div class=\"grve-section\">\r\n\t\t\t\t\t<div class=\"grve-container\">\r\n\t\t\t\t\t\t<div class=\"grve-row grve-columns-gap-30\">\r\n\t\t\t\t\t\t\t<div class=\"grve-column grve-column-1\">\r\n\t\t\t\t\t\t\t<div class=\"grve-empty-space grve-height-3x\" style=\"\"><\/div>[vc_row_inner][vc_column_inner width=\u00bb1\/6&#8243;][\/vc_column_inner][vc_column_inner width=\u00bb2\/3&#8243;]<div class=\"grve-element grve-single-icon grve-align-center grve-medium\" style=\"\">  <div class=\"grve-wrapper-icon grve-no-shape\" style=\"\"><i class=\"et-icon-profile-male grve-text-primary-2\"><\/i><\/div><\/div><div class=\"grve-empty-space grve-height-2x\" style=\"\"><\/div><h3 class=\"grve-element grve-title grve-align-center grve-h2\" style=\"\"><span>Qui\u00e9nes somos y qu\u00e9 podemos hacer por ti<\/span><\/h3>[vc_column_text]<\/p>\n<p style=\"text-align: center;\">Podemos ofrecer contenidos y prestaciones de car\u00e1cter t\u00e9cnico, metodol\u00f3gico y tecnol\u00f3gico y extender el proyecto a un contexto geogr\u00e1fico\/sectorial m\u00e1s amplio.<\/p>\n<p>[\/vc_column_text]<div class=\"grve-empty-space grve-height-1x\" style=\"\"><\/div>[\/vc_column_inner][vc_column_inner width=\u00bb1\/6&#8243;][\/vc_column_inner][\/vc_row_inner][vc_row_inner][vc_column_inner width=\u00bb1\/3&#8243;]\r\n\t\t\t\t<div class=\"grve-team grve-element grve-layout-1\" style=\"\">\r\n\t\t\t<figure class=\"grve-image-hover grve-zoom-in\">\r\n\t\t\t\t<a href=\"https:\/\/conform.it\" target=\"_blank\" rel=\"noopener noreferrer\" class=\"grve-team-url\"><\/a>\t\t\t\t<div class=\"grve-team-person\">\r\n\t\t\t\t\t<div class=\"grve-bg-dark grve-hover-overlay grve-opacity-30\"><\/div>\r\n\t\t\t\t\t<img loading=\"lazy\" decoding=\"async\" width=\"300\" height=\"225\" src=\"https:\/\/start.conform.it\/wp-content\/uploads\/2023\/01\/partner-conform.webp\" class=\"attachment-full size-full\" alt=\"logo conform\" srcset=\"https:\/\/start.conform.it\/wp-content\/uploads\/2023\/01\/partner-conform.webp 1x,https:\/\/start.conform.it\/wp-content\/uploads\/2023\/01\/partner-conform.webp 2x\" \/>\t\t\t\t<\/div>\r\n\t\t\t\t<figcaption>\r\n\t\t\t\t\t<ul class=\"grve-team-social grve-align-center\">\r\n\t\t\t\t\t\t<li><a href=\"https:\/\/www.facebook.com\/conformscarl\" target=\"_blank\" rel=\"noopener noreferrer\" class=\"grve-text-hover-primary-1 grve-box-item grve-bg-white grve-circle\"><i class=\"fa fa-facebook\"><\/i><\/a><\/li><li><a href=\"https:\/\/www.linkedin.com\/company\/conform-scarl\" target=\"_blank\" rel=\"noopener noreferrer\" class=\"grve-text-hover-primary-1 grve-box-item grve-bg-white grve-circle\"><i class=\"fa fa-linkedin\"><\/i><\/a><\/li><li><a href=\"https:\/\/www.linkedin.com\/company\/conform-scarl\" target=\"_blank\" rel=\"noopener noreferrer\" class=\"grve-text-hover-primary-1 grve-box-item grve-bg-white grve-circle\"><i class=\"fa fa-instagram\"><\/i><\/a><\/li>\t\t\t\t\t<\/ul>\r\n\t\t\t\t<\/figcaption>\r\n\t\t\t<\/figure>\r\n\t\t\t<div class=\"grve-team-description grve-align-center\">\r\n\t\t\t\t\t\t\t\t<div class=\"grve-team-identity grve-link-text\">Socio Principal<\/div>\r\n\t\t\t\t\t\t\t\t\t\t\t\t<a href=\"https:\/\/conform.it\" target=\"_blank\" rel=\"noopener noreferrer\">\r\n\t\t\t\t\t\t\t\t<h3 class=\"grve-team-name grve-text-hover-primary-1 grve-h5\">CONFORM SCARL<\/h3>\r\n\t\t\t\t\t\t\t\t<\/a>\r\n\t\t\t\t\t\t\t<\/div>\r\n\t\t<\/div>\r\n\t\t\r\n\t\t<div class=\"grve-empty-space grve-height-1x\" style=\"\"><\/div>[vc_column_text]<\/p>\n<p style=\"text-align: left;\"><strong>CONFORM S.c.a.r.l.<\/strong> opera desde 1995 a nivel nacional e internacional, impulsando proyectos de investigaci\u00f3n, planes de formaci\u00f3n, con formatos presenciales, experienciales y e-learning, actividades de consultor\u00eda para empresas y PA, redacci\u00f3n de planes de comunicaci\u00f3n tradicional y con el uso de nuevos medios, audiovisuales. y producciones cinematogr\u00e1ficas, realizaci\u00f3n de soluciones y juegos VR, AR y MR, desarrollo de estrategias de gamificaci\u00f3n y marketing basadas en juegos, con el apoyo de personal experto y un equipo de formadores, consultores y gestores, portadores de experiencias exitosas, as\u00ed como un densa red de relaciones, con m\u00e1s de 250 socios nacionales, europeos e internacionales.<\/p>\n<p>[\/vc_column_text]<div class=\"grve-empty-space grve-height-2x\" style=\"\"><\/div>[\/vc_column_inner][vc_column_inner width=\u00bb1\/3&#8243;]\r\n\t\t\t\t<div class=\"grve-team grve-element grve-layout-1\" style=\"\">\r\n\t\t\t<figure class=\"grve-image-hover grve-zoom-in\">\r\n\t\t\t\t<a href=\"https:\/\/svemarche.eu\/\" target=\"_blank\" rel=\"noopener noreferrer\" class=\"grve-team-url\"><\/a>\t\t\t\t<div class=\"grve-team-person\">\r\n\t\t\t\t\t<div class=\"grve-bg-dark grve-hover-overlay grve-opacity-30\"><\/div>\r\n\t\t\t\t\t<img loading=\"lazy\" decoding=\"async\" width=\"300\" height=\"225\" src=\"https:\/\/start.conform.it\/wp-content\/uploads\/2023\/07\/partner-svem-new.webp\" class=\"attachment-full size-full\" alt=\"partner-svem-new\" srcset=\"https:\/\/start.conform.it\/wp-content\/uploads\/2023\/07\/partner-svem-new.webp 1x,https:\/\/start.conform.it\/wp-content\/uploads\/2023\/07\/partner-svem-new.webp 2x\" \/>\t\t\t\t<\/div>\r\n\t\t\t\t<figcaption>\r\n\t\t\t\t\t<ul class=\"grve-team-social grve-align-center\">\r\n\t\t\t\t\t\t<li><a href=\"https:\/\/www.facebook.com\/svimsrl\" target=\"_blank\" rel=\"noopener noreferrer\" class=\"grve-text-hover-primary-1 grve-box-item grve-bg-white grve-circle\"><i class=\"fa fa-facebook\"><\/i><\/a><\/li><li><a href=\"https:\/\/twitter.com\/SvimMarche\" target=\"_blank\" rel=\"noopener noreferrer\" class=\"grve-text-hover-primary-1 grve-box-item grve-bg-white grve-circle\"><i class=\"fa fa-twitter\"><\/i><\/a><\/li><li><a href=\"https:\/\/twitter.com\/SvimMarche\" target=\"_blank\" rel=\"noopener noreferrer\" class=\"grve-text-hover-primary-1 grve-box-item grve-bg-white grve-circle\"><i class=\"fa fa-instagram\"><\/i><\/a><\/li>\t\t\t\t\t<\/ul>\r\n\t\t\t\t<\/figcaption>\r\n\t\t\t<\/figure>\r\n\t\t\t<div class=\"grve-team-description grve-align-center\">\r\n\t\t\t\t\t\t\t\t<div class=\"grve-team-identity grve-link-text\">Socio<\/div>\r\n\t\t\t\t\t\t\t\t\t\t\t\t<a href=\"https:\/\/svemarche.eu\/\" target=\"_blank\" rel=\"noopener noreferrer\">\r\n\t\t\t\t\t\t\t\t<h3 class=\"grve-team-name grve-text-hover-primary-1 grve-h5\">SVEM - SVILUPPO EUROPA MARCHE S.R.L.<\/h3>\r\n\t\t\t\t\t\t\t\t<\/a>\r\n\t\t\t\t\t\t\t<\/div>\r\n\t\t<\/div>\r\n\t\t\r\n\t\t<div class=\"grve-empty-space grve-height-1x\" style=\"\"><\/div>[vc_column_text]<\/p>\n<p style=\"text-align: left;\"><strong>SVEM \u2013 Sviluppo Europa Marche Srl<\/strong> es la agencia de desarrollo de la regi\u00f3n de Marche en Italia. SVEM contribuye al desarrollo econ\u00f3mico del territorio regional de Las Marcas y apoya la actividad de la administraci\u00f3n p\u00fablica, en estrecha colaboraci\u00f3n con los organismos econ\u00f3micos y sociales que operan en el territorio regional. SVEM implementa proyectos a nivel local, europeo e internacional para fomentar la realizaci\u00f3n de los objetivos definidos por el Programa Operativo Regional (POR) y las necesidades surgidas de las consultas de los ciudadanos y las partes interesadas regionales.<\/p>\n<p>[\/vc_column_text]<div class=\"grve-empty-space grve-height-2x\" style=\"\"><\/div>[\/vc_column_inner][vc_column_inner width=\u00bb1\/3&#8243;]\r\n\t\t\t\t<div class=\"grve-team grve-element grve-layout-1\" style=\"\">\r\n\t\t\t<figure class=\"grve-image-hover grve-zoom-in\">\r\n\t\t\t\t<a href=\"https:\/\/gtfondazione.org\/\" target=\"_blank\" rel=\"noopener noreferrer\" class=\"grve-team-url\"><\/a>\t\t\t\t<div class=\"grve-team-person\">\r\n\t\t\t\t\t<div class=\"grve-bg-dark grve-hover-overlay grve-opacity-30\"><\/div>\r\n\t\t\t\t\t<img loading=\"lazy\" decoding=\"async\" width=\"300\" height=\"225\" src=\"https:\/\/start.conform.it\/wp-content\/uploads\/2023\/01\/partner-gtec.webp\" class=\"attachment-full size-full\" alt=\"logo gtec\" srcset=\"https:\/\/start.conform.it\/wp-content\/uploads\/2023\/01\/partner-gtec.webp 1x,https:\/\/start.conform.it\/wp-content\/uploads\/2023\/01\/partner-gtec.webp 2x\" \/>\t\t\t\t<\/div>\r\n\t\t\t\t<figcaption>\r\n\t\t\t\t\t<ul class=\"grve-team-social grve-align-center\">\r\n\t\t\t\t\t\t<li><a href=\"https:\/\/www.facebook.com\/gtfondazione\" target=\"_blank\" rel=\"noopener noreferrer\" class=\"grve-text-hover-primary-1 grve-box-item grve-bg-white grve-circle\"><i class=\"fa fa-facebook\"><\/i><\/a><\/li><li><a href=\"https:\/\/twitter.com\/GTfondazione\" target=\"_blank\" rel=\"noopener noreferrer\" class=\"grve-text-hover-primary-1 grve-box-item grve-bg-white grve-circle\"><i class=\"fa fa-twitter\"><\/i><\/a><\/li>\t\t\t\t\t<\/ul>\r\n\t\t\t\t<\/figcaption>\r\n\t\t\t<\/figure>\r\n\t\t\t<div class=\"grve-team-description grve-align-center\">\r\n\t\t\t\t\t\t\t\t<div class=\"grve-team-identity grve-link-text\">Socio<\/div>\r\n\t\t\t\t\t\t\t\t\t\t\t\t<a href=\"https:\/\/gtfondazione.org\/\" target=\"_blank\" rel=\"noopener noreferrer\">\r\n\t\t\t\t\t\t\t\t<h3 class=\"grve-team-name grve-text-hover-primary-1 grve-h5\">G-TEC<\/h3>\r\n\t\t\t\t\t\t\t\t<\/a>\r\n\t\t\t\t\t\t\t<\/div>\r\n\t\t<\/div>\r\n\t\t\r\n\t\t<div class=\"grve-empty-space grve-height-1x\" style=\"\"><\/div>[vc_column_text]<\/p>\n<p style=\"text-align: left;\"><strong>La Fundaci\u00f3n GTechnology,<\/strong> creada en 2012, es una organizaci\u00f3n de investigaci\u00f3n cient\u00edfica sin \u00e1nimo de lucro tal y como se define en la Comunicaci\u00f3n de la Comisi\u00f3n Europea 2006\/C 323\/01 del 30\/12\/2006. Las principales misiones de la Fundaci\u00f3n son coordinar proyectos de investigaci\u00f3n multidisciplinares que sit\u00faen la innovaci\u00f3n social en el centro del desarrollo tecnol\u00f3gico. GTechnology contribuye a la difusi\u00f3n del conocimiento a trav\u00e9s de seminarios, jornadas y actividades formativas con el fin de adquirir, compartir y actualizar conocimientos y habilidades tecnol\u00f3gicas. Finalmente, la Fundaci\u00f3n es tambi\u00e9n una interfaz entre la academia, la sociedad y la econom\u00eda.<\/p>\n<p>[\/vc_column_text]<div class=\"grve-empty-space grve-height-2x\" style=\"\"><\/div>[\/vc_column_inner][\/vc_row_inner]\t\t\t\t\t\t\t<\/div>\r\n\t\t\t\t\t\t<\/div>\r\n\t\t\t\t\t<\/div>\r\n\t\t\t\t<\/div>\r\n\t\t\t<\/div>\r\n\t\t[\/vc_column][\/vc_row][vc_row bg_type=\u00bbgradient\u00bb padding_top_multiplier=\u00bb\u00bb padding_bottom_multiplier=\u00bb\u00bb section_id=\u00bb#modal-01&#8243;][vc_column css=\u00bb.vc_custom_1674909694185{background-color: #eeee22 !important;background-position: center !important;background-repeat: no-repeat !important;background-size: cover !important;}\u00bb]\t\t\t<div class=\"grve-modal-element mfp-hide\" id=\"modal-spagna\">\r\n\t\t\t\t<div class=\"grve-section\">\r\n\t\t\t\t\t<div class=\"grve-container\">\r\n\t\t\t\t\t\t<div class=\"grve-row grve-columns-gap-30\">\r\n\t\t\t\t\t\t\t<div class=\"grve-column grve-column-1\">\r\n\t\t\t\t\t\t\t<div class=\"grve-empty-space grve-height-3x\" style=\"\"><\/div>[vc_row_inner][vc_column_inner width=\u00bb1\/6&#8243;][\/vc_column_inner][vc_column_inner width=\u00bb2\/3&#8243;]<div class=\"grve-element grve-single-icon grve-align-center grve-medium\" style=\"\">  <div class=\"grve-wrapper-icon grve-no-shape\" style=\"\"><i class=\"et-icon-profile-male grve-text-primary-2\"><\/i><\/div><\/div><div class=\"grve-empty-space grve-height-2x\" style=\"\"><\/div><h3 class=\"grve-element grve-title grve-align-center grve-h2\" style=\"\"><span>Qui\u00e9nes somos y qu\u00e9 podemos hacer por ti<\/span><\/h3>[vc_column_text]<\/p>\n<p style=\"text-align: center;\">Garantizamos un desarrollo fundamentado cient\u00edficamente de los resultados de los proyectos, afianz\u00e1ndolos en las nuevas competencias empresariales y de gesti\u00f3n del cambio para la gesti\u00f3n de estrategias circulares en clave digital.<\/p>\n<p>[\/vc_column_text]<div class=\"grve-empty-space grve-height-1x\" style=\"\"><\/div>[\/vc_column_inner][vc_column_inner width=\u00bb1\/6&#8243;][\/vc_column_inner][\/vc_row_inner][vc_row_inner][vc_column_inner width=\u00bb1\/6&#8243;][\/vc_column_inner][vc_column_inner width=\u00bb1\/3&#8243;]\r\n\t\t\t\t<div class=\"grve-team grve-element grve-layout-1\" style=\"\">\r\n\t\t\t<figure class=\"grve-image-hover grve-zoom-in\">\r\n\t\t\t\t<a href=\"https:\/\/camaradesevilla.com\/\" target=\"_blank\" rel=\"noopener noreferrer\" class=\"grve-team-url\"><\/a>\t\t\t\t<div class=\"grve-team-person\">\r\n\t\t\t\t\t<div class=\"grve-bg-dark grve-hover-overlay grve-opacity-30\"><\/div>\r\n\t\t\t\t\t<img loading=\"lazy\" decoding=\"async\" width=\"300\" height=\"225\" src=\"https:\/\/start.conform.it\/wp-content\/uploads\/2023\/01\/partner-camera-commercio-sevilla.webp\" class=\"attachment-full size-full\" alt=\"camera commercio sevilla\" srcset=\"https:\/\/start.conform.it\/wp-content\/uploads\/2023\/01\/partner-camera-commercio-sevilla.webp 1x,https:\/\/start.conform.it\/wp-content\/uploads\/2023\/01\/partner-camera-commercio-sevilla.webp 2x\" \/>\t\t\t\t<\/div>\r\n\t\t\t\t<figcaption>\r\n\t\t\t\t\t<ul class=\"grve-team-social grve-align-center\">\r\n\t\t\t\t\t\t<li><a href=\"https:\/\/www.facebook.com\/camaracomerciosevilla\" target=\"_blank\" rel=\"noopener noreferrer\" class=\"grve-text-hover-primary-1 grve-box-item grve-bg-white grve-circle\"><i class=\"fa fa-facebook\"><\/i><\/a><\/li><li><a href=\"https:\/\/twitter.com\/camaradesevilla\/\" target=\"_blank\" rel=\"noopener noreferrer\" class=\"grve-text-hover-primary-1 grve-box-item grve-bg-white grve-circle\"><i class=\"fa fa-twitter\"><\/i><\/a><\/li><li><a href=\"https:\/\/www.linkedin.com\/company\/camaracomerciosevilla\/\" target=\"_blank\" rel=\"noopener noreferrer\" class=\"grve-text-hover-primary-1 grve-box-item grve-bg-white grve-circle\"><i class=\"fa fa-linkedin\"><\/i><\/a><\/li>\t\t\t\t\t<\/ul>\r\n\t\t\t\t<\/figcaption>\r\n\t\t\t<\/figure>\r\n\t\t\t<div class=\"grve-team-description grve-align-center\">\r\n\t\t\t\t\t\t\t\t<div class=\"grve-team-identity grve-link-text\">Socio<\/div>\r\n\t\t\t\t\t\t\t\t\t\t\t\t<a href=\"https:\/\/camaradesevilla.com\/\" target=\"_blank\" rel=\"noopener noreferrer\">\r\n\t\t\t\t\t\t\t\t<h3 class=\"grve-team-name grve-text-hover-primary-1 grve-h5\">CAMARA DE SEVILLA<\/h3>\r\n\t\t\t\t\t\t\t\t<\/a>\r\n\t\t\t\t\t\t\t<\/div>\r\n\t\t<\/div>\r\n\t\t\r\n\t\t<div class=\"grve-empty-space grve-height-1x\" style=\"\"><\/div>[vc_column_text]<\/p>\n<p style=\"text-align: left;\">La <strong>C\u00e1mara de Comercio de Sevilla<\/strong> promueve el desarrollo empresarial, el emprendimiento, la internacionalizaci\u00f3n y la innovaci\u00f3n a trav\u00e9s de diversos servicios y actividades. La C\u00e1mara de Sevilla trabaja en estrecha colaboraci\u00f3n con la Administraci\u00f3n P\u00fablica y cuenta con un amplio programa de formaci\u00f3n con diferentes cursos dirigidos a emprendedores, profesionales, empleados y desempleados.<\/p>\n<p style=\"text-align: left;\">La <strong>C\u00e1mara de Comercio de Sevilla<\/strong> est\u00e1 asociada a diferentes niveles con el \u00e1mbito internacional, nacional y local (Eurochambres, Global Chambers Platform, ASCAME, Consejo Superior de C\u00e1maras de Espa\u00f1a, Consejo Andaluz de C\u00e1maras, etc.) y tiene una gran experiencia en la gesti\u00f3n e implementaci\u00f3n de acuerdos internacionales. proyectos, contando con una importante red de socios en Europa y el mundo.<\/p>\n<p>[\/vc_column_text]<div class=\"grve-empty-space grve-height-2x\" style=\"\"><\/div>[\/vc_column_inner][vc_column_inner width=\u00bb1\/3&#8243;]\r\n\t\t\t\t<div class=\"grve-team grve-element grve-layout-1\" style=\"\">\r\n\t\t\t<figure class=\"grve-image-hover grve-zoom-in\">\r\n\t\t\t\t<a href=\"https:\/\/www.ua.es\/\" target=\"_blank\" rel=\"noopener noreferrer\" class=\"grve-team-url\"><\/a>\t\t\t\t<div class=\"grve-team-person\">\r\n\t\t\t\t\t<div class=\"grve-bg-dark grve-hover-overlay grve-opacity-30\"><\/div>\r\n\t\t\t\t\t<img loading=\"lazy\" decoding=\"async\" width=\"300\" height=\"225\" src=\"https:\/\/start.conform.it\/wp-content\/uploads\/2023\/01\/partner-universita-alicante.webp\" class=\"attachment-full size-full\" alt=\"logo universita alicante\" srcset=\"https:\/\/start.conform.it\/wp-content\/uploads\/2023\/01\/partner-universita-alicante.webp 1x,https:\/\/start.conform.it\/wp-content\/uploads\/2023\/01\/partner-universita-alicante.webp 2x\" \/>\t\t\t\t<\/div>\r\n\t\t\t\t<figcaption>\r\n\t\t\t\t\t<ul class=\"grve-team-social grve-align-center\">\r\n\t\t\t\t\t\t<li><a href=\"https:\/\/www.facebook.com\/campusUA\" target=\"_blank\" rel=\"noopener noreferrer\" class=\"grve-text-hover-primary-1 grve-box-item grve-bg-white grve-circle\"><i class=\"fa fa-facebook\"><\/i><\/a><\/li><li><a href=\"https:\/\/twitter.com\/UA_Universidad\" target=\"_blank\" rel=\"noopener noreferrer\" class=\"grve-text-hover-primary-1 grve-box-item grve-bg-white grve-circle\"><i class=\"fa fa-twitter\"><\/i><\/a><\/li><li><a href=\"https:\/\/www.linkedin.com\/school\/universidad-alicante\/\" target=\"_blank\" rel=\"noopener noreferrer\" class=\"grve-text-hover-primary-1 grve-box-item grve-bg-white grve-circle\"><i class=\"fa fa-linkedin\"><\/i><\/a><\/li><li><a href=\"https:\/\/www.instagram.com\/ua_universidad\/\" target=\"_blank\" rel=\"noopener noreferrer\" class=\"grve-text-hover-primary-1 grve-box-item grve-bg-white grve-circle\"><i class=\"fa fa-instagram\"><\/i><\/a><\/li>\t\t\t\t\t<\/ul>\r\n\t\t\t\t<\/figcaption>\r\n\t\t\t<\/figure>\r\n\t\t\t<div class=\"grve-team-description grve-align-center\">\r\n\t\t\t\t\t\t\t\t<div class=\"grve-team-identity grve-link-text\">Socio<\/div>\r\n\t\t\t\t\t\t\t\t\t\t\t\t<a href=\"https:\/\/www.ua.es\/\" target=\"_blank\" rel=\"noopener noreferrer\">\r\n\t\t\t\t\t\t\t\t<h3 class=\"grve-team-name grve-text-hover-primary-1 grve-h5\">UNIVERSIDAD DE ALICANTE<\/h3>\r\n\t\t\t\t\t\t\t\t<\/a>\r\n\t\t\t\t\t\t\t<\/div>\r\n\t\t<\/div>\r\n\t\t\r\n\t\t<div class=\"grve-empty-space grve-height-1x\" style=\"\"><\/div>[vc_column_text]La<strong> Universidad de Alicante (UA)<\/strong> fue fundada en 1979. Al ser una de las universidades m\u00e1s j\u00f3venes de Espa\u00f1a, la UA tambi\u00e9n est\u00e1 considerada una de las m\u00e1s innovadoras y de m\u00e1s r\u00e1pido desarrollo en Espa\u00f1a. M\u00e1s de 30.000 estudiantes nacionales y 3.000 internacionales est\u00e1n matriculados en 7 facultades que ofrecen m\u00e1s de 39 programas de pregrado y 78 de posgrado. La UA est\u00e1 considerada un referente para muchas empresas a las que proporciona asistencia t\u00e9cnica, programas de formaci\u00f3n de estudiantes y programas continuos y ha participado, como socio o coordinador, en un gran n\u00famero de proyectos internacionales de diferentes programas de financiaci\u00f3n, tales como: TEMPSU, ERASMUS MUNDUS, Erasmus+, H2020, Horizonte Europa, DAAD, COSME, etc.<\/p>\n<p>La <strong>UA es una universidad din\u00e1mica con una fuerte orientaci\u00f3n internacional<\/strong>. Tiene una amplia red y coopera con universidades y otras partes interesadas de m\u00e1s de 90 pa\u00edses en todo el mundo. La UA ha implementado un s\u00f3lido sistema de Medidas de Apoyo a la Innovaci\u00f3n: Oficina de Promoci\u00f3n de la Investigaci\u00f3n y Transferencia de Tecnolog\u00eda, Unidad de Innovaci\u00f3n y Oficina de Gesti\u00f3n de Proyectos Institucionales, con un departamento de Propiedad Intelectual (PI) y Transferencia de Conocimiento a nivel transnacional.<\/p>\n<p>El <strong>Instituto Universitario de Investigaciones Tur\u00edsticas-IUIT de la Universidad de Alicante<\/strong> fue creado en 2006 y en la actualidad cuenta con una larga trayectoria en la planificaci\u00f3n y gesti\u00f3n tur\u00edstica. Uno de los principales temas de investigaci\u00f3n es el An\u00e1lisis, Planificaci\u00f3n y Gesti\u00f3n del Desarrollo Tur\u00edstico. Desde supuestos de sostenibilidad y competitividad para los sistemas locales y regionales, se presta especial atenci\u00f3n a la relaci\u00f3n entre el turismo y la configuraci\u00f3n de los espacios de destino, la integraci\u00f3n del turismo en el modelo de desarrollo, la implementaci\u00f3n tur\u00edstica y la gesti\u00f3n de recursos, los procesos de reorganizaci\u00f3n y renovaci\u00f3n de los espacios tur\u00edsticos, las estrategias y pol\u00edticas p\u00fablicas para el desarrollo del turismo y dise\u00f1o de productos tur\u00edsticos y de ocio.[\/vc_column_text]<div class=\"grve-empty-space grve-height-2x\" style=\"\"><\/div>[\/vc_column_inner][vc_column_inner width=\u00bb1\/6&#8243;][\/vc_column_inner][\/vc_row_inner]\t\t\t\t\t\t\t<\/div>\r\n\t\t\t\t\t\t<\/div>\r\n\t\t\t\t\t<\/div>\r\n\t\t\t\t<\/div>\r\n\t\t\t<\/div>\r\n\t\t[\/vc_column][\/vc_row][vc_row bg_type=\u00bbgradient\u00bb padding_top_multiplier=\u00bb\u00bb padding_bottom_multiplier=\u00bb\u00bb section_id=\u00bb#modal-01&#8243;][vc_column css=\u00bb.vc_custom_1674920467030{background-color: #13e5f4 !important;background-position: center !important;background-repeat: no-repeat !important;background-size: cover !important;}\u00bb]\t\t\t<div class=\"grve-modal-element mfp-hide\" id=\"modal-grecia\">\r\n\t\t\t\t<div class=\"grve-section\">\r\n\t\t\t\t\t<div class=\"grve-container\">\r\n\t\t\t\t\t\t<div class=\"grve-row grve-columns-gap-30\">\r\n\t\t\t\t\t\t\t<div class=\"grve-column grve-column-1\">\r\n\t\t\t\t\t\t\t<div class=\"grve-empty-space grve-height-3x\" style=\"\"><\/div>[vc_row_inner][vc_column_inner width=\u00bb1\/6&#8243;][\/vc_column_inner][vc_column_inner width=\u00bb2\/3&#8243;]<div class=\"grve-element grve-single-icon grve-align-center grve-medium\" style=\"\">  <div class=\"grve-wrapper-icon grve-no-shape\" style=\"\"><i class=\"et-icon-profile-male grve-text-primary-2\"><\/i><\/div><\/div><div class=\"grve-empty-space grve-height-2x\" style=\"\"><\/div><h3 class=\"grve-element grve-title grve-align-center grve-h2\" style=\"\"><span>Qui\u00e9nes somos y qu\u00e9 podemos hacer por ti<\/span><\/h3>[vc_column_text]<\/p>\n<p style=\"text-align: center;\">Podemos vincular el proyecto con las peculiaridades actuales de las PYMES tur\u00edsticas creando un proceso de transformaci\u00f3n verde y digital estrat\u00e9gicamente codise\u00f1ado con ellas.<\/p>\n<p>[\/vc_column_text]<div class=\"grve-empty-space grve-height-1x\" style=\"\"><\/div>[\/vc_column_inner][vc_column_inner width=\u00bb1\/6&#8243;][\/vc_column_inner][\/vc_row_inner][vc_row_inner][vc_column_inner width=\u00bb1\/6&#8243;][\/vc_column_inner][vc_column_inner width=\u00bb1\/3&#8243;]\r\n\t\t\t\t<div class=\"grve-team grve-element grve-layout-1\" style=\"\">\r\n\t\t\t<figure class=\"grve-image-hover grve-zoom-in\">\r\n\t\t\t\t<a href=\"https:\/\/thessaloniki.travel\/\" target=\"_blank\" rel=\"noopener noreferrer\" class=\"grve-team-url\"><\/a>\t\t\t\t<div class=\"grve-team-person\">\r\n\t\t\t\t\t<div class=\"grve-bg-dark grve-hover-overlay grve-opacity-30\"><\/div>\r\n\t\t\t\t\t<img loading=\"lazy\" decoding=\"async\" width=\"300\" height=\"225\" src=\"https:\/\/start.conform.it\/wp-content\/uploads\/2023\/01\/partner-tessaloniky.webp\" class=\"attachment-full size-full\" alt=\"logo tessaloniky to\" srcset=\"https:\/\/start.conform.it\/wp-content\/uploads\/2023\/01\/partner-tessaloniky.webp 1x,https:\/\/start.conform.it\/wp-content\/uploads\/2023\/01\/partner-tessaloniky.webp 2x\" \/>\t\t\t\t<\/div>\r\n\t\t\t\t<figcaption>\r\n\t\t\t\t\t<ul class=\"grve-team-social grve-align-center\">\r\n\t\t\t\t\t\t<li><a href=\"https:\/\/www.facebook.com\/thessalonikitravel\/\" target=\"_blank\" rel=\"noopener noreferrer\" class=\"grve-text-hover-primary-1 grve-box-item grve-bg-white grve-circle\"><i class=\"fa fa-facebook\"><\/i><\/a><\/li><li><a href=\"https:\/\/twitter.com\/mythessaloniki\" target=\"_blank\" rel=\"noopener noreferrer\" class=\"grve-text-hover-primary-1 grve-box-item grve-bg-white grve-circle\"><i class=\"fa fa-twitter\"><\/i><\/a><\/li><li><a href=\"https:\/\/www.instagram.com\/thessaloniki.travel\/\" target=\"_blank\" rel=\"noopener noreferrer\" class=\"grve-text-hover-primary-1 grve-box-item grve-bg-white grve-circle\"><i class=\"fa fa-instagram\"><\/i><\/a><\/li>\t\t\t\t\t<\/ul>\r\n\t\t\t\t<\/figcaption>\r\n\t\t\t<\/figure>\r\n\t\t\t<div class=\"grve-team-description grve-align-center\">\r\n\t\t\t\t\t\t\t\t<div class=\"grve-team-identity grve-link-text\">Socio<\/div>\r\n\t\t\t\t\t\t\t\t\t\t\t\t<a href=\"https:\/\/thessaloniki.travel\/\" target=\"_blank\" rel=\"noopener noreferrer\">\r\n\t\t\t\t\t\t\t\t<h3 class=\"grve-team-name grve-text-hover-primary-1 grve-h5\">THESSALONIKI TOURISM ORGANIZATION<\/h3>\r\n\t\t\t\t\t\t\t\t<\/a>\r\n\t\t\t\t\t\t\t<\/div>\r\n\t\t<\/div>\r\n\t\t\r\n\t\t<div class=\"grve-empty-space grve-height-1x\" style=\"\"><\/div>[vc_column_text]<\/p>\n<p style=\"text-align: left;\">Nuestro objetivo es aumentar la calidad y cantidad del flujo de turismo entrante en la prefectura de Sal\u00f3nica. A trav\u00e9s de asociaciones, acciones directas o como asistentes de acciones relevantes de terceros, destacamos las ventajas estrat\u00e9gicas de Sal\u00f3nica como un importante destino tur\u00edstico, comercial, econ\u00f3mico, cultural, religioso y de cruceros en Grecia y en el extranjero y promocionamos y publicitamos la marca tur\u00edstica de Sal\u00f3nica. . Nuestra visi\u00f3n es hacer de Sal\u00f3nica, la metr\u00f3poli del norte de Grecia, un destino de escapada urbano \u00fanico y moderno, pero tambi\u00e9n un centro de tr\u00e1fico tur\u00edstico en sus alrededores.<\/p>\n<p>[\/vc_column_text]<div class=\"grve-empty-space grve-height-2x\" style=\"\"><\/div>[\/vc_column_inner][vc_column_inner width=\u00bb1\/3&#8243;]\r\n\t\t\t\t<div class=\"grve-team grve-element grve-layout-1\" style=\"\">\r\n\t\t\t<figure class=\"grve-image-hover grve-zoom-in\">\r\n\t\t\t\t<a href=\"https:\/\/transcoop.gr\/\" target=\"_blank\" rel=\"noopener noreferrer\" class=\"grve-team-url\"><\/a>\t\t\t\t<div class=\"grve-team-person\">\r\n\t\t\t\t\t<div class=\"grve-bg-dark grve-hover-overlay grve-opacity-30\"><\/div>\r\n\t\t\t\t\t<img loading=\"lazy\" decoding=\"async\" width=\"300\" height=\"225\" src=\"https:\/\/start.conform.it\/wp-content\/uploads\/2023\/01\/partner-transcoop.webp\" class=\"attachment-full size-full\" alt=\"logo transcoop\" srcset=\"https:\/\/start.conform.it\/wp-content\/uploads\/2023\/01\/partner-transcoop.webp 1x,https:\/\/start.conform.it\/wp-content\/uploads\/2023\/01\/partner-transcoop.webp 2x\" \/>\t\t\t\t<\/div>\r\n\t\t\t\t<figcaption>\r\n\t\t\t\t\t<ul class=\"grve-team-social grve-align-center\">\r\n\t\t\t\t\t\t\t\t\t\t\t<\/ul>\r\n\t\t\t\t<\/figcaption>\r\n\t\t\t<\/figure>\r\n\t\t\t<div class=\"grve-team-description grve-align-center\">\r\n\t\t\t\t\t\t\t\t<div class=\"grve-team-identity grve-link-text\">Socio<\/div>\r\n\t\t\t\t\t\t\t\t\t\t\t\t<a href=\"https:\/\/transcoop.gr\/\" target=\"_blank\" rel=\"noopener noreferrer\">\r\n\t\t\t\t\t\t\t\t<h3 class=\"grve-team-name grve-text-hover-primary-1 grve-h5\">TRANSCOOP<\/h3>\r\n\t\t\t\t\t\t\t\t<\/a>\r\n\t\t\t\t\t\t\t<\/div>\r\n\t\t<\/div>\r\n\t\t\r\n\t\t<div class=\"grve-empty-space grve-height-1x\" style=\"\"><\/div>[vc_column_text]<\/p>\n<p style=\"text-align: left;\"><strong>TRANSCOOP, Agencia para la Formaci\u00f3n y el Desarrollo Transnacional<\/strong>, fundada en 1994 y con sede en Sal\u00f3nica\/GR, est\u00e1 especializada en el dise\u00f1o y gesti\u00f3n de proyectos con especial atenci\u00f3n al desarrollo territorial y el desarrollo de recursos humanos. El objeto de la Agencia para la Formaci\u00f3n y el Desarrollo Transnacional es la planificaci\u00f3n de programas y proyectos y el seguimiento de su aplicaci\u00f3n en el contexto de las pol\u00edticas nacionales y de la UE, junto con la implementaci\u00f3n de actividades asociadas a ellos, como la elaboraci\u00f3n de estudios, la planificaci\u00f3n y la ejecuci\u00f3n de medidas de formaci\u00f3n, organizaci\u00f3n de seminarios y eventos, preparaci\u00f3n de acciones publicitarias, desarrollo de herramientas TIC. Como resultado de su larga presencia en la pr\u00e1ctica europea, TRANSCOOP ha acumulado una s\u00f3lida experiencia en la implementaci\u00f3n de proyectos transnacionales, especialmente en el sector de recursos humanos, al tiempo que ha cooperado con un n\u00famero significativo de los principales actores de este sector en particular en toda la UE<\/p>\n<p>[\/vc_column_text]<div class=\"grve-empty-space grve-height-2x\" style=\"\"><\/div>[\/vc_column_inner][vc_column_inner width=\u00bb1\/6&#8243;][\/vc_column_inner][\/vc_row_inner]\t\t\t\t\t\t\t<\/div>\r\n\t\t\t\t\t\t<\/div>\r\n\t\t\t\t\t<\/div>\r\n\t\t\t\t<\/div>\r\n\t\t\t<\/div>\r\n\t\t[\/vc_column][\/vc_row][vc_row bg_type=\u00bbgradient\u00bb padding_top_multiplier=\u00bb\u00bb padding_bottom_multiplier=\u00bb\u00bb section_id=\u00bb#modal-01&#8243;][vc_column css=\u00bb.vc_custom_1674925673314{background-color: #f72727 !important;background-position: center !important;background-repeat: no-repeat !important;background-size: cover !important;}\u00bb]\t\t\t<div class=\"grve-modal-element mfp-hide\" id=\"modal-portogallo\">\r\n\t\t\t\t<div class=\"grve-section\">\r\n\t\t\t\t\t<div class=\"grve-container\">\r\n\t\t\t\t\t\t<div class=\"grve-row grve-columns-gap-30\">\r\n\t\t\t\t\t\t\t<div class=\"grve-column grve-column-1\">\r\n\t\t\t\t\t\t\t<div class=\"grve-empty-space grve-height-3x\" style=\"\"><\/div>[vc_row_inner][vc_column_inner width=\u00bb1\/6&#8243;][\/vc_column_inner][vc_column_inner width=\u00bb2\/3&#8243;]<div class=\"grve-element grve-single-icon grve-align-center grve-medium\" style=\"\">  <div class=\"grve-wrapper-icon grve-no-shape\" style=\"\"><i class=\"et-icon-profile-male grve-text-primary-2\"><\/i><\/div><\/div><div class=\"grve-empty-space grve-height-2x\" style=\"\"><\/div><h3 class=\"grve-element grve-title grve-align-center grve-h2\" style=\"\"><span>Qui\u00e9nes somos y qu\u00e9 podemos hacer por ti<\/span><\/h3>[vc_column_text]<\/p>\n<p style=\"text-align: center;\">Contamos con una visi\u00f3n empresarial amplia que combina transici\u00f3n verde e innovaci\u00f3n digital capaz de abordar las necesidades reales de las pymes y trabajadores del sector tur\u00edstico.<\/p>\n<p>[\/vc_column_text]<div class=\"grve-empty-space grve-height-1x\" style=\"\"><\/div>[\/vc_column_inner][vc_column_inner width=\u00bb1\/6&#8243;][\/vc_column_inner][\/vc_row_inner][vc_row_inner][vc_column_inner width=\u00bb1\/3&#8243;][\/vc_column_inner][vc_column_inner width=\u00bb1\/3&#8243;]\r\n\t\t\t\t<div class=\"grve-team grve-element grve-layout-1\" style=\"\">\r\n\t\t\t<figure class=\"grve-image-hover grve-zoom-in\">\r\n\t\t\t\t<a href=\"http:\/\/www.apredin.eu\" target=\"_blank\" rel=\"noopener noreferrer\" class=\"grve-team-url\"><\/a>\t\t\t\t<div class=\"grve-team-person\">\r\n\t\t\t\t\t<div class=\"grve-bg-dark grve-hover-overlay grve-opacity-30\"><\/div>\r\n\t\t\t\t\t<img loading=\"lazy\" decoding=\"async\" width=\"300\" height=\"225\" src=\"https:\/\/start.conform.it\/wp-content\/uploads\/2023\/01\/partner-apredin-rete-dinamica.webp\" class=\"attachment-full size-full\" alt=\"logo apredin\" srcset=\"https:\/\/start.conform.it\/wp-content\/uploads\/2023\/01\/partner-apredin-rete-dinamica.webp 1x,https:\/\/start.conform.it\/wp-content\/uploads\/2023\/01\/partner-apredin-rete-dinamica.webp 2x\" \/>\t\t\t\t<\/div>\r\n\t\t\t\t<figcaption>\r\n\t\t\t\t\t<ul class=\"grve-team-social grve-align-center\">\r\n\t\t\t\t\t\t<li><a href=\"https:\/\/www.facebook.com\/RedeDinamicaXXI\/\" target=\"_blank\" rel=\"noopener noreferrer\" class=\"grve-text-hover-primary-1 grve-box-item grve-bg-white grve-circle\"><i class=\"fa fa-facebook\"><\/i><\/a><\/li><li><a href=\"https:\/\/twitter.com\/APREDIN21\" target=\"_blank\" rel=\"noopener noreferrer\" class=\"grve-text-hover-primary-1 grve-box-item grve-bg-white grve-circle\"><i class=\"fa fa-twitter\"><\/i><\/a><\/li><li><a href=\"https:\/\/www.linkedin.com\/company\/rededinamicaxxi\/\" target=\"_blank\" rel=\"noopener noreferrer\" class=\"grve-text-hover-primary-1 grve-box-item grve-bg-white grve-circle\"><i class=\"fa fa-linkedin\"><\/i><\/a><\/li><li><a href=\"https:\/\/twitter.com\/SvimMarche\" target=\"_blank\" rel=\"noopener noreferrer\" class=\"grve-text-hover-primary-1 grve-box-item grve-bg-white grve-circle\"><i class=\"fa fa-instagram\"><\/i><\/a><\/li>\t\t\t\t\t<\/ul>\r\n\t\t\t\t<\/figcaption>\r\n\t\t\t<\/figure>\r\n\t\t\t<div class=\"grve-team-description grve-align-center\">\r\n\t\t\t\t\t\t\t\t<div class=\"grve-team-identity grve-link-text\">Socio<\/div>\r\n\t\t\t\t\t\t\t\t\t\t\t\t<a href=\"http:\/\/www.apredin.eu\" target=\"_blank\" rel=\"noopener noreferrer\">\r\n\t\t\t\t\t\t\t\t<h3 class=\"grve-team-name grve-text-hover-primary-1 grve-h5\">ASSOCIA\u00c7\u00c3O PROMOTORA DA REDE DIN\u00c2MICA XXI<\/h3>\r\n\t\t\t\t\t\t\t\t<\/a>\r\n\t\t\t\t\t\t\t<\/div>\r\n\t\t<\/div>\r\n\t\t\r\n\t\t<div class=\"grve-empty-space grve-height-1x\" style=\"\"><\/div>[vc_column_text]<strong>APREDIN<\/strong> trabaja en muy diversos sectores, seg\u00fan los intereses de los asociados, aportando siempre nuestras habilidades y experiencia en estrategias de innovaci\u00f3n y proyectos financiados con fondos europeos. Desde 2005, APREDIN apoya cada pilar del Tri\u00e1ngulo de Oro de la Innovaci\u00f3n impulsando actividades en las \u00e1reas de INVESTIGACI\u00d3N, EMPRENDIMIENTO e INVERSI\u00d3N.[\/vc_column_text]<div class=\"grve-empty-space grve-height-2x\" style=\"\"><\/div>[\/vc_column_inner][vc_column_inner width=\u00bb1\/3&#8243;][\/vc_column_inner][\/vc_row_inner]\t\t\t\t\t\t\t<\/div>\r\n\t\t\t\t\t\t<\/div>\r\n\t\t\t\t\t<\/div>\r\n\t\t\t\t<\/div>\r\n\t\t\t<\/div>\r\n\t\t[\/vc_column][\/vc_row][vc_row heading_color=\u00bblight\u00bb section_full_height=\u00bbfullheight\u00bb bg_type=\u00bbimage\u00bb bg_image=\u00bb16509&#8243; bg_image_type=\u00bbparallax\u00bb color_overlay=\u00bbprimary-1&#8243; opacity_overlay=\u00bb30&#8243; padding_top_multiplier=\u00bb\u00bb padding_bottom_multiplier=\u00bb\u00bb columns_gap=\u00bbnone\u00bb parallax_sensor=\u00bb350&#8243; font_color=\u00bb#ffffff\u00bb][vc_column width=\u00bb1\/4&#8243;][\/vc_column][vc_column width=\u00bb1\/4&#8243;][\/vc_column][vc_column width=\u00bb1\/4&#8243;][\/vc_column][vc_column width=\u00bb1\/4&#8243; css=\u00bb.vc_custom_1472741881694{padding: 30px !important;border: 5px solid #ffffff !important;}\u00bb]<h1 class=\"grve-element grve-title grve-align-left grve-h2\" style=\"\"><span>Los<br \/>\nResultados<span class=\"grve-title-line grve-bg-white\" style=\"width: 60px;height: 5px;\"><\/span><\/span><\/h1><div class=\"grve-empty-space grve-height-4x\" style=\"\"><\/div>[vc_column_text text_style=\u00bbleader-text\u00bb]<strong> Comenzar, iniciar e<br \/>\n<\/strong><strong>implementar cambios desde el principio<\/strong>[\/vc_column_text][\/vc_column][\/vc_row][vc_row padding_top_multiplier=\u00bb3x\u00bb padding_bottom_multiplier=\u00bb3x\u00bb separator_top=\u00bbcurve-right-separator\u00bb separator_top_size=\u00bb100%\u00bb separator_top_color=\u00bb#fcfcfc\u00bb section_id=\u00bbresults\u00bb][vc_column][vc_row_inner][vc_column_inner width=\u00bb1\/3&#8243;]<h2 class=\"grve-element grve-title grve-align-left grve-h2\" style=\"\"><span><br>\n<h4>Los<br \/>\nResultados<\/h4>\n<span class=\"grve-title-line grve-bg-primary-1\" style=\"width: 50px;height: 2px;\"><\/span><\/span><\/h2>[vc_column_text css=\u00bb\u00bb]Hoy en d\u00eda, para seguir siendo competitivas en los circuitos empresariales internacionales, las PYME tur\u00edsticas deben centrarse en mejorar y digitalizar los modelos y pr\u00e1cticas de ense\u00f1anza\/aprendizaje, as\u00ed como en desarrollar la conciencia ecol\u00f3gica y la mentalidad digital entre los empleados.[\/vc_column_text]<div class=\"grve-empty-space grve-height-1x\" style=\"\"><\/div><div class=\"grve-element grve-image grve-align-center\" style=\"\">  <div class=\"grve-image-wrapper\"><img loading=\"lazy\" decoding=\"async\" width=\"370\" height=\"128\" src=\"https:\/\/start.conform.it\/wp-content\/uploads\/2024\/10\/results-banner-1-e1730455208846.webp\" class=\"attachment-full size-full\" alt=\"\" srcset=\"https:\/\/start.conform.it\/wp-content\/uploads\/2024\/10\/results-banner-1-e1730455208846.webp 370w, https:\/\/start.conform.it\/wp-content\/uploads\/2024\/10\/results-banner-1-e1730455208846-300x104.webp 300w\" sizes=\"auto, (max-width: 370px) 100vw, 370px\" \/>   <\/div><\/div><div class=\"grve-empty-space grve-height-1x\" style=\"\"><\/div>[\/vc_column_inner][vc_column_inner width=\u00bb1\/3&#8243;]<div class=\"grve-empty-space grve-height-1x\" style=\"\"><\/div><div class=\"grve-element grve-single-icon grve-align-left grve-medium\" style=\"margin-bottom: 10px;\">  <div class=\"grve-wrapper-icon grve-no-shape\" style=\"\"><i class=\"et-icon-presentation grve-text-primary-1\"><\/i><\/div><\/div><h3 class=\"grve-element grve-title grve-align-left grve-h3\" style=\"\"><span><span style=\"color: #31b5ed;\">01.<\/span> Programa Formativo<span class=\"grve-title-line grve-bg-primary-1\" style=\"width: 50px;height: 2px;\"><\/span><\/span><\/h3>[vc_column_text css=\u00bb\u00bb]Una gran ola empuja a los trabajadores de las PYME a sumergirse en las corrientes de la <strong>transici\u00f3n verdes y la transformaci\u00f3n digital<\/strong>. Como surfistas expertos, su objetivo es cabalgar estas olas, reevaluando funciones y responsabilidades con el apoyo de formadores como agentes del cambio.[\/vc_column_text]<div class=\"ult-spacer spacer-69f38fb9d5708\" data-id=\"69f38fb9d5708\" data-height=\"30\" data-height-mobile=\"10\" data-height-tab=\"10\" data-height-tab-portrait=\"10\" data-height-mobile-landscape=\"10\" style=\"clear:both;display:block;\"><\/div><div class=\"grve-element grve-align-left grve-animated-item grve-fade-in-up grve-duration-normal grve-fluid-button\" data-delay=\"200\"><a href=\"https:\/\/start.conform.it\/es\/training-programme\/\" title=\"TRAINING PROGRAMME\" class=\"grve-btn grve-btn-medium grve-square grve-bg-primary-1 grve-bg-hover-primary-2 grve-btn-line\" style=\"max-width: 250px;\"><span>M\u00e1s informaci\u00f3n<\/span><\/a><\/div><div class=\"grve-empty-space grve-height-2x\" style=\"\"><\/div>[\/vc_column_inner][vc_column_inner width=\u00bb1\/3&#8243;]<div class=\"grve-empty-space grve-height-1x\" style=\"\"><\/div><div class=\"grve-element grve-single-icon grve-align-left grve-medium\" style=\"margin-bottom: 10px;\">  <div class=\"grve-wrapper-icon grve-no-shape\" style=\"\"><i class=\"et-icon-desktop grve-text-primary-1\"><\/i><\/div><\/div><h3 class=\"grve-element grve-title grve-align-left grve-h3\" style=\"\"><span><span style=\"color: #31b5ed;\">02.<\/span> Educational programme<span class=\"grve-title-line grve-bg-primary-1\" style=\"width: 50px;height: 2px;\"><\/span><\/span><\/h3>[vc_column_text css=\u00bb\u00bb]Un entorno de aprendizaje, donde las personas pueden acceder a <strong>10 microp\u00edldoras formativas interactivas, 2 escenarios narrativos ramificados y un metaverso<\/strong>, para adquirir y mantener en el tiempo competencias y soluciones verdes y digitales para la competitividad del sector tur\u00edstico.[\/vc_column_text]<div class=\"ult-spacer spacer-69f38fb9d5809\" data-id=\"69f38fb9d5809\" data-height=\"30\" data-height-mobile=\"10\" data-height-tab=\"10\" data-height-tab-portrait=\"10\" data-height-mobile-landscape=\"10\" style=\"clear:both;display:block;\"><\/div><div class=\"grve-element grve-align-left grve-animated-item grve-fade-in-up grve-duration-normal grve-fluid-button\" data-delay=\"200\"><a href=\"https:\/\/start.conform.it\/es\/educational-programme\/\" title=\"PROGRAMA EDUCATIVO\" class=\"grve-btn grve-btn-medium grve-square grve-bg-primary-1 grve-bg-hover-primary-2 grve-btn-line\" style=\"max-width: 250px;\"><span>M\u00e1s informaci\u00f3n<\/span><\/a><\/div><div class=\"grve-empty-space grve-height-2x\" style=\"\"><\/div>[\/vc_column_inner][\/vc_row_inner]<div class=\"grve-empty-space grve-height-1x\" style=\"\"><\/div>[vc_row_inner][vc_column_inner width=\u00bb1\/3&#8243;]<div class=\"grve-element grve-single-icon grve-align-left grve-medium\" style=\"margin-bottom: 10px;\">  <div class=\"grve-wrapper-icon grve-no-shape\" style=\"\"><i class=\"et-icon-telescope grve-text-primary-1\"><\/i><\/div><\/div><h3 class=\"grve-element grve-title grve-align-left grve-h3\" style=\"\"><span><span style=\"color: #31b5ed;\">03.<\/span> Green tech-infusion toolkit<span class=\"grve-title-line grve-bg-primary-1\" style=\"width: 50px;height: 2px;\"><\/span><\/span><\/h3>[vc_column_text css=\u00bb\u00bb]Capacitar a los formadores para guiar a los trabajadores del sector tur\u00edstico en la realizaci\u00f3n de an\u00e1lisis de lo que es y lo que ser\u00e1 para replantearse los modelos empresariales de forma circular y en la creaci\u00f3n de soluciones digitales para innovar en la oferta de turismo sostenible.[\/vc_column_text]<div class=\"ult-spacer spacer-69f38fb9d58c0\" data-id=\"69f38fb9d58c0\" data-height=\"28\" data-height-mobile=\"10\" data-height-tab=\"10\" data-height-tab-portrait=\"10\" data-height-mobile-landscape=\"10\" style=\"clear:both;display:block;\"><\/div><div class=\"grve-element grve-align-left grve-animated-item grve-fade-in-up grve-duration-normal grve-fluid-button\" data-delay=\"200\"><a href=\"https:\/\/start.conform.it\/es\/green-tech-infusion-toolkit\/\" title=\"TOOLKIT DE INFUSI\u00d3N DE TECNOLOG\u00cdA VERDE\" class=\"grve-btn grve-btn-medium grve-square grve-bg-primary-1 grve-bg-hover-primary-2 grve-btn-line\" style=\"max-width: 250px;\"><span>M\u00e1s informaci\u00f3n<\/span><\/a><\/div><div class=\"grve-empty-space grve-height-2x\" style=\"\"><\/div>[\/vc_column_inner][vc_column_inner width=\u00bb1\/3&#8243;]<div class=\"grve-element grve-single-icon grve-align-left grve-medium\" style=\"margin-bottom: 10px;\">  <div class=\"grve-wrapper-icon grve-no-shape\" style=\"\"><i class=\"et-icon-calendar grve-text-primary-1\"><\/i><\/div><\/div><h3 class=\"grve-element grve-title grve-align-left grve-h3\" style=\"\"><span><span style=\"color: #31b5ed;\">04.<\/span> 5-day international mobility<span class=\"grve-title-line grve-bg-primary-1\" style=\"width: 50px;height: 2px;\"><\/span><\/span><\/h3>[vc_column_text css=\u00bb\u00bb]Durante los cinco d\u00edas, los participantes exploraron t\u00e9cnicas, m\u00e9todos y soluciones relacionados con la infusi\u00f3n de tecnolog\u00edas verdes y el coaching transformacional de equipos para repensar el sector tur\u00edstico, aline\u00e1ndolo con los objetivos verdes y digitales.[\/vc_column_text]<div class=\"ult-spacer spacer-69f38fb9d5956\" data-id=\"69f38fb9d5956\" data-height=\"28\" data-height-mobile=\"10\" data-height-tab=\"10\" data-height-tab-portrait=\"10\" data-height-mobile-landscape=\"10\" style=\"clear:both;display:block;\"><\/div><div class=\"grve-element grve-align-left grve-animated-item grve-fade-in-up grve-duration-normal grve-fluid-button\" data-delay=\"200\"><a href=\"https:\/\/start.conform.it\/es\/international-mobility\/\" title=\"MOVILIDAD INTERNACIONAL\" class=\"grve-btn grve-btn-medium grve-square grve-bg-primary-1 grve-bg-hover-primary-2 grve-btn-line\" style=\"max-width: 250px;\"><span>M\u00e1s informaci\u00f3n<\/span><\/a><\/div><div class=\"grve-empty-space grve-height-2x\" style=\"\"><\/div>[\/vc_column_inner][vc_column_inner width=\u00bb1\/3&#8243;]<div class=\"grve-element grve-single-icon grve-align-left grve-medium\" style=\"margin-bottom: 10px;\">  <div class=\"grve-wrapper-icon grve-no-shape\" style=\"\"><i class=\"et-icon-mobile grve-text-primary-1\"><\/i><\/div><\/div><h3 class=\"grve-element grve-title grve-align-left grve-h3\" style=\"\"><span><span style=\"color: #31b5ed;\">05.<\/span> App Start<span class=\"grve-title-line grve-bg-primary-1\" style=\"width: 50px;height: 2px;\"><\/span><\/span><\/h3>[vc_column_text css=\u00bb\u00bb]Una <strong>aplicaci\u00f3n tur\u00edstica multiling\u00fce<\/strong>, producida y distribuida por CONFORM S.c.a.r.l., que permite a los usuarios descubrir interactiva y virtualmente sitios culturales, actividades de producci\u00f3n y espacios de exposici\u00f3n en los pa\u00edses socios y en el continente europeo.[\/vc_column_text]<div class=\"ult-spacer spacer-69f38fb9d59f0\" data-id=\"69f38fb9d59f0\" data-height=\"28\" data-height-mobile=\"10\" data-height-tab=\"10\" data-height-tab-portrait=\"10\" data-height-mobile-landscape=\"10\" style=\"clear:both;display:block;\"><\/div><div class=\"grve-element grve-align-left grve-animated-item grve-fade-in-up grve-duration-normal grve-fluid-button\" data-delay=\"200\"><a href=\"https:\/\/start.conform.it\/es\/multilingual-tourist-app\/\" title=\"APLICACI\u00d3N TUR\u00cdSTICA MULTILING\u00dcE\" class=\"grve-btn grve-btn-medium grve-square grve-bg-primary-1 grve-bg-hover-primary-2 grve-btn-line\" style=\"max-width: 250px;\"><span>M\u00e1s informaci\u00f3n<\/span><\/a><\/div><div class=\"grve-empty-space grve-height-2x\" style=\"\"><\/div>[\/vc_column_inner][\/vc_row_inner][vc_row_inner disable_element=\u00bbyes\u00bb][vc_column_inner][vc_column_text]To enable trainers to guide tourism sector workers in: conducting organisational as-is-to be analyses to rethink business models in a circular way; designing digital solutions to innovate the range of sustainable tourism products\/services offered[\/vc_column_text][\/vc_column_inner][\/vc_row_inner][\/vc_column][\/vc_row][vc_row heading_color=\u00bblight\u00bb section_type=\u00bbfullwidth\u00bb bg_type=\u00bbimage\u00bb bg_image=\u00bb16537&#8243; color_overlay=\u00bbcustom\u00bb color_overlay_custom=\u00bb#31b5ed\u00bb padding_top_multiplier=\u00bb4x\u00bb padding_bottom_multiplier=\u00bb4x\u00bb parallax_style=\u00bbvcpb-default\u00bb bg_image_new=\u00bbid^16416|url^https:\/\/start.conform.it\/wp-content\/uploads\/2023\/01\/IMG-OBIETTIVI_1920x1440.webp|caption^null|alt^null|title^IMG-OBIETTIVI_1920x1440|description^null\u00bb bg_image_repeat=\u00bbno-repeat\u00bb bg_override=\u00bbex-full\u00bb font_color=\u00bb#ffffff\u00bb][vc_column width=\u00bb1\/5&#8243;]<div class=\"grve-element grve-counter grve-align-center grve-animated-item grve-fade-in-up grve-duration-normal\" style=\"\" data-delay=\"200\">  <div class=\"grve-counter-icon\">  <i class=\"et-icon-profile-male grve-text-white grve-medium\"><\/i>  <\/div>  <div class=\"grve-counter-content\">    <div class=\"grve-counter-item grve-h1 grve-text-white grve-increase-heading grve-heading-140\">      <span data-thousands-separator-vis=\"\" data-thousands-separator=\",\" data-prefix=\"\" data-suffix=\"\" data-start-val=\"0\" data-end-val=\"80\" data-decimal-points=\"0\" data-decimal-separator=\".\" >0<\/span>    <\/div>\t<h3 class=\"grve-counter-title grve-h3\">Trabajadores del sector tur\u00edstico capacitados<\/h3>  <\/div><\/div>[\/vc_column][vc_column width=\u00bb1\/5&#8243;]<div class=\"grve-element grve-counter grve-align-center grve-animated-item grve-fade-in-up grve-duration-normal\" style=\"\" data-delay=\"400\">  <div class=\"grve-counter-icon\">  <i class=\"et-icon-grid grve-text-white grve-medium\"><\/i>  <\/div>  <div class=\"grve-counter-content\">    <div class=\"grve-counter-item grve-h1 grve-text-white grve-increase-heading grve-heading-140\">      <span data-thousands-separator-vis=\"\" data-thousands-separator=\",\" data-prefix=\"\" data-suffix=\"\" data-start-val=\"0\" data-end-val=\"15\" data-decimal-points=\"0\" data-decimal-separator=\".\" >0<\/span>    <\/div>\t<h3 class=\"grve-counter-title grve-h3\">Modelos de negocio reformulados<\/h3>  <\/div><\/div>[\/vc_column][vc_column width=\u00bb1\/5&#8243;]<div class=\"grve-element grve-counter grve-align-center grve-animated-item grve-fade-in-up grve-duration-normal\" style=\"\" data-delay=\"600\">  <div class=\"grve-counter-icon\">  <i class=\"et-icon-genius grve-text-white grve-medium\"><\/i>  <\/div>  <div class=\"grve-counter-content\">    <div class=\"grve-counter-item grve-h1 grve-text-white grve-increase-heading grve-heading-140\">      <span data-thousands-separator-vis=\"\" data-thousands-separator=\",\" data-prefix=\"\" data-suffix=\"\" data-start-val=\"0\" data-end-val=\"15\" data-decimal-points=\"0\" data-decimal-separator=\".\" >0<\/span>    <\/div>\t<h3 class=\"grve-counter-title grve-h3\">Soluciones innovadoras para la sostenibilidad de los procesos<\/h3>  <\/div><\/div>[\/vc_column][vc_column width=\u00bb1\/5&#8243;]<div class=\"grve-element grve-counter grve-align-center grve-animated-item grve-fade-in-up grve-duration-normal\" style=\"\" data-delay=\"800\">  <div class=\"grve-counter-icon\">  <i class=\"et-icon-chat grve-text-white grve-medium\"><\/i>  <\/div>  <div class=\"grve-counter-content\">    <div class=\"grve-counter-item grve-h1 grve-text-white grve-increase-heading grve-heading-140\">      <span data-thousands-separator-vis=\"\" data-thousands-separator=\",\" data-prefix=\"\" data-suffix=\"\" data-start-val=\"0\" data-end-val=\"20\" data-decimal-points=\"0\" data-decimal-separator=\".\" >0<\/span>    <\/div>\t<h3 class=\"grve-counter-title grve-h3\">Formadores involucrados en la Red Abierta<\/h3>  <\/div><\/div>[\/vc_column][vc_column width=\u00bb1\/5&#8243;]<div class=\"grve-element grve-counter grve-align-center grve-animated-item grve-fade-in-up grve-duration-normal\" style=\"\" data-delay=\"1000\">  <div class=\"grve-counter-icon\">  <i class=\"et-icon-briefcase grve-text-white grve-medium\"><\/i>  <\/div>  <div class=\"grve-counter-content\">    <div class=\"grve-counter-item grve-h1 grve-text-white grve-increase-heading grve-heading-140\">      <span data-thousands-separator-vis=\"\" data-thousands-separator=\",\" data-prefix=\"\" data-suffix=\"\" data-start-val=\"0\" data-end-val=\"250\" data-decimal-points=\"0\" data-decimal-separator=\".\" >0<\/span>    <\/div>\t<h3 class=\"grve-counter-title grve-h3\">Partes interesadas alcanzadas<\/h3>  <\/div><\/div>[\/vc_column][\/vc_row][vc_row padding_top_multiplier=\u00bb2x\u00bb padding_bottom_multiplier=\u00bb2x\u00bb separator_top=\u00bbcurve-right-separator\u00bb separator_top_size=\u00bb100%\u00bb separator_top_color=\u00bb#fcfcfc\u00bb section_id=\u00bbcall\u00bb][vc_column tablet_sm_width=\u00bb1-2&#8243;][vc_row_inner][vc_column_inner width=\u00bb1\/12&#8243;]<div class=\"grve-element grve-single-icon grve-align-left grve-medium\" style=\"margin-bottom: 10px;\">  <div class=\"grve-wrapper-icon grve-no-shape\" style=\"\"><i class=\"et-icon-megaphone grve-text-primary-1\"><\/i><\/div><\/div>[\/vc_column_inner][vc_column_inner width=\u00bb11\/12&#8243;]<div class=\"grve-empty-space\" style=\"height: 15px;\"><\/div><h3 class=\"grve-element grve-title grve-align-left grve-animated-item grve-duration-normal grve-fade-in-left grve-h3\" style=\"\" data-delay=\"200\"><span>\u00bfQuieres subirte a la ola de la formaci\u00f3n gratuita?<\/span><\/h3>[\/vc_column_inner][\/vc_row_inner]<div class=\"grve-empty-space grve-height-1x\" style=\"\"><\/div><h3 class=\"grve-element grve-title grve-align-left grve-h3\" style=\"\"><span><span style=\"color: #31b5ed;\">\u21d2 <\/span>\u00danete al programa piloto de formaci\u00f3n <strong>START<\/strong><span class=\"grve-title-line grve-bg-primary-1\" style=\"width: 50px;height: 2px;\"><\/span><\/span><\/h3>[vc_row_inner][vc_column_inner width=\u00bb3\/4&#8243;][vc_column_text css=\u00bb\u00bb]Tendr\u00e1s acceso gratuito a:<\/p>\n<ul>\n<li><span style=\"color: #31b5ed;\"><strong>REA<\/strong><\/span> &#8211; Recursos Educativos Abiertos como p\u00edldoras de microaprendizaje y soluciones en el metaverso<\/li>\n<li><span style=\"color: #31b5ed;\"><strong>Herramientas de Turismo Circular <\/strong><\/span>para realizar un an\u00e1lisis de la transformaci\u00f3n digital y verde en los modelos de negocio, procesos y pr\u00e1cticas<\/li>\n<li><span style=\"color: #31b5ed;\"><strong>Herramientas operativas <\/strong><\/span> para dise\u00f1ar e implementar soluciones digitales para innovar, en sus propios contextos organizativos, la gama de productos\/servicios tur\u00edsticos ofrecidos de forma sostenible<\/li>\n<\/ul>\n<p>[\/vc_column_text][\/vc_column_inner][vc_column_inner width=\u00bb1\/4&#8243;]<div class=\"ult-spacer spacer-69f38fb9d5bbd\" data-id=\"69f38fb9d5bbd\" data-height=\"100\" data-height-mobile=\"10\" data-height-tab=\"10\" data-height-tab-portrait=\"10\" data-height-mobile-landscape=\"10\" style=\"clear:both;display:block;\"><\/div><div class=\"grve-element grve-align-center grve-animated-item grve-fade-in-up grve-duration-normal grve-fluid-button\" data-delay=\"200\"><a href=\"https:\/\/start.conform.it\/es\/piloting\/\" title=\"PILOTO\" class=\"grve-btn grve-btn-medium grve-square grve-bg-primary-1 grve-bg-hover-primary-2 grve-btn-line\" style=\"max-width: 250px;\"><span>\u00a1INSCR\u00cdBETE YA!<\/span><\/a><\/div>[\/vc_column_inner][\/vc_row_inner][\/vc_column][\/vc_row][vc_row heading_color=\u00bblight\u00bb bg_type=\u00bbimage\u00bb bg_image=\u00bb12982&#8243; color_overlay=\u00bbcustom\u00bb color_overlay_custom=\u00bbrgba(49,181,237,0.01)\u00bb padding_top_multiplier=\u00bb4x\u00bb padding_bottom_multiplier=\u00bb4x\u00bb parallax_style=\u00bbvcpb-default\u00bb bg_image_new=\u00bbid^16416|url^https:\/\/start.conform.it\/wp-content\/uploads\/2023\/01\/IMG-OBIETTIVI_1920x1440.webp|caption^null|alt^null|title^IMG-OBIETTIVI_1920x1440|description^null\u00bb bg_image_repeat=\u00bbno-repeat\u00bb bg_override=\u00bbex-full\u00bb font_color=\u00bb#ffffff\u00bb section_id=\u00bbnetwork\u00bb][vc_column]<div class=\"grve-element grve-single-icon grve-align-center grve-medium\" style=\"margin-bottom: 10px;\">  <div class=\"grve-wrapper-icon grve-no-shape\" style=\"\"><i class=\"et-icon-circle-compass grve-text-white\"><\/i><\/div><\/div><h3 class=\"grve-element grve-title grve-align-center grve-h6\" style=\"\"><span>\u00daNETE A LA RED START<span class=\"grve-title-line grve-bg-white\" style=\"width: 50px;height: 2px;\"><\/span><\/span><\/h3>[vc_column_text css=\u00bb\u00bb]<\/p>\n<p style=\"text-align: center;\"><strong>La adhesi\u00f3n a la red es gratuita<\/strong> y no compromete en modo alguno a los centros de formaci\u00f3n profesional, educadores o consultores participantes. Es simplemente <strong>una oportunidad para la innovaci\u00f3n de los modelos educativos existentes y emergentes en el \u00e1mbito del turismo.<\/strong><\/p>\n<p style=\"text-align: center;\"><strong>Pueden participar instituciones o incluso formadores y consultores individuales.<\/strong><\/p>\n<p>[\/vc_column_text]<div class=\"grve-empty-space grve-height-1x\" style=\"\"><\/div><div class=\"grve-element grve-align-center grve-animated-item grve-fade-in-up grve-duration-normal grve-fluid-button\" data-delay=\"200\"><a href=\"https:\/\/start.conform.it\/es\/european-trainers-network\/\" title=\"LA RED EUROPEA DE FORMADORES\" class=\"grve-btn grve-btn-medium grve-square grve-bg-white grve-bg-hover-primary-1 grve-btn-line\" style=\"max-width: 250px;\"><span>\u00a1\u00daN\u00c9TE AHORA!<\/span><\/a><\/div><div class=\"grve-empty-space grve-height-1x\" style=\"\"><\/div>[\/vc_column][\/vc_row][vc_row heading_color=\u00bbprimary-1&#8243; padding_top_multiplier=\u00bb2x\u00bb padding_bottom_multiplier=\u00bb2x\u00bb separator_top=\u00bbcurve-right-separator\u00bb separator_top_size=\u00bb100%\u00bb separator_top_color=\u00bb#fcfcfc\u00bb section_id=\u00bbcommunication\u00bb font_color=\u00bb#000000&#8243;][vc_column tablet_sm_width=\u00bb1-2&#8243;]<h3 class=\"grve-element grve-title grve-align-center grve-h6\" style=\"\"><span>MANT\u00c9NTE EN CONTACTO<br \/>\nY LEE LAS NOTICIAS DEL CAMBIO<span class=\"grve-title-line grve-bg-primary-2\" style=\"width: 50px;height: 2px;\"><\/span><\/span><\/h3><div class=\"grve-empty-space grve-height-1x\" style=\"\"><\/div>[vc_column_text css=\u00bb\u00bb]<\/p>\n<p style=\"text-align: center;\">El <strong>\u00e1rea de comunicaci\u00f3n<\/strong> del proyecto Start<br \/>\ncontiene algunas <strong>noticias y art\u00edculos de prensa sobre las actividades del proyecto START<\/strong><br \/>\nEnfoque sostenible y tecnol\u00f3gico para repensar el turismo.<\/p>\n<p>\u00a0[\/vc_column_text]<div class=\"grve-empty-space grve-height-1x\" style=\"\"><\/div><div class=\"grve-element grve-align-center grve-animated-item grve-fade-in-up grve-duration-normal grve-fluid-button\" data-delay=\"200\"><a href=\"https:\/\/start.conform.it\/es\/communication\/\" title=\"COMUNICACI\u00d3N\" class=\"grve-btn grve-btn-medium grve-square grve-bg-primary-1 grve-bg-hover-primary-2 grve-btn-line\" style=\"max-width: 250px;\"><span>M\u00e1s informaci\u00f3n!<\/span><\/a><\/div>[\/vc_column][\/vc_row][vc_row heading_color=\u00bbprimary-1&#8243; disable_element=\u00bbyes\u00bb padding_top_multiplier=\u00bb2x\u00bb padding_bottom_multiplier=\u00bb2x\u00bb separator_top=\u00bbcurve-right-separator\u00bb separator_top_size=\u00bb100%\u00bb separator_top_color=\u00bb#fcfcfc\u00bb section_id=\u00bbcommunication\u00bb font_color=\u00bb#000000&#8243;][vc_column tablet_sm_width=\u00bb1-2&#8243;]<div class=\"grve-empty-space grve-height-1x\" style=\"\"><\/div>[vc_row_inner][vc_column_inner width=\u00bb1\/6&#8243;]<div class=\"grve-element grve-single-icon grve-align-center grve-medium grve-hover-effect grve-with-shape\" style=\"\"><a href=\"https:\/\/start.conform.it\/es\/communication\/#menu\">  <div class=\"grve-wrapper-icon grve-outline grve-square grve-text-primary-1\" style=\"\"><i class=\"et-icon-megaphone grve-text-primary-1\"><\/i><\/div><\/a><\/div><div class=\"grve-empty-space\" style=\"height: 20px;\"><\/div>[vc_column_text css=\u00bb\u00bb]<\/p>\n<p style=\"text-align: center;\"><a href=\"https:\/\/start.conform.it\/es\/communication\/#menu\">Noticias<\/a><\/p>\n<p>[\/vc_column_text][\/vc_column_inner][vc_column_inner width=\u00bb1\/6&#8243;]<div class=\"grve-element grve-single-icon grve-align-center grve-medium grve-hover-effect grve-with-shape\" style=\"\"><a href=\"https:\/\/start.conform.it\/es\/communication\/#menu\">  <div class=\"grve-wrapper-icon grve-outline grve-square grve-text-primary-1\" style=\"\"><i class=\"et-icon-envelope grve-text-primary-1\"><\/i><\/div><\/a><\/div><div class=\"grve-empty-space\" style=\"height: 20px;\"><\/div>[vc_column_text css=\u00bb\u00bb]<\/p>\n<p style=\"text-align: center;\"><a href=\"https:\/\/start.conform.it\/es\/communication\/#menu\">Boletines informativos<\/a><\/p>\n<p>[\/vc_column_text][\/vc_column_inner][vc_column_inner width=\u00bb1\/6&#8243;]<div class=\"grve-element grve-single-icon grve-align-center grve-medium grve-hover-effect grve-with-shape\" style=\"\"><a href=\"https:\/\/start.conform.it\/es\/communication\/#menu\">  <div class=\"grve-wrapper-icon grve-outline grve-square grve-text-primary-1\" style=\"\"><i class=\"et-icon-compass grve-text-primary-1\"><\/i><\/div><\/a><\/div><div class=\"grve-empty-space\" style=\"height: 20px;\"><\/div>[vc_column_text css=\u00bb\u00bb]<\/p>\n<p style=\"text-align: center;\"><a href=\"https:\/\/start.conform.it\/es\/communication\/#menu\" rel=\"noopener\">Epale<\/a><\/p>\n<p>[\/vc_column_text][\/vc_column_inner][vc_column_inner width=\u00bb1\/6&#8243;]<div class=\"grve-element grve-single-icon grve-align-center grve-medium grve-hover-effect grve-with-shape\" style=\"\"><a href=\"https:\/\/start.conform.it\/es\/communication\/#menu\">  <div class=\"grve-wrapper-icon grve-outline grve-square grve-text-primary-1\" style=\"\"><i class=\"et-icon-video grve-text-primary-1\"><\/i><\/div><\/a><\/div><div class=\"grve-empty-space\" style=\"height: 20px;\"><\/div>[vc_column_text css=\u00bb\u00bb]<\/p>\n<p style=\"text-align: center;\"><a href=\"https:\/\/start.conform.it\/es\/communication\/#menu\" rel=\"noopener\">Libro digital<\/a><\/p>\n<p>[\/vc_column_text][\/vc_column_inner][vc_column_inner width=\u00bb1\/6&#8243;]<div class=\"grve-element grve-single-icon grve-align-center grve-medium grve-hover-effect grve-with-shape\" style=\"\"><a href=\"https:\/\/start.conform.it\/es\/communication\/#menu\">  <div class=\"grve-wrapper-icon grve-outline grve-square grve-text-primary-1\" style=\"\"><i class=\"et-icon-calendar grve-text-primary-1\"><\/i><\/div><\/a><\/div><div class=\"grve-empty-space\" style=\"height: 20px;\"><\/div>[vc_column_text css=\u00bb\u00bb]<\/p>\n<p style=\"text-align: center;\"><a href=\"https:\/\/start.conform.it\/es\/communication\/#menu\" rel=\"noopener\">Eventos<\/a><\/p>\n<p>[\/vc_column_text][\/vc_column_inner][vc_column_inner width=\u00bb1\/6&#8243;]<div class=\"grve-element grve-single-icon grve-align-center grve-medium grve-hover-effect grve-with-shape\" style=\"\"><a href=\"https:\/\/start.conform.it\/es\/communication\/#menu\">  <div class=\"grve-wrapper-icon grve-outline grve-square grve-text-primary-1\" style=\"\"><i class=\"et-icon-caution grve-text-primary-1\"><\/i><\/div><\/a><\/div><div class=\"grve-empty-space\" style=\"height: 20px;\"><\/div>[vc_column_text css=\u00bb\u00bb]<\/p>\n<p style=\"text-align: center;\"><a href=\"https:\/\/start.conform.it\/es\/communication\/#menu\" rel=\"noopener\">MoU &amp; policy rec<br \/>\n<\/a><\/p>\n<p>[\/vc_column_text][\/vc_column_inner][\/vc_row_inner]<div class=\"grve-empty-space grve-height-1x\" style=\"\"><\/div>[\/vc_column][\/vc_row][vc_row heading_color=\u00bblight\u00bb bg_type=\u00bbimage\u00bb bg_image=\u00bb11885&#8243; bg_image_type=\u00bbparallax\u00bb color_overlay=\u00bbdark\u00bb opacity_overlay=\u00bb70&#8243; padding_top_multiplier=\u00bb6x\u00bb padding_bottom_multiplier=\u00bb6x\u00bb parallax_sensor=\u00bb550&#8243; font_color=\u00bb#ffffff\u00bb][vc_column width=\u00bb1\/6&#8243;][\/vc_column][vc_column width=\u00bb2\/3&#8243;]<div class=\"grve-empty-space grve-height-2x\" style=\"\"><\/div><h3 class=\"grve-element grve-title grve-align-center grve-h6\" style=\"\"><span>MANT\u00c9NTE EN CONTACTO<br \/>\nY S\u00c9 LA OLA DEL CAMBIO<span class=\"grve-title-line grve-bg-primary-2\" style=\"width: 50px;height: 2px;\"><\/span><\/span><\/h3>\t\t\t<div class=\"grve-element grve-social grve-align-center\" style=\"\">\r\n\t\t\t\t<ul>\r\n\t\t\t\t\t\t\t\t\t\t\t<li>\r\n\t\t\t\t\t\t\t\t<a href=\"https:\/\/www.facebook.com\/profile.php?id=100090239490741\" class=\"grve-small grve-square grve-with-shape grve-outline grve-text-white grve-text-hover-white\" aria-label=\"Facebook\" target=\"_blank\" rel=\"noopener noreferrer\">\r\n\t\t\t\t\t\t\t\t\t<i class=\"grve-text-white fab fa-facebook-f\"><\/i>\r\n\t\t\t\t\t\t\t\t<\/a>\r\n\t\t\t\t\t\t\t<\/li>\r\n\t\t\t\t\t\t\t\t\t\t\t<li>\r\n\t\t\t\t\t\t\t\t<a href=\"https:\/\/www.linkedin.com\/company\/start-sustainable-and-technological-approach-to-rethink-tourism\/?viewAsMember=true\" class=\"grve-small grve-square grve-with-shape grve-outline grve-text-white grve-text-hover-white\" aria-label=\"LinkedIn\" target=\"_blank\" rel=\"noopener noreferrer\">\r\n\t\t\t\t\t\t\t\t\t<i class=\"grve-text-white fab fa-linkedin-in\"><\/i>\r\n\t\t\t\t\t\t\t\t<\/a>\r\n\t\t\t\t\t\t\t<\/li>\r\n\t\t\t\t\t\t\t\t<\/ul>\r\n\t\t\t<\/div>\r\n\t\t[\/vc_column][vc_column width=\u00bb1\/6&#8243;][\/vc_column][\/vc_row][vc_row heading_color=\u00bblight\u00bb disable_element=\u00bbyes\u00bb bg_type=\u00bbimage\u00bb bg_image=\u00bb11885&#8243; bg_image_type=\u00bbparallax\u00bb color_overlay=\u00bbdark\u00bb opacity_overlay=\u00bb70&#8243; padding_top_multiplier=\u00bb6x\u00bb padding_bottom_multiplier=\u00bb6x\u00bb parallax_sensor=\u00bb550&#8243; font_color=\u00bb#ffffff\u00bb section_id=\u00bbcommunication\u00bb][vc_column width=\u00bb1\/6&#8243;][\/vc_column][vc_column width=\u00bb2\/3&#8243;]<h3 class=\"grve-element grve-title grve-align-center grve-h6\" style=\"\"><span>start start<span class=\"grve-title-line grve-bg-primary-2\" style=\"width: 50px;height: 2px;\"><\/span><\/span><\/h3>[\/vc_column][vc_column width=\u00bb1\/6&#8243;][\/vc_column][\/vc_row][vc_row disable_element=\u00bbyes\u00bb][vc_column][vc_tta_tour][vc_tta_section i_icon_fontawesome=\u00bbfar fa-paper-plane\u00bb add_icon=\u00bbtrue\u00bb title=\u00bbNewsletter\u00bb tab_id=\u00bb1675155902003-b6dbb296-9aa9&#8243;][vc_row_inner][vc_column_inner width=\u00bb1\/3&#8243;]<div class=\"grve-element grve-counter grve-align-center grve-animated-item grve-fade-in-up grve-duration-normal\" style=\"\" data-delay=\"200\">  <div class=\"grve-counter-icon\">  <i class=\"et-icon-profile-male grve-text-primary-2 grve-medium\"><\/i>  <\/div>  <div class=\"grve-counter-content\">    <div class=\"grve-counter-item grve-h1 grve-text-primary-1 grve-increase-heading grve-heading-140\">      <span data-thousands-separator-vis=\"\" data-thousands-separator=\",\" data-prefix=\"\" data-suffix=\"\" data-start-val=\"0\" data-end-val=\"80\" data-decimal-points=\"0\" data-decimal-separator=\".\" >0<\/span>    <\/div>\t<h3 class=\"grve-counter-title grve-h3\">Tourism Sector Workers Trained<\/h3>  <\/div><\/div>[\/vc_column_inner][vc_column_inner width=\u00bb1\/3&#8243;]<div class=\"grve-element grve-counter grve-align-center grve-animated-item grve-fade-in-up grve-duration-normal\" style=\"\" data-delay=\"200\">  <div class=\"grve-counter-icon\">  <i class=\"et-icon-profile-male grve-text-primary-2 grve-medium\"><\/i>  <\/div>  <div class=\"grve-counter-content\">    <div class=\"grve-counter-item grve-h1 grve-text-primary-1 grve-increase-heading grve-heading-140\">      <span data-thousands-separator-vis=\"\" data-thousands-separator=\",\" data-prefix=\"\" data-suffix=\"\" data-start-val=\"0\" data-end-val=\"80\" data-decimal-points=\"0\" data-decimal-separator=\".\" >0<\/span>    <\/div>\t<h3 class=\"grve-counter-title grve-h3\">Tourism Sector Workers Trained<\/h3>  <\/div><\/div>[\/vc_column_inner][vc_column_inner width=\u00bb1\/3&#8243;]<div class=\"grve-element grve-counter grve-align-center grve-animated-item grve-fade-in-up grve-duration-normal\" style=\"\" data-delay=\"200\">  <div class=\"grve-counter-icon\">  <i class=\"et-icon-profile-male grve-text-primary-2 grve-medium\"><\/i>  <\/div>  <div class=\"grve-counter-content\">    <div class=\"grve-counter-item grve-h1 grve-text-primary-1 grve-increase-heading grve-heading-140\">      <span data-thousands-separator-vis=\"\" data-thousands-separator=\",\" data-prefix=\"\" data-suffix=\"\" data-start-val=\"0\" data-end-val=\"80\" data-decimal-points=\"0\" data-decimal-separator=\".\" >0<\/span>    <\/div>\t<h3 class=\"grve-counter-title grve-h3\">Tourism Sector Workers Trained<\/h3>  <\/div><\/div>[\/vc_column_inner][\/vc_row_inner][\/vc_tta_section][vc_tta_section title=\u00bbSezione 2&#8243; tab_id=\u00bb1675155902066-54435b05-2ddf\u00bb][\/vc_tta_section][\/vc_tta_tour][\/vc_column][\/vc_row]<\/p>\n<\/div>","protected":false},"excerpt":{"rendered":"<p>Lorem ipsum dolor sit amet, fierent invidunt eleifend an sea, sea at nonumes deserunt, cum in dictas maiorum consequat. Legere delicata sea eu, vix ei blandit forensibus. Ne qui posse munere molestiae, no has stet dolorum.<\/p>\n","protected":false},"author":2,"featured_media":17247,"parent":0,"menu_order":0,"comment_status":"closed","ping_status":"closed","template":"","meta":{"footnotes":""},"class_list":["post-17661","page","type-page","status-publish","has-post-thumbnail","hentry"],"yoast_head":"<!-- This site is optimized with the Yoast SEO plugin v26.6 - https:\/\/yoast.com\/wordpress\/plugins\/seo\/ -->\n<title>START - SUSTAINABLE APPROACH TO RETHINK TOURISM<\/title>\n<meta name=\"description\" content=\"Start: Sustainable and Technological Approach to Rethink Tourism Post-Covid-19 tourism will be very different from the one we knew\" \/>\n<meta name=\"robots\" content=\"index, follow, max-snippet:-1, max-image-preview:large, max-video-preview:-1\" \/>\n<link rel=\"canonical\" href=\"https:\/\/start.conform.it\/es\/\" \/>\n<meta property=\"og:locale\" content=\"es_ES\" \/>\n<meta property=\"og:type\" content=\"article\" \/>\n<meta property=\"og:title\" content=\"START - SUSTAINABLE APPROACH TO RETHINK TOURISM\" \/>\n<meta property=\"og:description\" content=\"Start: Sustainable and Technological Approach to Rethink Tourism Post-Covid-19 tourism will be very different from the one we knew\" \/>\n<meta property=\"og:url\" content=\"https:\/\/start.conform.it\/es\/\" \/>\n<meta property=\"og:site_name\" content=\"START\" \/>\n<meta property=\"article:modified_time\" content=\"2025-02-25T18:47:23+00:00\" \/>\n<meta property=\"og:image\" content=\"https:\/\/start.conform.it\/wp-content\/uploads\/2023\/01\/obiettivilogo.png\" \/>\n\t<meta property=\"og:image:width\" content=\"800\" \/>\n\t<meta property=\"og:image:height\" content=\"800\" \/>\n\t<meta property=\"og:image:type\" content=\"image\/png\" \/>\n<meta name=\"twitter:card\" content=\"summary_large_image\" \/>\n<meta name=\"twitter:label1\" content=\"Tiempo de lectura\" \/>\n\t<meta name=\"twitter:data1\" content=\"21 minutos\" \/>\n<script type=\"application\/ld+json\" class=\"yoast-schema-graph\">{\"@context\":\"https:\/\/schema.org\",\"@graph\":[{\"@type\":\"WebPage\",\"@id\":\"https:\/\/start.conform.it\/es\/\",\"url\":\"https:\/\/start.conform.it\/es\/\",\"name\":\"START - SUSTAINABLE APPROACH TO RETHINK TOURISM\",\"isPartOf\":{\"@id\":\"https:\/\/start.conform.it\/es\/#website\"},\"primaryImageOfPage\":{\"@id\":\"https:\/\/start.conform.it\/es\/#primaryimage\"},\"image\":{\"@id\":\"https:\/\/start.conform.it\/es\/#primaryimage\"},\"thumbnailUrl\":\"https:\/\/start.conform.it\/wp-content\/uploads\/2023\/01\/obiettivilogo.png\",\"datePublished\":\"2023-01-26T08:53:48+00:00\",\"dateModified\":\"2025-02-25T18:47:23+00:00\",\"description\":\"Start: Sustainable and Technological Approach to Rethink Tourism Post-Covid-19 tourism will be very different from the one we knew\",\"breadcrumb\":{\"@id\":\"https:\/\/start.conform.it\/es\/#breadcrumb\"},\"inLanguage\":\"es\",\"potentialAction\":[{\"@type\":\"ReadAction\",\"target\":[\"https:\/\/start.conform.it\/es\/\"]}]},{\"@type\":\"ImageObject\",\"inLanguage\":\"es\",\"@id\":\"https:\/\/start.conform.it\/es\/#primaryimage\",\"url\":\"https:\/\/start.conform.it\/wp-content\/uploads\/2023\/01\/obiettivilogo.png\",\"contentUrl\":\"https:\/\/start.conform.it\/wp-content\/uploads\/2023\/01\/obiettivilogo.png\",\"width\":800,\"height\":800,\"caption\":\"Logo start\"},{\"@type\":\"BreadcrumbList\",\"@id\":\"https:\/\/start.conform.it\/es\/#breadcrumb\",\"itemListElement\":[{\"@type\":\"ListItem\",\"position\":1,\"name\":\"Home\",\"item\":\"https:\/\/start.conform.it\/es\/\"},{\"@type\":\"ListItem\",\"position\":2,\"name\":\"HOME\"}]},{\"@type\":\"WebSite\",\"@id\":\"https:\/\/start.conform.it\/es\/#website\",\"url\":\"https:\/\/start.conform.it\/es\/\",\"name\":\"START\",\"description\":\"SUSTAINABLE AND TECHNOLOGICAL APPROACH TO RETHINK TOURISM\",\"potentialAction\":[{\"@type\":\"SearchAction\",\"target\":{\"@type\":\"EntryPoint\",\"urlTemplate\":\"https:\/\/start.conform.it\/es\/?s={search_term_string}\"},\"query-input\":{\"@type\":\"PropertyValueSpecification\",\"valueRequired\":true,\"valueName\":\"search_term_string\"}}],\"inLanguage\":\"es\"}]}<\/script>\n<!-- \/ Yoast SEO plugin. -->","yoast_head_json":{"title":"START - SUSTAINABLE APPROACH TO RETHINK TOURISM","description":"Start: Sustainable and Technological Approach to Rethink Tourism Post-Covid-19 tourism will be very different from the one we knew","robots":{"index":"index","follow":"follow","max-snippet":"max-snippet:-1","max-image-preview":"max-image-preview:large","max-video-preview":"max-video-preview:-1"},"canonical":"https:\/\/start.conform.it\/es\/","og_locale":"es_ES","og_type":"article","og_title":"START - SUSTAINABLE APPROACH TO RETHINK TOURISM","og_description":"Start: Sustainable and Technological Approach to Rethink Tourism Post-Covid-19 tourism will be very different from the one we knew","og_url":"https:\/\/start.conform.it\/es\/","og_site_name":"START","article_modified_time":"2025-02-25T18:47:23+00:00","og_image":[{"width":800,"height":800,"url":"https:\/\/start.conform.it\/wp-content\/uploads\/2023\/01\/obiettivilogo.png","type":"image\/png"}],"twitter_card":"summary_large_image","twitter_misc":{"Tiempo de lectura":"21 minutos"},"schema":{"@context":"https:\/\/schema.org","@graph":[{"@type":"WebPage","@id":"https:\/\/start.conform.it\/es\/","url":"https:\/\/start.conform.it\/es\/","name":"START - SUSTAINABLE APPROACH TO RETHINK TOURISM","isPartOf":{"@id":"https:\/\/start.conform.it\/es\/#website"},"primaryImageOfPage":{"@id":"https:\/\/start.conform.it\/es\/#primaryimage"},"image":{"@id":"https:\/\/start.conform.it\/es\/#primaryimage"},"thumbnailUrl":"https:\/\/start.conform.it\/wp-content\/uploads\/2023\/01\/obiettivilogo.png","datePublished":"2023-01-26T08:53:48+00:00","dateModified":"2025-02-25T18:47:23+00:00","description":"Start: Sustainable and Technological Approach to Rethink Tourism Post-Covid-19 tourism will be very different from the one we knew","breadcrumb":{"@id":"https:\/\/start.conform.it\/es\/#breadcrumb"},"inLanguage":"es","potentialAction":[{"@type":"ReadAction","target":["https:\/\/start.conform.it\/es\/"]}]},{"@type":"ImageObject","inLanguage":"es","@id":"https:\/\/start.conform.it\/es\/#primaryimage","url":"https:\/\/start.conform.it\/wp-content\/uploads\/2023\/01\/obiettivilogo.png","contentUrl":"https:\/\/start.conform.it\/wp-content\/uploads\/2023\/01\/obiettivilogo.png","width":800,"height":800,"caption":"Logo start"},{"@type":"BreadcrumbList","@id":"https:\/\/start.conform.it\/es\/#breadcrumb","itemListElement":[{"@type":"ListItem","position":1,"name":"Home","item":"https:\/\/start.conform.it\/es\/"},{"@type":"ListItem","position":2,"name":"HOME"}]},{"@type":"WebSite","@id":"https:\/\/start.conform.it\/es\/#website","url":"https:\/\/start.conform.it\/es\/","name":"START","description":"SUSTAINABLE AND TECHNOLOGICAL APPROACH TO RETHINK TOURISM","potentialAction":[{"@type":"SearchAction","target":{"@type":"EntryPoint","urlTemplate":"https:\/\/start.conform.it\/es\/?s={search_term_string}"},"query-input":{"@type":"PropertyValueSpecification","valueRequired":true,"valueName":"search_term_string"}}],"inLanguage":"es"}]}},"_links":{"self":[{"href":"https:\/\/start.conform.it\/es\/wp-json\/wp\/v2\/pages\/17661","targetHints":{"allow":["GET"]}}],"collection":[{"href":"https:\/\/start.conform.it\/es\/wp-json\/wp\/v2\/pages"}],"about":[{"href":"https:\/\/start.conform.it\/es\/wp-json\/wp\/v2\/types\/page"}],"author":[{"embeddable":true,"href":"https:\/\/start.conform.it\/es\/wp-json\/wp\/v2\/users\/2"}],"replies":[{"embeddable":true,"href":"https:\/\/start.conform.it\/es\/wp-json\/wp\/v2\/comments?post=17661"}],"version-history":[{"count":12,"href":"https:\/\/start.conform.it\/es\/wp-json\/wp\/v2\/pages\/17661\/revisions"}],"predecessor-version":[{"id":19138,"href":"https:\/\/start.conform.it\/es\/wp-json\/wp\/v2\/pages\/17661\/revisions\/19138"}],"wp:featuredmedia":[{"embeddable":true,"href":"https:\/\/start.conform.it\/es\/wp-json\/wp\/v2\/media\/17247"}],"wp:attachment":[{"href":"https:\/\/start.conform.it\/es\/wp-json\/wp\/v2\/media?parent=17661"}],"curies":[{"name":"wp","href":"https:\/\/api.w.org\/{rel}","templated":true}]}}